{"id":83781,"date":"2026-01-13T14:36:00","date_gmt":"2026-01-13T13:36:00","guid":{"rendered":"https:\/\/dks.digital\/titulaciones-compartidas-miu\/"},"modified":"2026-01-15T10:01:39","modified_gmt":"2026-01-15T09:01:39","slug":"titulaciones-compartidas-miu","status":"publish","type":"page","link":"https:\/\/dks.digital\/mx\/titulaciones-compartidas-miu\/","title":{"rendered":"Titulaciones compartidas con MIU"},"content":{"rendered":"<link rel=\"preload\" href=\"https:\/\/dks.digital\/wp-content\/uploads\/2024\/10\/titulaciones-compartidas_portada.jpg\" as=\"image\"><link rel=\"preload\" href=\"https:\/\/dks.digital\/wp-content\/uploads\/2024\/10\/titulaciones-compartidas_portada.jpg\" as=\"image\"><section id=\"hero-simple\" class=\"hero-simple -text-white -bg-black\">\n  <picture class=\"hero-simple__bg\">\n    <!-- tatamiento horizontal -->\n    <source media=\"(orientation: landscape) and (min-width: 1024px)\" srcset=\"https:\/\/dks.digital\/wp-content\/uploads\/2024\/10\/titulaciones-compartidas_portada.jpg\">\n    <!-- tatamiento vertical -->\n    <img decoding=\"async\" class=\"hero-simple__img\" alt=\"Alt de la imagen\" title=\"Title de la imagen\" src=\"https:\/\/dks.digital\/wp-content\/uploads\/2024\/10\/titulaciones-compartidas_portada.jpg\" loading=\"eager\" fetchpriority=\"high\" data-identifier=\"hero-simple-image\">\n    <noscript>\n      <img decoding=\"async\" alt=\"Alt de la imagen\" title=\"Title de la imagen\" src=\"https:\/\/dks.digital\/wp-content\/uploads\/2024\/10\/titulaciones-compartidas_portada.jpg\" loading=\"eager\" fetchpriority=\"high\" data-identifier=\"hero-simple-image\">\n    <\/noscript>\n  <\/picture>\n\n  \n  <div class=\"container\">\n    <div class=\"hero-simple__content\">\n      <h1 class=\"hero-simple__title\">Complementa tu formaci\u00f3n con una especializaci\u00f3n norteamericana:<\/h1>\n            <div class=\"hero-simple__wysiwyg\">\n        <p>Gracias al convenio entre <strong>DKS Digital Knowledge School y MIU City University Miami (EE.\u202fUU.),<\/strong> tienes la oportunidad \u00fanica de acceder a una formaci\u00f3n de calidad en una instituci\u00f3n acad\u00e9mica estadounidense. Este acuerdo te permite dar un paso hacia la internacionalizaci\u00f3n de tu perfil profesional, potenciando tu competitividad en el mercado laboral.<\/p>\n      <\/div>\n    <\/div>\n  <\/div>\n<\/section>\n\n\r\n      <script type=\"application\/ld+json\">\r\n      {\r\n        \"@context\": \"https:\/\/schema.org\",\r\n        \"@type\": \"ItemList\",\r\n        \"itemListElement\": [\r\n            {\r\n              \"@type\": \"ListItem\",\r\n              \"position\": 1,\r\n              \"item\": {\r\n                \"@type\": \"Course\",\r\n                \"url\":\"https:\/\/dks.digital\/mx\/maestria\/maestria-liderazgo-desarrollo-personal\/\",\r\n                \"name\": \"Maestr\u00eda en Desarrollo Personal y Liderazgo\",\r\n                \"description\": \"Descubre nuestra maestr\u00eda en Desarrollo Personal y Liderazgo y desarrolla las habilidades para liderar y gestionar equipos y superar retos empresariales.\",\r\n                \"provider\": {\r\n                  \"@type\": \"Organization\",\r\n                  \"name\": \"DKS\",\r\n                  \"sameAs\": \"https:\/\/dks.digital\"\r\n                },\r\n                \"offers\": {\r\n                  \"@type\": \"Offer\",\r\n                     \"priceCurrency\": \"EUR\",\r\n                  \"category\": \"Cursos\",\r\n                  \"availability\": \"http:\/\/schema.org\/InStock\"\r\n                },\r\n                \"hasCourseInstance\": [\r\n                    {\r\n                      \"@type\": \"CourseInstance\",\r\n                      \"courseMode\": \"online\",\r\n                      \"startDate\": \"2025-11-17TZ\",\r\n                      \"endDate\": \"2026-07-27TZ\",\r\n                      \"courseWorkload\": \"PT60H\",\r\n                      \"instructor\": [\r\n                        \r\n                        {\r\n                          \"@type\": \"Person\",\r\n                          \"name\": \"Olga Ramos de Castro\",\r\n                          \"jobTitle\": \"Responsable de Liderazgo \"\r\n                        },\r\n                        {\r\n                          \"@type\": \"Person\",\r\n                          \"name\": \"Andr\u00e9s Pascual\",\r\n                          \"jobTitle\": \"Escritor, Conferenciante, Formador\"\r\n                        },\r\n                        {\r\n                          \"@type\": \"Person\",\r\n                          \"name\": \"Rosa Rodr\u00edguez del Tronco\",\r\n                          \"jobTitle\": \"Desarrollo de Talento\"\r\n                        },\r\n                        {\r\n                          \"@type\": \"Person\",\r\n                          \"name\": \"Carlos Jordana\",\r\n                          \"jobTitle\": \"Growth Sherpa \"\r\n                        },\r\n                        {\r\n                          \"@type\": \"Person\",\r\n                          \"name\": \"Sergio Cancelo\",\r\n                          \"jobTitle\": \" Co-Founder Happyforce\"\r\n                        },\r\n                        {\r\n                          \"@type\": \"Person\",\r\n                          \"name\": \"Diana Naya Flores\",\r\n                          \"jobTitle\": \"Wellness trainer, formadora en bienestar, meditaci\u00f3n y yoga\"\r\n                        },\r\n                        {\r\n                          \"@type\": \"Person\",\r\n                          \"name\": \"\u00c1ngel Largo Garc\u00eda\",\r\n                          \"jobTitle\": \"Profesor de Liderazgo\"\r\n                        },\r\n                        {\r\n                          \"@type\": \"Person\",\r\n                          \"name\": \"Pablo Guti\u00e9rrez Merelles\",\r\n                          \"jobTitle\": \"Fundador\"\r\n                        },\r\n                        {\r\n                          \"@type\": \"Person\",\r\n                          \"name\": \"Thomas Eckschmidt\",\r\n                          \"jobTitle\": \"President of the Board\"\r\n                        },\r\n                        {\r\n                          \"@type\": \"Person\",\r\n                          \"name\": \"Oriol Cabane Rovira\",\r\n                          \"jobTitle\": \"Consultor\"\r\n                        },\r\n                        {\r\n                          \"@type\": \"Person\",\r\n                          \"name\": \"Alejandro Rios Oru\u00f1a\",\r\n                          \"jobTitle\": \"Profesor y fundador de 5 empresas relacionadas con apps, videojuegos y ciencia de datos\"\r\n                        },\r\n                        {\r\n                          \"@type\": \"Person\",\r\n                          \"name\": \"Rafael Zaragoza \u00c1lvaro\",\r\n                          \"jobTitle\": \"Cofundador - Creative Director\"\r\n                        },\r\n                        {\r\n                          \"@type\": \"Person\",\r\n                          \"name\": \"Salvador L\u00f3pez Orland\",\r\n                          \"jobTitle\": \"VP General Manager Spain & Portugal\"\r\n                        },\r\n                        {\r\n                          \"@type\": \"Person\",\r\n                          \"name\": \"Mariana Moreira Alves\",\r\n                          \"jobTitle\": \"Independant EX & L&D Designer & Consultant\"\r\n                        }\r\n                      ]\r\n                      \r\n                    }\r\n                ]\r\n              }\r\n            },\r\n            {\r\n              \"@type\": \"ListItem\",\r\n              \"position\": 2,\r\n              \"item\": {\r\n                \"@type\": \"Course\",\r\n                \"url\":\"https:\/\/dks.digital\/mx\/maestria\/maestria-coaching\/\",\r\n                \"name\": \"Maestr\u00eda en Coaching y Mentoring\",\r\n                \"description\": \"Convi\u00e9rtete en mentor-coach certificado por EMCC. Aprende t\u00e9cnicas para guiar el desarrollo personal y profesional estudiando online.\",\r\n                \"provider\": {\r\n                  \"@type\": \"Organization\",\r\n                  \"name\": \"DKS\",\r\n                  \"sameAs\": \"https:\/\/dks.digital\"\r\n                },\r\n                \"offers\": {\r\n                  \"@type\": \"Offer\",\r\n                     \"priceCurrency\": \"EUR\",\r\n                  \"category\": \"Cursos\",\r\n                  \"availability\": \"http:\/\/schema.org\/InStock\"\r\n                },\r\n                \"hasCourseInstance\": [\r\n                    {\r\n                      \"@type\": \"CourseInstance\",\r\n                      \"courseMode\": \"online\",\r\n                      \"startDate\": \"2025-11-17TZ\",\r\n                      \"endDate\": \"2026-07-27TZ\",\r\n                      \"courseWorkload\": \"PT60H\",\r\n                      \"instructor\": [\r\n                        \r\n                        {\r\n                          \"@type\": \"Person\",\r\n                          \"name\": \"Juan Jos\u00e9 Hierro Mu\u00f1oz\",\r\n                          \"jobTitle\": \"Co-Creation consultant, facilitator, and trainer en HUMANTIFIC \"\r\n                        },\r\n                        {\r\n                          \"@type\": \"Person\",\r\n                          \"name\": \"Nadia Peeters\",\r\n                          \"jobTitle\": \" Executive Coach at Center for Creative Leadership\"\r\n                        },\r\n                        {\r\n                          \"@type\": \"Person\",\r\n                          \"name\": \"Fernando del Corral Escribano\",\r\n                          \"jobTitle\": \" Es Coach PCC y Certificada MBTI\"\r\n                        },\r\n                        {\r\n                          \"@type\": \"Person\",\r\n                          \"name\": \"Rosa Rodr\u00edguez del Tronco\",\r\n                          \"jobTitle\": \"Desarrollo de Talento\"\r\n                        },\r\n                        {\r\n                          \"@type\": \"Person\",\r\n                          \"name\": \"Carmen Clemente Barroso\",\r\n                          \"jobTitle\": \"Coach ejecutivo\"\r\n                        },\r\n                        {\r\n                          \"@type\": \"Person\",\r\n                          \"name\": \"Carmen Mart\u00ednez Fern\u00e1ndez\",\r\n                          \"jobTitle\": \"Coach ejecutivo y Coach de equipos\"\r\n                        },\r\n                        {\r\n                          \"@type\": \"Person\",\r\n                          \"name\": \"Juan Cid Rodr\u00edguez\",\r\n                          \"jobTitle\": \"Coach Senior Ejecutivo \"\r\n                        }\r\n                      ]\r\n                      \r\n                    }\r\n                ]\r\n              }\r\n            },\r\n            {\r\n              \"@type\": \"ListItem\",\r\n              \"position\": 3,\r\n              \"item\": {\r\n                \"@type\": \"Course\",\r\n                \"url\":\"https:\/\/dks.digital\/mx\/maestria\/maestria-ia-negocio\/\",\r\n                \"name\": \"Maestr\u00eda en Inteligencia Artificial aplicada a Negocio\",\r\n                \"description\": \"Aprende a utilizar la IA de forma estrat\u00e9gica en cualquier organizaci\u00f3n empresarial \u00a1F\u00f3rmate con Profesionales en Activo!\",\r\n                \"provider\": {\r\n                  \"@type\": \"Organization\",\r\n                  \"name\": \"DKS\",\r\n                  \"sameAs\": \"https:\/\/dks.digital\"\r\n                },\r\n                \"offers\": {\r\n                  \"@type\": \"Offer\",\r\n                     \"priceCurrency\": \"EUR\",\r\n                  \"category\": \"Cursos\",\r\n                  \"availability\": \"http:\/\/schema.org\/InStock\"\r\n                },\r\n                \"hasCourseInstance\": [\r\n                    {\r\n                      \"@type\": \"CourseInstance\",\r\n                      \"courseMode\": \"online\",\r\n                      \"startDate\": \"2025-11-18TZ\",\r\n                      \"endDate\": \"2026-06-18TZ\",\r\n                      \"courseWorkload\": \"PT150H\",\r\n                      \"instructor\": [\r\n                        \r\n                        {\r\n                          \"@type\": \"Person\",\r\n                          \"name\": \"Ricardo De Diego\",\r\n                          \"jobTitle\": \"CMO\"\r\n                        }\r\n                      ]\r\n                      \r\n                    }\r\n                ]\r\n              }\r\n            },\r\n            {\r\n              \"@type\": \"ListItem\",\r\n              \"position\": 4,\r\n              \"item\": {\r\n                \"@type\": \"Course\",\r\n                \"url\":\"https:\/\/dks.digital\/mx\/maestria\/maestria-inteligencia-artificial-marketing\/\",\r\n                \"name\": \"Maestr\u00eda en Inteligencia Artificial aplicada al Marketing\",\r\n                \"description\": \"Aprende IA y su aplicaci\u00f3n al mundo del marketing con los mejores profesionales \u00a1Estudia en l\u00ednea con expertos del sector!\",\r\n                \"provider\": {\r\n                  \"@type\": \"Organization\",\r\n                  \"name\": \"DKS\",\r\n                  \"sameAs\": \"https:\/\/dks.digital\"\r\n                },\r\n                \"offers\": {\r\n                  \"@type\": \"Offer\",\r\n                     \"priceCurrency\": \"EUR\",\r\n                  \"category\": \"Cursos\",\r\n                  \"availability\": \"http:\/\/schema.org\/InStock\"\r\n                },\r\n                \"hasCourseInstance\": [\r\n                    {\r\n                      \"@type\": \"CourseInstance\",\r\n                      \"courseMode\": \"online\",\r\n                      \"startDate\": \"2025-11-18TZ\",\r\n                      \"endDate\": \"2026-06-18TZ\",\r\n                      \"courseWorkload\": \"PT150H\",\r\n                      \"instructor\": [\r\n                        \r\n                        {\r\n                          \"@type\": \"Person\",\r\n                          \"name\": \"John Zuazua\",\r\n                          \"jobTitle\": \"Data Driven Analyst en SIDN Digital Thinking\"\r\n                        },\r\n                        {\r\n                          \"@type\": \"Person\",\r\n                          \"name\": \"Oswaldo S\u00e1nchez\",\r\n                          \"jobTitle\": \"Director del Master y CEO Alpha Digital Consulting\"\r\n                        },\r\n                        {\r\n                          \"@type\": \"Person\",\r\n                          \"name\": \"L\u00e1zaro Jim\u00e9nez Ruiz\",\r\n                          \"jobTitle\": \"Digital Consultant Team Lead\"\r\n                        },\r\n                        {\r\n                          \"@type\": \"Person\",\r\n                          \"name\": \"Jaime Mart\u00edn\",\r\n                          \"jobTitle\": \"Responsable de Comunicaci\u00f3n y Marca\"\r\n                        },\r\n                        {\r\n                          \"@type\": \"Person\",\r\n                          \"name\": \"Elena Mart\u00ednez\",\r\n                          \"jobTitle\": \"Design and creative Leader\"\r\n                        },\r\n                        {\r\n                          \"@type\": \"Person\",\r\n                          \"name\": \"Eva Luc\u00eda\",\r\n                          \"jobTitle\": \"Senior Graphic Designer\"\r\n                        },\r\n                        {\r\n                          \"@type\": \"Person\",\r\n                          \"name\": \"Raquel Uribe\",\r\n                          \"jobTitle\": \"Senior Multimedia Designer\"\r\n                        },\r\n                        {\r\n                          \"@type\": \"Person\",\r\n                          \"name\": \"Lolo Riazzo\",\r\n                          \"jobTitle\": \"SEO Team Lead & Operations\"\r\n                        },\r\n                        {\r\n                          \"@type\": \"Person\",\r\n                          \"name\": \"Marina Rivero Mui\u00f1os\",\r\n                          \"jobTitle\": \"Digital Content Executive\"\r\n                        },\r\n                        {\r\n                          \"@type\": \"Person\",\r\n                          \"name\": \"Armando Mart\u00edn\",\r\n                          \"jobTitle\": \"Paid Media Specialist\"\r\n                        },\r\n                        {\r\n                          \"@type\": \"Person\",\r\n                          \"name\": \"Isabel V\u00e1zquez\",\r\n                          \"jobTitle\": \"AI Solutions Manager en SIDN\"\r\n                        },\r\n                        {\r\n                          \"@type\": \"Person\",\r\n                          \"name\": \"Lara Borrego\",\r\n                          \"jobTitle\": \"Paid Media Team Lead\"\r\n                        },\r\n                        {\r\n                          \"@type\": \"Person\",\r\n                          \"name\": \"Alejandro Gonz\u00e1lez\",\r\n                          \"jobTitle\": \"Customer Intelligence Consultant\"\r\n                        },\r\n                        {\r\n                          \"@type\": \"Person\",\r\n                          \"name\": \"Gonzalo Moreno\",\r\n                          \"jobTitle\": \"Senior Customer Intelligence Consultant\"\r\n                        },\r\n                        {\r\n                          \"@type\": \"Person\",\r\n                          \"name\": \"Almudena Mart\u00edn\",\r\n                          \"jobTitle\": \"Senior Customer Intelligence Consultant\"\r\n                        },\r\n                        {\r\n                          \"@type\": \"Person\",\r\n                          \"name\": \"Juanma \u00c1vila\",\r\n                          \"jobTitle\": \"Manager Designer UX\/UI\"\r\n                        },\r\n                        {\r\n                          \"@type\": \"Person\",\r\n                          \"name\": \"Raquel Mart\u00edn\",\r\n                          \"jobTitle\": \"ORM Manager\"\r\n                        },\r\n                        {\r\n                          \"@type\": \"Person\",\r\n                          \"name\": \"Miguel G\u00f3mez\",\r\n                          \"jobTitle\": \"ORM Manager\"\r\n                        },\r\n                        {\r\n                          \"@type\": \"Person\",\r\n                          \"name\": \"Roxana Jabalera\",\r\n                          \"jobTitle\": \"Senior Digital Project Manager\"\r\n                        }\r\n                      ]\r\n                      \r\n                    }\r\n                ]\r\n              }\r\n            },\r\n            {\r\n              \"@type\": \"ListItem\",\r\n              \"position\": 5,\r\n              \"item\": {\r\n                \"@type\": \"Course\",\r\n                \"url\":\"https:\/\/dks.digital\/mx\/maestria\/maestria-cloud-crm-marketing\/\",\r\n                \"name\": \"Maestr\u00eda en Cloud CRM Marketing\",\r\n                \"description\": \"Convi\u00e9rtete en experto en la gesti\u00f3n de Salesforce y Hubspot con la Maestr\u00eda Cloud CRM Marketing \u2726F\u00f3rmate en l\u00ednea con profesionales en activo\u2726\",\r\n                \"provider\": {\r\n                  \"@type\": \"Organization\",\r\n                  \"name\": \"DKS\",\r\n                  \"sameAs\": \"https:\/\/dks.digital\"\r\n                },\r\n                \"offers\": {\r\n                  \"@type\": \"Offer\",\r\n                     \"priceCurrency\": \"EUR\",\r\n                  \"category\": \"Cursos\",\r\n                  \"availability\": \"http:\/\/schema.org\/InStock\"\r\n                },\r\n                \"hasCourseInstance\": [\r\n                    {\r\n                      \"@type\": \"CourseInstance\",\r\n                      \"courseMode\": \"online\",\r\n                      \"startDate\": \"2025-11-19TZ\",\r\n                      \"endDate\": \"2026-06-04TZ\",\r\n                      \"courseWorkload\": \"PT150H\",\r\n                      \"instructor\": [\r\n                        \r\n                        {\r\n                          \"@type\": \"Person\",\r\n                          \"name\": \"Oswaldo S\u00e1nchez\",\r\n                          \"jobTitle\": \"Director del Master y CEO Alpha Digital Consulting\"\r\n                        },\r\n                        {\r\n                          \"@type\": \"Person\",\r\n                          \"name\": \"Leticia Montenegro\",\r\n                          \"jobTitle\": \"Head of CRM en L\u2019Or\u00e9al Spain & Portugal\"\r\n                        }\r\n                      ]\r\n                      \r\n                    }\r\n                ]\r\n              }\r\n            },\r\n            {\r\n              \"@type\": \"ListItem\",\r\n              \"position\": 6,\r\n              \"item\": {\r\n                \"@type\": \"Course\",\r\n                \"url\":\"https:\/\/dks.digital\/mx\/maestria\/maestria-publicidad-paid-media\/\",\r\n                \"name\": \"Maestr\u00eda en Tr\u00e1fico de Pago y Estrategias de Paid Media\",\r\n                \"description\": \"Aprende con nuestra Maestr\u00eda en Publicidad online. Esta maestr\u00eda te ense\u00f1ar\u00e1 a dominar Google Ads y Meta Ads. Estudia estrategias digitales para impulsar tu carrera.\",\r\n                \"provider\": {\r\n                  \"@type\": \"Organization\",\r\n                  \"name\": \"DKS\",\r\n                  \"sameAs\": \"https:\/\/dks.digital\"\r\n                },\r\n                \"offers\": {\r\n                  \"@type\": \"Offer\",\r\n                     \"priceCurrency\": \"EUR\",\r\n                  \"category\": \"Cursos\",\r\n                  \"availability\": \"http:\/\/schema.org\/InStock\"\r\n                },\r\n                \"hasCourseInstance\": [\r\n                    {\r\n                      \"@type\": \"CourseInstance\",\r\n                      \"courseMode\": \"online\",\r\n                      \"startDate\": \"2025-11-18TZ\",\r\n                      \"endDate\": \"2025-11-18TZ\",\r\n                      \"courseWorkload\": \"PT170H\",\r\n                      \"instructor\": [\r\n                        \r\n                        {\r\n                          \"@type\": \"Person\",\r\n                          \"name\": \"Mai Molina\",\r\n                          \"jobTitle\": \"International Senior performance Marketing \"\r\n                        },\r\n                        {\r\n                          \"@type\": \"Person\",\r\n                          \"name\": \"Carlos David L\u00f3pez\",\r\n                          \"jobTitle\": \"Head Marketing\"\r\n                        },\r\n                        {\r\n                          \"@type\": \"Person\",\r\n                          \"name\": \"Blanca L\u00f3pez\",\r\n                          \"jobTitle\": \"SEM\/PPC Account Manager\"\r\n                        },\r\n                        {\r\n                          \"@type\": \"Person\",\r\n                          \"name\": \"Daniel Rocafull\",\r\n                          \"jobTitle\": \"Head of Social Ads & Team Lead\"\r\n                        },\r\n                        {\r\n                          \"@type\": \"Person\",\r\n                          \"name\": \"Sandra Brot\u00f3n\",\r\n                          \"jobTitle\": \"Social Hub Lead\"\r\n                        },\r\n                        {\r\n                          \"@type\": \"Person\",\r\n                          \"name\": \"Roc\u00edo del Mar \u00c1lvarez\",\r\n                          \"jobTitle\": \"Analytics & CRO Manager\"\r\n                        },\r\n                        {\r\n                          \"@type\": \"Person\",\r\n                          \"name\": \"Alfonso Moure\",\r\n                          \"jobTitle\": \"SEO & WPO\"\r\n                        },\r\n                        {\r\n                          \"@type\": \"Person\",\r\n                          \"name\": \"Ana Kostic\",\r\n                          \"jobTitle\": \"PPC Manager\"\r\n                        },\r\n                        {\r\n                          \"@type\": \"Person\",\r\n                          \"name\": \"Elisa Garc\u00eda\",\r\n                          \"jobTitle\": \"HR Director\"\r\n                        },\r\n                        {\r\n                          \"@type\": \"Person\",\r\n                          \"name\": \"Albert Berlanga\",\r\n                          \"jobTitle\": \"Search Engine Marketing Specialist\"\r\n                        },\r\n                        {\r\n                          \"@type\": \"Person\",\r\n                          \"name\": \"Alba D\u00edaz Cabrerizo\",\r\n                          \"jobTitle\": \"Performance Specialist\"\r\n                        },\r\n                        {\r\n                          \"@type\": \"Person\",\r\n                          \"name\": \"Ignacio Gonz\u00e1lez Bengoechea\",\r\n                          \"jobTitle\": \"Performance Team Lead\"\r\n                        }\r\n                      ]\r\n                      \r\n                    }\r\n                ]\r\n              }\r\n            },\r\n            {\r\n              \"@type\": \"ListItem\",\r\n              \"position\": 7,\r\n              \"item\": {\r\n                \"@type\": \"Course\",\r\n                \"url\":\"https:\/\/dks.digital\/mx\/maestria\/maestria-seo-sem\/\",\r\n                \"name\": \"Maestr\u00eda en SEO-SEM Profesional\",\r\n                \"description\": \"\u00bfBuscas aprender SEO y SEM? Nuestro m\u00e1ster en Marketing en Motores de B\u00fasqueda te brinda el conocimiento experto para dominar las t\u00e9cnicas de posicionamiento.\",\r\n                \"provider\": {\r\n                  \"@type\": \"Organization\",\r\n                  \"name\": \"DKS\",\r\n                  \"sameAs\": \"https:\/\/dks.digital\"\r\n                },\r\n                \"offers\": {\r\n                  \"@type\": \"Offer\",\r\n                     \"priceCurrency\": \"EUR\",\r\n                  \"category\": \"Cursos\",\r\n                  \"availability\": \"http:\/\/schema.org\/InStock\"\r\n                },\r\n                \"hasCourseInstance\": [\r\n                    {\r\n                      \"@type\": \"CourseInstance\",\r\n                      \"courseMode\": \"online\",\r\n                      \"startDate\": \"2025-11-19TZ\",\r\n                      \"endDate\": \"2026-06-04TZ\",\r\n                      \"courseWorkload\": \"PT150H\",\r\n                      \"instructor\": [\r\n                        \r\n                        {\r\n                          \"@type\": \"Person\",\r\n                          \"name\": \"Rub\u00e9n Merino\",\r\n                          \"jobTitle\": \"SEO Consultant en The Cocktail y Exalumno DKS\"\r\n                        },\r\n                        {\r\n                          \"@type\": \"Person\",\r\n                          \"name\": \"Enrique Hidalgo\",\r\n                          \"jobTitle\": \"Technical SEO | Freelance\"\r\n                        },\r\n                        {\r\n                          \"@type\": \"Person\",\r\n                          \"name\": \"Roc\u00edo Rodr\u00edguez\",\r\n                          \"jobTitle\": \"SEO Consultant \"\r\n                        },\r\n                        {\r\n                          \"@type\": \"Person\",\r\n                          \"name\": \"V\u00edctor Recio\",\r\n                          \"jobTitle\": \"Team Leader SEO, Site Search and Content Management \"\r\n                        },\r\n                        {\r\n                          \"@type\": \"Person\",\r\n                          \"name\": \"Mar\u00eda Navarro\",\r\n                          \"jobTitle\": \"SEO Consultant \"\r\n                        },\r\n                        {\r\n                          \"@type\": \"Person\",\r\n                          \"name\": \"Betlem Cardona\",\r\n                          \"jobTitle\": \"Head of Audience Development en Flat101\"\r\n                        },\r\n                        {\r\n                          \"@type\": \"Person\",\r\n                          \"name\": \"V\u00edctor Catena Zarraute\",\r\n                          \"jobTitle\": \" Director de Marketing Operativo\"\r\n                        },\r\n                        {\r\n                          \"@type\": \"Person\",\r\n                          \"name\": \"C\u00e9sar Aparicio\",\r\n                          \"jobTitle\": \"Fundador\"\r\n                        },\r\n                        {\r\n                          \"@type\": \"Person\",\r\n                          \"name\": \"Jorge Llorente\",\r\n                          \"jobTitle\": \"Senior Digital Analyst\"\r\n                        },\r\n                        {\r\n                          \"@type\": \"Person\",\r\n                          \"name\": \"Kike Domingo\",\r\n                          \"jobTitle\": \"Chief Operating Officer \"\r\n                        },\r\n                        {\r\n                          \"@type\": \"Person\",\r\n                          \"name\": \"Clara Soteras\",\r\n                          \"jobTitle\": \"SEO Director\"\r\n                        },\r\n                        {\r\n                          \"@type\": \"Person\",\r\n                          \"name\": \"Marta Arribas\",\r\n                          \"jobTitle\": \"Senior SEO Consultant en Making Science\"\r\n                        }\r\n                      ]\r\n                      \r\n                    }\r\n                ]\r\n              }\r\n            },\r\n            {\r\n              \"@type\": \"ListItem\",\r\n              \"position\": 8,\r\n              \"item\": {\r\n                \"@type\": \"Course\",\r\n                \"url\":\"https:\/\/dks.digital\/mx\/maestria\/maestria-ciencia-datos\/\",\r\n                \"name\": \"Maestr\u00eda en Data Science\",\r\n                \"description\": \"Estudia una Maestr\u00eda en Data Science en l\u00ednea. Aprende a dominar Big Data para analizar informaci\u00f3n con nuestro posgrado en ciencia de datos y avanza tu carrera profesional.\",\r\n                \"provider\": {\r\n                  \"@type\": \"Organization\",\r\n                  \"name\": \"DKS\",\r\n                  \"sameAs\": \"https:\/\/dks.digital\"\r\n                },\r\n                \"offers\": {\r\n                  \"@type\": \"Offer\",\r\n                     \"priceCurrency\": \"EUR\",\r\n                  \"category\": \"Cursos\",\r\n                  \"availability\": \"http:\/\/schema.org\/InStock\"\r\n                },\r\n                \"hasCourseInstance\": [\r\n                    {\r\n                      \"@type\": \"CourseInstance\",\r\n                      \"courseMode\": \"online\",\r\n                      \"startDate\": \"2025-11-04TZ\",\r\n                      \"endDate\": \"2026-07-04TZ\",\r\n                      \"courseWorkload\": \"PT200H\",\r\n                      \"instructor\": [\r\n                        \r\n                        {\r\n                          \"@type\": \"Person\",\r\n                          \"name\": \"Antonio Pita Lozano\",\r\n                          \"jobTitle\": \"Lider Global de Advanced Business Analytics\"\r\n                        },\r\n                        {\r\n                          \"@type\": \"Person\",\r\n                          \"name\": \"Wojtek Hejna\",\r\n                          \"jobTitle\": \"Strategic Cloud Engineer en Google\"\r\n                        },\r\n                        {\r\n                          \"@type\": \"Person\",\r\n                          \"name\": \"Anah\u00ed Mart\u00edn\",\r\n                          \"jobTitle\": \"Senior Data Analyst of Web3, Metaverse & Network Tokenization en Telef\u00f3nica\"\r\n                        },\r\n                        {\r\n                          \"@type\": \"Person\",\r\n                          \"name\": \"Anna Renau\",\r\n                          \"jobTitle\": \"Data Scientist\"\r\n                        },\r\n                        {\r\n                          \"@type\": \"Person\",\r\n                          \"name\": \"Alberto Arenas\",\r\n                          \"jobTitle\": \"Principal Software Engineer\"\r\n                        },\r\n                        {\r\n                          \"@type\": \"Person\",\r\n                          \"name\": \"Daniel Burrueco\",\r\n                          \"jobTitle\": \"Business Intelligence & Machine Learning \"\r\n                        },\r\n                        {\r\n                          \"@type\": \"Person\",\r\n                          \"name\": \"Be\u00f1at San Sebastian\",\r\n                          \"jobTitle\": \"Expert Data Scientist \"\r\n                        },\r\n                        {\r\n                          \"@type\": \"Person\",\r\n                          \"name\": \"\u00c1lvaro Romo Herrero\",\r\n                          \"jobTitle\": \"Expert Data Scientist\"\r\n                        },\r\n                        {\r\n                          \"@type\": \"Person\",\r\n                          \"name\": \"Juan Pedro Bretti\",\r\n                          \"jobTitle\": \"Cybersecurity Data Driven Specialist\"\r\n                        },\r\n                        {\r\n                          \"@type\": \"Person\",\r\n                          \"name\": \"\u00c1lvaro Capell\",\r\n                          \"jobTitle\": \"Gerente de Digitalizaci\u00f3n & People Analytics\"\r\n                        },\r\n                        {\r\n                          \"@type\": \"Person\",\r\n                          \"name\": \"Santiago Rodriguez\",\r\n                          \"jobTitle\": \"Expert Data Scientist \"\r\n                        },\r\n                        {\r\n                          \"@type\": \"Person\",\r\n                          \"name\": \"Alberto Granero Garc\u00eda\",\r\n                          \"jobTitle\": \" Chief Information & Data Officer \"\r\n                        },\r\n                        {\r\n                          \"@type\": \"Person\",\r\n                          \"name\": \"Antonio Carlos Rodr\u00edguez\",\r\n                          \"jobTitle\": \" Artificial Intelligence Project Manager\"\r\n                        }\r\n                      ]\r\n                      \r\n                    }\r\n                ]\r\n              }\r\n            },\r\n            {\r\n              \"@type\": \"ListItem\",\r\n              \"position\": 9,\r\n              \"item\": {\r\n                \"@type\": \"Course\",\r\n                \"url\":\"https:\/\/dks.digital\/mx\/maestria\/maestria-analitica-web\/\",\r\n                \"name\": \"Maestr\u00eda en Anal\u00edtica Digital\",\r\n                \"description\": \"Estudia desde M\u00e9xico el primer M\u00e1ster en Anal\u00edtica Web de Espa\u00f1a. Convi\u00e9rtete en Analista Digital estudiando en l\u00ednea.\",\r\n                \"provider\": {\r\n                  \"@type\": \"Organization\",\r\n                  \"name\": \"DKS\",\r\n                  \"sameAs\": \"https:\/\/dks.digital\"\r\n                },\r\n                \"offers\": {\r\n                  \"@type\": \"Offer\",\r\n                     \"priceCurrency\": \"EUR\",\r\n                  \"category\": \"Cursos\",\r\n                  \"availability\": \"http:\/\/schema.org\/InStock\"\r\n                },\r\n                \"hasCourseInstance\": [\r\n                    {\r\n                      \"@type\": \"CourseInstance\",\r\n                      \"courseMode\": \"online\",\r\n                      \"startDate\": \"2025-11-11TZ\",\r\n                      \"endDate\": \"2026-07-09TZ\",\r\n                      \"courseWorkload\": \"PT180H\",\r\n                      \"instructor\": [\r\n                        \r\n                        {\r\n                          \"@type\": \"Person\",\r\n                          \"name\": \"Eduardo S\u00e1nchez-Rojo\",\r\n                          \"jobTitle\": \"CoE Data Analytics CoE DAA Operations Director en El Arte de Medir by Ayesa\"\r\n                        },\r\n                        {\r\n                          \"@type\": \"Person\",\r\n                          \"name\": \"Jorge Llorente\",\r\n                          \"jobTitle\": \"Senior Digital Analyst\"\r\n                        },\r\n                        {\r\n                          \"@type\": \"Person\",\r\n                          \"name\": \"Ana Sopl\u00f3n\",\r\n                          \"jobTitle\": \"Digital Analyst \"\r\n                        },\r\n                        {\r\n                          \"@type\": \"Person\",\r\n                          \"name\": \"John Zuazua\",\r\n                          \"jobTitle\": \"Data Driven Analyst en SIDN Digital Thinking\"\r\n                        },\r\n                        {\r\n                          \"@type\": \"Person\",\r\n                          \"name\": \"Diego Higuera\",\r\n                          \"jobTitle\": \"Data Solution Lead y exalumno de DKS \"\r\n                        },\r\n                        {\r\n                          \"@type\": \"Person\",\r\n                          \"name\": \"Francisco Gallego Calonge\",\r\n                          \"jobTitle\": \" Strategic & Business Analytics Lead\"\r\n                        },\r\n                        {\r\n                          \"@type\": \"Person\",\r\n                          \"name\": \"Pablo Mateos Masa\",\r\n                          \"jobTitle\": \" Data Scientist\"\r\n                        },\r\n                        {\r\n                          \"@type\": \"Person\",\r\n                          \"name\": \"Rub\u00e9n Aparicio Jim\u00e9nez\",\r\n                          \"jobTitle\": \" Data Analyst \"\r\n                        },\r\n                        {\r\n                          \"@type\": \"Person\",\r\n                          \"name\": \"Daniel Jim\u00e9nez Flores\",\r\n                          \"jobTitle\": \" Cloud Technical Leader & Marketing Data Analyst\"\r\n                        },\r\n                        {\r\n                          \"@type\": \"Person\",\r\n                          \"name\": \"Lidia Gagliardi\",\r\n                          \"jobTitle\": \"Digital Analyst & Team Leader & Data Solution Lead\"\r\n                        }\r\n                      ]\r\n                      \r\n                    }\r\n                ]\r\n              }\r\n            },\r\n            {\r\n              \"@type\": \"ListItem\",\r\n              \"position\": 10,\r\n              \"item\": {\r\n                \"@type\": \"Course\",\r\n                \"url\":\"https:\/\/dks.digital\/mx\/maestria\/maestria-ux-ui\/\",\r\n                \"name\": \"Maestr\u00eda en UX\/UI\",\r\n                \"description\": \"Maestr\u00eda en UX\/UI: Conecta negocio y usuario. Maestr\u00eda 100% pr\u00e1ctica. Aprende investigaci\u00f3n, dise\u00f1o de interacci\u00f3n, interfaz y prototipado.\",\r\n                \"provider\": {\r\n                  \"@type\": \"Organization\",\r\n                  \"name\": \"DKS\",\r\n                  \"sameAs\": \"https:\/\/dks.digital\"\r\n                },\r\n                \"offers\": {\r\n                  \"@type\": \"Offer\",\r\n                     \"priceCurrency\": \"EUR\",\r\n                  \"category\": \"Cursos\",\r\n                  \"availability\": \"http:\/\/schema.org\/InStock\"\r\n                },\r\n                \"hasCourseInstance\": [\r\n                    {\r\n                      \"@type\": \"CourseInstance\",\r\n                      \"courseMode\": \"online\",\r\n                      \"startDate\": \"2025-11-11TZ\",\r\n                      \"endDate\": \"2026-05-27TZ\",\r\n                      \"courseWorkload\": \"PT190H\",\r\n                      \"instructor\": [\r\n                        \r\n                        {\r\n                          \"@type\": \"Person\",\r\n                          \"name\": \"Henar Vega\",\r\n                          \"jobTitle\": \"\"\r\n                        },\r\n                        {\r\n                          \"@type\": \"Person\",\r\n                          \"name\": \"Vicente Mart\u00ednez\",\r\n                          \"jobTitle\": \"ASO y CRO Specialist en Telef\u00f3nica Digital\"\r\n                        },\r\n                        {\r\n                          \"@type\": \"Person\",\r\n                          \"name\": \"Jes\u00fas Mart\u00edn\",\r\n                          \"jobTitle\": \"UX Lead en Amazon\"\r\n                        },\r\n                        {\r\n                          \"@type\": \"Person\",\r\n                          \"name\": \"Sergio Ruiz\",\r\n                          \"jobTitle\": \"Design Lead en Caixa Bank\"\r\n                        },\r\n                        {\r\n                          \"@type\": \"Person\",\r\n                          \"name\": \"Ruth de la Torre\",\r\n                          \"jobTitle\": \"UX Writer & Conversational Experience Lead en Banco Santander\"\r\n                        },\r\n                        {\r\n                          \"@type\": \"Person\",\r\n                          \"name\": \"Luis Calder\u00f3n\",\r\n                          \"jobTitle\": \"Head of UX en El Confidencial\"\r\n                        },\r\n                        {\r\n                          \"@type\": \"Person\",\r\n                          \"name\": \"Alba Iniesta\",\r\n                          \"jobTitle\": \"SR Game designer en Scopely\"\r\n                        },\r\n                        {\r\n                          \"@type\": \"Person\",\r\n                          \"name\": \"Laura Morales\",\r\n                          \"jobTitle\": \"Co-Founder CreaXR Community\"\r\n                        },\r\n                        {\r\n                          \"@type\": \"Person\",\r\n                          \"name\": \"Maite Antol\u00edn\",\r\n                          \"jobTitle\": \"Product Designer en Secuoyas\"\r\n                        },\r\n                        {\r\n                          \"@type\": \"Person\",\r\n                          \"name\": \"Carmen Mond\u00e9jar\",\r\n                          \"jobTitle\": \"Head of Product Design at Nemotec\"\r\n                        },\r\n                        {\r\n                          \"@type\": \"Person\",\r\n                          \"name\": \"\u00c1ngel Barbero Paniagua\",\r\n                          \"jobTitle\": \"Director General en Secture\"\r\n                        },\r\n                        {\r\n                          \"@type\": \"Person\",\r\n                          \"name\": \"Enrique Ricart\",\r\n                          \"jobTitle\": \" Estrategia e Innovaci\u00f3n en Soulsight\"\r\n                        },\r\n                        {\r\n                          \"@type\": \"Person\",\r\n                          \"name\": \"C\u00e9sar Astudillo\",\r\n                          \"jobTitle\": \"Strategic Design Advisor  en Paradigma Digital \"\r\n                        },\r\n                        {\r\n                          \"@type\": \"Person\",\r\n                          \"name\": \"Leonor Ruiz\",\r\n                          \"jobTitle\": \"Strategy & Innovation. European projects. Research Analyst\"\r\n                        },\r\n                        {\r\n                          \"@type\": \"Person\",\r\n                          \"name\": \"Antonio Cordero\",\r\n                          \"jobTitle\": \"Lead Product Designer\"\r\n                        }\r\n                      ]\r\n                      \r\n                    }\r\n                ]\r\n              }\r\n            },\r\n            {\r\n              \"@type\": \"ListItem\",\r\n              \"position\": 11,\r\n              \"item\": {\r\n                \"@type\": \"Course\",\r\n                \"url\":\"https:\/\/dks.digital\/mx\/maestria\/maestria-project-management\/\",\r\n                \"name\": \"Maestr\u00eda en Project Management (PMP)\",\r\n                \"description\": \"La Maestr\u00eda en Project Management en l\u00ednea te prepara para liderar proyectos con \u00e9xito. Aprende IA, metodolog\u00edas y obt\u00e9n la certificaci\u00f3n PMP\u00ae en 6 meses.\",\r\n                \"provider\": {\r\n                  \"@type\": \"Organization\",\r\n                  \"name\": \"DKS\",\r\n                  \"sameAs\": \"https:\/\/dks.digital\"\r\n                },\r\n                \"offers\": {\r\n                  \"@type\": \"Offer\",\r\n                     \"priceCurrency\": \"EUR\",\r\n                  \"category\": \"Cursos\",\r\n                  \"availability\": \"http:\/\/schema.org\/InStock\"\r\n                },\r\n                \"hasCourseInstance\": [\r\n                    {\r\n                      \"@type\": \"CourseInstance\",\r\n                      \"courseMode\": \"online\",\r\n                      \"startDate\": \"2026-04-23TZ\",\r\n                      \"endDate\": \"2026-10-23TZ\",\r\n                      \"courseWorkload\": \"PT180H\",\r\n                      \"instructor\": [\r\n                        \r\n                        {\r\n                          \"@type\": \"Person\",\r\n                          \"name\": \"Jos\u00e9 Antonio Puentes Mu\u00f1oz\",\r\n                          \"jobTitle\": \"L\u00edder del M\u00e1ster. CEO de Project Management Asesores (Global ATP n\u00ba 2760 por el PMI\u00ae)\"\r\n                        },\r\n                        {\r\n                          \"@type\": \"Person\",\r\n                          \"name\": \"Alberto de Alfonso Pailos\",\r\n                          \"jobTitle\": \"Head of Assembly Bussines Unit en GES\"\r\n                        }\r\n                      ]\r\n                      \r\n                    }\r\n                ]\r\n              }\r\n            },\r\n            {\r\n              \"@type\": \"ListItem\",\r\n              \"position\": 12,\r\n              \"item\": {\r\n                \"@type\": \"Course\",\r\n                \"url\":\"https:\/\/dks.digital\/mx\/maestria\/maestria-en-cyber-threat-intelligence\/\",\r\n                \"name\": \"Maestr\u00eda en Ciberinteligencia\",\r\n                \"description\": \"Convi\u00e9rtete en el perfil en ciberseguridad encargado de detectar a tiempo ciberamenazas con la Maestr\u00eda en Cyber Threat Intelligence \u2726\u00a1Mas info aqu\u00ed!\u2726\",\r\n                \"provider\": {\r\n                  \"@type\": \"Organization\",\r\n                  \"name\": \"DKS\",\r\n                  \"sameAs\": \"https:\/\/dks.digital\"\r\n                },\r\n                \"offers\": {\r\n                  \"@type\": \"Offer\",\r\n                     \"priceCurrency\": \"EUR\",\r\n                  \"category\": \"Cursos\",\r\n                  \"availability\": \"http:\/\/schema.org\/InStock\"\r\n                },\r\n                \"hasCourseInstance\": [\r\n                    {\r\n                      \"@type\": \"CourseInstance\",\r\n                      \"courseMode\": \"online\",\r\n                      \"startDate\": \"2025-11-04TZ\",\r\n                      \"endDate\": \"2026-07-09TZ\",\r\n                      \"courseWorkload\": \"PT200H\",\r\n                      \"instructor\": [\r\n                        \r\n                        {\r\n                          \"@type\": \"Person\",\r\n                          \"name\": \"Iv\u00e1n Portillo\",\r\n                          \"jobTitle\": \"Cyber Security Specialist | Intelligence & Defense en Vodafone\"\r\n                        },\r\n                        {\r\n                          \"@type\": \"Person\",\r\n                          \"name\": \"Jorge Testa\",\r\n                          \"jobTitle\": \"Cofundador de SyndiK8\"\r\n                        },\r\n                        {\r\n                          \"@type\": \"Person\",\r\n                          \"name\": \"Pablo Bentanachs\",\r\n                          \"jobTitle\": \"EMEA Threat Intelligence Consultant \"\r\n                        },\r\n                        {\r\n                          \"@type\": \"Person\",\r\n                          \"name\": \"\u00c1ngel Luis Veloy\",\r\n                          \"jobTitle\": \"Senior SOC Cyber-Security & Cyber- Intelligence Analyst en SIX \"\r\n                        },\r\n                        {\r\n                          \"@type\": \"Person\",\r\n                          \"name\": \"Nounou Mbeiri\",\r\n                          \"jobTitle\": \"Senior Cyber Threat Intelligence Analyst at Capita \"\r\n                        },\r\n                        {\r\n                          \"@type\": \"Person\",\r\n                          \"name\": \"Francisco Carca\u00f1o\",\r\n                          \"jobTitle\": \"Threat Intelligence Team Lead en BABEL\"\r\n                        },\r\n                        {\r\n                          \"@type\": \"Person\",\r\n                          \"name\": \"Gonzalo Terciado\",\r\n                          \"jobTitle\": \"Analista de Inteligencia \"\r\n                        },\r\n                        {\r\n                          \"@type\": \"Person\",\r\n                          \"name\": \"Pino Penilla Marqu\u00ednez\",\r\n                          \"jobTitle\": \"Cyber Threat Intelligence Analyst en BABEL\"\r\n                        },\r\n                        {\r\n                          \"@type\": \"Person\",\r\n                          \"name\": \"L\u00f3rien Dom\u00e9nech\",\r\n                          \"jobTitle\": \" Manager Threat Hunting\"\r\n                        },\r\n                        {\r\n                          \"@type\": \"Person\",\r\n                          \"name\": \"Carlos Caballero\",\r\n                          \"jobTitle\": \"Threat Hunting \"\r\n                        },\r\n                        {\r\n                          \"@type\": \"Person\",\r\n                          \"name\": \"Carlos Gal\u00e1n\",\r\n                          \"jobTitle\": \"Profesor universitario en temas de ingenier\u00eda de datos y ciberseguridad\"\r\n                        },\r\n                        {\r\n                          \"@type\": \"Person\",\r\n                          \"name\": \"Jose Luis S\u00e1nchez Mart\u00ednez\",\r\n                          \"jobTitle\": \"Threat Researcher\"\r\n                        },\r\n                        {\r\n                          \"@type\": \"Person\",\r\n                          \"name\": \"Claudia S\u00e1nchez-Gir\u00f3n\",\r\n                          \"jobTitle\": \" Cyber Threat Intelligence Specialist\"\r\n                        },\r\n                        {\r\n                          \"@type\": \"Person\",\r\n                          \"name\": \"Pablo Mor\u00e1n Tejero\",\r\n                          \"jobTitle\": \"Cyber Security Specialist | SOC Arquitect en Vodafone Business\"\r\n                        }\r\n                      ]\r\n                      \r\n                    }\r\n                ]\r\n              }\r\n            },\r\n            {\r\n              \"@type\": \"ListItem\",\r\n              \"position\": 13,\r\n              \"item\": {\r\n                \"@type\": \"Course\",\r\n                \"url\":\"https:\/\/dks.digital\/mx\/maestria\/maestria-seguridad-ofensiva\/\",\r\n                \"name\": \"Maestr\u00eda en Offensive Security\",\r\n                \"description\": \"\u00danete a la comunidad de ciberseguridad como un profesional del offensive security con el Maestr\u00eda de DKS. \u00a1Aprende de la mano de profesionales del sector!\",\r\n                \"provider\": {\r\n                  \"@type\": \"Organization\",\r\n                  \"name\": \"DKS\",\r\n                  \"sameAs\": \"https:\/\/dks.digital\"\r\n                },\r\n                \"offers\": {\r\n                  \"@type\": \"Offer\",\r\n                     \"priceCurrency\": \"EUR\",\r\n                  \"category\": \"Cursos\",\r\n                  \"availability\": \"http:\/\/schema.org\/InStock\"\r\n                },\r\n                \"hasCourseInstance\": [\r\n                    {\r\n                      \"@type\": \"CourseInstance\",\r\n                      \"courseMode\": \"online\",\r\n                      \"startDate\": \"2026-04-21TZ\",\r\n                      \"endDate\": \"2027-02-03TZ\",\r\n                      \"courseWorkload\": \"PT180H\",\r\n                      \"instructor\": [\r\n                        \r\n                        {\r\n                          \"@type\": \"Person\",\r\n                          \"name\": \"Alejandro Ramos\",\r\n                          \"jobTitle\": \"Country Manager\"\r\n                        }\r\n                      ]\r\n                      \r\n                    }\r\n                ]\r\n              }\r\n            }\r\n        ]\r\n      }\r\n      <\/script>\n<section class=\"plp-course -text-white \">\n\t<div class=\"plp-course__container container\">\n\t\t<h2 class=\"heading--h3\">Nuestros programas:<\/h2>\n\t\t\t\t<!-- Bloque cursos -->\n\t\t<div class=\"course slider slider--hidden-md\" data-module=\"slider\">\n\t\t\t<ul class=\"slider__scroll\" data-slider=\"scroll\">\n\t\t\t\t\t\t\t\t\t\t<li class=\"course__item slider__item\" data-slider=\"item\" data-module=\"link\" data-link-href=\"https:\/\/dks.digital\/mx\/maestria\/maestria-liderazgo-desarrollo-personal\/\" data-link-target=\"_self\" data-gtm-container=\"distributor\" data-gtm-action=\"navigation\" data-gtm-category=\"Maestr\u00eda en Desarrollo Personal y Liderazgo\">\n\t\t\t\t\t\t\t<img decoding=\"async\" class=\"course__img\" src=\"https:\/\/dks.digital\/wp-content\/uploads\/2025\/08\/Liderazgo-y-Desarrollo-Personal-231x312-1-222x300.png\" alt=\"Curso\">\n\t\t\t\t\t\t\t<div class=\"course__body\">\n\t\t\t\t\t\t\t\t<h4 class=\"course__title\" data-gtm-container=\"distributor\" data-gtm-action=\"navigation\" data-gtm-category=\"Maestr\u00eda en Desarrollo Personal y Liderazgo\"><a href=\"https:\/\/dks.digital\/mx\/maestria\/maestria-liderazgo-desarrollo-personal\/\">Maestr\u00eda en Desarrollo Personal y Liderazgo<\/a><\/h4>\n\t\t\t\t\t\t\t\t<p class=\"course__content\"><\/p>\n\t\t\t\t\t\t\t\t<ul class=\"course__oustanding\">\n\t\t\t\t\t\t\t\t\t<li>Master<\/li>\n\t\t\t\t\t\t\t\t\t<li>8 meses<\/li>\n\t\t\t\t\t\t\t\t\t<li>Oto\u00f1o<\/li>\n\t\t\t\t\t\t\t\t<\/ul>\n\t\t\t\t\t\t\t<\/div>\n\t\t\t\t\t\t<\/li>\n\t\t\t\t\t\t\t\t\t\t<li class=\"course__item slider__item\" data-slider=\"item\" data-module=\"link\" data-link-href=\"https:\/\/dks.digital\/mx\/maestria\/maestria-coaching\/\" data-link-target=\"_self\" data-gtm-container=\"distributor\" data-gtm-action=\"navigation\" data-gtm-category=\"Maestr\u00eda en Coaching y Mentoring\">\n\t\t\t\t\t\t\t<img decoding=\"async\" class=\"course__img\" src=\"https:\/\/dks.digital\/wp-content\/uploads\/2025\/08\/Coaching-y-Mentoring-231x312-1-222x300.png\" alt=\"Curso\">\n\t\t\t\t\t\t\t<div class=\"course__body\">\n\t\t\t\t\t\t\t\t<h4 class=\"course__title\" data-gtm-container=\"distributor\" data-gtm-action=\"navigation\" data-gtm-category=\"Maestr\u00eda en Coaching y Mentoring\"><a href=\"https:\/\/dks.digital\/mx\/maestria\/maestria-coaching\/\">Maestr\u00eda en Coaching y Mentoring<\/a><\/h4>\n\t\t\t\t\t\t\t\t<p class=\"course__content\"><\/p>\n\t\t\t\t\t\t\t\t<ul class=\"course__oustanding\">\n\t\t\t\t\t\t\t\t\t<li>Master<\/li>\n\t\t\t\t\t\t\t\t\t<li>7 meses<\/li>\n\t\t\t\t\t\t\t\t\t<li>Oto\u00f1o<\/li>\n\t\t\t\t\t\t\t\t<\/ul>\n\t\t\t\t\t\t\t<\/div>\n\t\t\t\t\t\t<\/li>\n\t\t\t\t\t\t\t\t\t\t<li class=\"course__item slider__item\" data-slider=\"item\" data-module=\"link\" data-link-href=\"https:\/\/dks.digital\/mx\/maestria\/maestria-ia-negocio\/\" data-link-target=\"_self\" data-gtm-container=\"distributor\" data-gtm-action=\"navigation\" data-gtm-category=\"Maestr\u00eda en Inteligencia Artificial aplicada a Negocio\">\n\t\t\t\t\t\t\t<img decoding=\"async\" class=\"course__img\" src=\"https:\/\/dks.digital\/wp-content\/uploads\/2025\/05\/Master-IA-Negocio-1-269x300.jpg\" alt=\"Curso\">\n\t\t\t\t\t\t\t<div class=\"course__body\">\n\t\t\t\t\t\t\t\t<h4 class=\"course__title\" data-gtm-container=\"distributor\" data-gtm-action=\"navigation\" data-gtm-category=\"Maestr\u00eda en Inteligencia Artificial aplicada a Negocio\"><a href=\"https:\/\/dks.digital\/mx\/maestria\/maestria-ia-negocio\/\">Maestr\u00eda en Inteligencia Artificial aplicada a Negocio<\/a><\/h4>\n\t\t\t\t\t\t\t\t<p class=\"course__content\"><\/p>\n\t\t\t\t\t\t\t\t<ul class=\"course__oustanding\">\n\t\t\t\t\t\t\t\t\t<li>Master<\/li>\n\t\t\t\t\t\t\t\t\t<li>7 meses<\/li>\n\t\t\t\t\t\t\t\t\t<li>Oto\u00f1o<\/li>\n\t\t\t\t\t\t\t\t<\/ul>\n\t\t\t\t\t\t\t<\/div>\n\t\t\t\t\t\t<\/li>\n\t\t\t\t\t\t\t\t\t\t<li class=\"course__item slider__item\" data-slider=\"item\" data-module=\"link\" data-link-href=\"https:\/\/dks.digital\/mx\/maestria\/maestria-inteligencia-artificial-marketing\/\" data-link-target=\"_self\" data-gtm-container=\"distributor\" data-gtm-action=\"navigation\" data-gtm-category=\"Maestr\u00eda en Inteligencia Artificial aplicada al Marketing\">\n\t\t\t\t\t\t\t<img decoding=\"async\" class=\"course__img\" src=\"https:\/\/dks.digital\/wp-content\/uploads\/2025\/09\/Master-IA-Marketing-269x300.jpg\" alt=\"Curso\">\n\t\t\t\t\t\t\t<div class=\"course__body\">\n\t\t\t\t\t\t\t\t<h4 class=\"course__title\" data-gtm-container=\"distributor\" data-gtm-action=\"navigation\" data-gtm-category=\"Maestr\u00eda en Inteligencia Artificial aplicada al Marketing\"><a href=\"https:\/\/dks.digital\/mx\/maestria\/maestria-inteligencia-artificial-marketing\/\">Maestr\u00eda en Inteligencia Artificial aplicada al Marketing<\/a><\/h4>\n\t\t\t\t\t\t\t\t<p class=\"course__content\"><\/p>\n\t\t\t\t\t\t\t\t<ul class=\"course__oustanding\">\n\t\t\t\t\t\t\t\t\t<li>Master<\/li>\n\t\t\t\t\t\t\t\t\t<li>7 meses<\/li>\n\t\t\t\t\t\t\t\t\t<li>Oto\u00f1o<\/li>\n\t\t\t\t\t\t\t\t<\/ul>\n\t\t\t\t\t\t\t<\/div>\n\t\t\t\t\t\t<\/li>\n\t\t\t\t\t\t\t\t\t\t<li class=\"course__item slider__item\" data-slider=\"item\" data-module=\"link\" data-link-href=\"https:\/\/dks.digital\/mx\/maestria\/maestria-cloud-crm-marketing\/\" data-link-target=\"_self\" data-gtm-container=\"distributor\" data-gtm-action=\"navigation\" data-gtm-category=\"Maestr\u00eda en Cloud CRM Marketing\">\n\t\t\t\t\t\t\t<img decoding=\"async\" class=\"course__img\" src=\"https:\/\/dks.digital\/wp-content\/uploads\/2023\/02\/Cloud-CRM-Marketing-300x300.png\" alt=\"Curso\">\n\t\t\t\t\t\t\t<div class=\"course__body\">\n\t\t\t\t\t\t\t\t<h4 class=\"course__title\" data-gtm-container=\"distributor\" data-gtm-action=\"navigation\" data-gtm-category=\"Maestr\u00eda en Cloud CRM Marketing\"><a href=\"https:\/\/dks.digital\/mx\/maestria\/maestria-cloud-crm-marketing\/\">Maestr\u00eda en Cloud CRM Marketing<\/a><\/h4>\n\t\t\t\t\t\t\t\t<p class=\"course__content\"><\/p>\n\t\t\t\t\t\t\t\t<ul class=\"course__oustanding\">\n\t\t\t\t\t\t\t\t\t<li>Master<\/li>\n\t\t\t\t\t\t\t\t\t<li>8 meses<\/li>\n\t\t\t\t\t\t\t\t\t<li>Oto\u00f1o<\/li>\n\t\t\t\t\t\t\t\t<\/ul>\n\t\t\t\t\t\t\t<\/div>\n\t\t\t\t\t\t<\/li>\n\t\t\t\t\t\t\t\t\t\t<li class=\"course__item slider__item\" data-slider=\"item\" data-module=\"link\" data-link-href=\"https:\/\/dks.digital\/mx\/maestria\/maestria-publicidad-paid-media\/\" data-link-target=\"_self\" data-gtm-container=\"distributor\" data-gtm-action=\"navigation\" data-gtm-category=\"Maestr\u00eda en Tr\u00e1fico de Pago y Estrategias de Paid Media\">\n\t\t\t\t\t\t\t<img decoding=\"async\" class=\"course__img\" src=\"https:\/\/dks.digital\/wp-content\/uploads\/2023\/01\/Experto-en-Trafico-de-Pago-300x300.webp\" alt=\"Curso\">\n\t\t\t\t\t\t\t<div class=\"course__body\">\n\t\t\t\t\t\t\t\t<h4 class=\"course__title\" data-gtm-container=\"distributor\" data-gtm-action=\"navigation\" data-gtm-category=\"Maestr\u00eda en Tr\u00e1fico de Pago y Estrategias de Paid Media\"><a href=\"https:\/\/dks.digital\/mx\/maestria\/maestria-publicidad-paid-media\/\">Maestr\u00eda en Tr\u00e1fico de Pago y Estrategias de Paid Media<\/a><\/h4>\n\t\t\t\t\t\t\t\t<p class=\"course__content\"><\/p>\n\t\t\t\t\t\t\t\t<ul class=\"course__oustanding\">\n\t\t\t\t\t\t\t\t\t<li>Master<\/li>\n\t\t\t\t\t\t\t\t\t<li>7 meses<\/li>\n\t\t\t\t\t\t\t\t\t<li>Oto\u00f1o<\/li>\n\t\t\t\t\t\t\t\t<\/ul>\n\t\t\t\t\t\t\t<\/div>\n\t\t\t\t\t\t<\/li>\n\t\t\t\t\t\t\t\t\t\t<li class=\"course__item slider__item\" data-slider=\"item\" data-module=\"link\" data-link-href=\"https:\/\/dks.digital\/mx\/maestria\/maestria-seo-sem\/\" data-link-target=\"_self\" data-gtm-container=\"distributor\" data-gtm-action=\"navigation\" data-gtm-category=\"Maestr\u00eda en SEO-SEM Profesional\">\n\t\t\t\t\t\t\t<img decoding=\"async\" class=\"course__img\" src=\"https:\/\/dks.digital\/wp-content\/uploads\/2025\/07\/SEO-300x300-1.jpg\" alt=\"Curso\">\n\t\t\t\t\t\t\t<div class=\"course__body\">\n\t\t\t\t\t\t\t\t<h4 class=\"course__title\" data-gtm-container=\"distributor\" data-gtm-action=\"navigation\" data-gtm-category=\"Maestr\u00eda en SEO-SEM Profesional\"><a href=\"https:\/\/dks.digital\/mx\/maestria\/maestria-seo-sem\/\">Maestr\u00eda en SEO-SEM Profesional<\/a><\/h4>\n\t\t\t\t\t\t\t\t<p class=\"course__content\"><\/p>\n\t\t\t\t\t\t\t\t<ul class=\"course__oustanding\">\n\t\t\t\t\t\t\t\t\t<li>Master<\/li>\n\t\t\t\t\t\t\t\t\t<li>8 meses<\/li>\n\t\t\t\t\t\t\t\t\t<li>Oto\u00f1o<\/li>\n\t\t\t\t\t\t\t\t<\/ul>\n\t\t\t\t\t\t\t<\/div>\n\t\t\t\t\t\t<\/li>\n\t\t\t\t\t\t\t\t\t\t<li class=\"course__item slider__item\" data-slider=\"item\" data-module=\"link\" data-link-href=\"https:\/\/dks.digital\/mx\/maestria\/maestria-ciencia-datos\/\" data-link-target=\"_self\" data-gtm-container=\"distributor\" data-gtm-action=\"navigation\" data-gtm-category=\"Maestr\u00eda en Data Science\">\n\t\t\t\t\t\t\t<img decoding=\"async\" class=\"course__img\" src=\"https:\/\/dks.digital\/wp-content\/uploads\/2023\/12\/IA-y-Data-Science-1-300x300.png\" alt=\"Curso\">\n\t\t\t\t\t\t\t<div class=\"course__body\">\n\t\t\t\t\t\t\t\t<h4 class=\"course__title\" data-gtm-container=\"distributor\" data-gtm-action=\"navigation\" data-gtm-category=\"Maestr\u00eda en Data Science\"><a href=\"https:\/\/dks.digital\/mx\/maestria\/maestria-ciencia-datos\/\">Maestr\u00eda en Data Science<\/a><\/h4>\n\t\t\t\t\t\t\t\t<p class=\"course__content\"><\/p>\n\t\t\t\t\t\t\t\t<ul class=\"course__oustanding\">\n\t\t\t\t\t\t\t\t\t<li>Master<\/li>\n\t\t\t\t\t\t\t\t\t<li>8 meses<\/li>\n\t\t\t\t\t\t\t\t\t<li>Primavera<\/li>\n\t\t\t\t\t\t\t\t<\/ul>\n\t\t\t\t\t\t\t<\/div>\n\t\t\t\t\t\t<\/li>\n\t\t\t\t\t\t\t\t\t\t<li class=\"course__item slider__item\" data-slider=\"item\" data-module=\"link\" data-link-href=\"https:\/\/dks.digital\/mx\/maestria\/maestria-analitica-web\/\" data-link-target=\"_self\" data-gtm-container=\"distributor\" data-gtm-action=\"navigation\" data-gtm-category=\"Maestr\u00eda en Anal\u00edtica Digital\">\n\t\t\t\t\t\t\t<img decoding=\"async\" class=\"course__img\" src=\"https:\/\/dks.digital\/wp-content\/uploads\/2023\/02\/Google-Analytics-300x300.png\" alt=\"Curso\">\n\t\t\t\t\t\t\t<div class=\"course__body\">\n\t\t\t\t\t\t\t\t<h4 class=\"course__title\" data-gtm-container=\"distributor\" data-gtm-action=\"navigation\" data-gtm-category=\"Maestr\u00eda en Anal\u00edtica Digital\"><a href=\"https:\/\/dks.digital\/mx\/maestria\/maestria-analitica-web\/\">Maestr\u00eda en Anal\u00edtica Digital<\/a><\/h4>\n\t\t\t\t\t\t\t\t<p class=\"course__content\"><\/p>\n\t\t\t\t\t\t\t\t<ul class=\"course__oustanding\">\n\t\t\t\t\t\t\t\t\t<li>Master<\/li>\n\t\t\t\t\t\t\t\t\t<li>8 meses<\/li>\n\t\t\t\t\t\t\t\t\t<li>Oto\u00f1o<\/li>\n\t\t\t\t\t\t\t\t<\/ul>\n\t\t\t\t\t\t\t<\/div>\n\t\t\t\t\t\t<\/li>\n\t\t\t\t\t\t\t\t\t\t<li class=\"course__item slider__item\" data-slider=\"item\" data-module=\"link\" data-link-href=\"https:\/\/dks.digital\/mx\/maestria\/maestria-ux-ui\/\" data-link-target=\"_self\" data-gtm-container=\"distributor\" data-gtm-action=\"navigation\" data-gtm-category=\"Maestr\u00eda en UX\/UI\">\n\t\t\t\t\t\t\t<img decoding=\"async\" class=\"course__img\" src=\"https:\/\/dks.digital\/wp-content\/uploads\/2023\/02\/UX-UI-300x300.png\" alt=\"Curso\">\n\t\t\t\t\t\t\t<div class=\"course__body\">\n\t\t\t\t\t\t\t\t<h4 class=\"course__title\" data-gtm-container=\"distributor\" data-gtm-action=\"navigation\" data-gtm-category=\"Maestr\u00eda en UX\/UI\"><a href=\"https:\/\/dks.digital\/mx\/maestria\/maestria-ux-ui\/\">Maestr\u00eda en UX\/UI<\/a><\/h4>\n\t\t\t\t\t\t\t\t<p class=\"course__content\"><\/p>\n\t\t\t\t\t\t\t\t<ul class=\"course__oustanding\">\n\t\t\t\t\t\t\t\t\t<li>Master<\/li>\n\t\t\t\t\t\t\t\t\t<li>7 meses<\/li>\n\t\t\t\t\t\t\t\t\t<li>Oto\u00f1o<\/li>\n\t\t\t\t\t\t\t\t<\/ul>\n\t\t\t\t\t\t\t<\/div>\n\t\t\t\t\t\t<\/li>\n\t\t\t\t\t\t\t\t\t\t<li class=\"course__item slider__item\" data-slider=\"item\" data-module=\"link\" data-link-href=\"https:\/\/dks.digital\/mx\/maestria\/maestria-project-management\/\" data-link-target=\"_self\" data-gtm-container=\"distributor\" data-gtm-action=\"navigation\" data-gtm-category=\"Maestr\u00eda en Project Management (PMP)\">\n\t\t\t\t\t\t\t<img decoding=\"async\" class=\"course__img\" src=\"https:\/\/dks.digital\/wp-content\/uploads\/2023\/05\/Project-Management-1-300x300.png\" alt=\"Curso\">\n\t\t\t\t\t\t\t<div class=\"course__body\">\n\t\t\t\t\t\t\t\t<h4 class=\"course__title\" data-gtm-container=\"distributor\" data-gtm-action=\"navigation\" data-gtm-category=\"Maestr\u00eda en Project Management (PMP)\"><a href=\"https:\/\/dks.digital\/mx\/maestria\/maestria-project-management\/\">Maestr\u00eda en Project Management (PMP)<\/a><\/h4>\n\t\t\t\t\t\t\t\t<p class=\"course__content\"><\/p>\n\t\t\t\t\t\t\t\t<ul class=\"course__oustanding\">\n\t\t\t\t\t\t\t\t\t<li>Master<\/li>\n\t\t\t\t\t\t\t\t\t<li>6 meses<\/li>\n\t\t\t\t\t\t\t\t\t<li>Oto\u00f1o<\/li>\n\t\t\t\t\t\t\t\t<\/ul>\n\t\t\t\t\t\t\t<\/div>\n\t\t\t\t\t\t<\/li>\n\t\t\t\t\t\t\t\t\t\t<li class=\"course__item slider__item\" data-slider=\"item\" data-module=\"link\" data-link-href=\"https:\/\/dks.digital\/mx\/maestria\/maestria-en-cyber-threat-intelligence\/\" data-link-target=\"_self\" data-gtm-container=\"distributor\" data-gtm-action=\"navigation\" data-gtm-category=\"Maestr\u00eda en Ciberinteligencia\">\n\t\t\t\t\t\t\t<img decoding=\"async\" class=\"course__img\" src=\"https:\/\/dks.digital\/wp-content\/uploads\/2023\/05\/Ciberinteligencia.png\" alt=\"Curso\">\n\t\t\t\t\t\t\t<div class=\"course__body\">\n\t\t\t\t\t\t\t\t<h4 class=\"course__title\" data-gtm-container=\"distributor\" data-gtm-action=\"navigation\" data-gtm-category=\"Maestr\u00eda en Ciberinteligencia\"><a href=\"https:\/\/dks.digital\/mx\/maestria\/maestria-en-cyber-threat-intelligence\/\">Maestr\u00eda en Ciberinteligencia<\/a><\/h4>\n\t\t\t\t\t\t\t\t<p class=\"course__content\"><\/p>\n\t\t\t\t\t\t\t\t<ul class=\"course__oustanding\">\n\t\t\t\t\t\t\t\t\t<li>Master<\/li>\n\t\t\t\t\t\t\t\t\t<li>9 meses<\/li>\n\t\t\t\t\t\t\t\t\t<li>Primavera<\/li>\n\t\t\t\t\t\t\t\t<\/ul>\n\t\t\t\t\t\t\t<\/div>\n\t\t\t\t\t\t<\/li>\n\t\t\t\t\t\t\t\t\t\t<li class=\"course__item slider__item\" data-slider=\"item\" data-module=\"link\" data-link-href=\"https:\/\/dks.digital\/mx\/maestria\/maestria-seguridad-ofensiva\/\" data-link-target=\"_self\" data-gtm-container=\"distributor\" data-gtm-action=\"navigation\" data-gtm-category=\"Maestr\u00eda en Offensive Security\">\n\t\t\t\t\t\t\t<img decoding=\"async\" class=\"course__img\" src=\"https:\/\/dks.digital\/wp-content\/uploads\/2025\/05\/Offensive-1-300x300.png\" alt=\"Curso\">\n\t\t\t\t\t\t\t<div class=\"course__body\">\n\t\t\t\t\t\t\t\t<h4 class=\"course__title\" data-gtm-container=\"distributor\" data-gtm-action=\"navigation\" data-gtm-category=\"Maestr\u00eda en Offensive Security\"><a href=\"https:\/\/dks.digital\/mx\/maestria\/maestria-seguridad-ofensiva\/\">Maestr\u00eda en Offensive Security<\/a><\/h4>\n\t\t\t\t\t\t\t\t<p class=\"course__content\"><\/p>\n\t\t\t\t\t\t\t\t<ul class=\"course__oustanding\">\n\t\t\t\t\t\t\t\t\t<li>Master<\/li>\n\t\t\t\t\t\t\t\t\t<li>9 meses<\/li>\n\t\t\t\t\t\t\t\t\t<li>Oto\u00f1o<\/li>\n\t\t\t\t\t\t\t\t<\/ul>\n\t\t\t\t\t\t\t<\/div>\n\t\t\t\t\t\t<\/li>\n\t\t\t\t\t\t\t<\/ul>\n\t\t\t<div class=\"slider__shadow\" data-slider=\"shadow\"><\/div>\n\t\t<\/div>\n\t<\/div>\n<\/section>\n\n<section class=\"teacher -bg-black -text-white\">\n\t<div class=\"teacher__container\">\n\t\t<div class=\"teacher__introduction\">\n\n\t\t\t<h3>Conoce a nuestros profesores:<\/h3>\n\n\t\t\t<div class=\"wysiwyg\">\n\t\t\t\t<p><strong>Todos ellos son profesionales referentes en activo de empresas de primer nivel.<\/strong><\/p>\n\t\t\t<\/div>\n\n\t\t<\/div>\n\t\t<div class=\"slider slider--hidden-md\" data-module=\"slider\">\n\n\t\t\t<ul class=\"slider__scroll\" data-slider=\"scroll\">\n\t\t\t\t\t\t\t\t\t<li\t\t\t\t\t\tclass=\"teacher__item slider__item no-detail\"\n\t\t\t\t\t\t\t\t\t\t\t\tdata-slider=\"item\"\n\t\t\t\t\t>\n\t\t\t\t\t\t\t\t\t\t\t\t<img decoding=\"async\" class=\"teacher__img\" src=\"https:\/\/dks.digital\/wp-content\/uploads\/2023\/12\/carolina-escribano-sanchez-2305074-photoaidcom-greyscale.png\" alt=\"Carolina Escribano\">\n\t\t\t\t\t\t\n\t\t\t\t\t\t\t\t\t\t\t\t<img decoding=\"async\" class=\"teacher__logo-company\" src=\"https:\/\/dks.digital\/wp-content\/uploads\/2023\/02\/google.svg\" alt=\"\">\n\t\t\t\t\t\t\n\t\t\t\t\t\t<div class=\"teacher__body\">\n\t\t\t\t\t\t<p class=\"teacher__name\">Carolina Escribano<\/p>\n\t\t\t\t\t\t<p class=\"teacher__job\">Directora de Customer Engineering para banca, seguros y retail en Google Cloud. Entusiasta de la tecnolog\u00eda y de la innovaci\u00f3n, tiene m\u00e1s de 20 a\u00f1os de experiencia en el sector tecnol\u00f3gico en empresas como Google, IBM o HP.<\/p>\n\t\t\t\t\t\t<\/div>\n\t\t\t\t\t<\/li>\n\t\t\t\t\t\t\t\t\t<li\t\t\t\t\t\tclass=\"teacher__item slider__item no-detail\"\n\t\t\t\t\t\t\t\t\t\t\t\tdata-slider=\"item\"\n\t\t\t\t\t>\n\t\t\t\t\t\t\t\t\t\t\t\t<img decoding=\"async\" class=\"teacher__img\" src=\"https:\/\/dks.digital\/wp-content\/uploads\/2023\/12\/raul-salgado-vilas-2226036-photoaidcom-greyscale-e1728468035461-300x287.png\" alt=\"Ra\u00fal Salgado Vilas\">\n\t\t\t\t\t\t\n\t\t\t\t\t\t\t\t\t\t\t\t<img decoding=\"async\" class=\"teacher__logo-company\" src=\"https:\/\/dks.digital\/wp-content\/uploads\/2023\/02\/telefonica-4.svg\" alt=\"\">\n\t\t\t\t\t\t\n\t\t\t\t\t\t<div class=\"teacher__body\">\n\t\t\t\t\t\t<p class=\"teacher__name\">Ra\u00fal Salgado Vilas<\/p>\n\t\t\t\t\t\t<p class=\"teacher__job\"><\/p>\n\t\t\t\t\t\t<\/div>\n\t\t\t\t\t<\/li>\n\t\t\t\t\t\t\t\t\t<li\t\t\t\t\t\tclass=\"teacher__item slider__item no-detail\"\n\t\t\t\t\t\t\t\t\t\t\t\tdata-slider=\"item\"\n\t\t\t\t\t>\n\t\t\t\t\t\t\t\t\t\t\t\t<img decoding=\"async\" class=\"teacher__img\" src=\"https:\/\/dks.digital\/wp-content\/uploads\/2023\/12\/jorge-valenzuela-jimenez-1642887-2-photoaidcom-greyscale-e1730981471246-300x292.jpg\" alt=\"Jorge Valenzuela\">\n\t\t\t\t\t\t\n\t\t\t\t\t\t\t\t\t\t\t\t<img decoding=\"async\" class=\"teacher__logo-company\" src=\"https:\/\/dks.digital\/wp-content\/uploads\/2023\/02\/microsoft.svg\" alt=\"\">\n\t\t\t\t\t\t\n\t\t\t\t\t\t<div class=\"teacher__body\">\n\t\t\t\t\t\t<p class=\"teacher__name\">Jorge Valenzuela<\/p>\n\t\t\t\t\t\t<p class=\"teacher__job\"><\/p>\n\t\t\t\t\t\t<\/div>\n\t\t\t\t\t<\/li>\n\t\t\t\t\t\t\t\t\t<li\t\t\t\t\t\tclass=\"teacher__item slider__item no-detail\"\n\t\t\t\t\t\t\t\t\t\t\t\tdata-slider=\"item\"\n\t\t\t\t\t>\n\t\t\t\t\t\t\t\t\t\t\t\t<img decoding=\"async\" class=\"teacher__img\" src=\"https:\/\/dks.digital\/wp-content\/uploads\/2024\/04\/1603273304119.jpg\" alt=\"Daniel Tabuenca\">\n\t\t\t\t\t\t\n\t\t\t\t\t\t\t\t\t\t\t\t<img decoding=\"async\" class=\"teacher__logo-company\" src=\"https:\/\/dks.digital\/wp-content\/uploads\/2023\/02\/amazon-1.svg\" alt=\"\">\n\t\t\t\t\t\t\n\t\t\t\t\t\t<div class=\"teacher__body\">\n\t\t\t\t\t\t<p class=\"teacher__name\">Daniel Tabuenca<\/p>\n\t\t\t\t\t\t<p class=\"teacher__job\"><\/p>\n\t\t\t\t\t\t<\/div>\n\t\t\t\t\t<\/li>\n\t\t\t\t\t\t\t\t\t<li\t\t\t\t\t\tclass=\"teacher__item slider__item no-detail\"\n\t\t\t\t\t\t\t\t\t\t\t\tdata-slider=\"item\"\n\t\t\t\t\t>\n\t\t\t\t\t\t\t\t\t\t\t\t<img decoding=\"async\" class=\"teacher__img\" src=\"https:\/\/dks.digital\/wp-content\/uploads\/2024\/01\/Maria-Avila-Quintero-1-photoaidcom-greyscale-300x300.jpg\" alt=\"Mar\u00eda \u00c1vila\">\n\t\t\t\t\t\t\n\t\t\t\t\t\t\t\t\t\t\t\t<img decoding=\"async\" class=\"teacher__logo-company\" src=\"https:\/\/dks.digital\/wp-content\/uploads\/2024\/01\/samsung-electronics-logos-idAJ3_YwNM.svg\" alt=\"\">\n\t\t\t\t\t\t\n\t\t\t\t\t\t<div class=\"teacher__body\">\n\t\t\t\t\t\t<p class=\"teacher__name\">Mar\u00eda \u00c1vila<\/p>\n\t\t\t\t\t\t<p class=\"teacher__job\">Experta en marketing digital, ha ocupado diferentes cargos en DIA &amp; Clarel, Capgemini y L\u00b4Oreal. Lidera el Proyecto de migraci\u00f3n e implementaci\u00f3n de Salesforce Marketing Cloud &amp; Service Cloud y la estrategia de Marketing Automation en ACCIONA Mobilit<\/p>\n\t\t\t\t\t\t<\/div>\n\t\t\t\t\t<\/li>\n\t\t\t\t\t\t\t\t\t<li\t\t\t\t\t\tclass=\"teacher__item slider__item no-detail\"\n\t\t\t\t\t\t\t\t\t\t\t\tdata-slider=\"item\"\n\t\t\t\t\t>\n\t\t\t\t\t\t\t\t\t\t\t\t<img decoding=\"async\" class=\"teacher__img\" src=\"https:\/\/dks.digital\/wp-content\/uploads\/2024\/08\/descarga-10-photoaidcom-greyscale.jpg\" alt=\"Eva G\u00f3mez T\u00f3rtola\">\n\t\t\t\t\t\t\n\t\t\t\t\t\t\t\t\t\t\t\t<img decoding=\"async\" class=\"teacher__logo-company\" src=\"https:\/\/dks.digital\/wp-content\/uploads\/2024\/06\/logo-tiktok.jpg\" alt=\"\">\n\t\t\t\t\t\t\n\t\t\t\t\t\t<div class=\"teacher__body\">\n\t\t\t\t\t\t<p class=\"teacher__name\">Eva G\u00f3mez T\u00f3rtola<\/p>\n\t\t\t\t\t\t<p class=\"teacher__job\">Publicista especializada en Lifestyle con m\u00e1s de 8 a\u00f1os de experiencia en Comunicaci\u00f3n y Marketing Digital. Mi desarrollo profesional liderando estrategias en agencia, marca y plataforma me ha proporcionado una visi\u00f3n 360\u00ba de la industria digital.<\/p>\n\t\t\t\t\t\t<\/div>\n\t\t\t\t\t<\/li>\n\t\t\t\t\t\t\t\t\t<li\t\t\t\t\t\tclass=\"teacher__item slider__item no-detail\"\n\t\t\t\t\t\t\t\t\t\t\t\tdata-slider=\"item\"\n\t\t\t\t\t>\n\t\t\t\t\t\t\t\t\t\t\t\t<img decoding=\"async\" class=\"teacher__img\" src=\"https:\/\/dks.digital\/wp-content\/uploads\/2024\/09\/1517487467954-photoaidcom-greyscale.jpg\" alt=\"Pablo Arag\u00f3n Moreno\">\n\t\t\t\t\t\t\n\t\t\t\t\t\t\t\t\t\t\t\t<img decoding=\"async\" class=\"teacher__logo-company\" src=\"https:\/\/dks.digital\/wp-content\/uploads\/2024\/09\/descarga-2-1.png\" alt=\"\">\n\t\t\t\t\t\t\n\t\t\t\t\t\t<div class=\"teacher__body\">\n\t\t\t\t\t\t<p class=\"teacher__name\">Pablo Arag\u00f3n Moreno<\/p>\n\t\t\t\t\t\t<p class=\"teacher__job\"><\/p>\n\t\t\t\t\t\t<\/div>\n\t\t\t\t\t<\/li>\n\t\t\t\t\t\t\t\t\t<li\t\t\t\t\t\tclass=\"teacher__item slider__item no-detail\"\n\t\t\t\t\t\t\t\t\t\t\t\tdata-slider=\"item\"\n\t\t\t\t\t>\n\t\t\t\t\t\t\t\t\t\t\t\t<img decoding=\"async\" class=\"teacher__img\" src=\"https:\/\/dks.digital\/wp-content\/uploads\/2023\/12\/rafael_sanchez_gomez_ciber.png\" alt=\"Rafael S\u00e1nchez G\u00f3mez\">\n\t\t\t\t\t\t\n\t\t\t\t\t\t\t\t\t\t\t\t<img decoding=\"async\" class=\"teacher__logo-company\" src=\"https:\/\/dks.digital\/wp-content\/uploads\/2023\/02\/bbva-4.svg\" alt=\"\">\n\t\t\t\t\t\t\n\t\t\t\t\t\t<div class=\"teacher__body\">\n\t\t\t\t\t\t<p class=\"teacher__name\">Rafael S\u00e1nchez G\u00f3mez<\/p>\n\t\t\t\t\t\t<p class=\"teacher__job\">Senior manager en el \u00e1rea global Arquitectura de Seguridad de BBVA. Experto en proyectos de autenticaci\u00f3n y biometr\u00eda. Amplios conocimientos en el est\u00e1ndar Fido (Fast Identity Online).<\/p>\n\t\t\t\t\t\t<\/div>\n\t\t\t\t\t<\/li>\n\t\t\t\t\t\t\t\t\t<li\t\t\t\t\t\tclass=\"teacher__item slider__item no-detail\"\n\t\t\t\t\t\t\t\t\t\t\t\tdata-slider=\"item\"\n\t\t\t\t\t>\n\t\t\t\t\t\t\t\t\t\t\t\t<img decoding=\"async\" class=\"teacher__img\" src=\"https:\/\/dks.digital\/wp-content\/uploads\/2023\/12\/raul-ramirez-2226378-e1733222662805.png\" alt=\"Ra\u00fal Ram\u00edrez\">\n\t\t\t\t\t\t\n\t\t\t\t\t\t\t\t\t\t\t\t<img decoding=\"async\" class=\"teacher__logo-company\" src=\"https:\/\/dks.digital\/wp-content\/uploads\/2023\/02\/santander-4.svg\" alt=\"\">\n\t\t\t\t\t\t\n\t\t\t\t\t\t<div class=\"teacher__body\">\n\t\t\t\t\t\t<p class=\"teacher__name\">Ra\u00fal Ram\u00edrez<\/p>\n\t\t\t\t\t\t<p class=\"teacher__job\"><\/p>\n\t\t\t\t\t\t<\/div>\n\t\t\t\t\t<\/li>\n\t\t\t\t\t\t\t\t\t<li\t\t\t\t\t\tclass=\"teacher__item slider__item no-detail\"\n\t\t\t\t\t\t\t\t\t\t\t\tdata-slider=\"item\"\n\t\t\t\t\t>\n\t\t\t\t\t\t\t\t\t\t\t\t<img decoding=\"async\" class=\"teacher__img\" src=\"https:\/\/dks.digital\/wp-content\/uploads\/2023\/11\/clara-sacristan-rodriguez-300x300.jpeg\" alt=\"Clara Sacrist\u00e1n Rodr\u00edguez\">\n\t\t\t\t\t\t\n\t\t\t\t\t\t\t\t\t\t\t\t<img decoding=\"async\" class=\"teacher__logo-company\" src=\"https:\/\/dks.digital\/wp-content\/uploads\/2023\/11\/descarga-3.png\" alt=\"\">\n\t\t\t\t\t\t\n\t\t\t\t\t\t<div class=\"teacher__body\">\n\t\t\t\t\t\t<p class=\"teacher__name\">Clara Sacrist\u00e1n Rodr\u00edguez<\/p>\n\t\t\t\t\t\t<p class=\"teacher__job\">Naturgy. Directora Global de Marketing y Comunicaci\u00f3n. Cuenta con m\u00e1s de 10 a\u00f1os de experiencia en medios y departamentos de comunicaci\u00f3n de grandes marcas, como Interflora o elEconomista. Especializada en contenidos y comunicaci\u00f3n emocional.<\/p>\n\t\t\t\t\t\t<\/div>\n\t\t\t\t\t<\/li>\n\t\t\t\t\t\t\t\t<\/ul>\n\t\t\t\n\t\t<\/div>\n\t<\/div>\n<\/section>\n\n<section class=\"number -bg-black -text-white\">\n  <div class=\"number__inner container\">\n            <ul class=\"number__content\"><li class=\"number__item\"><p class=\"number__pretitle\"><\/p><p class=\"number__number\">+16.000<\/p><p class=\"number__title\">ALUMNOS<\/p><p class=\"number__subtitle\">Han pasado por nuestras aulas<\/p><\/li><li class=\"number__line\"><\/li><li class=\"number__item\"><p class=\"number__pretitle\"><\/p><p class=\"number__number\">+30<\/p><p class=\"number__title\">PROGRAMAS<\/p><p class=\"number__subtitle\">Actualizados tras cada edici\u00f3n<\/p><\/li><li class=\"number__line\"><\/li><li class=\"number__item\"><p class=\"number__pretitle\"><\/p><p class=\"number__number\">94%<\/p><p class=\"number__title\">ALUMNOS TRABAJANDO<\/p><p class=\"number__subtitle\">Las empresas valoran a nuestros alumnos<\/p><\/li><li class=\"\"><\/li><\/ul>  <\/div>\n<\/section>","protected":false},"excerpt":{"rendered":"","protected":false},"author":542,"featured_media":0,"parent":0,"menu_order":0,"comment_status":"closed","ping_status":"closed","template":"template-bloques.php","meta":{"_acf_changed":false,"footnotes":""},"acf":[],"yoast_head":"<!-- This site is optimized with the Yoast SEO plugin v22.5 - https:\/\/yoast.com\/wordpress\/plugins\/seo\/ -->\n<title>Titulaciones compartidas con MIU - DKS, tu centro de estudios especializado en internet<\/title>\n<link rel=\"canonical\" href=\"https:\/\/dks.digital\/mx\/titulaciones-compartidas-miu\/\" \/>\n<meta property=\"og:locale\" content=\"es_ES\" \/>\n<meta property=\"og:type\" content=\"article\" \/>\n<meta property=\"og:title\" content=\"Titulaciones compartidas con MIU - DKS, tu centro de estudios especializado en internet\" \/>\n<meta property=\"og:url\" content=\"https:\/\/dks.digital\/mx\/titulaciones-compartidas-miu\/\" \/>\n<meta property=\"og:site_name\" content=\"DKS, tu centro de estudios especializado en internet\" \/>\n<meta property=\"article:modified_time\" content=\"2026-01-15T09:01:39+00:00\" \/>\n<meta name=\"twitter:card\" content=\"summary_large_image\" \/>\n<script type=\"application\/ld+json\" class=\"yoast-schema-graph\">{\"@context\":\"https:\/\/schema.org\",\"@graph\":[{\"@type\":\"WebPage\",\"@id\":\"https:\/\/dks.digital\/mx\/titulaciones-compartidas-miu\/\",\"url\":\"https:\/\/dks.digital\/mx\/titulaciones-compartidas-miu\/\",\"name\":\"Titulaciones compartidas con MIU - DKS, tu centro de estudios especializado en internet\",\"isPartOf\":{\"@id\":\"https:\/\/dks.digital\/mx\/#website\"},\"datePublished\":\"2026-01-13T13:36:00+00:00\",\"dateModified\":\"2026-01-15T09:01:39+00:00\",\"inLanguage\":\"es-MX\",\"potentialAction\":[{\"@type\":\"ReadAction\",\"target\":[\"https:\/\/dks.digital\/mx\/titulaciones-compartidas-miu\/\"]}]},{\"@type\":\"WebSite\",\"@id\":\"https:\/\/dks.digital\/mx\/#website\",\"url\":\"https:\/\/dks.digital\/mx\/\",\"name\":\"DKS, tu centro de estudios especializado en internet\",\"description\":\"DKS, la escuela de los profesionales digitales desde hace m\u00e1s de 7 a\u00f1os\",\"publisher\":{\"@id\":\"https:\/\/dks.digital\/mx\/#organization\"},\"potentialAction\":[{\"@type\":\"SearchAction\",\"target\":{\"@type\":\"EntryPoint\",\"urlTemplate\":\"https:\/\/dks.digital\/mx\/?s={search_term_string}\"},\"query-input\":\"required name=search_term_string\"}],\"inLanguage\":\"es-MX\"},{\"@type\":\"Organization\",\"@id\":\"https:\/\/dks.digital\/mx\/#organization\",\"name\":\"DKS, tu centro de estudios especializado en internet\",\"url\":\"https:\/\/dks.digital\/mx\/\",\"logo\":{\"@type\":\"ImageObject\",\"inLanguage\":\"es-MX\",\"@id\":\"https:\/\/dks.digital\/mx\/#\/schema\/logo\/image\/\",\"url\":\"https:\/\/dks.digital\/wp-content\/uploads\/2025\/12\/cropped-cropped-favicon-ks.jpg\",\"contentUrl\":\"https:\/\/dks.digital\/wp-content\/uploads\/2025\/12\/cropped-cropped-favicon-ks.jpg\",\"width\":512,\"height\":512,\"caption\":\"DKS, tu centro de estudios especializado en internet\"},\"image\":{\"@id\":\"https:\/\/dks.digital\/mx\/#\/schema\/logo\/image\/\"}}]}<\/script>\n<!-- \/ Yoast SEO plugin. -->","yoast_head_json":{"title":"Titulaciones compartidas con MIU - DKS, tu centro de estudios especializado en internet","canonical":"https:\/\/dks.digital\/mx\/titulaciones-compartidas-miu\/","og_locale":"es_ES","og_type":"article","og_title":"Titulaciones compartidas con MIU - DKS, tu centro de estudios especializado en internet","og_url":"https:\/\/dks.digital\/mx\/titulaciones-compartidas-miu\/","og_site_name":"DKS, tu centro de estudios especializado en internet","article_modified_time":"2026-01-15T09:01:39+00:00","twitter_card":"summary_large_image","schema":{"@context":"https:\/\/schema.org","@graph":[{"@type":"WebPage","@id":"https:\/\/dks.digital\/mx\/titulaciones-compartidas-miu\/","url":"https:\/\/dks.digital\/mx\/titulaciones-compartidas-miu\/","name":"Titulaciones compartidas con MIU - DKS, tu centro de estudios especializado en internet","isPartOf":{"@id":"https:\/\/dks.digital\/mx\/#website"},"datePublished":"2026-01-13T13:36:00+00:00","dateModified":"2026-01-15T09:01:39+00:00","inLanguage":"es-MX","potentialAction":[{"@type":"ReadAction","target":["https:\/\/dks.digital\/mx\/titulaciones-compartidas-miu\/"]}]},{"@type":"WebSite","@id":"https:\/\/dks.digital\/mx\/#website","url":"https:\/\/dks.digital\/mx\/","name":"DKS, tu centro de estudios especializado en internet","description":"DKS, la escuela de los profesionales digitales desde hace m\u00e1s de 7 a\u00f1os","publisher":{"@id":"https:\/\/dks.digital\/mx\/#organization"},"potentialAction":[{"@type":"SearchAction","target":{"@type":"EntryPoint","urlTemplate":"https:\/\/dks.digital\/mx\/?s={search_term_string}"},"query-input":"required name=search_term_string"}],"inLanguage":"es-MX"},{"@type":"Organization","@id":"https:\/\/dks.digital\/mx\/#organization","name":"DKS, tu centro de estudios especializado en internet","url":"https:\/\/dks.digital\/mx\/","logo":{"@type":"ImageObject","inLanguage":"es-MX","@id":"https:\/\/dks.digital\/mx\/#\/schema\/logo\/image\/","url":"https:\/\/dks.digital\/wp-content\/uploads\/2025\/12\/cropped-cropped-favicon-ks.jpg","contentUrl":"https:\/\/dks.digital\/wp-content\/uploads\/2025\/12\/cropped-cropped-favicon-ks.jpg","width":512,"height":512,"caption":"DKS, tu centro de estudios especializado en internet"},"image":{"@id":"https:\/\/dks.digital\/mx\/#\/schema\/logo\/image\/"}}]}},"_links":{"self":[{"href":"https:\/\/dks.digital\/mx\/wp-json\/wp\/v2\/pages\/83781"}],"collection":[{"href":"https:\/\/dks.digital\/mx\/wp-json\/wp\/v2\/pages"}],"about":[{"href":"https:\/\/dks.digital\/mx\/wp-json\/wp\/v2\/types\/page"}],"author":[{"embeddable":true,"href":"https:\/\/dks.digital\/mx\/wp-json\/wp\/v2\/users\/542"}],"replies":[{"embeddable":true,"href":"https:\/\/dks.digital\/mx\/wp-json\/wp\/v2\/comments?post=83781"}],"version-history":[{"count":5,"href":"https:\/\/dks.digital\/mx\/wp-json\/wp\/v2\/pages\/83781\/revisions"}],"predecessor-version":[{"id":83817,"href":"https:\/\/dks.digital\/mx\/wp-json\/wp\/v2\/pages\/83781\/revisions\/83817"}],"wp:attachment":[{"href":"https:\/\/dks.digital\/mx\/wp-json\/wp\/v2\/media?parent=83781"}],"curies":[{"name":"wp","href":"https:\/\/api.w.org\/{rel}","templated":true}]}}