{"id":82422,"date":"2024-09-12T12:51:29","date_gmt":"2024-09-12T10:51:29","guid":{"rendered":"https:\/\/dks.digital\/business-school\/"},"modified":"2026-02-20T14:54:47","modified_gmt":"2026-02-20T13:54:47","slug":"business-school","status":"publish","type":"page","link":"https:\/\/dks.digital\/mx\/business-school\/","title":{"rendered":"Business School"},"content":{"rendered":"<link rel=\"preload\" href=\"https:\/\/dks.digital\/wp-content\/uploads\/2024\/10\/HERO-HOME-Business-School.jpg\" as=\"image\"><link rel=\"preload\" href=\"https:\/\/dks.digital\/wp-content\/uploads\/2024\/10\/HERO-HOME-Business-School.jpg\" as=\"image\"><section id=\"hero-simple\" class=\"hero-simple -text-white -bg-black\">\n  <picture class=\"hero-simple__bg\">\n    <!-- tatamiento horizontal -->\n    <source media=\"(orientation: landscape) and (min-width: 1024px)\" srcset=\"https:\/\/dks.digital\/wp-content\/uploads\/2024\/10\/HERO-HOME-Business-School.jpg\">\n    <!-- tatamiento vertical -->\n    <img decoding=\"async\" class=\"hero-simple__img\" alt=\"Alt de la imagen\" title=\"Title de la imagen\" src=\"https:\/\/dks.digital\/wp-content\/uploads\/2024\/10\/HERO-HOME-Business-School.jpg\" loading=\"eager\" fetchpriority=\"high\" data-identifier=\"hero-simple-image\">\n    <noscript>\n      <img decoding=\"async\" alt=\"Alt de la imagen\" title=\"Title de la imagen\" src=\"https:\/\/dks.digital\/wp-content\/uploads\/2024\/10\/HERO-HOME-Business-School.jpg\" loading=\"eager\" fetchpriority=\"high\" data-identifier=\"hero-simple-image\">\n    <\/noscript>\n  <\/picture>\n\n  \n  <div class=\"container\">\n    <div class=\"hero-simple__content\">\n      <h1 class=\"hero-simple__title\">Business School<\/h1>\n            <div class=\"hero-simple__wysiwyg\">\n        <p>Desarrolla tu carrera en los perfiles m\u00e1s demandados del entorno empresarial con nuestras maestr\u00edas y cursos en business. Estos programas en l\u00ednea, dise\u00f1ados con un enfoque 100% pr\u00e1ctico, son impartidos por expertos del sector y te ofrecen una formaci\u00f3n especializada, adaptada a las exigencias y tendencias del mercado actual.<\/p>\n      <\/div>\n    <\/div>\n  <\/div>\n<\/section>\n\n\r\n      <script type=\"application\/ld+json\">\r\n      {\r\n        \"@context\": \"https:\/\/schema.org\",\r\n        \"@type\": \"ItemList\",\r\n        \"itemListElement\": [\r\n            {\r\n              \"@type\": \"ListItem\",\r\n              \"position\": 1,\r\n              \"item\": {\r\n                \"@type\": \"Course\",\r\n                \"url\":\"https:\/\/dks.digital\/mx\/maestria\/maestria-ia-negocio\/\",\r\n                \"name\": \"Maestr\u00eda en Inteligencia Artificial aplicada a Negocio\",\r\n                \"description\": \"Aprende a utilizar la IA de forma estrat\u00e9gica en cualquier organizaci\u00f3n empresarial \u00a1F\u00f3rmate con Profesionales en Activo!\",\r\n                \"provider\": {\r\n                  \"@type\": \"Organization\",\r\n                  \"name\": \"DKS\",\r\n                  \"sameAs\": \"https:\/\/dks.digital\"\r\n                },\r\n                \"offers\": {\r\n                  \"@type\": \"Offer\",\r\n                     \"priceCurrency\": \"EUR\",\r\n                  \"category\": \"Cursos\",\r\n                  \"availability\": \"http:\/\/schema.org\/InStock\"\r\n                },\r\n                \"hasCourseInstance\": [\r\n                    {\r\n                      \"@type\": \"CourseInstance\",\r\n                      \"courseMode\": \"online\",\r\n                      \"startDate\": \"2025-11-18TZ\",\r\n                      \"endDate\": \"2026-06-18TZ\",\r\n                      \"courseWorkload\": \"PT150H\",\r\n                      \"instructor\": [\r\n                        \r\n                        {\r\n                          \"@type\": \"Person\",\r\n                          \"name\": \"Ricardo De Diego\",\r\n                          \"jobTitle\": \"CMO\"\r\n                        }\r\n                      ]\r\n                      \r\n                    }\r\n                ]\r\n              }\r\n            },\r\n            {\r\n              \"@type\": \"ListItem\",\r\n              \"position\": 2,\r\n              \"item\": {\r\n                \"@type\": \"Course\",\r\n                \"url\":\"https:\/\/dks.digital\/mx\/maestria\/maestria-project-management\/\",\r\n                \"name\": \"Maestr\u00eda en Project Management (PMP)\",\r\n                \"description\": \"La Maestr\u00eda en Project Management en l\u00ednea te prepara para liderar proyectos con \u00e9xito. Aprende IA, metodolog\u00edas y obt\u00e9n la certificaci\u00f3n PMP\u00ae en 6 meses.\",\r\n                \"provider\": {\r\n                  \"@type\": \"Organization\",\r\n                  \"name\": \"DKS\",\r\n                  \"sameAs\": \"https:\/\/dks.digital\"\r\n                },\r\n                \"offers\": {\r\n                  \"@type\": \"Offer\",\r\n                     \"priceCurrency\": \"EUR\",\r\n                  \"category\": \"Cursos\",\r\n                  \"availability\": \"http:\/\/schema.org\/InStock\"\r\n                },\r\n                \"hasCourseInstance\": [\r\n                    {\r\n                      \"@type\": \"CourseInstance\",\r\n                      \"courseMode\": \"online\",\r\n                      \"startDate\": \"2026-04-23TZ\",\r\n                      \"endDate\": \"2026-10-23TZ\",\r\n                      \"courseWorkload\": \"PT180H\",\r\n                      \"instructor\": [\r\n                        \r\n                        {\r\n                          \"@type\": \"Person\",\r\n                          \"name\": \"Jos\u00e9 Antonio Puentes Mu\u00f1oz\",\r\n                          \"jobTitle\": \"L\u00edder del M\u00e1ster. CEO de Project Management Asesores (Global ATP n\u00ba 2760 por el PMI\u00ae)\"\r\n                        },\r\n                        {\r\n                          \"@type\": \"Person\",\r\n                          \"name\": \"Alberto de Alfonso Pailos\",\r\n                          \"jobTitle\": \"Head of Assembly Bussines Unit en GES\"\r\n                        }\r\n                      ]\r\n                      \r\n                    }\r\n                ]\r\n              }\r\n            },\r\n            {\r\n              \"@type\": \"ListItem\",\r\n              \"position\": 3,\r\n              \"item\": {\r\n                \"@type\": \"Course\",\r\n                \"url\":\"https:\/\/dks.digital\/mx\/cursos\/curso-caio\/\",\r\n                \"name\": \"Programa Executive en Chief AI Officer (CAIO)\",\r\n                \"description\": \"Convi\u00e9rtete en Chief AI Officer (CAIO). Curso online l\u00edder para dominar la estrategia de IA, gobernanza y transformaci\u00f3n digital \u00a1Impulsa tu carrera!\",\r\n                \"provider\": {\r\n                  \"@type\": \"Organization\",\r\n                  \"name\": \"DKS\",\r\n                  \"sameAs\": \"https:\/\/dks.digital\"\r\n                },\r\n                \"offers\": {\r\n                  \"@type\": \"Offer\",\r\n                     \"priceCurrency\": \"EUR\",\r\n                  \"category\": \"Cursos\",\r\n                  \"availability\": \"http:\/\/schema.org\/InStock\"\r\n                },\r\n                \"hasCourseInstance\": [\r\n                    {\r\n                      \"@type\": \"CourseInstance\",\r\n                      \"courseMode\": \"online\",\r\n                      \"startDate\": \"2026-04-21TZ\",\r\n                      \"endDate\": \"2026-08-01TZ\",\r\n                      \"courseWorkload\": \"PT40H\",\r\n                      \"instructor\": [\r\n                        \r\n                      ]\r\n                      \r\n                    }\r\n                ]\r\n              }\r\n            },\r\n            {\r\n              \"@type\": \"ListItem\",\r\n              \"position\": 4,\r\n              \"item\": {\r\n                \"@type\": \"Course\",\r\n                \"url\":\"https:\/\/dks.digital\/mx\/cursos\/curso-comunicacion-corporativa\/\",\r\n                \"name\": \"Programa Executive en Comunicaci\u00f3n Estrat\u00e9gica Corporativa\",\r\n                \"description\": \"F\u00f3rmate online con nuestro Curso de Comunicaci\u00f3n Corporativa. Domina la gesti\u00f3n de reputaci\u00f3n, las relaciones p\u00fablicas (RRPP) y la comunicaci\u00f3n de crisis.\",\r\n                \"provider\": {\r\n                  \"@type\": \"Organization\",\r\n                  \"name\": \"DKS\",\r\n                  \"sameAs\": \"https:\/\/dks.digital\"\r\n                },\r\n                \"offers\": {\r\n                  \"@type\": \"Offer\",\r\n                     \"priceCurrency\": \"EUR\",\r\n                  \"category\": \"Cursos\",\r\n                  \"availability\": \"http:\/\/schema.org\/InStock\"\r\n                },\r\n                \"hasCourseInstance\": [\r\n                    {\r\n                      \"@type\": \"CourseInstance\",\r\n                      \"courseMode\": \"online\",\r\n                      \"startDate\": \"2025-11-10TZ\",\r\n                      \"endDate\": \"TZ\",\r\n                      \"courseWorkload\": \"PT53H\",\r\n                      \"instructor\": [\r\n                        \r\n                        {\r\n                          \"@type\": \"Person\",\r\n                          \"name\": \"Lara Falc\u00f3n\",\r\n                          \"jobTitle\": \"Gerente de Comunicaci\u00f3n Digital, Redes Sociales y Contenido Multimedia en Mutua Madrile\u00f1a.\"\r\n                        },\r\n                        {\r\n                          \"@type\": \"Person\",\r\n                          \"name\": \"Goretti Hidalgo Zan\",\r\n                          \"jobTitle\": \"Head of Corporate Communications & Sustainability at Chiesi Espa\u00f1a & Portugal\"\r\n                        },\r\n                        {\r\n                          \"@type\": \"Person\",\r\n                          \"name\": \"Diego Pernas Cabo\",\r\n                          \"jobTitle\": \"Responsable de comunicaci\u00f3n en la Agencia Espa\u00f1ola de Medicamentos y Productos Sanitarios (AEMPS)\"\r\n                        },\r\n                        {\r\n                          \"@type\": \"Person\",\r\n                          \"name\": \"Jos\u00e9 Manuel Paredes\",\r\n                          \"jobTitle\": \"Socio fundador de Paredes Comunicaci\u00f3n\"\r\n                        },\r\n                        {\r\n                          \"@type\": \"Person\",\r\n                          \"name\": \"Javier Gonz\u00e1lez Gallego\",\r\n                          \"jobTitle\": \"Director de Comunicaciones Corporativas del Banco Santander\"\r\n                        },\r\n                        {\r\n                          \"@type\": \"Person\",\r\n                          \"name\": \"Paco Torres\",\r\n                          \"jobTitle\": \"Director de Comunicaci\u00f3n en el Ayuntamiento de Granada \"\r\n                        },\r\n                        {\r\n                          \"@type\": \"Person\",\r\n                          \"name\": \"Carlos P\u00e9rez Mart\u00ednez\u00a0\",\r\n                          \"jobTitle\": \"Senior Project Manager BBVA \"\r\n                        },\r\n                        {\r\n                          \"@type\": \"Person\",\r\n                          \"name\": \"Emma Albadalejo Poyatos\",\r\n                          \"jobTitle\": \"Directora Comunicaci\u00f3n, Marketing y RC en Sopra Steria Espa\u00f1a \"\r\n                        },\r\n                        {\r\n                          \"@type\": \"Person\",\r\n                          \"name\": \"Mercedes Asorey\",\r\n                          \"jobTitle\": \"Consultora comunicaci\u00f3n y marketing en ASOMAR Comunicaci\u00f3n \"\r\n                        }\r\n                      ]\r\n                      \r\n                    }\r\n                ]\r\n              }\r\n            },\r\n            {\r\n              \"@type\": \"ListItem\",\r\n              \"position\": 5,\r\n              \"item\": {\r\n                \"@type\": \"Course\",\r\n                \"url\":\"https:\/\/dks.digital\/mx\/cursos\/curso-people-analytics\/\",\r\n                \"name\": \"Programa Executive en People Analytics &amp; HR Analytics\",\r\n                \"description\": \"Aprende todo sobre people analytics y anal\u00edtica aplicada al RRHH con nuestro curso online. Desarrolla habilidades clave para analizar datos de recursos humanos y mejorar la toma de decisiones.\",\r\n                \"provider\": {\r\n                  \"@type\": \"Organization\",\r\n                  \"name\": \"DKS\",\r\n                  \"sameAs\": \"https:\/\/dks.digital\"\r\n                },\r\n                \"offers\": {\r\n                  \"@type\": \"Offer\",\r\n                     \"priceCurrency\": \"EUR\",\r\n                  \"category\": \"Cursos\",\r\n                  \"availability\": \"http:\/\/schema.org\/InStock\"\r\n                },\r\n                \"hasCourseInstance\": [\r\n                    {\r\n                      \"@type\": \"CourseInstance\",\r\n                      \"courseMode\": \"online\",\r\n                      \"startDate\": \"2025-11-10TZ\",\r\n                      \"endDate\": \"TZ\",\r\n                      \"courseWorkload\": \"PT53H\",\r\n                      \"instructor\": [\r\n                        \r\n                        {\r\n                          \"@type\": \"Person\",\r\n                          \"name\": \"Juan Neble Hasta\",\r\n                          \"jobTitle\": \"Director de Recursos Humanos\"\r\n                        },\r\n                        {\r\n                          \"@type\": \"Person\",\r\n                          \"name\": \"Carolina S\u00e1nchez\",\r\n                          \"jobTitle\": \"Global Head of Data & AI, People and Culture\"\r\n                        },\r\n                        {\r\n                          \"@type\": \"Person\",\r\n                          \"name\": \"Pablo Araujo\",\r\n                          \"jobTitle\": \"People Analytics & Compensation Associate\"\r\n                        },\r\n                        {\r\n                          \"@type\": \"Person\",\r\n                          \"name\": \"Javier Moliner\",\r\n                          \"jobTitle\": \"People Operations Specialist\"\r\n                        },\r\n                        {\r\n                          \"@type\": \"Person\",\r\n                          \"name\": \"Ana Valera\",\r\n                          \"jobTitle\": \"Head of People Analytics\"\r\n                        },\r\n                        {\r\n                          \"@type\": \"Person\",\r\n                          \"name\": \"Victoria Mayo\",\r\n                          \"jobTitle\": \"People Analytics & IA Manager\"\r\n                        },\r\n                        {\r\n                          \"@type\": \"Person\",\r\n                          \"name\": \"Fernando L\u00f3pez Gil\",\r\n                          \"jobTitle\": \"Northern & Western Europe People Experience Lead\"\r\n                        },\r\n                        {\r\n                          \"@type\": \"Person\",\r\n                          \"name\": \"Jaime Melero\",\r\n                          \"jobTitle\": \"Data Scientist\"\r\n                        }\r\n                      ]\r\n                      \r\n                    }\r\n                ]\r\n              }\r\n            },\r\n            {\r\n              \"@type\": \"ListItem\",\r\n              \"position\": 6,\r\n              \"item\": {\r\n                \"@type\": \"Course\",\r\n                \"url\":\"https:\/\/dks.digital\/mx\/cursos\/inteligencia-artificial-educacion\/\",\r\n                \"name\": \"Experto Universitario en Inteligencia Artificial en Educaci\u00f3n\",\r\n                \"description\": \"Descubre nuestro curso en l\u00ednea para docentes en inteligencia artificial aplicada al \u00e1mbito educativo. Aprende a integrar la IA y transformar tus m\u00e9todos de ense\u00f1anza.\",\r\n                \"provider\": {\r\n                  \"@type\": \"Organization\",\r\n                  \"name\": \"DKS\",\r\n                  \"sameAs\": \"https:\/\/dks.digital\"\r\n                },\r\n                \"offers\": {\r\n                  \"@type\": \"Offer\",\r\n                     \"priceCurrency\": \"EUR\",\r\n                  \"category\": \"Cursos\",\r\n                  \"availability\": \"http:\/\/schema.org\/InStock\"\r\n                },\r\n                \"hasCourseInstance\": [\r\n                    {\r\n                      \"@type\": \"CourseInstance\",\r\n                      \"courseMode\": \"online\",\r\n                      \"startDate\": \"2025-11-17TZ\",\r\n                      \"endDate\": \"2026-04-19TZ\",\r\n                      \"courseWorkload\": \"PT100H\",\r\n                      \"instructor\": [\r\n                        \r\n                        {\r\n                          \"@type\": \"Person\",\r\n                          \"name\": \"Angels Soriano S\u00e1nchez\",\r\n                          \"jobTitle\": \"Docente de lenguas. Especialista en Tecnolog\u00eda Educativa. Microsoft Educator Innovative desde 2014, Fellow hasta la actualidad.\"\r\n                        },\r\n                        {\r\n                          \"@type\": \"Person\",\r\n                          \"name\": \"Alberto Herr\u00e1ez Vel\u00e1zquez\",\r\n                          \"jobTitle\": \"Co-Founder de eTwinz\"\r\n                        },\r\n                        {\r\n                          \"@type\": \"Person\",\r\n                          \"name\": \"Mario Herr\u00e1ez Vel\u00e1zquez\",\r\n                          \"jobTitle\": \" Co-Founder de eTwinz\"\r\n                        }\r\n                      ]\r\n                      \r\n                    }\r\n                ]\r\n              }\r\n            },\r\n            {\r\n              \"@type\": \"ListItem\",\r\n              \"position\": 7,\r\n              \"item\": {\r\n                \"@type\": \"Course\",\r\n                \"url\":\"https:\/\/dks.digital\/mx\/cursos\/curso-derecho-ia\/\",\r\n                \"name\": \"Programa en\u00a0Inteligencia Artificial (IA) para el Sector Jur\u00eddico\",\r\n                \"description\": \"Aprende a utilizar herramientas de IA para el sector Jur\u00eddico de manera 100% pr\u00e1ctica \u00a1Estudia en l\u00ednea con expertos del sector!\",\r\n                \"provider\": {\r\n                  \"@type\": \"Organization\",\r\n                  \"name\": \"DKS\",\r\n                  \"sameAs\": \"https:\/\/dks.digital\"\r\n                },\r\n                \"offers\": {\r\n                  \"@type\": \"Offer\",\r\n                     \"priceCurrency\": \"EUR\",\r\n                  \"category\": \"Cursos\",\r\n                  \"availability\": \"http:\/\/schema.org\/InStock\"\r\n                },\r\n                \"hasCourseInstance\": [\r\n                    {\r\n                      \"@type\": \"CourseInstance\",\r\n                      \"courseMode\": \"online\",\r\n                      \"startDate\": \"2026-04-13TZ\",\r\n                      \"endDate\": \"2026-09-14TZ\",\r\n                      \"courseWorkload\": \"PT200H\",\r\n                      \"instructor\": [\r\n                        \r\n                        {\r\n                          \"@type\": \"Person\",\r\n                          \"name\": \"Blanca Bardin Rodr\u00edguez-Losada\",\r\n                          \"jobTitle\": \"Socia del equipo de NewLaw en PwC Espa\u00f1a\"\r\n                        },\r\n                        {\r\n                          \"@type\": \"Person\",\r\n                          \"name\": \"Beatriz Hoya de Mar\u00eda\",\r\n                          \"jobTitle\": \"Directora de NewLaw en PwC Espa\u00f1a\"\r\n                        },\r\n                        {\r\n                          \"@type\": \"Person\",\r\n                          \"name\": \"Sara De Pablo Y\u00e1ng\u00fcez\",\r\n                          \"jobTitle\": \"Senior Associate de NewLaw en PwC\"\r\n                        }\r\n                      ]\r\n                      \r\n                    }\r\n                ]\r\n              }\r\n            },\r\n            {\r\n              \"@type\": \"ListItem\",\r\n              \"position\": 8,\r\n              \"item\": {\r\n                \"@type\": \"Course\",\r\n                \"url\":\"https:\/\/dks.digital\/mx\/cursos\/curso-chief-hapiness-officer\/\",\r\n                \"name\": \"Programa Executive en Chief Happiness Officer\",\r\n                \"description\": \"Inscr\u00edbete en nuestro curso de Chief Happiness Officer y aprende a fomentar la felicidad y el bienestar en tu empresa. Mejora la cultura organizacional.\",\r\n                \"provider\": {\r\n                  \"@type\": \"Organization\",\r\n                  \"name\": \"DKS\",\r\n                  \"sameAs\": \"https:\/\/dks.digital\"\r\n                },\r\n                \"offers\": {\r\n                  \"@type\": \"Offer\",\r\n                     \"priceCurrency\": \"EUR\",\r\n                  \"category\": \"Cursos\",\r\n                  \"availability\": \"http:\/\/schema.org\/InStock\"\r\n                },\r\n                \"hasCourseInstance\": [\r\n                    {\r\n                      \"@type\": \"CourseInstance\",\r\n                      \"courseMode\": \"online\",\r\n                      \"startDate\": \"2025-11-10TZ\",\r\n                      \"endDate\": \"2026-04-10TZ\",\r\n                      \"courseWorkload\": \"PT40H\",\r\n                      \"instructor\": [\r\n                        \r\n                        {\r\n                          \"@type\": \"Person\",\r\n                          \"name\": \"Andr\u00e9s Pascual\",\r\n                          \"jobTitle\": \"Escritor, Conferenciante, Formador\"\r\n                        },\r\n                        {\r\n                          \"@type\": \"Person\",\r\n                          \"name\": \"David Tom\u00e1s\",\r\n                          \"jobTitle\": \"Co-fundador \"\r\n                        },\r\n                        {\r\n                          \"@type\": \"Person\",\r\n                          \"name\": \"Lidia Nicolau Palou\",\r\n                          \"jobTitle\": \" Chief People & Happiness Officer\"\r\n                        },\r\n                        {\r\n                          \"@type\": \"Person\",\r\n                          \"name\": \"Sergio Cancelo\",\r\n                          \"jobTitle\": \" Co-Founder Happyforce\"\r\n                        },\r\n                        {\r\n                          \"@type\": \"Person\",\r\n                          \"name\": \"Carlos Jordana\",\r\n                          \"jobTitle\": \"Growth Sherpa \"\r\n                        },\r\n                        {\r\n                          \"@type\": \"Person\",\r\n                          \"name\": \"Jaime N\u00e1rdiz\",\r\n                          \"jobTitle\": \" Innovation and Cultural Transformation Director at Great Place to Work Spain\"\r\n                        },\r\n                        {\r\n                          \"@type\": \"Person\",\r\n                          \"name\": \"Florent Amion\",\r\n                          \"jobTitle\": \"Senior Consultant - Organizational Culture Transformation\"\r\n                        },\r\n                        {\r\n                          \"@type\": \"Person\",\r\n                          \"name\": \"Gema Alfaro\",\r\n                          \"jobTitle\": \"Partner Associate\"\r\n                        },\r\n                        {\r\n                          \"@type\": \"Person\",\r\n                          \"name\": \"Gabriel Garc\u00eda de Oro\",\r\n                          \"jobTitle\": \"Executive Creative Director & Strategy Advisor \"\r\n                        },\r\n                        {\r\n                          \"@type\": \"Person\",\r\n                          \"name\": \"Ricardo Arambarri\",\r\n                          \"jobTitle\": \"CEO \"\r\n                        },\r\n                        {\r\n                          \"@type\": \"Person\",\r\n                          \"name\": \"Fernando Tob\u00edas\",\r\n                          \"jobTitle\": \"Creador y Director\"\r\n                        },\r\n                        {\r\n                          \"@type\": \"Person\",\r\n                          \"name\": \"Alberto Garc\u00eda Casillas\",\r\n                          \"jobTitle\": \"Mentor y profesor de hablar en p\u00fablico\"\r\n                        },\r\n                        {\r\n                          \"@type\": \"Person\",\r\n                          \"name\": \"Carlos Esteban\",\r\n                          \"jobTitle\": \" Talent | Leadership |Team Performance Senior Advisor and C-Level Mentor and Coach\"\r\n                        },\r\n                        {\r\n                          \"@type\": \"Person\",\r\n                          \"name\": \"Rosa Rodr\u00edguez del Tronco\",\r\n                          \"jobTitle\": \"Desarrollo de Talento\"\r\n                        },\r\n                        {\r\n                          \"@type\": \"Person\",\r\n                          \"name\": \"Daniel Masso\",\r\n                          \"jobTitle\": \"Responsable de Conocimiento y Agenda 2030\"\r\n                        },\r\n                        {\r\n                          \"@type\": \"Person\",\r\n                          \"name\": \"Diana Naya Flores\",\r\n                          \"jobTitle\": \"Wellness trainer, formadora en bienestar, meditaci\u00f3n y yoga\"\r\n                        },\r\n                        {\r\n                          \"@type\": \"Person\",\r\n                          \"name\": \"C\u00e9sar Mart\u00edn Izquierdo\",\r\n                          \"jobTitle\": \"Socio EJE&CON \"\r\n                        },\r\n                        {\r\n                          \"@type\": \"Person\",\r\n                          \"name\": \"Javier Crespo Sanz\",\r\n                          \"jobTitle\": \"Coordinaci\u00f3n calidad asistencial \"\r\n                        },\r\n                        {\r\n                          \"@type\": \"Person\",\r\n                          \"name\": \"Ra\u00fal Varela Barros\",\r\n                          \"jobTitle\": \"Director General\"\r\n                        },\r\n                        {\r\n                          \"@type\": \"Person\",\r\n                          \"name\": \"Roberto Sanz Soblechero\",\r\n                          \"jobTitle\": \"Director de Comunicaci\u00f3n y Marketing\"\r\n                        },\r\n                        {\r\n                          \"@type\": \"Person\",\r\n                          \"name\": \"M\u00aa Carmen Lacuesta Sobrino\",\r\n                          \"jobTitle\": \"CEO\"\r\n                        }\r\n                      ]\r\n                      \r\n                    }\r\n                ]\r\n              }\r\n            },\r\n            {\r\n              \"@type\": \"ListItem\",\r\n              \"position\": 9,\r\n              \"item\": {\r\n                \"@type\": \"Course\",\r\n                \"url\":\"https:\/\/dks.digital\/mx\/cursos\/curso-sostenibilidad\/\",\r\n                \"name\": \"Programa Executive en Sostenibilidad ESG\",\r\n                \"description\": \"Convi\u00e9rtete en consultor de sostenibilidad form\u00e1ndote de manera 100% pr\u00e1ctica y con profesores en activo \u00a1pide informaci\u00f3n sobre nuestro curso!\",\r\n                \"provider\": {\r\n                  \"@type\": \"Organization\",\r\n                  \"name\": \"DKS\",\r\n                  \"sameAs\": \"https:\/\/dks.digital\"\r\n                },\r\n                \"offers\": {\r\n                  \"@type\": \"Offer\",\r\n                     \"priceCurrency\": \"EUR\",\r\n                  \"category\": \"Cursos\",\r\n                  \"availability\": \"http:\/\/schema.org\/InStock\"\r\n                },\r\n                \"hasCourseInstance\": [\r\n                    {\r\n                      \"@type\": \"CourseInstance\",\r\n                      \"courseMode\": \"online\",\r\n                      \"startDate\": \"2025-04-21TZ\",\r\n                      \"endDate\": \"2025-10-19TZ\",\r\n                      \"courseWorkload\": \"PT0H\",\r\n                      \"instructor\": [\r\n                        \r\n                        {\r\n                          \"@type\": \"Person\",\r\n                          \"name\": \"Ana Benavente Rodr\u00edguez\",\r\n                          \"jobTitle\": \" Head of ESG\"\r\n                        },\r\n                        {\r\n                          \"@type\": \"Person\",\r\n                          \"name\": \"Sof\u00eda Garc\u00eda-Carretero Malag\u00f3n\",\r\n                          \"jobTitle\": \"Experta en Sostenibilidad y Cambio Clim\u00e1tico\"\r\n                        },\r\n                        {\r\n                          \"@type\": \"Person\",\r\n                          \"name\": \"Laura Tejada Tejada\",\r\n                          \"jobTitle\": \"Manager de Banca Responsable y Sostenibilidad\"\r\n                        },\r\n                        {\r\n                          \"@type\": \"Person\",\r\n                          \"name\": \"Laura Yturriaga Alcacer\",\r\n                          \"jobTitle\": \"Responsible Banking & Sustainability\"\r\n                        },\r\n                        {\r\n                          \"@type\": \"Person\",\r\n                          \"name\": \"Jes\u00fas D\u00edaz de la Hoz\",\r\n                          \"jobTitle\": \"Presidente de la Fundaci\u00f3n\"\r\n                        },\r\n                        {\r\n                          \"@type\": \"Person\",\r\n                          \"name\": \"Cristina P\u00e9rez L\u00f3pez\",\r\n                          \"jobTitle\": \"ESG Reporting Manager\"\r\n                        },\r\n                        {\r\n                          \"@type\": \"Person\",\r\n                          \"name\": \"Francisco Javier Gimeno Mart\u00ednez\",\r\n                          \"jobTitle\": \"CFO y Director Corporativo\"\r\n                        },\r\n                        {\r\n                          \"@type\": \"Person\",\r\n                          \"name\": \"Joyce Bruce Dennis\",\r\n                          \"jobTitle\": \"Manager de Sostenibilidad y Cambio Clim\u00e1tico\"\r\n                        },\r\n                        {\r\n                          \"@type\": \"Person\",\r\n                          \"name\": \"Pia Navazo Capriles\",\r\n                          \"jobTitle\": \"Director ESG programme\"\r\n                        },\r\n                        {\r\n                          \"@type\": \"Person\",\r\n                          \"name\": \"Ana Mar\u00eda Mercado Bos\",\r\n                          \"jobTitle\": \"Experta en Diversidad y ESG - Aut\u00f3noma\"\r\n                        },\r\n                        {\r\n                          \"@type\": \"Person\",\r\n                          \"name\": \"Olga de Berg\u00e9 Pineo\",\r\n                          \"jobTitle\": \"Sr Manager\"\r\n                        },\r\n                        {\r\n                          \"@type\": \"Person\",\r\n                          \"name\": \"Mar\u00eda Ganado Arteaga\",\r\n                          \"jobTitle\": \"Directora de Sostenibilidad\"\r\n                        },\r\n                        {\r\n                          \"@type\": \"Person\",\r\n                          \"name\": \"Jes\u00fas De Soto Cardenal\",\r\n                          \"jobTitle\": \"Director Sostenibilidad y Cambio clim\u00e1tico\"\r\n                        },\r\n                        {\r\n                          \"@type\": \"Person\",\r\n                          \"name\": \"Sergio Mateos Orcajo\",\r\n                          \"jobTitle\": \"Direcci\u00f3n de los servicios profesionales\"\r\n                        },\r\n                        {\r\n                          \"@type\": \"Person\",\r\n                          \"name\": \"Silvia Irene Verdugo Guzm\u00e1n\",\r\n                          \"jobTitle\": \"Presidenta Comit\u00e9 de Disciplina Deportiva\"\r\n                        },\r\n                        {\r\n                          \"@type\": \"Person\",\r\n                          \"name\": \"Beatriz L\u00f3pez Consuegra\",\r\n                          \"jobTitle\": \"Responsable de planificaci\u00f3n y an\u00e1lisis de informaci\u00f3n no financiera \"\r\n                        },\r\n                        {\r\n                          \"@type\": \"Person\",\r\n                          \"name\": \"Juan Jos\u00e9 de la Colina Mu\u00f1oz\",\r\n                          \"jobTitle\": \"Corporate Sustainability & Investor Relations\"\r\n                        }\r\n                      ]\r\n                      \r\n                    }\r\n                ]\r\n              }\r\n            },\r\n            {\r\n              \"@type\": \"ListItem\",\r\n              \"position\": 10,\r\n              \"item\": {\r\n                \"@type\": \"Course\",\r\n                \"url\":\"https:\/\/dks.digital\/mx\/cursos\/curso-inteligencia-emocional\/\",\r\n                \"name\": \"Programa Avanzado en Inteligencia Emocional\",\r\n                \"description\": \"Aprende con nuestro curso de inteligencia emocional en l\u00ednea. Desarrolla tus habilidades emocionales.\",\r\n                \"provider\": {\r\n                  \"@type\": \"Organization\",\r\n                  \"name\": \"DKS\",\r\n                  \"sameAs\": \"https:\/\/dks.digital\"\r\n                },\r\n                \"offers\": {\r\n                  \"@type\": \"Offer\",\r\n                     \"priceCurrency\": \"EUR\",\r\n                  \"category\": \"Cursos\",\r\n                  \"availability\": \"http:\/\/schema.org\/InStock\"\r\n                },\r\n                \"hasCourseInstance\": [\r\n                    {\r\n                      \"@type\": \"CourseInstance\",\r\n                      \"courseMode\": \"online\",\r\n                      \"startDate\": \"2025-11-10TZ\",\r\n                      \"endDate\": \"2026-04-10TZ\",\r\n                      \"courseWorkload\": \"PT450H\",\r\n                      \"instructor\": [\r\n                        \r\n                        {\r\n                          \"@type\": \"Person\",\r\n                          \"name\": \"Carmen Garc\u00eda de Leaniz\",\r\n                          \"jobTitle\": \"Socia-Fundadora de GLS Educaci\u00f3n Emocional\"\r\n                        },\r\n                        {\r\n                          \"@type\": \"Person\",\r\n                          \"name\": \"Olga Ca\u00f1izares\",\r\n                          \"jobTitle\": \"Certified CoachHub Coach\"\r\n                        },\r\n                        {\r\n                          \"@type\": \"Person\",\r\n                          \"name\": \"Olga Castanyer\",\r\n                          \"jobTitle\": \"Psic\u00f3loga Especialista en Psicolog\u00eda Cl\u00ednica, Psic\u00f3loga Europea por la EFPA\"\r\n                        },\r\n                        {\r\n                          \"@type\": \"Person\",\r\n                          \"name\": \"Elena Mendoza de la Fuente\",\r\n                          \"jobTitle\": \"Coach CORAOPS \u00a9 PCC por ICF\"\r\n                        },\r\n                        {\r\n                          \"@type\": \"Person\",\r\n                          \"name\": \"Leticia Garc\u00e9s Larrea\",\r\n                          \"jobTitle\": \"Directora y Fundadora\"\r\n                        },\r\n                        {\r\n                          \"@type\": \"Person\",\r\n                          \"name\": \"Susana Alfageme Pardo\",\r\n                          \"jobTitle\": \"PT\/AL y Orientadora\"\r\n                        },\r\n                        {\r\n                          \"@type\": \"Person\",\r\n                          \"name\": \"Jes\u00fas de Frutos Ca\u00f1izares\",\r\n                          \"jobTitle\": \" Responsable del departamento de Gesti\u00f3n del Cambio y Adopci\u00f3n \"\r\n                        },\r\n                        {\r\n                          \"@type\": \"Person\",\r\n                          \"name\": \"Isabel Laura Gil Docampo\",\r\n                          \"jobTitle\": \"Directora y Fundadora\"\r\n                        },\r\n                        {\r\n                          \"@type\": \"Person\",\r\n                          \"name\": \"Selma Serrano Girau\",\r\n                          \"jobTitle\": \"Coach Ejecutivo Certificado Senior\"\r\n                        },\r\n                        {\r\n                          \"@type\": \"Person\",\r\n                          \"name\": \"Cristina Miaja\",\r\n                          \"jobTitle\": \"Associate Coach\"\r\n                        },\r\n                        {\r\n                          \"@type\": \"Person\",\r\n                          \"name\": \"Marta Morales P\u00e9rez\",\r\n                          \"jobTitle\": \"Responsable del Dpto. Orientaci\u00f3n y Programa de Pensamiento Emocional\"\r\n                        },\r\n                        {\r\n                          \"@type\": \"Person\",\r\n                          \"name\": \"Daniel Molina Mart\u00edn\",\r\n                          \"jobTitle\": \"Asesor educativo y de formaci\u00f3n\"\r\n                        },\r\n                        {\r\n                          \"@type\": \"Person\",\r\n                          \"name\": \"Maria Isabel Cuartero Desviat\",\r\n                          \"jobTitle\": \"Neurovascular del Instituto de Salud Research i+12\"\r\n                        },\r\n                        {\r\n                          \"@type\": \"Person\",\r\n                          \"name\": \"Inmaculada Garc\u00eda de Frutos\",\r\n                          \"jobTitle\": \"Cofundadora del equipo Inteligencia Emocional\"\r\n                        },\r\n                        {\r\n                          \"@type\": \"Person\",\r\n                          \"name\": \"Elisabeth Ochoa Garc\u00eda\",\r\n                          \"jobTitle\": \"Formadora de docentes \"\r\n                        },\r\n                        {\r\n                          \"@type\": \"Person\",\r\n                          \"name\": \"Jos\u00e9 Andr\u00e9s Cort\u00e9s Valiente\",\r\n                          \"jobTitle\": \"Experto Internacional en Gesti\u00f3n y Desarrollo Organizacional\"\r\n                        }\r\n                      ]\r\n                      \r\n                    }\r\n                ]\r\n              }\r\n            },\r\n            {\r\n              \"@type\": \"ListItem\",\r\n              \"position\": 11,\r\n              \"item\": {\r\n                \"@type\": \"Course\",\r\n                \"url\":\"https:\/\/dks.digital\/mx\/maestria\/maestria-coaching\/\",\r\n                \"name\": \"Maestr\u00eda en Coaching y Mentoring\",\r\n                \"description\": \"Convi\u00e9rtete en mentor-coach certificado por EMCC. Aprende t\u00e9cnicas para guiar el desarrollo personal y profesional estudiando online.\",\r\n                \"provider\": {\r\n                  \"@type\": \"Organization\",\r\n                  \"name\": \"DKS\",\r\n                  \"sameAs\": \"https:\/\/dks.digital\"\r\n                },\r\n                \"offers\": {\r\n                  \"@type\": \"Offer\",\r\n                     \"priceCurrency\": \"EUR\",\r\n                  \"category\": \"Cursos\",\r\n                  \"availability\": \"http:\/\/schema.org\/InStock\"\r\n                },\r\n                \"hasCourseInstance\": [\r\n                    {\r\n                      \"@type\": \"CourseInstance\",\r\n                      \"courseMode\": \"online\",\r\n                      \"startDate\": \"2025-11-17TZ\",\r\n                      \"endDate\": \"2026-07-27TZ\",\r\n                      \"courseWorkload\": \"PT60H\",\r\n                      \"instructor\": [\r\n                        \r\n                        {\r\n                          \"@type\": \"Person\",\r\n                          \"name\": \"Juan Jos\u00e9 Hierro Mu\u00f1oz\",\r\n                          \"jobTitle\": \"Co-Creation consultant, facilitator, and trainer en HUMANTIFIC \"\r\n                        },\r\n                        {\r\n                          \"@type\": \"Person\",\r\n                          \"name\": \"Nadia Peeters\",\r\n                          \"jobTitle\": \" Executive Coach at Center for Creative Leadership\"\r\n                        },\r\n                        {\r\n                          \"@type\": \"Person\",\r\n                          \"name\": \"Fernando del Corral Escribano\",\r\n                          \"jobTitle\": \" Es Coach PCC y Certificada MBTI\"\r\n                        },\r\n                        {\r\n                          \"@type\": \"Person\",\r\n                          \"name\": \"Rosa Rodr\u00edguez del Tronco\",\r\n                          \"jobTitle\": \"Desarrollo de Talento\"\r\n                        },\r\n                        {\r\n                          \"@type\": \"Person\",\r\n                          \"name\": \"Carmen Clemente Barroso\",\r\n                          \"jobTitle\": \"Coach ejecutivo\"\r\n                        },\r\n                        {\r\n                          \"@type\": \"Person\",\r\n                          \"name\": \"Carmen Mart\u00ednez Fern\u00e1ndez\",\r\n                          \"jobTitle\": \"Coach ejecutivo y Coach de equipos\"\r\n                        },\r\n                        {\r\n                          \"@type\": \"Person\",\r\n                          \"name\": \"Juan Cid Rodr\u00edguez\",\r\n                          \"jobTitle\": \"Coach Senior Ejecutivo \"\r\n                        }\r\n                      ]\r\n                      \r\n                    }\r\n                ]\r\n              }\r\n            },\r\n            {\r\n              \"@type\": \"ListItem\",\r\n              \"position\": 12,\r\n              \"item\": {\r\n                \"@type\": \"Course\",\r\n                \"url\":\"https:\/\/dks.digital\/mx\/maestria\/maestria-liderazgo-desarrollo-personal\/\",\r\n                \"name\": \"Maestr\u00eda en Desarrollo Personal y Liderazgo\",\r\n                \"description\": \"Descubre nuestra maestr\u00eda en Desarrollo Personal y Liderazgo y desarrolla las habilidades para liderar y gestionar equipos y superar retos empresariales.\",\r\n                \"provider\": {\r\n                  \"@type\": \"Organization\",\r\n                  \"name\": \"DKS\",\r\n                  \"sameAs\": \"https:\/\/dks.digital\"\r\n                },\r\n                \"offers\": {\r\n                  \"@type\": \"Offer\",\r\n                     \"priceCurrency\": \"EUR\",\r\n                  \"category\": \"Cursos\",\r\n                  \"availability\": \"http:\/\/schema.org\/InStock\"\r\n                },\r\n                \"hasCourseInstance\": [\r\n                    {\r\n                      \"@type\": \"CourseInstance\",\r\n                      \"courseMode\": \"online\",\r\n                      \"startDate\": \"2025-11-17TZ\",\r\n                      \"endDate\": \"2026-07-27TZ\",\r\n                      \"courseWorkload\": \"PT60H\",\r\n                      \"instructor\": [\r\n                        \r\n                        {\r\n                          \"@type\": \"Person\",\r\n                          \"name\": \"Olga Ramos de Castro\",\r\n                          \"jobTitle\": \"Responsable de Liderazgo \"\r\n                        },\r\n                        {\r\n                          \"@type\": \"Person\",\r\n                          \"name\": \"Andr\u00e9s Pascual\",\r\n                          \"jobTitle\": \"Escritor, Conferenciante, Formador\"\r\n                        },\r\n                        {\r\n                          \"@type\": \"Person\",\r\n                          \"name\": \"Rosa Rodr\u00edguez del Tronco\",\r\n                          \"jobTitle\": \"Desarrollo de Talento\"\r\n                        },\r\n                        {\r\n                          \"@type\": \"Person\",\r\n                          \"name\": \"Carlos Jordana\",\r\n                          \"jobTitle\": \"Growth Sherpa \"\r\n                        },\r\n                        {\r\n                          \"@type\": \"Person\",\r\n                          \"name\": \"Sergio Cancelo\",\r\n                          \"jobTitle\": \" Co-Founder Happyforce\"\r\n                        },\r\n                        {\r\n                          \"@type\": \"Person\",\r\n                          \"name\": \"Diana Naya Flores\",\r\n                          \"jobTitle\": \"Wellness trainer, formadora en bienestar, meditaci\u00f3n y yoga\"\r\n                        },\r\n                        {\r\n                          \"@type\": \"Person\",\r\n                          \"name\": \"\u00c1ngel Largo Garc\u00eda\",\r\n                          \"jobTitle\": \"Profesor de Liderazgo\"\r\n                        },\r\n                        {\r\n                          \"@type\": \"Person\",\r\n                          \"name\": \"Pablo Guti\u00e9rrez Merelles\",\r\n                          \"jobTitle\": \"Fundador\"\r\n                        },\r\n                        {\r\n                          \"@type\": \"Person\",\r\n                          \"name\": \"Thomas Eckschmidt\",\r\n                          \"jobTitle\": \"President of the Board\"\r\n                        },\r\n                        {\r\n                          \"@type\": \"Person\",\r\n                          \"name\": \"Oriol Cabane Rovira\",\r\n                          \"jobTitle\": \"Consultor\"\r\n                        },\r\n                        {\r\n                          \"@type\": \"Person\",\r\n                          \"name\": \"Alejandro Rios Oru\u00f1a\",\r\n                          \"jobTitle\": \"Profesor y fundador de 5 empresas relacionadas con apps, videojuegos y ciencia de datos\"\r\n                        },\r\n                        {\r\n                          \"@type\": \"Person\",\r\n                          \"name\": \"Rafael Zaragoza \u00c1lvaro\",\r\n                          \"jobTitle\": \"Cofundador - Creative Director\"\r\n                        },\r\n                        {\r\n                          \"@type\": \"Person\",\r\n                          \"name\": \"Salvador L\u00f3pez Orland\",\r\n                          \"jobTitle\": \"VP General Manager Spain & Portugal\"\r\n                        },\r\n                        {\r\n                          \"@type\": \"Person\",\r\n                          \"name\": \"Mariana Moreira Alves\",\r\n                          \"jobTitle\": \"Independant EX & L&D Designer & Consultant\"\r\n                        }\r\n                      ]\r\n                      \r\n                    }\r\n                ]\r\n              }\r\n            },\r\n            {\r\n              \"@type\": \"ListItem\",\r\n              \"position\": 13,\r\n              \"item\": {\r\n                \"@type\": \"Course\",\r\n                \"url\":\"https:\/\/dks.digital\/mx\/maestria\/maestria-gestion-riesgo\/\",\r\n                \"name\": \"Maestr\u00eda en Gesti\u00f3n de Riesgos\",\r\n                \"description\": \"F\u00f3rmate en la gesti\u00f3n de riesgos con nuestra maestr\u00eda en l\u00ednea. Aprende a identificar, evaluar y mitigar riesgos empresariales con nuestro m\u00e1ster integral.\",\r\n                \"provider\": {\r\n                  \"@type\": \"Organization\",\r\n                  \"name\": \"DKS\",\r\n                  \"sameAs\": \"https:\/\/dks.digital\"\r\n                },\r\n                \"offers\": {\r\n                  \"@type\": \"Offer\",\r\n                     \"priceCurrency\": \"EUR\",\r\n                  \"category\": \"Cursos\",\r\n                  \"availability\": \"http:\/\/schema.org\/InStock\"\r\n                },\r\n                \"hasCourseInstance\": [\r\n                    {\r\n                      \"@type\": \"CourseInstance\",\r\n                      \"courseMode\": \"online\",\r\n                      \"startDate\": \"2025-11-17TZ\",\r\n                      \"endDate\": \"2026-07-27TZ\",\r\n                      \"courseWorkload\": \"PT50H\",\r\n                      \"instructor\": [\r\n                        \r\n                        {\r\n                          \"@type\": \"Person\",\r\n                          \"name\": \"Anna Mart\u00ednez Tobarra\",\r\n                          \"jobTitle\": \"Responsable de la Unidad de Riesgos Corporativos en Grupo Tragsa\"\r\n                        },\r\n                        {\r\n                          \"@type\": \"Person\",\r\n                          \"name\": \"\u00c1lvaro Rodrigo Mi\u00f1o Gonz\u00e1lez\",\r\n                          \"jobTitle\": \"Gerente de Riesgos \"\r\n                        },\r\n                        {\r\n                          \"@type\": \"Person\",\r\n                          \"name\": \"Jos\u00e9 Agust\u00edn L\u00f3pez Guzm\u00e1n\",\r\n                          \"jobTitle\": \" Training Partner | Learning & Development at Happyforce \"\r\n                        },\r\n                        {\r\n                          \"@type\": \"Person\",\r\n                          \"name\": \"Jos\u00e9 Miguel Cutillas Ram\u00edrez\",\r\n                          \"jobTitle\": \"Analista de Riesgos en Avalam, S.G.R.\"\r\n                        },\r\n                        {\r\n                          \"@type\": \"Person\",\r\n                          \"name\": \"Miguel \u00c1ngel Crespo Ag\u00fandez\",\r\n                          \"jobTitle\": \"T\u00e9cnico de An\u00e1lisis Econ\u00f3mico, An\u00e1lisis y Gesti\u00f3n de Riesgos, Consultor\u00eda y Asesoramiento\"\r\n                        },\r\n                        {\r\n                          \"@type\": \"Person\",\r\n                          \"name\": \"Nuria Romera Garc\u00eda\",\r\n                          \"jobTitle\": \"Auditora Financiera\"\r\n                        },\r\n                        {\r\n                          \"@type\": \"Person\",\r\n                          \"name\": \"Soledad Llamas Tutor\",\r\n                          \"jobTitle\": \"Subdirectora de Auditor\u00eda Interna\"\r\n                        },\r\n                        {\r\n                          \"@type\": \"Person\",\r\n                          \"name\": \"Jorge Soler Olmos\",\r\n                          \"jobTitle\": \"Fundador y CEO \"\r\n                        }\r\n                      ]\r\n                      \r\n                    }\r\n                ]\r\n              }\r\n            },\r\n            {\r\n              \"@type\": \"ListItem\",\r\n              \"position\": 14,\r\n              \"item\": {\r\n                \"@type\": \"Course\",\r\n                \"url\":\"https:\/\/dks.digital\/mx\/maestria\/maestria-resolucion-problemas\/\",\r\n                \"name\": \"Maestr\u00eda en Resoluci\u00f3n de Problemas Complejos\",\r\n                \"description\": \"Aprende a resolver problemas complejos con un pensamiento cr\u00edtico a trav\u00e9s de metodolog\u00edas de Problem Solving con nuestro maestr\u00eda en l\u00ednea\",\r\n                \"provider\": {\r\n                  \"@type\": \"Organization\",\r\n                  \"name\": \"DKS\",\r\n                  \"sameAs\": \"https:\/\/dks.digital\"\r\n                },\r\n                \"offers\": {\r\n                  \"@type\": \"Offer\",\r\n                     \"priceCurrency\": \"EUR\",\r\n                  \"category\": \"Cursos\",\r\n                  \"availability\": \"http:\/\/schema.org\/InStock\"\r\n                },\r\n                \"hasCourseInstance\": [\r\n                    {\r\n                      \"@type\": \"CourseInstance\",\r\n                      \"courseMode\": \"online\",\r\n                      \"startDate\": \"2025-11-17TZ\",\r\n                      \"endDate\": \"2026-07-27TZ\",\r\n                      \"courseWorkload\": \"PT60H\",\r\n                      \"instructor\": [\r\n                        \r\n                        {\r\n                          \"@type\": \"Person\",\r\n                          \"name\": \"Javier G. Recuenco\",\r\n                          \"jobTitle\": \"CSO & Founder Singular Solving\"\r\n                        },\r\n                        {\r\n                          \"@type\": \"Person\",\r\n                          \"name\": \"Diana Damas\",\r\n                          \"jobTitle\": \"Senior Consultant - Project Manager en Singular Solving\"\r\n                        },\r\n                        {\r\n                          \"@type\": \"Person\",\r\n                          \"name\": \"Benjam\u00edn Su\u00e1rez Men\u00e9ndez\",\r\n                          \"jobTitle\": \"Consultor de Transformaci\u00f3n Digital e Innovaci\u00f3n\"\r\n                        },\r\n                        {\r\n                          \"@type\": \"Person\",\r\n                          \"name\": \"Arturo Castell\u00f3\",\r\n                          \"jobTitle\": \" CEO\"\r\n                        },\r\n                        {\r\n                          \"@type\": \"Person\",\r\n                          \"name\": \"Jorge Garc\u00eda Herrero\",\r\n                          \"jobTitle\": \"Evangelista del RGPD y Delegado de Protecci\u00f3n de Datos\"\r\n                        },\r\n                        {\r\n                          \"@type\": \"Person\",\r\n                          \"name\": \"Miguel \u00c1ngel Uriondo L\u00f3pez\",\r\n                          \"jobTitle\": \" Director de Comunicaci\u00f3n y Asuntos P\u00fablicos\"\r\n                        },\r\n                        {\r\n                          \"@type\": \"Person\",\r\n                          \"name\": \"Pau Mugarra Llopis\",\r\n                          \"jobTitle\": \"Complex Problem Analyst\"\r\n                        }\r\n                      ]\r\n                      \r\n                    }\r\n                ]\r\n              }\r\n            }\r\n        ]\r\n      }\r\n      <\/script>\n<section class=\"plp-course -text-white \">\n\t<div class=\"plp-course__container container\">\n\t\t<h2 class=\"heading--h3\">Nuestros programas<\/h2>\n\t\t\t\t<!-- Bloque cursos -->\n\t\t<div class=\"course slider slider--hidden-md\" data-module=\"slider\">\n\t\t\t<ul class=\"slider__scroll\" data-slider=\"scroll\">\n\t\t\t\t\t\t\t\t\t\t<li class=\"course__item slider__item\" data-slider=\"item\" data-module=\"link\" data-link-href=\"https:\/\/dks.digital\/mx\/maestria\/maestria-ia-negocio\/\" data-link-target=\"_self\" data-gtm-container=\"distributor\" data-gtm-action=\"navigation\" data-gtm-category=\"Maestr\u00eda en Inteligencia Artificial aplicada a Negocio\">\n\t\t\t\t\t\t\t<img decoding=\"async\" class=\"course__img\" src=\"https:\/\/dks.digital\/wp-content\/uploads\/2025\/05\/Master-IA-Negocio-1-269x300.jpg\" alt=\"Curso\">\n\t\t\t\t\t\t\t<div class=\"course__body\">\n\t\t\t\t\t\t\t\t<h4 class=\"course__title\" data-gtm-container=\"distributor\" data-gtm-action=\"navigation\" data-gtm-category=\"Maestr\u00eda en Inteligencia Artificial aplicada a Negocio\"><a href=\"https:\/\/dks.digital\/mx\/maestria\/maestria-ia-negocio\/\">Maestr\u00eda en Inteligencia Artificial aplicada a Negocio<\/a><\/h4>\n\t\t\t\t\t\t\t\t<p class=\"course__content\"><\/p>\n\t\t\t\t\t\t\t\t<ul class=\"course__oustanding\">\n\t\t\t\t\t\t\t\t\t<li>Master<\/li>\n\t\t\t\t\t\t\t\t\t<li>7 meses<\/li>\n\t\t\t\t\t\t\t\t\t<li>Oto\u00f1o<\/li>\n\t\t\t\t\t\t\t\t<\/ul>\n\t\t\t\t\t\t\t<\/div>\n\t\t\t\t\t\t<\/li>\n\t\t\t\t\t\t\t\t\t\t<li class=\"course__item slider__item\" data-slider=\"item\" data-module=\"link\" data-link-href=\"https:\/\/dks.digital\/mx\/maestria\/maestria-project-management\/\" data-link-target=\"_self\" data-gtm-container=\"distributor\" data-gtm-action=\"navigation\" data-gtm-category=\"Maestr\u00eda en Project Management (PMP)\">\n\t\t\t\t\t\t\t<img decoding=\"async\" class=\"course__img\" src=\"https:\/\/dks.digital\/wp-content\/uploads\/2023\/05\/Project-Management-1-300x300.png\" alt=\"Curso\">\n\t\t\t\t\t\t\t<div class=\"course__body\">\n\t\t\t\t\t\t\t\t<h4 class=\"course__title\" data-gtm-container=\"distributor\" data-gtm-action=\"navigation\" data-gtm-category=\"Maestr\u00eda en Project Management (PMP)\"><a href=\"https:\/\/dks.digital\/mx\/maestria\/maestria-project-management\/\">Maestr\u00eda en Project Management (PMP)<\/a><\/h4>\n\t\t\t\t\t\t\t\t<p class=\"course__content\"><\/p>\n\t\t\t\t\t\t\t\t<ul class=\"course__oustanding\">\n\t\t\t\t\t\t\t\t\t<li>Master<\/li>\n\t\t\t\t\t\t\t\t\t<li>6 meses<\/li>\n\t\t\t\t\t\t\t\t\t<li>Oto\u00f1o<\/li>\n\t\t\t\t\t\t\t\t<\/ul>\n\t\t\t\t\t\t\t<\/div>\n\t\t\t\t\t\t<\/li>\n\t\t\t\t\t\t\t\t\t\t<li class=\"course__item slider__item\" data-slider=\"item\" data-module=\"link\" data-link-href=\"https:\/\/dks.digital\/mx\/cursos\/curso-caio\/\" data-link-target=\"_self\" data-gtm-container=\"distributor\" data-gtm-action=\"navigation\" data-gtm-category=\"Programa Executive en Chief AI Officer (CAIO)\">\n\t\t\t\t\t\t\t<img decoding=\"async\" class=\"course__img\" src=\"https:\/\/dks.digital\/wp-content\/uploads\/2026\/01\/destacadas_desktop_312x312-1-300x300.jpg\" alt=\"Curso\">\n\t\t\t\t\t\t\t<div class=\"course__body\">\n\t\t\t\t\t\t\t\t<h4 class=\"course__title\" data-gtm-container=\"distributor\" data-gtm-action=\"navigation\" data-gtm-category=\"Programa Executive en Chief AI Officer (CAIO)\"><a href=\"https:\/\/dks.digital\/mx\/cursos\/curso-caio\/\">Programa Executive en Chief AI Officer (CAIO)<\/a><\/h4>\n\t\t\t\t\t\t\t\t<p class=\"course__content\"><\/p>\n\t\t\t\t\t\t\t\t<ul class=\"course__oustanding\">\n\t\t\t\t\t\t\t\t\t<li>Curso<\/li>\n\t\t\t\t\t\t\t\t\t<li>7 meses<\/li>\n\t\t\t\t\t\t\t\t\t<li>Oto\u00f1o<\/li>\n\t\t\t\t\t\t\t\t<\/ul>\n\t\t\t\t\t\t\t<\/div>\n\t\t\t\t\t\t<\/li>\n\t\t\t\t\t\t\t\t\t\t<li class=\"course__item slider__item\" data-slider=\"item\" data-module=\"link\" data-link-href=\"https:\/\/dks.digital\/mx\/cursos\/curso-comunicacion-corporativa\/\" data-link-target=\"_self\" data-gtm-container=\"distributor\" data-gtm-action=\"navigation\" data-gtm-category=\"Programa Executive en Comunicaci\u00f3n Estrat\u00e9gica Corporativa\">\n\t\t\t\t\t\t\t<img decoding=\"async\" class=\"course__img\" src=\"https:\/\/dks.digital\/wp-content\/uploads\/2025\/10\/Comunicacion-Corporativa_-desktop-4-300x300.png\" alt=\"Curso\">\n\t\t\t\t\t\t\t<div class=\"course__body\">\n\t\t\t\t\t\t\t\t<h4 class=\"course__title\" data-gtm-container=\"distributor\" data-gtm-action=\"navigation\" data-gtm-category=\"Programa Executive en Comunicaci\u00f3n Estrat\u00e9gica Corporativa\"><a href=\"https:\/\/dks.digital\/mx\/cursos\/curso-comunicacion-corporativa\/\">Programa Executive en Comunicaci\u00f3n Estrat\u00e9gica Corporativa<\/a><\/h4>\n\t\t\t\t\t\t\t\t<p class=\"course__content\"><\/p>\n\t\t\t\t\t\t\t\t<ul class=\"course__oustanding\">\n\t\t\t\t\t\t\t\t\t<li>Curso<\/li>\n\t\t\t\t\t\t\t\t\t<li>5 meses<\/li>\n\t\t\t\t\t\t\t\t\t<li>Oto\u00f1o<\/li>\n\t\t\t\t\t\t\t\t<\/ul>\n\t\t\t\t\t\t\t<\/div>\n\t\t\t\t\t\t<\/li>\n\t\t\t\t\t\t\t\t\t\t<li class=\"course__item slider__item\" data-slider=\"item\" data-module=\"link\" data-link-href=\"https:\/\/dks.digital\/mx\/cursos\/curso-people-analytics\/\" data-link-target=\"_self\" data-gtm-container=\"distributor\" data-gtm-action=\"navigation\" data-gtm-category=\"Programa Executive en People Analytics &amp; HR Analytics\">\n\t\t\t\t\t\t\t<img decoding=\"async\" class=\"course__img\" src=\"https:\/\/dks.digital\/wp-content\/uploads\/2025\/08\/Executive-en-People-Analytics-HR-Analytics-231x312-1-222x300.jpg\" alt=\"Curso\">\n\t\t\t\t\t\t\t<div class=\"course__body\">\n\t\t\t\t\t\t\t\t<h4 class=\"course__title\" data-gtm-container=\"distributor\" data-gtm-action=\"navigation\" data-gtm-category=\"Programa Executive en People Analytics &amp; HR Analytics\"><a href=\"https:\/\/dks.digital\/mx\/cursos\/curso-people-analytics\/\">Programa Executive en People Analytics &amp; HR Analytics<\/a><\/h4>\n\t\t\t\t\t\t\t\t<p class=\"course__content\"><\/p>\n\t\t\t\t\t\t\t\t<ul class=\"course__oustanding\">\n\t\t\t\t\t\t\t\t\t<li>Curso<\/li>\n\t\t\t\t\t\t\t\t\t<li>5 meses<\/li>\n\t\t\t\t\t\t\t\t\t<li>Oto\u00f1o<\/li>\n\t\t\t\t\t\t\t\t<\/ul>\n\t\t\t\t\t\t\t<\/div>\n\t\t\t\t\t\t<\/li>\n\t\t\t\t\t\t\t\t\t\t<li class=\"course__item slider__item\" data-slider=\"item\" data-module=\"link\" data-link-href=\"https:\/\/dks.digital\/mx\/cursos\/inteligencia-artificial-educacion\/\" data-link-target=\"_self\" data-gtm-container=\"distributor\" data-gtm-action=\"navigation\" data-gtm-category=\"Experto Universitario en Inteligencia Artificial en Educaci\u00f3n\">\n\t\t\t\t\t\t\t<img decoding=\"async\" class=\"course__img\" src=\"https:\/\/dks.digital\/wp-content\/uploads\/2024\/10\/Inteligencia-Artificial-en-Educacion-269x300.png\" alt=\"Curso\">\n\t\t\t\t\t\t\t<div class=\"course__body\">\n\t\t\t\t\t\t\t\t<h4 class=\"course__title\" data-gtm-container=\"distributor\" data-gtm-action=\"navigation\" data-gtm-category=\"Experto Universitario en Inteligencia Artificial en Educaci\u00f3n\"><a href=\"https:\/\/dks.digital\/mx\/cursos\/inteligencia-artificial-educacion\/\">Experto Universitario en Inteligencia Artificial en Educaci\u00f3n<\/a><\/h4>\n\t\t\t\t\t\t\t\t<p class=\"course__content\"><\/p>\n\t\t\t\t\t\t\t\t<ul class=\"course__oustanding\">\n\t\t\t\t\t\t\t\t\t<li>Curso<\/li>\n\t\t\t\t\t\t\t\t\t<li>5 meses<\/li>\n\t\t\t\t\t\t\t\t\t<li>Oto\u00f1o<\/li>\n\t\t\t\t\t\t\t\t<\/ul>\n\t\t\t\t\t\t\t<\/div>\n\t\t\t\t\t\t<\/li>\n\t\t\t\t\t\t\t\t\t\t<li class=\"course__item slider__item\" data-slider=\"item\" data-module=\"link\" data-link-href=\"https:\/\/dks.digital\/mx\/cursos\/curso-derecho-ia\/\" data-link-target=\"_self\" data-gtm-container=\"distributor\" data-gtm-action=\"navigation\" data-gtm-category=\"Programa en\u00a0Inteligencia Artificial (IA) para el Sector Jur\u00eddico\">\n\t\t\t\t\t\t\t<img decoding=\"async\" class=\"course__img\" src=\"https:\/\/dks.digital\/wp-content\/uploads\/2025\/09\/IA-jurico_-desktop-1-300x300.png\" alt=\"Curso\">\n\t\t\t\t\t\t\t<div class=\"course__body\">\n\t\t\t\t\t\t\t\t<h4 class=\"course__title\" data-gtm-container=\"distributor\" data-gtm-action=\"navigation\" data-gtm-category=\"Programa en\u00a0Inteligencia Artificial (IA) para el Sector Jur\u00eddico\"><a href=\"https:\/\/dks.digital\/mx\/cursos\/curso-derecho-ia\/\">Programa en\u00a0Inteligencia Artificial (IA) para el Sector Jur\u00eddico<\/a><\/h4>\n\t\t\t\t\t\t\t\t<p class=\"course__content\"><\/p>\n\t\t\t\t\t\t\t\t<ul class=\"course__oustanding\">\n\t\t\t\t\t\t\t\t\t<li>Curso<\/li>\n\t\t\t\t\t\t\t\t\t<li>5 meses<\/li>\n\t\t\t\t\t\t\t\t\t<li>Oto\u00f1o<\/li>\n\t\t\t\t\t\t\t\t<\/ul>\n\t\t\t\t\t\t\t<\/div>\n\t\t\t\t\t\t<\/li>\n\t\t\t\t\t\t\t\t\t\t<li class=\"course__item slider__item\" data-slider=\"item\" data-module=\"link\" data-link-href=\"https:\/\/dks.digital\/mx\/cursos\/curso-chief-hapiness-officer\/\" data-link-target=\"_self\" data-gtm-container=\"distributor\" data-gtm-action=\"navigation\" data-gtm-category=\"Programa Executive en Chief Happiness Officer\">\n\t\t\t\t\t\t\t<img decoding=\"async\" class=\"course__img\" src=\"https:\/\/dks.digital\/wp-content\/uploads\/2025\/08\/Comunicacion-Estrategica-Corporativa-231x312-1-222x300.png\" alt=\"Curso\">\n\t\t\t\t\t\t\t<div class=\"course__body\">\n\t\t\t\t\t\t\t\t<h4 class=\"course__title\" data-gtm-container=\"distributor\" data-gtm-action=\"navigation\" data-gtm-category=\"Programa Executive en Chief Happiness Officer\"><a href=\"https:\/\/dks.digital\/mx\/cursos\/curso-chief-hapiness-officer\/\">Programa Executive en Chief Happiness Officer<\/a><\/h4>\n\t\t\t\t\t\t\t\t<p class=\"course__content\"><\/p>\n\t\t\t\t\t\t\t\t<ul class=\"course__oustanding\">\n\t\t\t\t\t\t\t\t\t<li>Curso<\/li>\n\t\t\t\t\t\t\t\t\t<li>5 meses<\/li>\n\t\t\t\t\t\t\t\t\t<li>Oto\u00f1o<\/li>\n\t\t\t\t\t\t\t\t<\/ul>\n\t\t\t\t\t\t\t<\/div>\n\t\t\t\t\t\t<\/li>\n\t\t\t\t\t\t\t\t\t\t<li class=\"course__item slider__item\" data-slider=\"item\" data-module=\"link\" data-link-href=\"https:\/\/dks.digital\/mx\/cursos\/curso-sostenibilidad\/\" data-link-target=\"_self\" data-gtm-container=\"distributor\" data-gtm-action=\"navigation\" data-gtm-category=\"Programa Executive en Sostenibilidad ESG\">\n\t\t\t\t\t\t\t<img decoding=\"async\" class=\"course__img\" src=\"https:\/\/dks.digital\/wp-content\/uploads\/2025\/08\/Sostenibilidad-ESG-231x312-1-222x300.png\" alt=\"Curso\">\n\t\t\t\t\t\t\t<div class=\"course__body\">\n\t\t\t\t\t\t\t\t<h4 class=\"course__title\" data-gtm-container=\"distributor\" data-gtm-action=\"navigation\" data-gtm-category=\"Programa Executive en Sostenibilidad ESG\"><a href=\"https:\/\/dks.digital\/mx\/cursos\/curso-sostenibilidad\/\">Programa Executive en Sostenibilidad ESG<\/a><\/h4>\n\t\t\t\t\t\t\t\t<p class=\"course__content\"><\/p>\n\t\t\t\t\t\t\t\t<ul class=\"course__oustanding\">\n\t\t\t\t\t\t\t\t\t<li>Curso<\/li>\n\t\t\t\t\t\t\t\t\t<li>5 meses<\/li>\n\t\t\t\t\t\t\t\t\t<li>Oto\u00f1o<\/li>\n\t\t\t\t\t\t\t\t<\/ul>\n\t\t\t\t\t\t\t<\/div>\n\t\t\t\t\t\t<\/li>\n\t\t\t\t\t\t\t\t\t\t<li class=\"course__item slider__item\" data-slider=\"item\" data-module=\"link\" data-link-href=\"https:\/\/dks.digital\/mx\/cursos\/curso-inteligencia-emocional\/\" data-link-target=\"_self\" data-gtm-container=\"distributor\" data-gtm-action=\"navigation\" data-gtm-category=\"Programa Avanzado en Inteligencia Emocional\">\n\t\t\t\t\t\t\t<img decoding=\"async\" class=\"course__img\" src=\"https:\/\/dks.digital\/wp-content\/uploads\/2024\/10\/Inteligencia-Emocional-269x300.png\" alt=\"Curso\">\n\t\t\t\t\t\t\t<div class=\"course__body\">\n\t\t\t\t\t\t\t\t<h4 class=\"course__title\" data-gtm-container=\"distributor\" data-gtm-action=\"navigation\" data-gtm-category=\"Programa Avanzado en Inteligencia Emocional\"><a href=\"https:\/\/dks.digital\/mx\/cursos\/curso-inteligencia-emocional\/\">Programa Avanzado en Inteligencia Emocional<\/a><\/h4>\n\t\t\t\t\t\t\t\t<p class=\"course__content\"><\/p>\n\t\t\t\t\t\t\t\t<ul class=\"course__oustanding\">\n\t\t\t\t\t\t\t\t\t<li>Curso<\/li>\n\t\t\t\t\t\t\t\t\t<li>5 meses<\/li>\n\t\t\t\t\t\t\t\t\t<li>Oto\u00f1o<\/li>\n\t\t\t\t\t\t\t\t<\/ul>\n\t\t\t\t\t\t\t<\/div>\n\t\t\t\t\t\t<\/li>\n\t\t\t\t\t\t\t\t\t\t<li class=\"course__item slider__item\" data-slider=\"item\" data-module=\"link\" data-link-href=\"https:\/\/dks.digital\/mx\/maestria\/maestria-coaching\/\" data-link-target=\"_self\" data-gtm-container=\"distributor\" data-gtm-action=\"navigation\" data-gtm-category=\"Maestr\u00eda en Coaching y Mentoring\">\n\t\t\t\t\t\t\t<img decoding=\"async\" class=\"course__img\" src=\"https:\/\/dks.digital\/wp-content\/uploads\/2025\/08\/Coaching-y-Mentoring-231x312-1-222x300.png\" alt=\"Curso\">\n\t\t\t\t\t\t\t<div class=\"course__body\">\n\t\t\t\t\t\t\t\t<h4 class=\"course__title\" data-gtm-container=\"distributor\" data-gtm-action=\"navigation\" data-gtm-category=\"Maestr\u00eda en Coaching y Mentoring\"><a href=\"https:\/\/dks.digital\/mx\/maestria\/maestria-coaching\/\">Maestr\u00eda en Coaching y Mentoring<\/a><\/h4>\n\t\t\t\t\t\t\t\t<p class=\"course__content\"><\/p>\n\t\t\t\t\t\t\t\t<ul class=\"course__oustanding\">\n\t\t\t\t\t\t\t\t\t<li>Master<\/li>\n\t\t\t\t\t\t\t\t\t<li>7 meses<\/li>\n\t\t\t\t\t\t\t\t\t<li>Oto\u00f1o<\/li>\n\t\t\t\t\t\t\t\t<\/ul>\n\t\t\t\t\t\t\t<\/div>\n\t\t\t\t\t\t<\/li>\n\t\t\t\t\t\t\t\t\t\t<li class=\"course__item slider__item\" data-slider=\"item\" data-module=\"link\" data-link-href=\"https:\/\/dks.digital\/mx\/maestria\/maestria-liderazgo-desarrollo-personal\/\" data-link-target=\"_self\" data-gtm-container=\"distributor\" data-gtm-action=\"navigation\" data-gtm-category=\"Maestr\u00eda en Desarrollo Personal y Liderazgo\">\n\t\t\t\t\t\t\t<img decoding=\"async\" class=\"course__img\" src=\"https:\/\/dks.digital\/wp-content\/uploads\/2025\/08\/Liderazgo-y-Desarrollo-Personal-231x312-1-222x300.png\" alt=\"Curso\">\n\t\t\t\t\t\t\t<div class=\"course__body\">\n\t\t\t\t\t\t\t\t<h4 class=\"course__title\" data-gtm-container=\"distributor\" data-gtm-action=\"navigation\" data-gtm-category=\"Maestr\u00eda en Desarrollo Personal y Liderazgo\"><a href=\"https:\/\/dks.digital\/mx\/maestria\/maestria-liderazgo-desarrollo-personal\/\">Maestr\u00eda en Desarrollo Personal y Liderazgo<\/a><\/h4>\n\t\t\t\t\t\t\t\t<p class=\"course__content\"><\/p>\n\t\t\t\t\t\t\t\t<ul class=\"course__oustanding\">\n\t\t\t\t\t\t\t\t\t<li>Master<\/li>\n\t\t\t\t\t\t\t\t\t<li>8 meses<\/li>\n\t\t\t\t\t\t\t\t\t<li>Oto\u00f1o<\/li>\n\t\t\t\t\t\t\t\t<\/ul>\n\t\t\t\t\t\t\t<\/div>\n\t\t\t\t\t\t<\/li>\n\t\t\t\t\t\t\t\t\t\t<li class=\"course__item slider__item\" data-slider=\"item\" data-module=\"link\" data-link-href=\"https:\/\/dks.digital\/mx\/maestria\/maestria-gestion-riesgo\/\" data-link-target=\"_self\" data-gtm-container=\"distributor\" data-gtm-action=\"navigation\" data-gtm-category=\"Maestr\u00eda en Gesti\u00f3n de Riesgos\">\n\t\t\t\t\t\t\t<img decoding=\"async\" class=\"course__img\" src=\"https:\/\/dks.digital\/wp-content\/uploads\/2024\/10\/Gestion-de-Riesgos-269x300.png\" alt=\"Curso\">\n\t\t\t\t\t\t\t<div class=\"course__body\">\n\t\t\t\t\t\t\t\t<h4 class=\"course__title\" data-gtm-container=\"distributor\" data-gtm-action=\"navigation\" data-gtm-category=\"Maestr\u00eda en Gesti\u00f3n de Riesgos\"><a href=\"https:\/\/dks.digital\/mx\/maestria\/maestria-gestion-riesgo\/\">Maestr\u00eda en Gesti\u00f3n de Riesgos<\/a><\/h4>\n\t\t\t\t\t\t\t\t<p class=\"course__content\"><\/p>\n\t\t\t\t\t\t\t\t<ul class=\"course__oustanding\">\n\t\t\t\t\t\t\t\t\t<li>Master<\/li>\n\t\t\t\t\t\t\t\t\t<li>8 meses<\/li>\n\t\t\t\t\t\t\t\t\t<li>Oto\u00f1o<\/li>\n\t\t\t\t\t\t\t\t<\/ul>\n\t\t\t\t\t\t\t<\/div>\n\t\t\t\t\t\t<\/li>\n\t\t\t\t\t\t\t\t\t\t<li class=\"course__item slider__item\" data-slider=\"item\" data-module=\"link\" data-link-href=\"https:\/\/dks.digital\/mx\/maestria\/maestria-resolucion-problemas\/\" data-link-target=\"_self\" data-gtm-container=\"distributor\" data-gtm-action=\"navigation\" data-gtm-category=\"Maestr\u00eda en Resoluci\u00f3n de Problemas Complejos\">\n\t\t\t\t\t\t\t<img decoding=\"async\" class=\"course__img\" src=\"https:\/\/dks.digital\/wp-content\/uploads\/2025\/11\/Resolucion-de-Problemas-Complejos-231x312-1-222x300-1.png\" alt=\"Curso\">\n\t\t\t\t\t\t\t<div class=\"course__body\">\n\t\t\t\t\t\t\t\t<h4 class=\"course__title\" data-gtm-container=\"distributor\" data-gtm-action=\"navigation\" data-gtm-category=\"Maestr\u00eda en Resoluci\u00f3n de Problemas Complejos\"><a href=\"https:\/\/dks.digital\/mx\/maestria\/maestria-resolucion-problemas\/\">Maestr\u00eda en Resoluci\u00f3n de Problemas Complejos<\/a><\/h4>\n\t\t\t\t\t\t\t\t<p class=\"course__content\"><\/p>\n\t\t\t\t\t\t\t\t<ul class=\"course__oustanding\">\n\t\t\t\t\t\t\t\t\t<li>Master<\/li>\n\t\t\t\t\t\t\t\t\t<li>7 meses<\/li>\n\t\t\t\t\t\t\t\t\t<li>Oto\u00f1o<\/li>\n\t\t\t\t\t\t\t\t<\/ul>\n\t\t\t\t\t\t\t<\/div>\n\t\t\t\t\t\t<\/li>\n\t\t\t\t\t\t\t<\/ul>\n\t\t\t<div class=\"slider__shadow\" data-slider=\"shadow\"><\/div>\n\t\t<\/div>\n\t<\/div>\n<\/section>\n\n<section class=\"teacher -bg-black -text-white\">\n\t<div class=\"teacher__container\">\n\t\t<div class=\"teacher__introduction\">\n\n\t\t\t<h3>Conoce a nuestros profesores<\/h3>\n\n\t\t\t<div class=\"wysiwyg\">\n\t\t\t\t<p>Todos ellos son profesionales referentes en activo de empresas de primer nivel.<\/p>\n\t\t\t<\/div>\n\n\t\t<\/div>\n\t\t<div class=\"slider slider--hidden-md\" data-module=\"slider\">\n\n\t\t\t<ul class=\"slider__scroll\" data-slider=\"scroll\">\n\t\t\t\t\t\t\t\t\t<li\t\t\t\t\t\tclass=\"teacher__item slider__item no-detail\"\n\t\t\t\t\t\t\t\t\t\t\t\tdata-slider=\"item\"\n\t\t\t\t\t>\n\t\t\t\t\t\t\t\t\t\t\t\t<img decoding=\"async\" class=\"teacher__img\" src=\"https:\/\/dks.digital\/wp-content\/uploads\/2024\/09\/andres-pascual-1413249-photoaidcom-greyscale-1-300x300.png\" alt=\"Andr\u00e9s Pascual\">\n\t\t\t\t\t\t\n\t\t\t\t\t\t\t\t\t\t\t\t<img decoding=\"async\" class=\"teacher__logo-company\" src=\"https:\/\/dks.digital\/wp-content\/uploads\/2024\/09\/bcc-logo.png\" alt=\"\">\n\t\t\t\t\t\t\n\t\t\t\t\t\t<div class=\"teacher__body\">\n\t\t\t\t\t\t<p class=\"teacher__name\">Andr\u00e9s Pascual<\/p>\n\t\t\t\t\t\t<p class=\"teacher__job\">TOP HR Influencer. Ganador del Premio Urano 2017 de Crecimiento Personal y el Premio Espasa 2016 Alfonso X El Sabio. Escritor traducido a nueve idiomas. Autor de \u201cL\u00edder del bienestar, 10 habilidades para una empresa feliz y productiva.<\/p>\n\t\t\t\t\t\t<\/div>\n\t\t\t\t\t<\/li>\n\t\t\t\t\t\t\t\t\t<li\t\t\t\t\t\tclass=\"teacher__item slider__item no-detail\"\n\t\t\t\t\t\t\t\t\t\t\t\tdata-slider=\"item\"\n\t\t\t\t\t>\n\t\t\t\t\t\t\t\t\t\t\t\t<img decoding=\"async\" class=\"teacher__img\" src=\"https:\/\/dks.digital\/wp-content\/uploads\/2024\/11\/nuria-romera-garcia-300x293.jpg\" alt=\"Nuria Romera Garc\u00eda\">\n\t\t\t\t\t\t\n\t\t\t\t\t\t\t\t\t\t\t\t<img decoding=\"async\" class=\"teacher__logo-company\" src=\"https:\/\/dks.digital\/wp-content\/uploads\/2024\/11\/images-1-1.png\" alt=\"\">\n\t\t\t\t\t\t\n\t\t\t\t\t\t<div class=\"teacher__body\">\n\t\t\t\t\t\t<p class=\"teacher__name\">Nuria Romera Garc\u00eda<\/p>\n\t\t\t\t\t\t<p class=\"teacher__job\">Licenciada con 15 a\u00f1os de experiencia en auditor\u00edas financieras (EY). Posteriormente pasa a formar parte del departamento de Auditor\u00eda Interna de El Corte Ingl\u00e9s donde crea la Funci\u00f3n de Control y Gesti\u00f3n de Riesgos como Responsable Corporativa.<\/p>\n\t\t\t\t\t\t<\/div>\n\t\t\t\t\t<\/li>\n\t\t\t\t\t\t\t\t\t<li\t\t\t\t\t\tclass=\"teacher__item slider__item no-detail\"\n\t\t\t\t\t\t\t\t\t\t\t\tdata-slider=\"item\"\n\t\t\t\t\t>\n\t\t\t\t\t\t\t\t\t\t\t\t<img decoding=\"async\" class=\"teacher__img\" src=\"https:\/\/dks.digital\/wp-content\/uploads\/2024\/09\/olga-ramos-de-castro-2381214-photoaidcom-greyscale-300x300.jpg\" alt=\"Olga Ramos de Castro\">\n\t\t\t\t\t\t\n\t\t\t\t\t\t\t\t\t\t\t\t<img decoding=\"async\" class=\"teacher__logo-company\" src=\"https:\/\/dks.digital\/wp-content\/uploads\/2023\/02\/ikea.png\" alt=\"\">\n\t\t\t\t\t\t\n\t\t\t\t\t\t<div class=\"teacher__body\">\n\t\t\t\t\t\t<p class=\"teacher__name\">Olga Ramos de Castro<\/p>\n\t\t\t\t\t\t<p class=\"teacher__job\">M\u00e1s de 25 a\u00f1os de experiencia en la gesti\u00f3n de personas, dentro de RRHH y en posiciones de l\u00ednea. Empez\u00f3 en RRHH de HP y cuatro a\u00f1os m\u00e1s tarde se incorpor\u00f3 a IKEA, desempe\u00f1ando diversas funciones. Desde hace m\u00e1s de 10 a\u00f1os es Responsable de Liderazgo<\/p>\n\t\t\t\t\t\t<\/div>\n\t\t\t\t\t<\/li>\n\t\t\t\t\t\t\t\t\t<li\t\t\t\t\t\tclass=\"teacher__item slider__item no-detail\"\n\t\t\t\t\t\t\t\t\t\t\t\tdata-slider=\"item\"\n\t\t\t\t\t>\n\t\t\t\t\t\t\t\t\t\t\t\t<img decoding=\"async\" class=\"teacher__img\" src=\"https:\/\/dks.digital\/wp-content\/uploads\/2025\/04\/pablo_araujo-300x290.jpg\" alt=\"Pablo Araujo\">\n\t\t\t\t\t\t\n\t\t\t\t\t\t\t\t\t\t\t\t<img decoding=\"async\" class=\"teacher__logo-company\" src=\"https:\/\/dks.digital\/wp-content\/uploads\/2023\/12\/KPMG.png\" alt=\"\">\n\t\t\t\t\t\t\n\t\t\t\t\t\t<div class=\"teacher__body\">\n\t\t\t\t\t\t<p class=\"teacher__name\">Pablo Araujo<\/p>\n\t\t\t\t\t\t<p class=\"teacher__job\">Consultor de People Analytics y Compensaci\u00f3n en KPMG, con experiencia en estrategias retributivas, anal\u00edtica de datos y optimizaci\u00f3n de procesos de RRHH. Especializado en Power BI, modelos predictivos aplicados a la gesti\u00f3n del talento.<\/p>\n\t\t\t\t\t\t<\/div>\n\t\t\t\t\t<\/li>\n\t\t\t\t\t\t\t\t\t<li\t\t\t\t\t\tclass=\"teacher__item slider__item no-detail\"\n\t\t\t\t\t\t\t\t\t\t\t\tdata-slider=\"item\"\n\t\t\t\t\t>\n\t\t\t\t\t\t\t\t\t\t\t\t<img decoding=\"async\" class=\"teacher__img\" src=\"https:\/\/dks.digital\/wp-content\/uploads\/2025\/04\/Carolina_Sanchez-300x300.jpg\" alt=\"Carolina S\u00e1nchez\">\n\t\t\t\t\t\t\n\t\t\t\t\t\t\t\t\t\t\t\t<img decoding=\"async\" class=\"teacher__logo-company\" src=\"https:\/\/dks.digital\/wp-content\/uploads\/2023\/02\/santander-4.svg\" alt=\"\">\n\t\t\t\t\t\t\n\t\t\t\t\t\t<div class=\"teacher__body\">\n\t\t\t\t\t\t<p class=\"teacher__name\">Carolina S\u00e1nchez<\/p>\n\t\t\t\t\t\t<p class=\"teacher__job\"><\/p>\n\t\t\t\t\t\t<\/div>\n\t\t\t\t\t<\/li>\n\t\t\t\t\t\t\t\t\t<li\t\t\t\t\t\tclass=\"teacher__item slider__item no-detail\"\n\t\t\t\t\t\t\t\t\t\t\t\tdata-slider=\"item\"\n\t\t\t\t\t>\n\t\t\t\t\t\t\t\t\t\t\t\t<img decoding=\"async\" class=\"teacher__img\" src=\"https:\/\/dks.digital\/wp-content\/uploads\/2024\/09\/descarga-4-photoaidcom-greyscale-1-e1728382007464.jpg\" alt=\"Ra\u00fal Varela Barros\">\n\t\t\t\t\t\t\n\t\t\t\t\t\t\t\t\t\t\t\t<img decoding=\"async\" class=\"teacher__logo-company\" src=\"https:\/\/dks.digital\/wp-content\/uploads\/2024\/09\/https___cdn.evbuc_.com_images_100940922_446629932792_1_original.png\" alt=\"\">\n\t\t\t\t\t\t\n\t\t\t\t\t\t<div class=\"teacher__body\">\n\t\t\t\t\t\t<p class=\"teacher__name\">Ra\u00fal Varela Barros<\/p>\n\t\t\t\t\t\t<p class=\"teacher__job\">CEO de la Fundaci\u00f3n Mundial de la Felicidad, organizador del Festival Mundial de la Felicidad, abogado, empresario, presidente del grupo empresarial Varela &amp; Asociados, escritor y conferenciante.<\/p>\n\t\t\t\t\t\t<\/div>\n\t\t\t\t\t<\/li>\n\t\t\t\t\t\t\t\t\t<li\t\t\t\t\t\tclass=\"teacher__item slider__item no-detail\"\n\t\t\t\t\t\t\t\t\t\t\t\tdata-slider=\"item\"\n\t\t\t\t\t>\n\t\t\t\t\t\t\t\t\t\t\t\t<img decoding=\"async\" class=\"teacher__img\" src=\"https:\/\/dks.digital\/wp-content\/uploads\/2024\/09\/1568280256044-photoaidcom-greyscale.jpg\" alt=\"Jaime N\u00e1rdiz\">\n\t\t\t\t\t\t\n\t\t\t\t\t\t\t\t\t\t\t\t<img decoding=\"async\" class=\"teacher__logo-company\" src=\"https:\/\/dks.digital\/wp-content\/uploads\/2024\/09\/great_place_to_work_spain_logo.jpg\" alt=\"\">\n\t\t\t\t\t\t\n\t\t\t\t\t\t<div class=\"teacher__body\">\n\t\t\t\t\t\t<p class=\"teacher__name\">Jaime N\u00e1rdiz<\/p>\n\t\t\t\t\t\t<p class=\"teacher__job\">Experto en el an\u00e1lisis y transformaci\u00f3n de las Culturas Corporativas. En los proyectos profesionales que participa impulsa los niveles de compromiso de los empleados facilitando as\u00ed el alcance de la estrategia de negocio. Licenciado en Psicolog\u00eda.<\/p>\n\t\t\t\t\t\t<\/div>\n\t\t\t\t\t<\/li>\n\t\t\t\t\t\t\t\t\t<li\t\t\t\t\t\tclass=\"teacher__item slider__item no-detail\"\n\t\t\t\t\t\t\t\t\t\t\t\tdata-slider=\"item\"\n\t\t\t\t\t>\n\t\t\t\t\t\t\t\t\t\t\t\t<img decoding=\"async\" class=\"teacher__img\" src=\"https:\/\/dks.digital\/wp-content\/uploads\/2024\/09\/1570186137564-photoaidcom-greyscale.jpg\" alt=\"David Tom\u00e1s\">\n\t\t\t\t\t\t\n\t\t\t\t\t\t\t\t\t\t\t\t<img decoding=\"async\" class=\"teacher__logo-company\" src=\"https:\/\/dks.digital\/wp-content\/uploads\/2024\/09\/5b5ts.png\" alt=\"\">\n\t\t\t\t\t\t\n\t\t\t\t\t\t<div class=\"teacher__body\">\n\t\t\t\t\t\t<p class=\"teacher__name\">David Tom\u00e1s<\/p>\n\t\t\t\t\t\t<p class=\"teacher__job\">Cofundador y CEO de Cyberclick, escogida dos a\u00f1os consecutivos mejor PYME espa\u00f1ola para trabajar seg\u00fan el ranking Great Place to Work. Business angel y mentor de startups, autor del libro La empresa m\u00e1s feliz del mundo y Diario de un Millennial.<\/p>\n\t\t\t\t\t\t<\/div>\n\t\t\t\t\t<\/li>\n\t\t\t\t\t\t\t\t\t<li\t\t\t\t\t\tclass=\"teacher__item slider__item no-detail\"\n\t\t\t\t\t\t\t\t\t\t\t\tdata-slider=\"item\"\n\t\t\t\t\t>\n\t\t\t\t\t\t\t\t\t\t\t\t<img decoding=\"async\" class=\"teacher__img\" src=\"https:\/\/dks.digital\/wp-content\/uploads\/2023\/06\/Jose-Antonio-Puentes.png\" alt=\"Jos\u00e9 Antonio Puentes Mu\u00f1oz\">\n\t\t\t\t\t\t\n\t\t\t\t\t\t\t\t\t\t\t\t<img decoding=\"async\" class=\"teacher__logo-company\" src=\"https:\/\/dks.digital\/wp-content\/uploads\/2023\/06\/logo-pma-nuevo.svg\" alt=\"\">\n\t\t\t\t\t\t\n\t\t\t\t\t\t<div class=\"teacher__body\">\n\t\t\t\t\t\t<p class=\"teacher__name\">Jos\u00e9 Antonio Puentes Mu\u00f1oz<\/p>\n\t\t\t\t\t\t<p class=\"teacher__job\"><\/p>\n\t\t\t\t\t\t<\/div>\n\t\t\t\t\t<\/li>\n\t\t\t\t\t\t\t\t\t<li\t\t\t\t\t\tclass=\"teacher__item slider__item no-detail\"\n\t\t\t\t\t\t\t\t\t\t\t\tdata-slider=\"item\"\n\t\t\t\t\t>\n\t\t\t\t\t\t\t\t\t\t\t\t<img decoding=\"async\" class=\"teacher__img\" src=\"https:\/\/dks.digital\/wp-content\/uploads\/2023\/06\/pofe-pailos.png\" alt=\"Alberto de Alfonso Pailos\">\n\t\t\t\t\t\t\n\t\t\t\t\t\t\t\t\t\t\t\t<img decoding=\"async\" class=\"teacher__logo-company\" src=\"https:\/\/dks.digital\/wp-content\/uploads\/2023\/06\/ges-logo-small-2-1.png\" alt=\"\">\n\t\t\t\t\t\t\n\t\t\t\t\t\t<div class=\"teacher__body\">\n\t\t\t\t\t\t<p class=\"teacher__name\">Alberto de Alfonso Pailos<\/p>\n\t\t\t\t\t\t<p class=\"teacher__job\"><\/p>\n\t\t\t\t\t\t<\/div>\n\t\t\t\t\t<\/li>\n\t\t\t\t\t\t\t\t<\/ul>\n\t\t\t\n\t\t<\/div>\n\t<\/div>\n<\/section>\n\n\n<section class=\"event \" id=\"\" data-section-id=\"event-section-69f16c532cb23\">\n  <div class=\"event__container\">\n\n    <div class=\"event__introduction\">\n\n      <h3 class=\"heading--h2\">Nuestros Eventos<\/h3>\n\n      \n    <\/div>\n\n    \n      <div class=\"slider slider--hidden-md\" data-module=\"slider\">\n        <ul class=\"slider__scroll\" data-slider=\"scroll\" data-event-list>\n                <li class=\"event__item slider__item\" data-slider=\"item\" data-gtm-container=\"cards_events\" data-gtm-category=\"Sesi\u00f3n informativa Maestr\u00eda IA para Negocio\" data-gtm-action=\"navigation\">\n    \n    <img decoding=\"async\" class=\"event__img\" src=\"https:\/\/dks.digital\/wp-content\/uploads\/2026\/02\/2602_DKS_SesionInformativa_-IANegociolanding_1536x1024-1-300x200.jpg\" alt=\"Sesi\u00f3n informativa Maestr\u00eda IA para Negocio\">\n    <div class=\"event__inner\">\n      <div class=\"event__body\">\n                  <h4 class=\"event__title\">Sesi\u00f3n informativa Maestr\u00eda IA para Negocio<\/h4>\n        \n        <p class=\"event__description\">\u00bfEst\u00e1s pensando en formarte en la Maestr\u00eda de IA aplicada al Negocio de DKS? Te resolvemos todas las dudas en esta sesi\u00f3n informativa con el director de esta formaci\u00f3n: Isabel V\u00e1zquez, Project Manager &amp; Social Media Leader en SIDN<\/p>\n\n                  <p class=\"event__date\">\n            <svg width=\"11\" height=\"12\" class=\"event__icon\" xmlns=\"http:\/\/www.w3.org\/2000\/svg\" viewBox=\"0 0 11 12\" fill=\"none\">\n              <path d=\"M8.74137 2.52991H2.31637C2.13895 2.52991 1.99512 2.67374 1.99512 2.85116V9.27616C1.99512 9.45358 2.13895 9.59741 2.31637 9.59741H8.74137C8.91879 9.59741 9.06262 9.45358 9.06262 9.27616V2.85116C9.06262 2.67374 8.91879 2.52991 8.74137 2.52991Z M7.45605 1.88745V3.17245 M3.60107 1.88745V3.17245 M1.99512 4.4574H9.06262\" stroke=\"black\" stroke-width=\"0.771\" stroke-linecap=\"round\" stroke-linejoin=\"round\" \/>\n            <\/svg>\n            Ya pas\u00f3          <\/p>\n              <\/div>\n\n          <\/div>\n    <\/li>\n          <\/ul>\n      <\/div>\n\n    \n        \n  <\/div>\n<\/section>\n\n\n<script>\n  (function() {\n    \/\/ Encapsular en IIFE para evitar conflictos entre m\u00faltiples instancias del bloque\n    const sectionId = 'event-section-69f16c532cb23';\n    const section = document.querySelector(`[data-section-id=\"${sectionId}\"]`);\n    const filterType = '';\n\n    if (!section) return;\n\n    const button = section.querySelector('.event__seemore__button');\n\n    \/\/ Si es \"future\" y estamos en m\u00f3vil, cargar todos los eventos de una vez\n    if (filterType === 'future' && window.innerWidth < 1024) {\n      if (button) {\n        loadAllFutureEvents();\n      }\n      return; \/\/ No configurar el event listener del bot\u00f3n ya que estar\u00e1 oculto\n    }\n\n    if (!button) return;\n\n    button.addEventListener('click', function() {\n      const filterType = this.getAttribute('data-filter-type');\n      const escuela = this.getAttribute('data-escuela');\n      const currentPage = parseInt(this.getAttribute('data-current-page'));\n      const totalEvents = parseInt(this.getAttribute('data-total-events'));\n      const eventList = section.querySelector('[data-event-list]');\n\n      \/\/ Calcular cu\u00e1ntos eventos mostrar\n      let eventsToShow = 12;\n      let newPage = currentPage + 1;\n\n      \/\/ Calcular el offset (cu\u00e1ntos ya se han mostrado)\n      \/\/ Primera carga: 4 iniciales\n      \/\/ Cargas posteriores: 4 + (p\u00e1gina - 1) * 12\n      const offset = currentPage === 1 ? 4 : 4 + ((currentPage - 1) * 12);\n\n      \/\/ Deshabilitar el bot\u00f3n mientras carga\n      this.disabled = true;\n      const originalText = this.textContent;\n      this.textContent = 'Cargando...';\n\n      \/\/ Hacer la petici\u00f3n AJAX\n      fetch('https:\/\/dks.digital\/wp-admin\/admin-ajax.php', {\n          method: 'POST',\n          headers: {\n            'Content-Type': 'application\/x-www-form-urlencoded',\n          },\n          body: new URLSearchParams({\n            action: 'iter_load_more_events',\n            filter_type: filterType,\n            escuela: escuela,\n            offset: offset,\n            posts_per_page: eventsToShow,\n            lang: 'mx'\n          })\n        })\n        .then(response => response.json())\n        .then(data => {\n          if (data.success && data.data.html) {\n            \/\/ A\u00f1adir los nuevos eventos al listado\n            eventList.insertAdjacentHTML('beforeend', data.data.html);\n\n            \/\/ Actualizar el n\u00famero de p\u00e1gina\n            this.setAttribute('data-current-page', newPage);\n\n            \/\/ Calcular cu\u00e1ntos eventos se han mostrado ahora\n            const eventsShown = currentPage === 1 ? 4 + 12 : 4 + (currentPage * 12);\n\n            \/\/ Determinar si hay que ocultar el bot\u00f3n\n            if (filterType === 'future' || eventsShown >= totalEvents) {\n              \/\/ Para future siempre desaparece despu\u00e9s de cargar\n              \/\/ Para past desaparece si ya no hay m\u00e1s eventos\n              this.parentElement.style.display = 'none';\n            } else {\n              \/\/ Restaurar el bot\u00f3n\n              this.disabled = false;\n              this.textContent = 'Ver m\u00e1s';\n            }\n          } else {\n            \/\/ No hay m\u00e1s eventos\n            this.parentElement.style.display = 'none';\n          }\n        })\n        .catch(error => {\n          console.error('Error al cargar eventos:', error);\n          this.disabled = false;\n          this.textContent = 'Error. Intenta de nuevo';\n        });\n    });\n\n    \/\/ Funci\u00f3n para cargar todos los eventos futuros en m\u00f3vil\n    function loadAllFutureEvents() {\n      const escuela = button.getAttribute('data-escuela');\n      const totalEvents = parseInt(button.getAttribute('data-total-events'));\n      const eventList = section.querySelector('[data-event-list]');\n\n      \/\/ Si ya se muestran todos o menos de 4, no hacer nada\n      if (totalEvents <= 4) return;\n\n      \/\/ Cargar todos los eventos restantes (total - 4 que ya est\u00e1n)\n      fetch('https:\/\/dks.digital\/wp-admin\/admin-ajax.php', {\n          method: 'POST',\n          headers: {\n            'Content-Type': 'application\/x-www-form-urlencoded',\n          },\n          body: new URLSearchParams({\n            action: 'iter_load_more_events',\n            filter_type: 'future',\n            escuela: escuela,\n            offset: 4,\n            posts_per_page: totalEvents - 4, \/\/ Todos los restantes\n            lang: 'mx'\n          })\n        })\n        .then(response => response.json())\n        .then(data => {\n          if (data.success && data.data.html) {\n            \/\/ A\u00f1adir todos los eventos al listado\n            eventList.insertAdjacentHTML('beforeend', data.data.html);\n\n            \/\/ Marcar que todos los eventos est\u00e1n cargados para ocultar el bot\u00f3n permanentemente\n            button.setAttribute('data-all-loaded', 'true');\n            button.parentElement.style.display = 'none';\n          }\n        })\n        .catch(error => {\n          console.error('Error al cargar eventos futuros en m\u00f3vil:', error);\n        });\n    }\n  })();\n<\/script>\n\n<section class=\"number -bg-black -text-white\">\n  <div class=\"number__inner container\">\n            <ul class=\"number__content\"><li class=\"number__item\"><p class=\"number__pretitle\"><\/p><p class=\"number__number\">+ 16.000<\/p><p class=\"number__title\">ALUMNOS<\/p><p class=\"number__subtitle\">Han pasado por nuestras aulas<\/p><\/li><li class=\"number__line\"><\/li><li class=\"number__item\"><p class=\"number__pretitle\"><\/p><p class=\"number__number\">+ 30<\/p><p class=\"number__title\">PROGRAMAS<\/p><p class=\"number__subtitle\">Actualizados tras cada edici\u00f3n<\/p><\/li><li class=\"number__line\"><\/li><li class=\"number__item\"><p class=\"number__pretitle\"><\/p><p class=\"number__number\">94%<\/p><p class=\"number__title\">ALUMNOS TRABAJANDO<\/p><p class=\"number__subtitle\">Las empresas valoran a nuestros alumnos<\/p><\/li><li class=\"\"><\/li><\/ul>  <\/div>\n<\/section>\n\n\n<section class=\"blog -bg-white\" id=\"\">\n\n    <div class=\"blog__container container\">\n\n        <h3 class=\"heading--h2 -text-black\">\u00daltimas entradas de nuestro blog<\/h3>\n        <div class=\"wysiwyg -text-grey-darkest\"><\/div>\n\n        <div class=\"blog__grid slider\" data-module=\"slider\">\n\n            <div class=\"slider__button\">\n                <button class=\"slider__button-left icon-arrow-circle-left\" data-slider=\"button-left\"><\/button>\n                <button class=\"slider__button-right icon-arrow-circle-right\" data-slider=\"button-right\"><\/button>\n            <\/div>\n\n            <div class=\"blog__grid__slider slider__scroll blog__grid__slider--noadjust\" data-slider=\"scroll\">\n\n                \n                    <a class=\"blog__card slider__item cro-gtm\" data-gtm-container=\"distributor\" data-gtm-category=\"C\u00f3mo Prepararse para Trabajar en IA\" data-gtm-action=\"navigation\" data-slider=\"item\" href=\"https:\/\/dks.digital\/mx\/blog\/big-data\/como-prepararse-para-trabajar-en-ia\/\" target=\"_self\">\n                        <img decoding=\"async\" class=\"blog__image\" src=\"https:\/\/dks.digital\/wp-content\/uploads\/2024\/11\/inteligencia-artificial-1-300x168.webp\" alt=\"\">\n                        <h5 class=\"blog__title -text-black\">C\u00f3mo Prepararse para Trabajar en IA<\/h5>\n                        <div class=\"blog__description -text-grey-darkest\">\u00bfQuieres saber c\u00f3mo prepararte para trabajar en Inteligencia Artificial? Te contamos cu\u00e1les son las diferentes opciones de formaci\u00f3n, las habilidades m\u00e1s demandadas y por qu\u00e9 la IA se ha convertido en una de las carreras m\u00e1s demandadas. IA desde cero: \u00bfes posible formarse de manera autodidacta? Aunque es recomendable contar con formaci\u00f3n en programaci\u00f3n o [&hellip;]<\/div>\n                    <\/a>\n\n                \n                    <a class=\"blog__card slider__item cro-gtm\" data-gtm-container=\"distributor\" data-gtm-category=\"Inteligencia artificial: gu\u00eda para entender qu\u00e9 es y c\u00f3mo funciona\" data-gtm-action=\"navigation\" data-slider=\"item\" href=\"https:\/\/dks.digital\/mx\/blog\/big-data\/inteligencia-artificial-guia-para-entender-que-es-y-como-funciona\/\" target=\"_self\">\n                        <img decoding=\"async\" class=\"blog__image\" src=\"https:\/\/dks.digital\/wp-content\/uploads\/2024\/11\/231002-aca4-des-f1-inteligencia-artificial-300x169.jpg\" alt=\"\">\n                        <h5 class=\"blog__title -text-black\">Inteligencia artificial: gu\u00eda para entender qu\u00e9 es y c\u00f3mo funciona<\/h5>\n                        <div class=\"blog__description -text-grey-darkest\">\u00bfTe has preguntado qu\u00e9 es la Inteligencia Artificial y qu\u00e9 implicaciones tiene en tu vida diaria? Te damos las claves para que comprendas qu\u00e9 es la IA, c\u00f3mo funciona, c\u00f3mo ha evolucionado, sus aplicaciones en la vida cotidiana y qu\u00e9 puede suponer su uso en el futuro para que puedas conocerla y entenderla. Definici\u00f3n de [&hellip;]<\/div>\n                    <\/a>\n\n                \n                    <a class=\"blog__card slider__item cro-gtm\" data-gtm-container=\"distributor\" data-gtm-category=\"\u00bfConoces las diferencias entre E-commerce, S-commerce y M-commerce?\" data-gtm-action=\"navigation\" data-slider=\"item\" href=\"https:\/\/dks.digital\/mx\/blog\/ecommerce\/ecommerce-conoces-las-diferencias-entre-e-commerce-s-commerce-y-m-commerce\/\" target=\"_self\">\n                        <img decoding=\"async\" class=\"blog__image\" src=\"https:\/\/dks.digital\/wp-content\/uploads\/2015\/08\/person-adding-clothes-cart-closeup-online-shopping-campaign-300x200.jpg\" alt=\"\">\n                        <h5 class=\"blog__title -text-black\">\u00bfConoces las diferencias entre E-commerce, S-commerce y M-commerce?<\/h5>\n                        <div class=\"blog__description -text-grey-darkest\">Probablemente has comprado m\u00e1s de una vez un billete de avi\u00f3n o de tren por Internet o seguramente un libro o un regalo en alguna p\u00e1gina web. Este hecho, que con el paso de los a\u00f1os se ha ido convirtiendo en algo casi cotidiano para nosotros, es lo que se denomina comercio electr\u00f3nico, o lo [&hellip;]<\/div>\n                    <\/a>\n\n                \n            <\/div>\n\n        <\/div>\n\n                    <a href=\"https:\/\/dks.digital\/blog\/\" class=\"button--third blog__btn cro-gtm\" data-gtm-container=\"cards_see_all_articles\" data-gtm-category=\"Ver todos los posts\" data-gtm-action=\"navigation\">\n                Ver todos los posts                <i class=\"icon-arrow-right\"><\/i>\n            <\/a>\n        \n    <\/div>\n\n<\/section>\n\n<section class=\"featured-links -bg-grey-ultra-dark -text-white\" id=\"\">\n    <div class=\"featured-links__container container\">\n            <h2 class=\"heading--h2\">Categor\u00edas destacadas<\/h2>\n            <ul class=\"featured-links__list\">\n\t\t\t\t\t\t\t\t\t\t<li class=\"featured-links__item\">\n\t\t\t\t\t\t\t<a class=\"featured-links__link\" href=\"https:\/\/dks.digital\/mx\/maestria\/\"  data-gtm-container=\"modulo_categorias_destacadas\" data-gtm-category=\"Maestr\u00edas en l\u00ednea\" data-gtm-action=\"navigation\">\n\t\t\t\t\t\t\t\tMaestr\u00edas en l\u00ednea\t\t\t\t\t\t\t\t<i class=\"featured-links__icon icon-arrow-right\"><\/i>\n\t\t\t\t\t\t\t<\/a>\n\t\t\t\t\t\t<\/li>\n\t\t\t\t\t\t\t\t\t\t\t\t<li class=\"featured-links__item\">\n\t\t\t\t\t\t\t<a class=\"featured-links__link\" href=\"https:\/\/dks.digital\/mx\/cursos\/\"  data-gtm-container=\"modulo_categorias_destacadas\" data-gtm-category=\"Cursos en l\u00ednea \" data-gtm-action=\"navigation\">\n\t\t\t\t\t\t\t\tCursos en l\u00ednea \t\t\t\t\t\t\t\t<i class=\"featured-links__icon icon-arrow-right\"><\/i>\n\t\t\t\t\t\t\t<\/a>\n\t\t\t\t\t\t<\/li>\n\t\t\t\t\t\t      <\/ul>\n    <\/div>\n  <\/section>","protected":false},"excerpt":{"rendered":"","protected":false},"author":1,"featured_media":0,"parent":0,"menu_order":0,"comment_status":"closed","ping_status":"closed","template":"template-bloques.php","meta":{"_acf_changed":false,"footnotes":""},"acf":[],"yoast_head":"<!-- This site is optimized with the Yoast SEO plugin v22.5 - https:\/\/yoast.com\/wordpress\/plugins\/seo\/ -->\n<title>Business School - DKS, tu centro de estudios especializado en internet Business School | DKS<\/title>\n<meta name=\"description\" content=\"Descubre nuestra Escuela de Negocios y su oferta de maestr\u00edas y cursos de gesti\u00f3n de empresas \u00a1Aprende con expertos y de manera pr\u00e1ctica!\" \/>\n<link rel=\"canonical\" href=\"https:\/\/dks.digital\/mx\/business-school\/\" \/>\n<meta property=\"og:locale\" content=\"es_ES\" \/>\n<meta property=\"og:type\" content=\"article\" \/>\n<meta property=\"og:title\" content=\"Business School - DKS, tu centro de estudios especializado en internet Business School | DKS\" \/>\n<meta property=\"og:description\" content=\"Descubre nuestra Escuela de Negocios y su oferta de maestr\u00edas y cursos de gesti\u00f3n de empresas \u00a1Aprende con expertos y de manera pr\u00e1ctica!\" \/>\n<meta property=\"og:url\" content=\"https:\/\/dks.digital\/mx\/business-school\/\" \/>\n<meta property=\"og:site_name\" content=\"DKS, tu centro de estudios especializado en internet\" \/>\n<meta property=\"article:modified_time\" content=\"2026-02-20T13:54:47+00:00\" \/>\n<meta name=\"twitter:card\" content=\"summary_large_image\" \/>\n<script type=\"application\/ld+json\" class=\"yoast-schema-graph\">{\"@context\":\"https:\/\/schema.org\",\"@graph\":[{\"@type\":\"WebPage\",\"@id\":\"https:\/\/dks.digital\/mx\/business-school\/\",\"url\":\"https:\/\/dks.digital\/mx\/business-school\/\",\"name\":\"Business School - DKS, tu centro de estudios especializado en internet Business School | DKS\",\"isPartOf\":{\"@id\":\"https:\/\/dks.digital\/mx\/#website\"},\"datePublished\":\"2024-09-12T10:51:29+00:00\",\"dateModified\":\"2026-02-20T13:54:47+00:00\",\"description\":\"Descubre nuestra Escuela de Negocios y su oferta de maestr\u00edas y cursos de gesti\u00f3n de empresas \u00a1Aprende con expertos y de manera pr\u00e1ctica!\",\"inLanguage\":\"es-MX\",\"potentialAction\":[{\"@type\":\"ReadAction\",\"target\":[\"https:\/\/dks.digital\/mx\/business-school\/\"]}]},{\"@type\":\"WebSite\",\"@id\":\"https:\/\/dks.digital\/mx\/#website\",\"url\":\"https:\/\/dks.digital\/mx\/\",\"name\":\"DKS, tu centro de estudios especializado en internet\",\"description\":\"DKS, la escuela de los profesionales digitales desde hace m\u00e1s de 7 a\u00f1os\",\"publisher\":{\"@id\":\"https:\/\/dks.digital\/mx\/#organization\"},\"potentialAction\":[{\"@type\":\"SearchAction\",\"target\":{\"@type\":\"EntryPoint\",\"urlTemplate\":\"https:\/\/dks.digital\/mx\/?s={search_term_string}\"},\"query-input\":\"required name=search_term_string\"}],\"inLanguage\":\"es-MX\"},{\"@type\":\"Organization\",\"@id\":\"https:\/\/dks.digital\/mx\/#organization\",\"name\":\"DKS, tu centro de estudios especializado en internet\",\"url\":\"https:\/\/dks.digital\/mx\/\",\"logo\":{\"@type\":\"ImageObject\",\"inLanguage\":\"es-MX\",\"@id\":\"https:\/\/dks.digital\/mx\/#\/schema\/logo\/image\/\",\"url\":\"https:\/\/dks.digital\/wp-content\/uploads\/2025\/12\/cropped-cropped-favicon-ks.jpg\",\"contentUrl\":\"https:\/\/dks.digital\/wp-content\/uploads\/2025\/12\/cropped-cropped-favicon-ks.jpg\",\"width\":512,\"height\":512,\"caption\":\"DKS, tu centro de estudios especializado en internet\"},\"image\":{\"@id\":\"https:\/\/dks.digital\/mx\/#\/schema\/logo\/image\/\"}}]}<\/script>\n<!-- \/ Yoast SEO plugin. -->","yoast_head_json":{"title":"Business School - DKS, tu centro de estudios especializado en internet Business School | DKS","description":"Descubre nuestra Escuela de Negocios y su oferta de maestr\u00edas y cursos de gesti\u00f3n de empresas \u00a1Aprende con expertos y de manera pr\u00e1ctica!","canonical":"https:\/\/dks.digital\/mx\/business-school\/","og_locale":"es_ES","og_type":"article","og_title":"Business School - DKS, tu centro de estudios especializado en internet Business School | DKS","og_description":"Descubre nuestra Escuela de Negocios y su oferta de maestr\u00edas y cursos de gesti\u00f3n de empresas \u00a1Aprende con expertos y de manera pr\u00e1ctica!","og_url":"https:\/\/dks.digital\/mx\/business-school\/","og_site_name":"DKS, tu centro de estudios especializado en internet","article_modified_time":"2026-02-20T13:54:47+00:00","twitter_card":"summary_large_image","schema":{"@context":"https:\/\/schema.org","@graph":[{"@type":"WebPage","@id":"https:\/\/dks.digital\/mx\/business-school\/","url":"https:\/\/dks.digital\/mx\/business-school\/","name":"Business School - DKS, tu centro de estudios especializado en internet Business School | DKS","isPartOf":{"@id":"https:\/\/dks.digital\/mx\/#website"},"datePublished":"2024-09-12T10:51:29+00:00","dateModified":"2026-02-20T13:54:47+00:00","description":"Descubre nuestra Escuela de Negocios y su oferta de maestr\u00edas y cursos de gesti\u00f3n de empresas \u00a1Aprende con expertos y de manera pr\u00e1ctica!","inLanguage":"es-MX","potentialAction":[{"@type":"ReadAction","target":["https:\/\/dks.digital\/mx\/business-school\/"]}]},{"@type":"WebSite","@id":"https:\/\/dks.digital\/mx\/#website","url":"https:\/\/dks.digital\/mx\/","name":"DKS, tu centro de estudios especializado en internet","description":"DKS, la escuela de los profesionales digitales desde hace m\u00e1s de 7 a\u00f1os","publisher":{"@id":"https:\/\/dks.digital\/mx\/#organization"},"potentialAction":[{"@type":"SearchAction","target":{"@type":"EntryPoint","urlTemplate":"https:\/\/dks.digital\/mx\/?s={search_term_string}"},"query-input":"required name=search_term_string"}],"inLanguage":"es-MX"},{"@type":"Organization","@id":"https:\/\/dks.digital\/mx\/#organization","name":"DKS, tu centro de estudios especializado en internet","url":"https:\/\/dks.digital\/mx\/","logo":{"@type":"ImageObject","inLanguage":"es-MX","@id":"https:\/\/dks.digital\/mx\/#\/schema\/logo\/image\/","url":"https:\/\/dks.digital\/wp-content\/uploads\/2025\/12\/cropped-cropped-favicon-ks.jpg","contentUrl":"https:\/\/dks.digital\/wp-content\/uploads\/2025\/12\/cropped-cropped-favicon-ks.jpg","width":512,"height":512,"caption":"DKS, tu centro de estudios especializado en internet"},"image":{"@id":"https:\/\/dks.digital\/mx\/#\/schema\/logo\/image\/"}}]}},"_links":{"self":[{"href":"https:\/\/dks.digital\/mx\/wp-json\/wp\/v2\/pages\/82422"}],"collection":[{"href":"https:\/\/dks.digital\/mx\/wp-json\/wp\/v2\/pages"}],"about":[{"href":"https:\/\/dks.digital\/mx\/wp-json\/wp\/v2\/types\/page"}],"author":[{"embeddable":true,"href":"https:\/\/dks.digital\/mx\/wp-json\/wp\/v2\/users\/1"}],"replies":[{"embeddable":true,"href":"https:\/\/dks.digital\/mx\/wp-json\/wp\/v2\/comments?post=82422"}],"version-history":[{"count":7,"href":"https:\/\/dks.digital\/mx\/wp-json\/wp\/v2\/pages\/82422\/revisions"}],"predecessor-version":[{"id":85798,"href":"https:\/\/dks.digital\/mx\/wp-json\/wp\/v2\/pages\/82422\/revisions\/85798"}],"wp:attachment":[{"href":"https:\/\/dks.digital\/mx\/wp-json\/wp\/v2\/media?parent=82422"}],"curies":[{"name":"wp","href":"https:\/\/api.w.org\/{rel}","templated":true}]}}