{"id":82411,"date":"2025-06-05T12:52:19","date_gmt":"2025-06-05T10:52:19","guid":{"rendered":"https:\/\/dks.digital\/cursos\/"},"modified":"2026-01-21T17:25:20","modified_gmt":"2026-01-21T16:25:20","slug":"cursos","status":"publish","type":"page","link":"https:\/\/dks.digital\/mx\/cursos\/","title":{"rendered":"Cursos en l\u00ednea"},"content":{"rendered":"<link rel=\"preload\" href=\"https:\/\/dks.digital\/wp-content\/uploads\/2025\/01\/Cursos-Online.png\" as=\"image\"><link rel=\"preload\" href=\"https:\/\/dks.digital\/wp-content\/uploads\/2025\/01\/Cursos-Online_Mobile-1.png\" as=\"image\"><section id=\"hero-simple\" class=\"hero-simple -text-white -bg-black\">\n  <picture class=\"hero-simple__bg\">\n    <!-- tatamiento horizontal -->\n    <source media=\"(orientation: landscape) and (min-width: 1024px)\" srcset=\"https:\/\/dks.digital\/wp-content\/uploads\/2025\/01\/Cursos-Online.png\">\n    <!-- tatamiento vertical -->\n    <img decoding=\"async\" class=\"hero-simple__img\" alt=\"Alt de la imagen\" title=\"Title de la imagen\" src=\"https:\/\/dks.digital\/wp-content\/uploads\/2025\/01\/Cursos-Online_Mobile-1.png\" loading=\"eager\" fetchpriority=\"high\" data-identifier=\"hero-simple-image\">\n    <noscript>\n      <img decoding=\"async\" alt=\"Alt de la imagen\" title=\"Title de la imagen\" src=\"https:\/\/dks.digital\/wp-content\/uploads\/2025\/01\/Cursos-Online_Mobile-1.png\" loading=\"eager\" fetchpriority=\"high\" data-identifier=\"hero-simple-image\">\n    <\/noscript>\n  <\/picture>\n\n  \n  <div class=\"container\">\n    <div class=\"hero-simple__content\">\n      <h1 class=\"hero-simple__title\">Cursos en l\u00ednea<\/h1>\n            <div class=\"hero-simple__wysiwyg\">\n        <p>En DKS contamos con la oferta m\u00e1s amplia de cursos en l\u00ednea del sector digital y tecnol\u00f3gico: clases en directo, con acceso posterior a la grabaci\u00f3n, metodolog\u00eda 100% pr\u00e1ctica y sin horas de m\u00e1s.<\/p>\n      <\/div>\n    <\/div>\n  <\/div>\n<\/section>\n\n\r\n      <script type=\"application\/ld+json\">\r\n      {\r\n        \"@context\": \"https:\/\/schema.org\",\r\n        \"@type\": \"ItemList\",\r\n        \"itemListElement\": [\r\n            {\r\n              \"@type\": \"ListItem\",\r\n              \"position\": 1,\r\n              \"item\": {\r\n                \"@type\": \"Course\",\r\n                \"url\":\"https:\/\/dks.digital\/mx\/cursos\/curso-direccion-futbol-base\/\",\r\n                \"name\": \"Programa Profesional en Direcci\u00f3n T\u00e9cnica de F\u00fatbol Base\",\r\n                \"description\": \"Convi\u00e9rtete en director o coordinador de f\u00fatbol base. Dirige escuelas de f\u00fatbol formativo con nuestro curso especializado. Amplias salidas profesionales.\",\r\n                \"provider\": {\r\n                  \"@type\": \"Organization\",\r\n                  \"name\": \"DKS\",\r\n                  \"sameAs\": \"https:\/\/dks.digital\"\r\n                },\r\n                \"offers\": {\r\n                  \"@type\": \"Offer\",\r\n                     \"priceCurrency\": \"EUR\",\r\n                  \"category\": \"Cursos\",\r\n                  \"availability\": \"http:\/\/schema.org\/InStock\"\r\n                },\r\n                \"hasCourseInstance\": [\r\n                    {\r\n                      \"@type\": \"CourseInstance\",\r\n                      \"courseMode\": \"online\",\r\n                      \"startDate\": \"2026-11-09TZ\",\r\n                      \"endDate\": \"2027-04-23TZ\",\r\n                      \"courseWorkload\": \"PT18000H\",\r\n                      \"instructor\": [\r\n                        \r\n                        {\r\n                          \"@type\": \"Person\",\r\n                          \"name\": \"Javier Ornia Torres\",\r\n                          \"jobTitle\": \"Docente UNIR\"\r\n                        },\r\n                        {\r\n                          \"@type\": \"Person\",\r\n                          \"name\": \"Josu Imanol Julian Fandi\u00f1o\",\r\n                          \"jobTitle\": \"Profesor de ciclo formativo en f\u00fatbol\"\r\n                        },\r\n                        {\r\n                          \"@type\": \"Person\",\r\n                          \"name\": \"Francisco Javier Mart\u00ednez Mart\u00ed\",\r\n                          \"jobTitle\": \"Docente\"\r\n                        }\r\n                      ]\r\n                      \r\n                    }\r\n                ]\r\n              }\r\n            },\r\n            {\r\n              \"@type\": \"ListItem\",\r\n              \"position\": 2,\r\n              \"item\": {\r\n                \"@type\": \"Course\",\r\n                \"url\":\"https:\/\/dks.digital\/mx\/cursos\/curso-deporte-pacientes-oncologicos\/\",\r\n                \"name\": \"Experto Universitario en Ejercicio F\u00edsico para Pacientes Oncol\u00f3gicos\",\r\n                \"description\": \"Estudia el Curso en ejercicio f\u00edsico para pacientes oncol\u00f3gicos. Desarrolla planes deportivos cruciales para la atenci\u00f3n integral del c\u00e1ncer \u00a1Clases online!\",\r\n                \"provider\": {\r\n                  \"@type\": \"Organization\",\r\n                  \"name\": \"DKS\",\r\n                  \"sameAs\": \"https:\/\/dks.digital\"\r\n                },\r\n                \"offers\": {\r\n                  \"@type\": \"Offer\",\r\n                     \"priceCurrency\": \"EUR\",\r\n                  \"category\": \"Cursos\",\r\n                  \"availability\": \"http:\/\/schema.org\/InStock\"\r\n                },\r\n                \"hasCourseInstance\": [\r\n                    {\r\n                      \"@type\": \"CourseInstance\",\r\n                      \"courseMode\": \"online\",\r\n                      \"startDate\": \"2026-11-09TZ\",\r\n                      \"endDate\": \"2027-05-14TZ\",\r\n                      \"courseWorkload\": \"PT450H\",\r\n                      \"instructor\": [\r\n                        \r\n                        {\r\n                          \"@type\": \"Person\",\r\n                          \"name\": \"Soraya Casla Barrio\",\r\n                          \"jobTitle\": \"Docente universitaria en la Universidad Pontificia Comillas.\"\r\n                        },\r\n                        {\r\n                          \"@type\": \"Person\",\r\n                          \"name\": \"F\u00e1tima Casta\u00f1o Ferrero\",\r\n                          \"jobTitle\": \"Psicoonc\u00f3loga en el Hospital MD Anderson Cancer center Madrid.\"\r\n                        },\r\n                        {\r\n                          \"@type\": \"Person\",\r\n                          \"name\": \"Mar\u00eda Josefa Echarri Gonz\u00e1lez\",\r\n                          \"jobTitle\": \"FEA en Hospital Severo Ochoa\"\r\n                        },\r\n                        {\r\n                          \"@type\": \"Person\",\r\n                          \"name\": \"M\u00f3nica Castellanos Montealegre\",\r\n                          \"jobTitle\": \"Especialista en ejercicio f\u00edsico oncol\u00f3gico\"\r\n                        },\r\n                        {\r\n                          \"@type\": \"Person\",\r\n                          \"name\": \"Mar\u00eda del Pilar Ayuso Chico\",\r\n                          \"jobTitle\": \"Directora T\u00e9cnica\"\r\n                        }\r\n                      ]\r\n                      \r\n                    }\r\n                ]\r\n              }\r\n            },\r\n            {\r\n              \"@type\": \"ListItem\",\r\n              \"position\": 3,\r\n              \"item\": {\r\n                \"@type\": \"Course\",\r\n                \"url\":\"https:\/\/dks.digital\/mx\/cursos\/curso-ia-ciberseguridad\/\",\r\n                \"name\": \"Programa Avanzado en IA aplicada a Ciberseguridad\",\r\n                \"description\": \"Aprende a aplicar e integrar la inteligencia artificial en cada fase de la ciberseguridad. Estudia Online con KSchool +Info Aqui!\",\r\n                \"provider\": {\r\n                  \"@type\": \"Organization\",\r\n                  \"name\": \"DKS\",\r\n                  \"sameAs\": \"https:\/\/dks.digital\"\r\n                },\r\n                \"offers\": {\r\n                  \"@type\": \"Offer\",\r\n                     \"priceCurrency\": \"EUR\",\r\n                  \"category\": \"Cursos\",\r\n                  \"availability\": \"http:\/\/schema.org\/InStock\"\r\n                },\r\n                \"hasCourseInstance\": [\r\n                    {\r\n                      \"@type\": \"CourseInstance\",\r\n                      \"courseMode\": \"online\",\r\n                      \"startDate\": \"2025-11-10TZ\",\r\n                      \"endDate\": \"2026-07-26TZ\",\r\n                      \"courseWorkload\": \"PT117H\",\r\n                      \"instructor\": [\r\n                        \r\n                        {\r\n                          \"@type\": \"Person\",\r\n                          \"name\": \"Rafael S\u00e1nchez G\u00f3mez\",\r\n                          \"jobTitle\": \"Arquitecto de Seguridad\"\r\n                        },\r\n                        {\r\n                          \"@type\": \"Person\",\r\n                          \"name\": \"Juan Vicente Garc\u00eda\",\r\n                          \"jobTitle\": \"Abogado especializado en Derecho de Nuevas Tecnolog\u00edas y Protecci\u00f3n de Datos\"\r\n                        },\r\n                        {\r\n                          \"@type\": \"Person\",\r\n                          \"name\": \"Miguel \u00c1ngel Ortega Exp\u00f3sito\",\r\n                          \"jobTitle\": \"Ingeniero inform\u00e1tico\"\r\n                        },\r\n                        {\r\n                          \"@type\": \"Person\",\r\n                          \"name\": \"Wiktor Nykiel\",\r\n                          \"jobTitle\": \"Cyber Security y Cofundador de Ginseg\"\r\n                        },\r\n                        {\r\n                          \"@type\": \"Person\",\r\n                          \"name\": \"N\u00e9stor Jarque Cepeda\",\r\n                          \"jobTitle\": \" Head of Cyber Security\"\r\n                        }\r\n                      ]\r\n                      \r\n                    }\r\n                ]\r\n              }\r\n            },\r\n            {\r\n              \"@type\": \"ListItem\",\r\n              \"position\": 4,\r\n              \"item\": {\r\n                \"@type\": \"Course\",\r\n                \"url\":\"https:\/\/dks.digital\/mx\/cursos\/curso-caio\/\",\r\n                \"name\": \"Programa Executive en Chief AI Officer (CAIO)\",\r\n                \"description\": \"Convi\u00e9rtete en Chief AI Officer (CAIO). Curso online l\u00edder para dominar la estrategia de IA, gobernanza y transformaci\u00f3n digital \u00a1Impulsa tu carrera!\",\r\n                \"provider\": {\r\n                  \"@type\": \"Organization\",\r\n                  \"name\": \"DKS\",\r\n                  \"sameAs\": \"https:\/\/dks.digital\"\r\n                },\r\n                \"offers\": {\r\n                  \"@type\": \"Offer\",\r\n                     \"priceCurrency\": \"EUR\",\r\n                  \"category\": \"Cursos\",\r\n                  \"availability\": \"http:\/\/schema.org\/InStock\"\r\n                },\r\n                \"hasCourseInstance\": [\r\n                    {\r\n                      \"@type\": \"CourseInstance\",\r\n                      \"courseMode\": \"online\",\r\n                      \"startDate\": \"2026-04-21TZ\",\r\n                      \"endDate\": \"2026-08-01TZ\",\r\n                      \"courseWorkload\": \"PT40H\",\r\n                      \"instructor\": [\r\n                        \r\n                      ]\r\n                      \r\n                    }\r\n                ]\r\n              }\r\n            },\r\n            {\r\n              \"@type\": \"ListItem\",\r\n              \"position\": 5,\r\n              \"item\": {\r\n                \"@type\": \"Course\",\r\n                \"url\":\"https:\/\/dks.digital\/mx\/cursos\/curso-arquitecturas-cloud\/\",\r\n                \"name\": \"Programa Avanzado en Arquitecturas Cloud\",\r\n                \"description\": \"Aprende a dise\u00f1ar, implementar y gestionar arquitecturas en la nube que garanticen seguridad, rendimiento y escalabilidad.\",\r\n                \"provider\": {\r\n                  \"@type\": \"Organization\",\r\n                  \"name\": \"DKS\",\r\n                  \"sameAs\": \"https:\/\/dks.digital\"\r\n                },\r\n                \"offers\": {\r\n                  \"@type\": \"Offer\",\r\n                     \"priceCurrency\": \"EUR\",\r\n                  \"category\": \"Cursos\",\r\n                  \"availability\": \"http:\/\/schema.org\/InStock\"\r\n                },\r\n                \"hasCourseInstance\": [\r\n                    {\r\n                      \"@type\": \"CourseInstance\",\r\n                      \"courseMode\": \"online\",\r\n                      \"startDate\": \"2026-03-16TZ\",\r\n                      \"endDate\": \"2026-08-16TZ\",\r\n                      \"courseWorkload\": \"PT50H\",\r\n                      \"instructor\": [\r\n                        \r\n                        {\r\n                          \"@type\": \"Person\",\r\n                          \"name\": \"Javier Pozo Ugidos\",\r\n                          \"jobTitle\": \"CIO\"\r\n                        },\r\n                        {\r\n                          \"@type\": \"Person\",\r\n                          \"name\": \"Ignacio P\u00e9rez Torres\",\r\n                          \"jobTitle\": \"Ingeniero T\u00e9cnico de Telecomunicaci\u00f3n\"\r\n                        },\r\n                        {\r\n                          \"@type\": \"Person\",\r\n                          \"name\": \"David Garc\u00eda de Diego\",\r\n                          \"jobTitle\": \"CTO e IT Advisor\"\r\n                        },\r\n                        {\r\n                          \"@type\": \"Person\",\r\n                          \"name\": \"Luis Vi\u00f1olas Salustiano\",\r\n                          \"jobTitle\": \"Product Developer\"\r\n                        },\r\n                        {\r\n                          \"@type\": \"Person\",\r\n                          \"name\": \"H\u00e9ctor Blasco Anteportamlatinam\",\r\n                          \"jobTitle\": \"Cloud Solution Architect\"\r\n                        }\r\n                      ]\r\n                      \r\n                    }\r\n                ]\r\n              }\r\n            },\r\n            {\r\n              \"@type\": \"ListItem\",\r\n              \"position\": 6,\r\n              \"item\": {\r\n                \"@type\": \"Course\",\r\n                \"url\":\"https:\/\/dks.digital\/mx\/cursos\/curso-ia-programadores\/\",\r\n                \"name\": \"Programa en IA para Programar\",\r\n                \"description\": \"Aprende a aplicar e integrar la inteligencia artificial en cada fase del desarrollo de software. Estudia Online con DKS\",\r\n                \"provider\": {\r\n                  \"@type\": \"Organization\",\r\n                  \"name\": \"DKS\",\r\n                  \"sameAs\": \"https:\/\/dks.digital\"\r\n                },\r\n                \"offers\": {\r\n                  \"@type\": \"Offer\",\r\n                     \"priceCurrency\": \"EUR\",\r\n                  \"category\": \"Cursos\",\r\n                  \"availability\": \"http:\/\/schema.org\/InStock\"\r\n                },\r\n                \"hasCourseInstance\": [\r\n                    {\r\n                      \"@type\": \"CourseInstance\",\r\n                      \"courseMode\": \"online\",\r\n                      \"startDate\": \"2026-03-16TZ\",\r\n                      \"endDate\": \"2026-07-26TZ\",\r\n                      \"courseWorkload\": \"PT93H\",\r\n                      \"instructor\": [\r\n                        \r\n                        {\r\n                          \"@type\": \"Person\",\r\n                          \"name\": \"Alan Sastre\",\r\n                          \"jobTitle\": \" CEO y formador Frontend, Backend y Ciencia de datos e IA Generativa\"\r\n                        },\r\n                        {\r\n                          \"@type\": \"Person\",\r\n                          \"name\": \"Francisco J\u00e1\u00f1ez Martino\",\r\n                          \"jobTitle\": \"Senior Data Science\"\r\n                        },\r\n                        {\r\n                          \"@type\": \"Person\",\r\n                          \"name\": \"Juan Antonio P\u00e9rez Jarillo\",\r\n                          \"jobTitle\": \"Cofundador y Programador Full Stack \"\r\n                        },\r\n                        {\r\n                          \"@type\": \"Person\",\r\n                          \"name\": \"Estanis Iglesias Porta\",\r\n                          \"jobTitle\": \"Lead Architect & Engineering Manager\"\r\n                        },\r\n                        {\r\n                          \"@type\": \"Person\",\r\n                          \"name\": \"David Carvajal Tabasco\",\r\n                          \"jobTitle\": \"Head of AI | Director Zona Centro Inorbis Analytics\"\r\n                        }\r\n                      ]\r\n                      \r\n                    }\r\n                ]\r\n              }\r\n            },\r\n            {\r\n              \"@type\": \"ListItem\",\r\n              \"position\": 7,\r\n              \"item\": {\r\n                \"@type\": \"Course\",\r\n                \"url\":\"https:\/\/dks.digital\/mx\/cursos\/curso-comunicacion-corporativa\/\",\r\n                \"name\": \"Programa Executive en Comunicaci\u00f3n Estrat\u00e9gica Corporativa\",\r\n                \"description\": \"F\u00f3rmate online con nuestro Curso de Comunicaci\u00f3n Corporativa. Domina la gesti\u00f3n de reputaci\u00f3n, las relaciones p\u00fablicas (RRPP) y la comunicaci\u00f3n de crisis.\",\r\n                \"provider\": {\r\n                  \"@type\": \"Organization\",\r\n                  \"name\": \"DKS\",\r\n                  \"sameAs\": \"https:\/\/dks.digital\"\r\n                },\r\n                \"offers\": {\r\n                  \"@type\": \"Offer\",\r\n                     \"priceCurrency\": \"EUR\",\r\n                  \"category\": \"Cursos\",\r\n                  \"availability\": \"http:\/\/schema.org\/InStock\"\r\n                },\r\n                \"hasCourseInstance\": [\r\n                    {\r\n                      \"@type\": \"CourseInstance\",\r\n                      \"courseMode\": \"online\",\r\n                      \"startDate\": \"2025-11-10TZ\",\r\n                      \"endDate\": \"TZ\",\r\n                      \"courseWorkload\": \"PT53H\",\r\n                      \"instructor\": [\r\n                        \r\n                        {\r\n                          \"@type\": \"Person\",\r\n                          \"name\": \"Lara Falc\u00f3n\",\r\n                          \"jobTitle\": \"Gerente de Comunicaci\u00f3n Digital, Redes Sociales y Contenido Multimedia en Mutua Madrile\u00f1a.\"\r\n                        },\r\n                        {\r\n                          \"@type\": \"Person\",\r\n                          \"name\": \"Goretti Hidalgo Zan\",\r\n                          \"jobTitle\": \"Head of Corporate Communications & Sustainability at Chiesi Espa\u00f1a & Portugal\"\r\n                        },\r\n                        {\r\n                          \"@type\": \"Person\",\r\n                          \"name\": \"Diego Pernas Cabo\",\r\n                          \"jobTitle\": \"Responsable de comunicaci\u00f3n en la Agencia Espa\u00f1ola de Medicamentos y Productos Sanitarios (AEMPS)\"\r\n                        },\r\n                        {\r\n                          \"@type\": \"Person\",\r\n                          \"name\": \"Jos\u00e9 Manuel Paredes\",\r\n                          \"jobTitle\": \"Socio fundador de Paredes Comunicaci\u00f3n\"\r\n                        },\r\n                        {\r\n                          \"@type\": \"Person\",\r\n                          \"name\": \"Javier Gonz\u00e1lez Gallego\",\r\n                          \"jobTitle\": \"Director de Comunicaciones Corporativas del Banco Santander\"\r\n                        },\r\n                        {\r\n                          \"@type\": \"Person\",\r\n                          \"name\": \"Paco Torres\",\r\n                          \"jobTitle\": \"Director de Comunicaci\u00f3n en el Ayuntamiento de Granada \"\r\n                        },\r\n                        {\r\n                          \"@type\": \"Person\",\r\n                          \"name\": \"Carlos P\u00e9rez Mart\u00ednez\u00a0\",\r\n                          \"jobTitle\": \"Senior Project Manager BBVA \"\r\n                        },\r\n                        {\r\n                          \"@type\": \"Person\",\r\n                          \"name\": \"Emma Albadalejo Poyatos\",\r\n                          \"jobTitle\": \"Directora Comunicaci\u00f3n, Marketing y RC en Sopra Steria Espa\u00f1a \"\r\n                        },\r\n                        {\r\n                          \"@type\": \"Person\",\r\n                          \"name\": \"Mercedes Asorey\",\r\n                          \"jobTitle\": \"Consultora comunicaci\u00f3n y marketing en ASOMAR Comunicaci\u00f3n \"\r\n                        }\r\n                      ]\r\n                      \r\n                    }\r\n                ]\r\n              }\r\n            },\r\n            {\r\n              \"@type\": \"ListItem\",\r\n              \"position\": 8,\r\n              \"item\": {\r\n                \"@type\": \"Course\",\r\n                \"url\":\"https:\/\/dks.digital\/mx\/cursos\/curso-derecho-ia\/\",\r\n                \"name\": \"Programa en\u00a0Inteligencia Artificial (IA) para el Sector Jur\u00eddico\",\r\n                \"description\": \"Aprende a utilizar herramientas de IA para el sector Jur\u00eddico de manera 100% pr\u00e1ctica \u00a1Estudia en l\u00ednea con expertos del sector!\",\r\n                \"provider\": {\r\n                  \"@type\": \"Organization\",\r\n                  \"name\": \"DKS\",\r\n                  \"sameAs\": \"https:\/\/dks.digital\"\r\n                },\r\n                \"offers\": {\r\n                  \"@type\": \"Offer\",\r\n                     \"priceCurrency\": \"EUR\",\r\n                  \"category\": \"Cursos\",\r\n                  \"availability\": \"http:\/\/schema.org\/InStock\"\r\n                },\r\n                \"hasCourseInstance\": [\r\n                    {\r\n                      \"@type\": \"CourseInstance\",\r\n                      \"courseMode\": \"online\",\r\n                      \"startDate\": \"2026-04-13TZ\",\r\n                      \"endDate\": \"2026-09-14TZ\",\r\n                      \"courseWorkload\": \"PT200H\",\r\n                      \"instructor\": [\r\n                        \r\n                        {\r\n                          \"@type\": \"Person\",\r\n                          \"name\": \"Blanca Bardin Rodr\u00edguez-Losada\",\r\n                          \"jobTitle\": \"Socia del equipo de NewLaw en PwC Espa\u00f1a\"\r\n                        },\r\n                        {\r\n                          \"@type\": \"Person\",\r\n                          \"name\": \"Beatriz Hoya de Mar\u00eda\",\r\n                          \"jobTitle\": \"Directora de NewLaw en PwC Espa\u00f1a\"\r\n                        },\r\n                        {\r\n                          \"@type\": \"Person\",\r\n                          \"name\": \"Sara De Pablo Y\u00e1ng\u00fcez\",\r\n                          \"jobTitle\": \"Senior Associate de NewLaw en PwC\"\r\n                        }\r\n                      ]\r\n                      \r\n                    }\r\n                ]\r\n              }\r\n            },\r\n            {\r\n              \"@type\": \"ListItem\",\r\n              \"position\": 9,\r\n              \"item\": {\r\n                \"@type\": \"Course\",\r\n                \"url\":\"https:\/\/dks.digital\/mx\/cursos\/curso-google-analytics\/\",\r\n                \"name\": \"Curso en Google Analytics 4\",\r\n                \"description\": \"Aprende con nuestro curso de Google Analytics y GA4. Domina la anal\u00edtica web y convierte en profesional demandado.\",\r\n                \"provider\": {\r\n                  \"@type\": \"Organization\",\r\n                  \"name\": \"DKS\",\r\n                  \"sameAs\": \"https:\/\/dks.digital\"\r\n                },\r\n                \"offers\": {\r\n                  \"@type\": \"Offer\",\r\n                     \"priceCurrency\": \"EUR\",\r\n                  \"category\": \"Cursos\",\r\n                  \"availability\": \"http:\/\/schema.org\/InStock\"\r\n                },\r\n                \"hasCourseInstance\": [\r\n                    {\r\n                      \"@type\": \"CourseInstance\",\r\n                      \"courseMode\": \"online\",\r\n                      \"startDate\": \"2025-10-06TZ\",\r\n                      \"endDate\": \"2025-11-05TZ\",\r\n                      \"courseWorkload\": \"PT28H\",\r\n                      \"instructor\": [\r\n                        \r\n                        {\r\n                          \"@type\": \"Person\",\r\n                          \"name\": \"Jorge Llorente\",\r\n                          \"jobTitle\": \"Senior Digital Analyst\"\r\n                        },\r\n                        {\r\n                          \"@type\": \"Person\",\r\n                          \"name\": \"Diego Higuera\",\r\n                          \"jobTitle\": \"Data Solution Lead y exalumno de DKS \"\r\n                        }\r\n                      ]\r\n                      \r\n                    }\r\n                ]\r\n              }\r\n            },\r\n            {\r\n              \"@type\": \"ListItem\",\r\n              \"position\": 10,\r\n              \"item\": {\r\n                \"@type\": \"Course\",\r\n                \"url\":\"https:\/\/dks.digital\/mx\/cursos\/curso-inteligencia-emocional\/\",\r\n                \"name\": \"Programa Avanzado en Inteligencia Emocional\",\r\n                \"description\": \"Aprende con nuestro curso de inteligencia emocional en l\u00ednea. Desarrolla tus habilidades emocionales.\",\r\n                \"provider\": {\r\n                  \"@type\": \"Organization\",\r\n                  \"name\": \"DKS\",\r\n                  \"sameAs\": \"https:\/\/dks.digital\"\r\n                },\r\n                \"offers\": {\r\n                  \"@type\": \"Offer\",\r\n                     \"priceCurrency\": \"EUR\",\r\n                  \"category\": \"Cursos\",\r\n                  \"availability\": \"http:\/\/schema.org\/InStock\"\r\n                },\r\n                \"hasCourseInstance\": [\r\n                    {\r\n                      \"@type\": \"CourseInstance\",\r\n                      \"courseMode\": \"online\",\r\n                      \"startDate\": \"2025-11-10TZ\",\r\n                      \"endDate\": \"2026-04-10TZ\",\r\n                      \"courseWorkload\": \"PT450H\",\r\n                      \"instructor\": [\r\n                        \r\n                        {\r\n                          \"@type\": \"Person\",\r\n                          \"name\": \"Carmen Garc\u00eda de Leaniz\",\r\n                          \"jobTitle\": \"Socia-Fundadora de GLS Educaci\u00f3n Emocional\"\r\n                        },\r\n                        {\r\n                          \"@type\": \"Person\",\r\n                          \"name\": \"Olga Ca\u00f1izares\",\r\n                          \"jobTitle\": \"Certified CoachHub Coach\"\r\n                        },\r\n                        {\r\n                          \"@type\": \"Person\",\r\n                          \"name\": \"Olga Castanyer\",\r\n                          \"jobTitle\": \"Psic\u00f3loga Especialista en Psicolog\u00eda Cl\u00ednica, Psic\u00f3loga Europea por la EFPA\"\r\n                        },\r\n                        {\r\n                          \"@type\": \"Person\",\r\n                          \"name\": \"Elena Mendoza de la Fuente\",\r\n                          \"jobTitle\": \"Coach CORAOPS \u00a9 PCC por ICF\"\r\n                        },\r\n                        {\r\n                          \"@type\": \"Person\",\r\n                          \"name\": \"Leticia Garc\u00e9s Larrea\",\r\n                          \"jobTitle\": \"Directora y Fundadora\"\r\n                        },\r\n                        {\r\n                          \"@type\": \"Person\",\r\n                          \"name\": \"Susana Alfageme Pardo\",\r\n                          \"jobTitle\": \"PT\/AL y Orientadora\"\r\n                        },\r\n                        {\r\n                          \"@type\": \"Person\",\r\n                          \"name\": \"Jes\u00fas de Frutos Ca\u00f1izares\",\r\n                          \"jobTitle\": \" Responsable del departamento de Gesti\u00f3n del Cambio y Adopci\u00f3n \"\r\n                        },\r\n                        {\r\n                          \"@type\": \"Person\",\r\n                          \"name\": \"Isabel Laura Gil Docampo\",\r\n                          \"jobTitle\": \"Directora y Fundadora\"\r\n                        },\r\n                        {\r\n                          \"@type\": \"Person\",\r\n                          \"name\": \"Selma Serrano Girau\",\r\n                          \"jobTitle\": \"Coach Ejecutivo Certificado Senior\"\r\n                        },\r\n                        {\r\n                          \"@type\": \"Person\",\r\n                          \"name\": \"Cristina Miaja\",\r\n                          \"jobTitle\": \"Associate Coach\"\r\n                        },\r\n                        {\r\n                          \"@type\": \"Person\",\r\n                          \"name\": \"Marta Morales P\u00e9rez\",\r\n                          \"jobTitle\": \"Responsable del Dpto. Orientaci\u00f3n y Programa de Pensamiento Emocional\"\r\n                        },\r\n                        {\r\n                          \"@type\": \"Person\",\r\n                          \"name\": \"Daniel Molina Mart\u00edn\",\r\n                          \"jobTitle\": \"Asesor educativo y de formaci\u00f3n\"\r\n                        },\r\n                        {\r\n                          \"@type\": \"Person\",\r\n                          \"name\": \"Maria Isabel Cuartero Desviat\",\r\n                          \"jobTitle\": \"Neurovascular del Instituto de Salud Research i+12\"\r\n                        },\r\n                        {\r\n                          \"@type\": \"Person\",\r\n                          \"name\": \"Inmaculada Garc\u00eda de Frutos\",\r\n                          \"jobTitle\": \"Cofundadora del equipo Inteligencia Emocional\"\r\n                        },\r\n                        {\r\n                          \"@type\": \"Person\",\r\n                          \"name\": \"Elisabeth Ochoa Garc\u00eda\",\r\n                          \"jobTitle\": \"Formadora de docentes \"\r\n                        },\r\n                        {\r\n                          \"@type\": \"Person\",\r\n                          \"name\": \"Jos\u00e9 Andr\u00e9s Cort\u00e9s Valiente\",\r\n                          \"jobTitle\": \"Experto Internacional en Gesti\u00f3n y Desarrollo Organizacional\"\r\n                        }\r\n                      ]\r\n                      \r\n                    }\r\n                ]\r\n              }\r\n            },\r\n            {\r\n              \"@type\": \"ListItem\",\r\n              \"position\": 11,\r\n              \"item\": {\r\n                \"@type\": \"Course\",\r\n                \"url\":\"https:\/\/dks.digital\/mx\/cursos\/curso-nutricion-deportiva\/\",\r\n                \"name\": \"Programa Avanzado en Nutrici\u00f3n Deportiva\",\r\n                \"description\": \"Estudia nutrici\u00f3n deportiva con nuestro curso en l\u00ednea especializado. Ofrecemos formaci\u00f3n en nutrici\u00f3n deportiva a distancia para tu desarrollo profesional.\",\r\n                \"provider\": {\r\n                  \"@type\": \"Organization\",\r\n                  \"name\": \"DKS\",\r\n                  \"sameAs\": \"https:\/\/dks.digital\"\r\n                },\r\n                \"offers\": {\r\n                  \"@type\": \"Offer\",\r\n                     \"priceCurrency\": \"EUR\",\r\n                  \"category\": \"Cursos\",\r\n                  \"availability\": \"http:\/\/schema.org\/InStock\"\r\n                },\r\n                \"hasCourseInstance\": [\r\n                    {\r\n                      \"@type\": \"CourseInstance\",\r\n                      \"courseMode\": \"online\",\r\n                      \"startDate\": \"2025-11-17TZ\",\r\n                      \"endDate\": \"2026-04-17TZ\",\r\n                      \"courseWorkload\": \"PT450H\",\r\n                      \"instructor\": [\r\n                        \r\n                        {\r\n                          \"@type\": \"Person\",\r\n                          \"name\": \"Agust\u00ed Acosta Gallego\",\r\n                          \"jobTitle\": \"Director acad\u00e9mico\"\r\n                        },\r\n                        {\r\n                          \"@type\": \"Person\",\r\n                          \"name\": \"Carolina Teresa Gonz\u00e1lez Ant\u00f3n\",\r\n                          \"jobTitle\": \"Doctora en Nutrici\u00f3n y Dietista-Nutricionista\"\r\n                        },\r\n                        {\r\n                          \"@type\": \"Person\",\r\n                          \"name\": \"Antonio Murillo Cancho\",\r\n                          \"jobTitle\": \"CEO de Cellbitec\"\r\n                        },\r\n                        {\r\n                          \"@type\": \"Person\",\r\n                          \"name\": \"Jos\u00e9 Pedro Villegas P\u00e9rez\",\r\n                          \"jobTitle\": \"Nutricionista para el Club Atl\u00e9tico de Madrid\"\r\n                        },\r\n                        {\r\n                          \"@type\": \"Person\",\r\n                          \"name\": \"Paula de Francisco Jim\u00e9nez\",\r\n                          \"jobTitle\": \"Nutricionista del Atl\u00e9tico de Madrid\"\r\n                        },\r\n                        {\r\n                          \"@type\": \"Person\",\r\n                          \"name\": \"Javier N\u00fa\u00f1ez Villar\",\r\n                          \"jobTitle\": \"M\u00e9dico responsable del Atl\u00e9tico de Madrid Femenino.\"\r\n                        }\r\n                      ]\r\n                      \r\n                    }\r\n                ]\r\n              }\r\n            },\r\n            {\r\n              \"@type\": \"ListItem\",\r\n              \"position\": 12,\r\n              \"item\": {\r\n                \"@type\": \"Course\",\r\n                \"url\":\"https:\/\/dks.digital\/mx\/cursos\/curso-inteligencia-artificial-marketing\/\",\r\n                \"name\": \"Experto en\u00a0Inteligencia Artificial (IA) aplicada al Marketing\",\r\n                \"description\": \"Aprende a utilizar herramientas de IA para Marketing Digital de manera 100% pr\u00e1ctica \u00a1Estudia online con expertos del sector!\",\r\n                \"provider\": {\r\n                  \"@type\": \"Organization\",\r\n                  \"name\": \"DKS\",\r\n                  \"sameAs\": \"https:\/\/dks.digital\"\r\n                },\r\n                \"offers\": {\r\n                  \"@type\": \"Offer\",\r\n                     \"priceCurrency\": \"EUR\",\r\n                  \"category\": \"Cursos\",\r\n                  \"availability\": \"http:\/\/schema.org\/InStock\"\r\n                },\r\n                \"hasCourseInstance\": [\r\n                    {\r\n                      \"@type\": \"CourseInstance\",\r\n                      \"courseMode\": \"online\",\r\n                      \"startDate\": \"2025-09-30TZ\",\r\n                      \"endDate\": \"2025-11-25TZ\",\r\n                      \"courseWorkload\": \"PT80H\",\r\n                      \"instructor\": [\r\n                        \r\n                        {\r\n                          \"@type\": \"Person\",\r\n                          \"name\": \"Cristian Betancort\",\r\n                          \"jobTitle\": \"Chief Service & Success Officer\"\r\n                        },\r\n                        {\r\n                          \"@type\": \"Person\",\r\n                          \"name\": \"John Zuazua\",\r\n                          \"jobTitle\": \"Data Driven Analyst en SIDN Digital Thinking\"\r\n                        },\r\n                        {\r\n                          \"@type\": \"Person\",\r\n                          \"name\": \"L\u00e1zaro Jim\u00e9nez Ruiz\",\r\n                          \"jobTitle\": \"Digital Consultant Team Lead\"\r\n                        },\r\n                        {\r\n                          \"@type\": \"Person\",\r\n                          \"name\": \"Elena Mart\u00ednez\",\r\n                          \"jobTitle\": \"Design and creative Leader\"\r\n                        },\r\n                        {\r\n                          \"@type\": \"Person\",\r\n                          \"name\": \"Raquel Uribe\",\r\n                          \"jobTitle\": \"Senior Multimedia Designer\"\r\n                        },\r\n                        {\r\n                          \"@type\": \"Person\",\r\n                          \"name\": \"Lolo Riazzo\",\r\n                          \"jobTitle\": \"SEO Team Lead & Operations\"\r\n                        },\r\n                        {\r\n                          \"@type\": \"Person\",\r\n                          \"name\": \"Marina Rivero Mui\u00f1os\",\r\n                          \"jobTitle\": \"Digital Content Executive\"\r\n                        },\r\n                        {\r\n                          \"@type\": \"Person\",\r\n                          \"name\": \"Armando Mart\u00edn\",\r\n                          \"jobTitle\": \"Paid Media Specialist\"\r\n                        },\r\n                        {\r\n                          \"@type\": \"Person\",\r\n                          \"name\": \"Isabel V\u00e1zquez\",\r\n                          \"jobTitle\": \"AI Solutions Manager en SIDN\"\r\n                        },\r\n                        {\r\n                          \"@type\": \"Person\",\r\n                          \"name\": \"Lara Borrego\",\r\n                          \"jobTitle\": \"Paid Media Team Lead\"\r\n                        },\r\n                        {\r\n                          \"@type\": \"Person\",\r\n                          \"name\": \"Alejandro Gonz\u00e1lez\",\r\n                          \"jobTitle\": \"Customer Intelligence Consultant\"\r\n                        },\r\n                        {\r\n                          \"@type\": \"Person\",\r\n                          \"name\": \"Gonzalo Moreno\",\r\n                          \"jobTitle\": \"Senior Customer Intelligence Consultant\"\r\n                        },\r\n                        {\r\n                          \"@type\": \"Person\",\r\n                          \"name\": \"Almudena Mart\u00edn\",\r\n                          \"jobTitle\": \"Senior Customer Intelligence Consultant\"\r\n                        },\r\n                        {\r\n                          \"@type\": \"Person\",\r\n                          \"name\": \"Juanma \u00c1vila\",\r\n                          \"jobTitle\": \"Manager Designer UX\/UI\"\r\n                        },\r\n                        {\r\n                          \"@type\": \"Person\",\r\n                          \"name\": \"Raquel Mart\u00edn\",\r\n                          \"jobTitle\": \"ORM Manager\"\r\n                        },\r\n                        {\r\n                          \"@type\": \"Person\",\r\n                          \"name\": \"Miguel G\u00f3mez\",\r\n                          \"jobTitle\": \"ORM Manager\"\r\n                        },\r\n                        {\r\n                          \"@type\": \"Person\",\r\n                          \"name\": \"Roxana Jabalera\",\r\n                          \"jobTitle\": \"Senior Digital Project Manager\"\r\n                        },\r\n                        {\r\n                          \"@type\": \"Person\",\r\n                          \"name\": \"Juan Rosa Henares\",\r\n                          \"jobTitle\": \"Mid Senior Graphic Designer \"\r\n                        },\r\n                        {\r\n                          \"@type\": \"Person\",\r\n                          \"name\": \"\u00c1lvaro Rodr\u00edguez Santiago\",\r\n                          \"jobTitle\": \"Senior Fullstack Web Developer\"\r\n                        },\r\n                        {\r\n                          \"@type\": \"Person\",\r\n                          \"name\": \"Marta Fern\u00e1ndez Garc\u00eda\",\r\n                          \"jobTitle\": \"AI Engineer \"\r\n                        }\r\n                      ]\r\n                      \r\n                    }\r\n                ]\r\n              }\r\n            },\r\n            {\r\n              \"@type\": \"ListItem\",\r\n              \"position\": 13,\r\n              \"item\": {\r\n                \"@type\": \"Course\",\r\n                \"url\":\"https:\/\/dks.digital\/mx\/cursos\/curso-ecommerce\/\",\r\n                \"name\": \"Experto en Ecommerce\",\r\n                \"description\": \"Aprende con nuestro curso de ecommerce online. Domina el comercio electr\u00f3nico y vende m\u00e1s en tu negocio digital. \u00a1Inscr\u00edbete hoy!\",\r\n                \"provider\": {\r\n                  \"@type\": \"Organization\",\r\n                  \"name\": \"DKS\",\r\n                  \"sameAs\": \"https:\/\/dks.digital\"\r\n                },\r\n                \"offers\": {\r\n                  \"@type\": \"Offer\",\r\n                     \"priceCurrency\": \"EUR\",\r\n                  \"category\": \"Cursos\",\r\n                  \"availability\": \"http:\/\/schema.org\/InStock\"\r\n                },\r\n                \"hasCourseInstance\": [\r\n                    {\r\n                      \"@type\": \"CourseInstance\",\r\n                      \"courseMode\": \"online\",\r\n                      \"startDate\": \"2025-11-17TZ\",\r\n                      \"endDate\": \"2026-03-24TZ\",\r\n                      \"courseWorkload\": \"PT80H\",\r\n                      \"instructor\": [\r\n                        \r\n                        {\r\n                          \"@type\": \"Person\",\r\n                          \"name\": \"Juan Garrido\",\r\n                          \"jobTitle\": \"Director de Desarrollo de Negocio\"\r\n                        },\r\n                        {\r\n                          \"@type\": \"Person\",\r\n                          \"name\": \"Mar\u00eda Velasco\",\r\n                          \"jobTitle\": \"Digital Design Manager | Chief Strategy Officer \"\r\n                        },\r\n                        {\r\n                          \"@type\": \"Person\",\r\n                          \"name\": \"Nacho Somalo\",\r\n                          \"jobTitle\": \"Founder\"\r\n                        },\r\n                        {\r\n                          \"@type\": \"Person\",\r\n                          \"name\": \"Ana Laura Fleba\",\r\n                          \"jobTitle\": \"Digital Marketing & Commerce Hub Director\"\r\n                        },\r\n                        {\r\n                          \"@type\": \"Person\",\r\n                          \"name\": \"Marc Erra\",\r\n                          \"jobTitle\": \"CEO & Co-Founder\"\r\n                        },\r\n                        {\r\n                          \"@type\": \"Person\",\r\n                          \"name\": \"Enrique S\u00e1nchez P\u00e9rez\",\r\n                          \"jobTitle\": \"Director de nuevos Negocios y Diversificaci\u00f3n\"\r\n                        },\r\n                        {\r\n                          \"@type\": \"Person\",\r\n                          \"name\": \"Esther Gonz\u00e1lez\",\r\n                          \"jobTitle\": \"CEO & Founder\"\r\n                        },\r\n                        {\r\n                          \"@type\": \"Person\",\r\n                          \"name\": \"Yago Madarn\u00e1s\",\r\n                          \"jobTitle\": \"SEO Manager & Digital Specialist\"\r\n                        },\r\n                        {\r\n                          \"@type\": \"Person\",\r\n                          \"name\": \"Ram\u00f3n Montanera\",\r\n                          \"jobTitle\": \"Market Intelligence Director\"\r\n                        },\r\n                        {\r\n                          \"@type\": \"Person\",\r\n                          \"name\": \"Miguel Sanz\",\r\n                          \"jobTitle\": \"Fundador\"\r\n                        },\r\n                        {\r\n                          \"@type\": \"Person\",\r\n                          \"name\": \"Hector Iglesias\",\r\n                          \"jobTitle\": \"Head of Business and Clients\"\r\n                        },\r\n                        {\r\n                          \"@type\": \"Person\",\r\n                          \"name\": \"Daniel Vazquez\",\r\n                          \"jobTitle\": \"Commerce Sales Lead - eCommerce Expert\"\r\n                        },\r\n                        {\r\n                          \"@type\": \"Person\",\r\n                          \"name\": \"\u00c1ngel Alarcos\",\r\n                          \"jobTitle\": \"Social Media Hub Leader\"\r\n                        },\r\n                        {\r\n                          \"@type\": \"Person\",\r\n                          \"name\": \"Cristina Coll\",\r\n                          \"jobTitle\": \"Paid Media Specialist \"\r\n                        }\r\n                      ]\r\n                      \r\n                    }\r\n                ]\r\n              }\r\n            },\r\n            {\r\n              \"@type\": \"ListItem\",\r\n              \"position\": 14,\r\n              \"item\": {\r\n                \"@type\": \"Course\",\r\n                \"url\":\"https:\/\/dks.digital\/mx\/cursos\/curso-marketplaces\/\",\r\n                \"name\": \"Experto en Marketplaces\",\r\n                \"description\": \"Aprende a gestionar Marketplaces virtuales con nuestro curso online. Descubre c\u00f3mo iniciar tu negocio de ecommerce o dropshipping desde cero.\",\r\n                \"provider\": {\r\n                  \"@type\": \"Organization\",\r\n                  \"name\": \"DKS\",\r\n                  \"sameAs\": \"https:\/\/dks.digital\"\r\n                },\r\n                \"offers\": {\r\n                  \"@type\": \"Offer\",\r\n                     \"priceCurrency\": \"EUR\",\r\n                  \"category\": \"Cursos\",\r\n                  \"availability\": \"http:\/\/schema.org\/InStock\"\r\n                },\r\n                \"hasCourseInstance\": [\r\n                    {\r\n                      \"@type\": \"CourseInstance\",\r\n                      \"courseMode\": \"online\",\r\n                      \"startDate\": \"2025-11-18TZ\",\r\n                      \"endDate\": \"2026-02-04TZ\",\r\n                      \"courseWorkload\": \"PT80H\",\r\n                      \"instructor\": [\r\n                        \r\n                        {\r\n                          \"@type\": \"Person\",\r\n                          \"name\": \"Ram\u00f3n Lopez Lax\",\r\n                          \"jobTitle\": \"Market Place and Business Development Manager\"\r\n                        },\r\n                        {\r\n                          \"@type\": \"Person\",\r\n                          \"name\": \"Carmen Cuadrado\",\r\n                          \"jobTitle\": \"Country Manager\"\r\n                        },\r\n                        {\r\n                          \"@type\": \"Person\",\r\n                          \"name\": \"Jos\u00e9 Lu\u00eds Aceituno\",\r\n                          \"jobTitle\": \"Business Development Director\"\r\n                        },\r\n                        {\r\n                          \"@type\": \"Person\",\r\n                          \"name\": \"Julio Garc\u00eda Mart\u00ednez\",\r\n                          \"jobTitle\": \"Country Manager\"\r\n                        },\r\n                        {\r\n                          \"@type\": \"Person\",\r\n                          \"name\": \"Nuria Castro\",\r\n                          \"jobTitle\": \"New Business Director\"\r\n                        },\r\n                        {\r\n                          \"@type\": \"Person\",\r\n                          \"name\": \"Frederic Civit\",\r\n                          \"jobTitle\": \"Head of eCommerce\"\r\n                        },\r\n                        {\r\n                          \"@type\": \"Person\",\r\n                          \"name\": \"Brais Comesa\u00f1a\",\r\n                          \"jobTitle\": \"Head of Venture Studio\"\r\n                        },\r\n                        {\r\n                          \"@type\": \"Person\",\r\n                          \"name\": \"Nacho Somalo\",\r\n                          \"jobTitle\": \"Founder\"\r\n                        },\r\n                        {\r\n                          \"@type\": \"Person\",\r\n                          \"name\": \"Marta Bodas\",\r\n                          \"jobTitle\": \"Market Research Analyst\"\r\n                        },\r\n                        {\r\n                          \"@type\": \"Person\",\r\n                          \"name\": \"Soledad Reviriego\",\r\n                          \"jobTitle\": \"Marketplaces Specialist\"\r\n                        },\r\n                        {\r\n                          \"@type\": \"Person\",\r\n                          \"name\": \"Gemma Garc\u00eda\",\r\n                          \"jobTitle\": \"Chief Operating Officer\"\r\n                        },\r\n                        {\r\n                          \"@type\": \"Person\",\r\n                          \"name\": \"Rafael Lojo\",\r\n                          \"jobTitle\": \"Marketplaces Operations Manager\"\r\n                        },\r\n                        {\r\n                          \"@type\": \"Person\",\r\n                          \"name\": \"Saida Antras\",\r\n                          \"jobTitle\": \"Digital Project Lead\"\r\n                        },\r\n                        {\r\n                          \"@type\": \"Person\",\r\n                          \"name\": \"Luc\u00eda Cabo Garc\u00eda\",\r\n                          \"jobTitle\": \"Team Leader & Marketplace Project Manager\"\r\n                        },\r\n                        {\r\n                          \"@type\": \"Person\",\r\n                          \"name\": \"In\u00e9s Rodr\u00edguez\",\r\n                          \"jobTitle\": \"Product Manager\"\r\n                        },\r\n                        {\r\n                          \"@type\": \"Person\",\r\n                          \"name\": \"Jose Luis Ferrero\",\r\n                          \"jobTitle\": \" Commerce practice lead Iberia \/ Managing Director Spain & Portugal\"\r\n                        }\r\n                      ]\r\n                      \r\n                    }\r\n                ]\r\n              }\r\n            },\r\n            {\r\n              \"@type\": \"ListItem\",\r\n              \"position\": 15,\r\n              \"item\": {\r\n                \"@type\": \"Course\",\r\n                \"url\":\"https:\/\/dks.digital\/mx\/cursos\/inteligencia-artificial-educacion\/\",\r\n                \"name\": \"Experto Universitario en Inteligencia Artificial en Educaci\u00f3n\",\r\n                \"description\": \"Descubre nuestro curso en l\u00ednea para docentes en inteligencia artificial aplicada al \u00e1mbito educativo. Aprende a integrar la IA y transformar tus m\u00e9todos de ense\u00f1anza.\",\r\n                \"provider\": {\r\n                  \"@type\": \"Organization\",\r\n                  \"name\": \"DKS\",\r\n                  \"sameAs\": \"https:\/\/dks.digital\"\r\n                },\r\n                \"offers\": {\r\n                  \"@type\": \"Offer\",\r\n                     \"priceCurrency\": \"EUR\",\r\n                  \"category\": \"Cursos\",\r\n                  \"availability\": \"http:\/\/schema.org\/InStock\"\r\n                },\r\n                \"hasCourseInstance\": [\r\n                    {\r\n                      \"@type\": \"CourseInstance\",\r\n                      \"courseMode\": \"online\",\r\n                      \"startDate\": \"2025-11-17TZ\",\r\n                      \"endDate\": \"2026-04-19TZ\",\r\n                      \"courseWorkload\": \"PT100H\",\r\n                      \"instructor\": [\r\n                        \r\n                        {\r\n                          \"@type\": \"Person\",\r\n                          \"name\": \"Angels Soriano S\u00e1nchez\",\r\n                          \"jobTitle\": \"Docente de lenguas. Especialista en Tecnolog\u00eda Educativa. Microsoft Educator Innovative desde 2014, Fellow hasta la actualidad.\"\r\n                        },\r\n                        {\r\n                          \"@type\": \"Person\",\r\n                          \"name\": \"Alberto Herr\u00e1ez Vel\u00e1zquez\",\r\n                          \"jobTitle\": \"Co-Founder de eTwinz\"\r\n                        },\r\n                        {\r\n                          \"@type\": \"Person\",\r\n                          \"name\": \"Mario Herr\u00e1ez Vel\u00e1zquez\",\r\n                          \"jobTitle\": \" Co-Founder de eTwinz\"\r\n                        }\r\n                      ]\r\n                      \r\n                    }\r\n                ]\r\n              }\r\n            },\r\n            {\r\n              \"@type\": \"ListItem\",\r\n              \"position\": 16,\r\n              \"item\": {\r\n                \"@type\": \"Course\",\r\n                \"url\":\"https:\/\/dks.digital\/mx\/cursos\/curso-cro-conversion-rate-optimization\/\",\r\n                \"name\": \"Curso en CRO\",\r\n                \"description\": \"Convierte el tr\u00e1fico de tu p\u00e1gina web en potenciales clientes con el curso CRO de Conversion Rate Optimization de DKS.\",\r\n                \"provider\": {\r\n                  \"@type\": \"Organization\",\r\n                  \"name\": \"DKS\",\r\n                  \"sameAs\": \"https:\/\/dks.digital\"\r\n                },\r\n                \"offers\": {\r\n                  \"@type\": \"Offer\",\r\n                     \"priceCurrency\": \"EUR\",\r\n                  \"category\": \"Cursos\",\r\n                  \"availability\": \"http:\/\/schema.org\/InStock\"\r\n                },\r\n                \"hasCourseInstance\": [\r\n                    {\r\n                      \"@type\": \"CourseInstance\",\r\n                      \"courseMode\": \"online\",\r\n                      \"startDate\": \"2025-09-30TZ\",\r\n                      \"endDate\": \"2025-11-20TZ\",\r\n                      \"courseWorkload\": \"PT60H\",\r\n                      \"instructor\": [\r\n                        \r\n                        {\r\n                          \"@type\": \"Person\",\r\n                          \"name\": \"Claudia De La Cruz Mart\u00ednez\",\r\n                          \"jobTitle\": \"CRO Lead\"\r\n                        },\r\n                        {\r\n                          \"@type\": \"Person\",\r\n                          \"name\": \"Ana Sopl\u00f3n\",\r\n                          \"jobTitle\": \"Digital Analyst \"\r\n                        },\r\n                        {\r\n                          \"@type\": \"Person\",\r\n                          \"name\": \"Elena Fern\u00e1ndez D\u00edez\",\r\n                          \"jobTitle\": \"Growth Manager \"\r\n                        },\r\n                        {\r\n                          \"@type\": \"Person\",\r\n                          \"name\": \"Gabriel Jim\u00e9nez\",\r\n                          \"jobTitle\": \"UX Researcher \"\r\n                        },\r\n                        {\r\n                          \"@type\": \"Person\",\r\n                          \"name\": \"Sara Pardina\",\r\n                          \"jobTitle\": \"Adobe Developer\"\r\n                        }\r\n                      ]\r\n                      \r\n                    }\r\n                ]\r\n              }\r\n            },\r\n            {\r\n              \"@type\": \"ListItem\",\r\n              \"position\": 17,\r\n              \"item\": {\r\n                \"@type\": \"Course\",\r\n                \"url\":\"https:\/\/dks.digital\/mx\/cursos\/curso-sostenibilidad\/\",\r\n                \"name\": \"Programa Executive en Sostenibilidad ESG\",\r\n                \"description\": \"Convi\u00e9rtete en consultor de sostenibilidad form\u00e1ndote de manera 100% pr\u00e1ctica y con profesores en activo \u00a1pide informaci\u00f3n sobre nuestro curso!\",\r\n                \"provider\": {\r\n                  \"@type\": \"Organization\",\r\n                  \"name\": \"DKS\",\r\n                  \"sameAs\": \"https:\/\/dks.digital\"\r\n                },\r\n                \"offers\": {\r\n                  \"@type\": \"Offer\",\r\n                     \"priceCurrency\": \"EUR\",\r\n                  \"category\": \"Cursos\",\r\n                  \"availability\": \"http:\/\/schema.org\/InStock\"\r\n                },\r\n                \"hasCourseInstance\": [\r\n                    {\r\n                      \"@type\": \"CourseInstance\",\r\n                      \"courseMode\": \"online\",\r\n                      \"startDate\": \"2025-04-21TZ\",\r\n                      \"endDate\": \"2025-10-19TZ\",\r\n                      \"courseWorkload\": \"PT0H\",\r\n                      \"instructor\": [\r\n                        \r\n                        {\r\n                          \"@type\": \"Person\",\r\n                          \"name\": \"Ana Benavente Rodr\u00edguez\",\r\n                          \"jobTitle\": \" Head of ESG\"\r\n                        },\r\n                        {\r\n                          \"@type\": \"Person\",\r\n                          \"name\": \"Sof\u00eda Garc\u00eda-Carretero Malag\u00f3n\",\r\n                          \"jobTitle\": \"Experta en Sostenibilidad y Cambio Clim\u00e1tico\"\r\n                        },\r\n                        {\r\n                          \"@type\": \"Person\",\r\n                          \"name\": \"Laura Tejada Tejada\",\r\n                          \"jobTitle\": \"Manager de Banca Responsable y Sostenibilidad\"\r\n                        },\r\n                        {\r\n                          \"@type\": \"Person\",\r\n                          \"name\": \"Laura Yturriaga Alcacer\",\r\n                          \"jobTitle\": \"Responsible Banking & Sustainability\"\r\n                        },\r\n                        {\r\n                          \"@type\": \"Person\",\r\n                          \"name\": \"Jes\u00fas D\u00edaz de la Hoz\",\r\n                          \"jobTitle\": \"Presidente de la Fundaci\u00f3n\"\r\n                        },\r\n                        {\r\n                          \"@type\": \"Person\",\r\n                          \"name\": \"Cristina P\u00e9rez L\u00f3pez\",\r\n                          \"jobTitle\": \"ESG Reporting Manager\"\r\n                        },\r\n                        {\r\n                          \"@type\": \"Person\",\r\n                          \"name\": \"Francisco Javier Gimeno Mart\u00ednez\",\r\n                          \"jobTitle\": \"CFO y Director Corporativo\"\r\n                        },\r\n                        {\r\n                          \"@type\": \"Person\",\r\n                          \"name\": \"Joyce Bruce Dennis\",\r\n                          \"jobTitle\": \"Manager de Sostenibilidad y Cambio Clim\u00e1tico\"\r\n                        },\r\n                        {\r\n                          \"@type\": \"Person\",\r\n                          \"name\": \"Pia Navazo Capriles\",\r\n                          \"jobTitle\": \"Director ESG programme\"\r\n                        },\r\n                        {\r\n                          \"@type\": \"Person\",\r\n                          \"name\": \"Ana Mar\u00eda Mercado Bos\",\r\n                          \"jobTitle\": \"Experta en Diversidad y ESG - Aut\u00f3noma\"\r\n                        },\r\n                        {\r\n                          \"@type\": \"Person\",\r\n                          \"name\": \"Olga de Berg\u00e9 Pineo\",\r\n                          \"jobTitle\": \"Sr Manager\"\r\n                        },\r\n                        {\r\n                          \"@type\": \"Person\",\r\n                          \"name\": \"Mar\u00eda Ganado Arteaga\",\r\n                          \"jobTitle\": \"Directora de Sostenibilidad\"\r\n                        },\r\n                        {\r\n                          \"@type\": \"Person\",\r\n                          \"name\": \"Jes\u00fas De Soto Cardenal\",\r\n                          \"jobTitle\": \"Director Sostenibilidad y Cambio clim\u00e1tico\"\r\n                        },\r\n                        {\r\n                          \"@type\": \"Person\",\r\n                          \"name\": \"Sergio Mateos Orcajo\",\r\n                          \"jobTitle\": \"Direcci\u00f3n de los servicios profesionales\"\r\n                        },\r\n                        {\r\n                          \"@type\": \"Person\",\r\n                          \"name\": \"Silvia Irene Verdugo Guzm\u00e1n\",\r\n                          \"jobTitle\": \"Presidenta Comit\u00e9 de Disciplina Deportiva\"\r\n                        },\r\n                        {\r\n                          \"@type\": \"Person\",\r\n                          \"name\": \"Beatriz L\u00f3pez Consuegra\",\r\n                          \"jobTitle\": \"Responsable de planificaci\u00f3n y an\u00e1lisis de informaci\u00f3n no financiera \"\r\n                        },\r\n                        {\r\n                          \"@type\": \"Person\",\r\n                          \"name\": \"Juan Jos\u00e9 de la Colina Mu\u00f1oz\",\r\n                          \"jobTitle\": \"Corporate Sustainability & Investor Relations\"\r\n                        }\r\n                      ]\r\n                      \r\n                    }\r\n                ]\r\n              }\r\n            },\r\n            {\r\n              \"@type\": \"ListItem\",\r\n              \"position\": 18,\r\n              \"item\": {\r\n                \"@type\": \"Course\",\r\n                \"url\":\"https:\/\/dks.digital\/mx\/cursos\/curso-people-analytics\/\",\r\n                \"name\": \"Programa Executive en People Analytics &amp; HR Analytics\",\r\n                \"description\": \"Aprende todo sobre people analytics y anal\u00edtica aplicada al RRHH con nuestro curso online. Desarrolla habilidades clave para analizar datos de recursos humanos y mejorar la toma de decisiones.\",\r\n                \"provider\": {\r\n                  \"@type\": \"Organization\",\r\n                  \"name\": \"DKS\",\r\n                  \"sameAs\": \"https:\/\/dks.digital\"\r\n                },\r\n                \"offers\": {\r\n                  \"@type\": \"Offer\",\r\n                     \"priceCurrency\": \"EUR\",\r\n                  \"category\": \"Cursos\",\r\n                  \"availability\": \"http:\/\/schema.org\/InStock\"\r\n                },\r\n                \"hasCourseInstance\": [\r\n                    {\r\n                      \"@type\": \"CourseInstance\",\r\n                      \"courseMode\": \"online\",\r\n                      \"startDate\": \"2025-11-10TZ\",\r\n                      \"endDate\": \"TZ\",\r\n                      \"courseWorkload\": \"PT53H\",\r\n                      \"instructor\": [\r\n                        \r\n                        {\r\n                          \"@type\": \"Person\",\r\n                          \"name\": \"Juan Neble Hasta\",\r\n                          \"jobTitle\": \"Director de Recursos Humanos\"\r\n                        },\r\n                        {\r\n                          \"@type\": \"Person\",\r\n                          \"name\": \"Carolina S\u00e1nchez\",\r\n                          \"jobTitle\": \"Global Head of Data & AI, People and Culture\"\r\n                        },\r\n                        {\r\n                          \"@type\": \"Person\",\r\n                          \"name\": \"Pablo Araujo\",\r\n                          \"jobTitle\": \"People Analytics & Compensation Associate\"\r\n                        },\r\n                        {\r\n                          \"@type\": \"Person\",\r\n                          \"name\": \"Javier Moliner\",\r\n                          \"jobTitle\": \"People Operations Specialist\"\r\n                        },\r\n                        {\r\n                          \"@type\": \"Person\",\r\n                          \"name\": \"Ana Valera\",\r\n                          \"jobTitle\": \"Head of People Analytics\"\r\n                        },\r\n                        {\r\n                          \"@type\": \"Person\",\r\n                          \"name\": \"Victoria Mayo\",\r\n                          \"jobTitle\": \"People Analytics & IA Manager\"\r\n                        },\r\n                        {\r\n                          \"@type\": \"Person\",\r\n                          \"name\": \"Fernando L\u00f3pez Gil\",\r\n                          \"jobTitle\": \"Northern & Western Europe People Experience Lead\"\r\n                        },\r\n                        {\r\n                          \"@type\": \"Person\",\r\n                          \"name\": \"Jaime Melero\",\r\n                          \"jobTitle\": \"Data Scientist\"\r\n                        }\r\n                      ]\r\n                      \r\n                    }\r\n                ]\r\n              }\r\n            },\r\n            {\r\n              \"@type\": \"ListItem\",\r\n              \"position\": 19,\r\n              \"item\": {\r\n                \"@type\": \"Course\",\r\n                \"url\":\"https:\/\/dks.digital\/mx\/cursos\/curso-chief-hapiness-officer\/\",\r\n                \"name\": \"Programa Executive en Chief Happiness Officer\",\r\n                \"description\": \"Inscr\u00edbete en nuestro curso de Chief Happiness Officer y aprende a fomentar la felicidad y el bienestar en tu empresa. Mejora la cultura organizacional.\",\r\n                \"provider\": {\r\n                  \"@type\": \"Organization\",\r\n                  \"name\": \"DKS\",\r\n                  \"sameAs\": \"https:\/\/dks.digital\"\r\n                },\r\n                \"offers\": {\r\n                  \"@type\": \"Offer\",\r\n                     \"priceCurrency\": \"EUR\",\r\n                  \"category\": \"Cursos\",\r\n                  \"availability\": \"http:\/\/schema.org\/InStock\"\r\n                },\r\n                \"hasCourseInstance\": [\r\n                    {\r\n                      \"@type\": \"CourseInstance\",\r\n                      \"courseMode\": \"online\",\r\n                      \"startDate\": \"2025-11-10TZ\",\r\n                      \"endDate\": \"2026-04-10TZ\",\r\n                      \"courseWorkload\": \"PT40H\",\r\n                      \"instructor\": [\r\n                        \r\n                        {\r\n                          \"@type\": \"Person\",\r\n                          \"name\": \"Andr\u00e9s Pascual\",\r\n                          \"jobTitle\": \"Escritor, Conferenciante, Formador\"\r\n                        },\r\n                        {\r\n                          \"@type\": \"Person\",\r\n                          \"name\": \"David Tom\u00e1s\",\r\n                          \"jobTitle\": \"Co-fundador \"\r\n                        },\r\n                        {\r\n                          \"@type\": \"Person\",\r\n                          \"name\": \"Lidia Nicolau Palou\",\r\n                          \"jobTitle\": \" Chief People & Happiness Officer\"\r\n                        },\r\n                        {\r\n                          \"@type\": \"Person\",\r\n                          \"name\": \"Sergio Cancelo\",\r\n                          \"jobTitle\": \" Co-Founder Happyforce\"\r\n                        },\r\n                        {\r\n                          \"@type\": \"Person\",\r\n                          \"name\": \"Carlos Jordana\",\r\n                          \"jobTitle\": \"Growth Sherpa \"\r\n                        },\r\n                        {\r\n                          \"@type\": \"Person\",\r\n                          \"name\": \"Jaime N\u00e1rdiz\",\r\n                          \"jobTitle\": \" Innovation and Cultural Transformation Director at Great Place to Work Spain\"\r\n                        },\r\n                        {\r\n                          \"@type\": \"Person\",\r\n                          \"name\": \"Florent Amion\",\r\n                          \"jobTitle\": \"Senior Consultant - Organizational Culture Transformation\"\r\n                        },\r\n                        {\r\n                          \"@type\": \"Person\",\r\n                          \"name\": \"Gema Alfaro\",\r\n                          \"jobTitle\": \"Partner Associate\"\r\n                        },\r\n                        {\r\n                          \"@type\": \"Person\",\r\n                          \"name\": \"Gabriel Garc\u00eda de Oro\",\r\n                          \"jobTitle\": \"Executive Creative Director & Strategy Advisor \"\r\n                        },\r\n                        {\r\n                          \"@type\": \"Person\",\r\n                          \"name\": \"Ricardo Arambarri\",\r\n                          \"jobTitle\": \"CEO \"\r\n                        },\r\n                        {\r\n                          \"@type\": \"Person\",\r\n                          \"name\": \"Fernando Tob\u00edas\",\r\n                          \"jobTitle\": \"Creador y Director\"\r\n                        },\r\n                        {\r\n                          \"@type\": \"Person\",\r\n                          \"name\": \"Alberto Garc\u00eda Casillas\",\r\n                          \"jobTitle\": \"Mentor y profesor de hablar en p\u00fablico\"\r\n                        },\r\n                        {\r\n                          \"@type\": \"Person\",\r\n                          \"name\": \"Carlos Esteban\",\r\n                          \"jobTitle\": \" Talent | Leadership |Team Performance Senior Advisor and C-Level Mentor and Coach\"\r\n                        },\r\n                        {\r\n                          \"@type\": \"Person\",\r\n                          \"name\": \"Rosa Rodr\u00edguez del Tronco\",\r\n                          \"jobTitle\": \"Desarrollo de Talento\"\r\n                        },\r\n                        {\r\n                          \"@type\": \"Person\",\r\n                          \"name\": \"Daniel Masso\",\r\n                          \"jobTitle\": \"Responsable de Conocimiento y Agenda 2030\"\r\n                        },\r\n                        {\r\n                          \"@type\": \"Person\",\r\n                          \"name\": \"Diana Naya Flores\",\r\n                          \"jobTitle\": \"Wellness trainer, formadora en bienestar, meditaci\u00f3n y yoga\"\r\n                        },\r\n                        {\r\n                          \"@type\": \"Person\",\r\n                          \"name\": \"C\u00e9sar Mart\u00edn Izquierdo\",\r\n                          \"jobTitle\": \"Socio EJE&CON \"\r\n                        },\r\n                        {\r\n                          \"@type\": \"Person\",\r\n                          \"name\": \"Javier Crespo Sanz\",\r\n                          \"jobTitle\": \"Coordinaci\u00f3n calidad asistencial \"\r\n                        },\r\n                        {\r\n                          \"@type\": \"Person\",\r\n                          \"name\": \"Ra\u00fal Varela Barros\",\r\n                          \"jobTitle\": \"Director General\"\r\n                        },\r\n                        {\r\n                          \"@type\": \"Person\",\r\n                          \"name\": \"Roberto Sanz Soblechero\",\r\n                          \"jobTitle\": \"Director de Comunicaci\u00f3n y Marketing\"\r\n                        },\r\n                        {\r\n                          \"@type\": \"Person\",\r\n                          \"name\": \"M\u00aa Carmen Lacuesta Sobrino\",\r\n                          \"jobTitle\": \"CEO\"\r\n                        }\r\n                      ]\r\n                      \r\n                    }\r\n                ]\r\n              }\r\n            },\r\n            {\r\n              \"@type\": \"ListItem\",\r\n              \"position\": 20,\r\n              \"item\": {\r\n                \"@type\": \"Course\",\r\n                \"url\":\"https:\/\/dks.digital\/mx\/cursos\/curso-perito-informatico-forense\/\",\r\n                \"name\": \"Programa Avanzado en Peritaje Inform\u00e1tico e Inform\u00e1tica Forense\",\r\n                \"description\": \"Domina el an\u00e1lisis forense con nuestro curso online impartido en colaboraci\u00f3n con ASEPI, ILM Forensics y Evidentia \u00a1Profesores en activo!\",\r\n                \"provider\": {\r\n                  \"@type\": \"Organization\",\r\n                  \"name\": \"DKS\",\r\n                  \"sameAs\": \"https:\/\/dks.digital\"\r\n                },\r\n                \"offers\": {\r\n                  \"@type\": \"Offer\",\r\n                     \"priceCurrency\": \"EUR\",\r\n                  \"category\": \"Cursos\",\r\n                  \"availability\": \"http:\/\/schema.org\/InStock\"\r\n                },\r\n                \"hasCourseInstance\": [\r\n                    {\r\n                      \"@type\": \"CourseInstance\",\r\n                      \"courseMode\": \"online\",\r\n                      \"startDate\": \"2025-11-10TZ\",\r\n                      \"endDate\": \"2026-03-27TZ\",\r\n                      \"courseWorkload\": \"PT30.5H\",\r\n                      \"instructor\": [\r\n                        \r\n                        {\r\n                          \"@type\": \"Person\",\r\n                          \"name\": \"Juan Jos\u00e9 Delgado Sotes\",\r\n                          \"jobTitle\": \"CEO\"\r\n                        },\r\n                        {\r\n                          \"@type\": \"Person\",\r\n                          \"name\": \"N\u00e9stor Jarque Cepeda\",\r\n                          \"jobTitle\": \" Head of Cyber Security\"\r\n                        },\r\n                        {\r\n                          \"@type\": \"Person\",\r\n                          \"name\": \"Manuel Guerra\",\r\n                          \"jobTitle\": \"Investigador especializado en Cibercrimen\"\r\n                        },\r\n                        {\r\n                          \"@type\": \"Person\",\r\n                          \"name\": \"David Sancho Vidal\",\r\n                          \"jobTitle\": \"Consultor jur\u00eddico en Protecci\u00f3n de Datos, Compliance Penal y Sistema Interno de Informaci\u00f3n\"\r\n                        },\r\n                        {\r\n                          \"@type\": \"Person\",\r\n                          \"name\": \"Jos\u00e9 Temprano\",\r\n                          \"jobTitle\": \"Investigador de delitos inform\u00e1ticos \"\r\n                        },\r\n                        {\r\n                          \"@type\": \"Person\",\r\n                          \"name\": \"Juan Carlos Pad\u00edn Juy\",\r\n                          \"jobTitle\": \"Fiscal en FISCALIA GENERAL DEL ESTADO\"\r\n                        },\r\n                        {\r\n                          \"@type\": \"Person\",\r\n                          \"name\": \"Jos\u00e9 Alfonso Sanz Claramonte\",\r\n                          \"jobTitle\": \"Inform\u00e1tico, especializado en Reglamento eIDAS y Prestadores de Servicios de Confianza\"\r\n                        },\r\n                        {\r\n                          \"@type\": \"Person\",\r\n                          \"name\": \"Francisco J\u00e1\u00f1ez Martino\",\r\n                          \"jobTitle\": \"Senior Data Science\"\r\n                        }\r\n                      ]\r\n                      \r\n                    }\r\n                ]\r\n              }\r\n            },\r\n            {\r\n              \"@type\": \"ListItem\",\r\n              \"position\": 21,\r\n              \"item\": {\r\n                \"@type\": \"Course\",\r\n                \"url\":\"https:\/\/dks.digital\/mx\/cursos\/curso-cloud-computing\/\",\r\n                \"name\": \"Programa Avanzado en Cloud Computing. Arquitecturas y Soluciones\",\r\n                \"description\": \"Aprende con nuestro curso de cloud computing online y domina la tecnolog\u00eda de la nube. Impulsa tu carrera con una formaci\u00f3n completa en cloud computing.\",\r\n                \"provider\": {\r\n                  \"@type\": \"Organization\",\r\n                  \"name\": \"DKS\",\r\n                  \"sameAs\": \"https:\/\/dks.digital\"\r\n                },\r\n                \"offers\": {\r\n                  \"@type\": \"Offer\",\r\n                     \"priceCurrency\": \"EUR\",\r\n                  \"category\": \"Cursos\",\r\n                  \"availability\": \"http:\/\/schema.org\/InStock\"\r\n                },\r\n                \"hasCourseInstance\": [\r\n                    {\r\n                      \"@type\": \"CourseInstance\",\r\n                      \"courseMode\": \"online\",\r\n                      \"startDate\": \"2026-03-23TZ\",\r\n                      \"endDate\": \"2026-09-23TZ\",\r\n                      \"courseWorkload\": \"PT65.5H\",\r\n                      \"instructor\": [\r\n                        \r\n                        {\r\n                          \"@type\": \"Person\",\r\n                          \"name\": \"Javier Pozo Ugidos\",\r\n                          \"jobTitle\": \"CIO\"\r\n                        },\r\n                        {\r\n                          \"@type\": \"Person\",\r\n                          \"name\": \"Daniel Tabuenca\",\r\n                          \"jobTitle\": \"Technical Account Manager\"\r\n                        },\r\n                        {\r\n                          \"@type\": \"Person\",\r\n                          \"name\": \"Carolina Escribano\",\r\n                          \"jobTitle\": \"Customer Engineering Manager \"\r\n                        },\r\n                        {\r\n                          \"@type\": \"Person\",\r\n                          \"name\": \"Ignacio Melero Miguel\",\r\n                          \"jobTitle\": \"AI for Digital Natives, Startups & Unicorns EMEA\"\r\n                        },\r\n                        {\r\n                          \"@type\": \"Person\",\r\n                          \"name\": \"David \u00c1lvarez Vela\",\r\n                          \"jobTitle\": \"Director asociado de ingenier\u00eda cloud \"\r\n                        },\r\n                        {\r\n                          \"@type\": \"Person\",\r\n                          \"name\": \"Jos\u00e9 Luis Teja Rubio\",\r\n                          \"jobTitle\": \"Account Technical Leader\"\r\n                        },\r\n                        {\r\n                          \"@type\": \"Person\",\r\n                          \"name\": \"David Escu\u00edn Finol\",\r\n                          \"jobTitle\": \"T\u00e9cnico I+D Tecnolog\u00edas Digitales\"\r\n                        },\r\n                        {\r\n                          \"@type\": \"Person\",\r\n                          \"name\": \"Pablo Arag\u00f3n Moreno\",\r\n                          \"jobTitle\": \"Frontend Engineer at IBM Quantum\"\r\n                        }\r\n                      ]\r\n                      \r\n                    }\r\n                ]\r\n              }\r\n            },\r\n            {\r\n              \"@type\": \"ListItem\",\r\n              \"position\": 22,\r\n              \"item\": {\r\n                \"@type\": \"Course\",\r\n                \"url\":\"https:\/\/dks.digital\/mx\/cursos\/curso-devops-cloud\/\",\r\n                \"name\": \"Programa en Devops &amp; Cloud\",\r\n                \"description\": \"Aprende las metodolog\u00edas y herramientas clave con nuestro curso en l\u00ednea de DevOps. Domina la integraci\u00f3n continua, entrega y despliegue para optimizar tus proyectos.\",\r\n                \"provider\": {\r\n                  \"@type\": \"Organization\",\r\n                  \"name\": \"DKS\",\r\n                  \"sameAs\": \"https:\/\/dks.digital\"\r\n                },\r\n                \"offers\": {\r\n                  \"@type\": \"Offer\",\r\n                     \"priceCurrency\": \"EUR\",\r\n                  \"category\": \"Cursos\",\r\n                  \"availability\": \"http:\/\/schema.org\/InStock\"\r\n                },\r\n                \"hasCourseInstance\": [\r\n                    {\r\n                      \"@type\": \"CourseInstance\",\r\n                      \"courseMode\": \"online\",\r\n                      \"startDate\": \"2026-03-16TZ\",\r\n                      \"endDate\": \"2026-09-16TZ\",\r\n                      \"courseWorkload\": \"PT91H\",\r\n                      \"instructor\": [\r\n                        \r\n                        {\r\n                          \"@type\": \"Person\",\r\n                          \"name\": \"Javier Pozo Ugidos\",\r\n                          \"jobTitle\": \"CIO\"\r\n                        },\r\n                        {\r\n                          \"@type\": \"Person\",\r\n                          \"name\": \"Carolina Escribano\",\r\n                          \"jobTitle\": \"Customer Engineering Manager \"\r\n                        },\r\n                        {\r\n                          \"@type\": \"Person\",\r\n                          \"name\": \"Jos\u00e9 Luis Teja Rubio\",\r\n                          \"jobTitle\": \"Account Technical Leader\"\r\n                        },\r\n                        {\r\n                          \"@type\": \"Person\",\r\n                          \"name\": \"Jorge Valenzuela\",\r\n                          \"jobTitle\": \"Head of Data & AI and Application Modernization \"\r\n                        },\r\n                        {\r\n                          \"@type\": \"Person\",\r\n                          \"name\": \"Alfonso Nieto S\u00e1nchez\",\r\n                          \"jobTitle\": \"Consulting Director\"\r\n                        },\r\n                        {\r\n                          \"@type\": \"Person\",\r\n                          \"name\": \"David Escu\u00edn Finol\",\r\n                          \"jobTitle\": \"T\u00e9cnico I+D Tecnolog\u00edas Digitales\"\r\n                        },\r\n                        {\r\n                          \"@type\": \"Person\",\r\n                          \"name\": \"Joaqu\u00edn Sosa Mart\u00edn\",\r\n                          \"jobTitle\": \"Microsoft Consultant Developer \"\r\n                        }\r\n                      ]\r\n                      \r\n                    }\r\n                ]\r\n              }\r\n            },\r\n            {\r\n              \"@type\": \"ListItem\",\r\n              \"position\": 23,\r\n              \"item\": {\r\n                \"@type\": \"Course\",\r\n                \"url\":\"https:\/\/dks.digital\/mx\/cursos\/curso-ciberseguridad\/\",\r\n                \"name\": \"Programa en Ciberseguridad\",\r\n                \"description\": \"F\u00f3rmate como experto en ciberseguridad con un curso en l\u00ednea adaptado a las demandas del mundo profesional \u00a1M\u00e1s Info aqu\u00ed!\",\r\n                \"provider\": {\r\n                  \"@type\": \"Organization\",\r\n                  \"name\": \"DKS\",\r\n                  \"sameAs\": \"https:\/\/dks.digital\"\r\n                },\r\n                \"offers\": {\r\n                  \"@type\": \"Offer\",\r\n                     \"priceCurrency\": \"EUR\",\r\n                  \"category\": \"Cursos\",\r\n                  \"availability\": \"http:\/\/schema.org\/InStock\"\r\n                },\r\n                \"hasCourseInstance\": [\r\n                    {\r\n                      \"@type\": \"CourseInstance\",\r\n                      \"courseMode\": \"online\",\r\n                      \"startDate\": \"2025-11-10TZ\",\r\n                      \"endDate\": \"2026-07-26TZ\",\r\n                      \"courseWorkload\": \"PT117H\",\r\n                      \"instructor\": [\r\n                        \r\n                        {\r\n                          \"@type\": \"Person\",\r\n                          \"name\": \"Rafael S\u00e1nchez G\u00f3mez\",\r\n                          \"jobTitle\": \"Arquitecto de Seguridad\"\r\n                        },\r\n                        {\r\n                          \"@type\": \"Person\",\r\n                          \"name\": \"Juan Vicente Garc\u00eda\",\r\n                          \"jobTitle\": \"Abogado especializado en Derecho de Nuevas Tecnolog\u00edas y Protecci\u00f3n de Datos\"\r\n                        },\r\n                        {\r\n                          \"@type\": \"Person\",\r\n                          \"name\": \"Miguel \u00c1ngel Ortega Exp\u00f3sito\",\r\n                          \"jobTitle\": \"Ingeniero inform\u00e1tico\"\r\n                        },\r\n                        {\r\n                          \"@type\": \"Person\",\r\n                          \"name\": \"Wiktor Nykiel\",\r\n                          \"jobTitle\": \"Cyber Security y Cofundador de Ginseg\"\r\n                        },\r\n                        {\r\n                          \"@type\": \"Person\",\r\n                          \"name\": \"N\u00e9stor Jarque Cepeda\",\r\n                          \"jobTitle\": \" Head of Cyber Security\"\r\n                        }\r\n                      ]\r\n                      \r\n                    }\r\n                ]\r\n              }\r\n            },\r\n            {\r\n              \"@type\": \"ListItem\",\r\n              \"position\": 24,\r\n              \"item\": {\r\n                \"@type\": \"Course\",\r\n                \"url\":\"https:\/\/dks.digital\/mx\/cursos\/curso-inteligencia-artificial\/\",\r\n                \"name\": \"Programa en I.A y Data Science\",\r\n                \"description\": \"Aprende a programar y aplicar la inteligencia artificial en cualquier sector con el curso en l\u00ednea de DKS \u00a1Estudia con expertos del sector!\",\r\n                \"provider\": {\r\n                  \"@type\": \"Organization\",\r\n                  \"name\": \"DKS\",\r\n                  \"sameAs\": \"https:\/\/dks.digital\"\r\n                },\r\n                \"offers\": {\r\n                  \"@type\": \"Offer\",\r\n                     \"priceCurrency\": \"EUR\",\r\n                  \"category\": \"Cursos\",\r\n                  \"availability\": \"http:\/\/schema.org\/InStock\"\r\n                },\r\n                \"hasCourseInstance\": [\r\n                    {\r\n                      \"@type\": \"CourseInstance\",\r\n                      \"courseMode\": \"online\",\r\n                      \"startDate\": \"2025-11-10TZ\",\r\n                      \"endDate\": \"2026-07-26TZ\",\r\n                      \"courseWorkload\": \"PT93H\",\r\n                      \"instructor\": [\r\n                        \r\n                        {\r\n                          \"@type\": \"Person\",\r\n                          \"name\": \"Fernando Hern\u00e1ndez Gal\u00e1n\",\r\n                          \"jobTitle\": \"Consultor \/ Director de proyectos de IT\"\r\n                        },\r\n                        {\r\n                          \"@type\": \"Person\",\r\n                          \"name\": \"Alan Sastre\",\r\n                          \"jobTitle\": \" CEO y formador Frontend, Backend y Ciencia de datos e IA Generativa\"\r\n                        },\r\n                        {\r\n                          \"@type\": \"Person\",\r\n                          \"name\": \"David Carvajal Tabasco\",\r\n                          \"jobTitle\": \"Head of AI | Director Zona Centro Inorbis Analytics\"\r\n                        }\r\n                      ]\r\n                      \r\n                    }\r\n                ]\r\n              }\r\n            }\r\n        ]\r\n      }\r\n      <\/script>\n<section class=\"plp-course -text-white \">\n\t<div class=\"plp-course__container container\">\n\t\t<h2 class=\"heading--h3\"><\/h2>\n\t\t\t\t<!-- Bloque cursos -->\n\t\t<div class=\"course slider slider--hidden-md\" data-module=\"slider\">\n\t\t\t<ul class=\"slider__scroll\" data-slider=\"scroll\">\n\t\t\t\t\t\t\t\t\t\t<li class=\"course__item slider__item\" data-slider=\"item\" data-module=\"link\" data-link-href=\"https:\/\/dks.digital\/mx\/cursos\/curso-direccion-futbol-base\/\" data-link-target=\"_self\" data-gtm-container=\"distributor\" data-gtm-action=\"navigation\" data-gtm-category=\"Programa Profesional en Direcci\u00f3n T\u00e9cnica de F\u00fatbol Base\">\n\t\t\t\t\t\t\t<img decoding=\"async\" class=\"course__img\" src=\"https:\/\/dks.digital\/wp-content\/uploads\/2025\/12\/desktop_312x312-300x300.jpg\" alt=\"Curso\">\n\t\t\t\t\t\t\t<div class=\"course__body\">\n\t\t\t\t\t\t\t\t<h4 class=\"course__title\" data-gtm-container=\"distributor\" data-gtm-action=\"navigation\" data-gtm-category=\"Programa Profesional en Direcci\u00f3n T\u00e9cnica de F\u00fatbol Base\"><a href=\"https:\/\/dks.digital\/mx\/cursos\/curso-direccion-futbol-base\/\">Programa Profesional en Direcci\u00f3n T\u00e9cnica de F\u00fatbol Base<\/a><\/h4>\n\t\t\t\t\t\t\t\t<p class=\"course__content\"><\/p>\n\t\t\t\t\t\t\t\t<ul class=\"course__oustanding\">\n\t\t\t\t\t\t\t\t\t<li>Curso<\/li>\n\t\t\t\t\t\t\t\t\t<li>9 meses<\/li>\n\t\t\t\t\t\t\t\t\t<li>Oto\u00f1o<\/li>\n\t\t\t\t\t\t\t\t<\/ul>\n\t\t\t\t\t\t\t<\/div>\n\t\t\t\t\t\t<\/li>\n\t\t\t\t\t\t\t\t\t\t<li class=\"course__item slider__item\" data-slider=\"item\" data-module=\"link\" data-link-href=\"https:\/\/dks.digital\/mx\/cursos\/curso-deporte-pacientes-oncologicos\/\" data-link-target=\"_self\" data-gtm-container=\"distributor\" data-gtm-action=\"navigation\" data-gtm-category=\"Experto Universitario en Ejercicio F\u00edsico para Pacientes Oncol\u00f3gicos\">\n\t\t\t\t\t\t\t<img decoding=\"async\" class=\"course__img\" src=\"https:\/\/dks.digital\/wp-content\/uploads\/2026\/01\/desktop_312x312-1-1-300x300.jpg\" alt=\"Curso\">\n\t\t\t\t\t\t\t<div class=\"course__body\">\n\t\t\t\t\t\t\t\t<h4 class=\"course__title\" data-gtm-container=\"distributor\" data-gtm-action=\"navigation\" data-gtm-category=\"Experto Universitario en Ejercicio F\u00edsico para Pacientes Oncol\u00f3gicos\"><a href=\"https:\/\/dks.digital\/mx\/cursos\/curso-deporte-pacientes-oncologicos\/\">Experto Universitario en Ejercicio F\u00edsico para Pacientes Oncol\u00f3gicos<\/a><\/h4>\n\t\t\t\t\t\t\t\t<p class=\"course__content\"><\/p>\n\t\t\t\t\t\t\t\t<ul class=\"course__oustanding\">\n\t\t\t\t\t\t\t\t\t<li>Curso<\/li>\n\t\t\t\t\t\t\t\t\t<li>5 meses<\/li>\n\t\t\t\t\t\t\t\t\t<li>Oto\u00f1o<\/li>\n\t\t\t\t\t\t\t\t<\/ul>\n\t\t\t\t\t\t\t<\/div>\n\t\t\t\t\t\t<\/li>\n\t\t\t\t\t\t\t\t\t\t<li class=\"course__item slider__item\" data-slider=\"item\" data-module=\"link\" data-link-href=\"https:\/\/dks.digital\/mx\/cursos\/curso-ia-ciberseguridad\/\" data-link-target=\"_self\" data-gtm-container=\"distributor\" data-gtm-action=\"navigation\" data-gtm-category=\"Programa Avanzado en IA aplicada a Ciberseguridad\">\n\t\t\t\t\t\t\t<img decoding=\"async\" class=\"course__img\" src=\"https:\/\/dks.digital\/wp-content\/uploads\/2026\/01\/Destacado_IA_CIBER_DKS_V2-e1770803118132-300x300.png\" alt=\"Curso\">\n\t\t\t\t\t\t\t<div class=\"course__body\">\n\t\t\t\t\t\t\t\t<h4 class=\"course__title\" data-gtm-container=\"distributor\" data-gtm-action=\"navigation\" data-gtm-category=\"Programa Avanzado en IA aplicada a Ciberseguridad\"><a href=\"https:\/\/dks.digital\/mx\/cursos\/curso-ia-ciberseguridad\/\">Programa Avanzado en IA aplicada a Ciberseguridad<\/a><\/h4>\n\t\t\t\t\t\t\t\t<p class=\"course__content\"><\/p>\n\t\t\t\t\t\t\t\t<ul class=\"course__oustanding\">\n\t\t\t\t\t\t\t\t\t<li>Curso<\/li>\n\t\t\t\t\t\t\t\t\t<li>4 meses y medio<\/li>\n\t\t\t\t\t\t\t\t\t<li>Primavera<\/li>\n\t\t\t\t\t\t\t\t<\/ul>\n\t\t\t\t\t\t\t<\/div>\n\t\t\t\t\t\t<\/li>\n\t\t\t\t\t\t\t\t\t\t<li class=\"course__item slider__item\" data-slider=\"item\" data-module=\"link\" data-link-href=\"https:\/\/dks.digital\/mx\/cursos\/curso-caio\/\" data-link-target=\"_self\" data-gtm-container=\"distributor\" data-gtm-action=\"navigation\" data-gtm-category=\"Programa Executive en Chief AI Officer (CAIO)\">\n\t\t\t\t\t\t\t<img decoding=\"async\" class=\"course__img\" src=\"https:\/\/dks.digital\/wp-content\/uploads\/2026\/01\/destacadas_desktop_312x312-1-300x300.jpg\" alt=\"Curso\">\n\t\t\t\t\t\t\t<div class=\"course__body\">\n\t\t\t\t\t\t\t\t<h4 class=\"course__title\" data-gtm-container=\"distributor\" data-gtm-action=\"navigation\" data-gtm-category=\"Programa Executive en Chief AI Officer (CAIO)\"><a href=\"https:\/\/dks.digital\/mx\/cursos\/curso-caio\/\">Programa Executive en Chief AI Officer (CAIO)<\/a><\/h4>\n\t\t\t\t\t\t\t\t<p class=\"course__content\"><\/p>\n\t\t\t\t\t\t\t\t<ul class=\"course__oustanding\">\n\t\t\t\t\t\t\t\t\t<li>Curso<\/li>\n\t\t\t\t\t\t\t\t\t<li>7 meses<\/li>\n\t\t\t\t\t\t\t\t\t<li>Oto\u00f1o<\/li>\n\t\t\t\t\t\t\t\t<\/ul>\n\t\t\t\t\t\t\t<\/div>\n\t\t\t\t\t\t<\/li>\n\t\t\t\t\t\t\t\t\t\t<li class=\"course__item slider__item\" data-slider=\"item\" data-module=\"link\" data-link-href=\"https:\/\/dks.digital\/mx\/cursos\/curso-arquitecturas-cloud\/\" data-link-target=\"_self\" data-gtm-container=\"distributor\" data-gtm-action=\"navigation\" data-gtm-category=\"Programa Avanzado en Arquitecturas Cloud\">\n\t\t\t\t\t\t\t<img decoding=\"async\" class=\"course__img\" src=\"https:\/\/dks.digital\/wp-content\/uploads\/2025\/11\/mobile_arquitecturas_cloud.jpg\" alt=\"Curso\">\n\t\t\t\t\t\t\t<div class=\"course__body\">\n\t\t\t\t\t\t\t\t<h4 class=\"course__title\" data-gtm-container=\"distributor\" data-gtm-action=\"navigation\" data-gtm-category=\"Programa Avanzado en Arquitecturas Cloud\"><a href=\"https:\/\/dks.digital\/mx\/cursos\/curso-arquitecturas-cloud\/\">Programa Avanzado en Arquitecturas Cloud<\/a><\/h4>\n\t\t\t\t\t\t\t\t<p class=\"course__content\"><\/p>\n\t\t\t\t\t\t\t\t<ul class=\"course__oustanding\">\n\t\t\t\t\t\t\t\t\t<li>Curso<\/li>\n\t\t\t\t\t\t\t\t\t<li>5 meses<\/li>\n\t\t\t\t\t\t\t\t\t<li>Primavera<\/li>\n\t\t\t\t\t\t\t\t<\/ul>\n\t\t\t\t\t\t\t<\/div>\n\t\t\t\t\t\t<\/li>\n\t\t\t\t\t\t\t\t\t\t<li class=\"course__item slider__item\" data-slider=\"item\" data-module=\"link\" data-link-href=\"https:\/\/dks.digital\/mx\/cursos\/curso-ia-programadores\/\" data-link-target=\"_self\" data-gtm-container=\"distributor\" data-gtm-action=\"navigation\" data-gtm-category=\"Programa en IA para Programar\">\n\t\t\t\t\t\t\t<img decoding=\"async\" class=\"course__img\" src=\"https:\/\/dks.digital\/wp-content\/uploads\/2025\/11\/destacadas_desktop_312x312-1-1-1-300x300.jpg\" alt=\"Curso\">\n\t\t\t\t\t\t\t<div class=\"course__body\">\n\t\t\t\t\t\t\t\t<h4 class=\"course__title\" data-gtm-container=\"distributor\" data-gtm-action=\"navigation\" data-gtm-category=\"Programa en IA para Programar\"><a href=\"https:\/\/dks.digital\/mx\/cursos\/curso-ia-programadores\/\">Programa en IA para Programar<\/a><\/h4>\n\t\t\t\t\t\t\t\t<p class=\"course__content\"><\/p>\n\t\t\t\t\t\t\t\t<ul class=\"course__oustanding\">\n\t\t\t\t\t\t\t\t\t<li>Curso<\/li>\n\t\t\t\t\t\t\t\t\t<li>4 meses<\/li>\n\t\t\t\t\t\t\t\t\t<li>Oto\u00f1o<\/li>\n\t\t\t\t\t\t\t\t<\/ul>\n\t\t\t\t\t\t\t<\/div>\n\t\t\t\t\t\t<\/li>\n\t\t\t\t\t\t\t\t\t\t<li class=\"course__item slider__item\" data-slider=\"item\" data-module=\"link\" data-link-href=\"https:\/\/dks.digital\/mx\/cursos\/curso-comunicacion-corporativa\/\" data-link-target=\"_self\" data-gtm-container=\"distributor\" data-gtm-action=\"navigation\" data-gtm-category=\"Programa Executive en Comunicaci\u00f3n Estrat\u00e9gica Corporativa\">\n\t\t\t\t\t\t\t<img decoding=\"async\" class=\"course__img\" src=\"https:\/\/dks.digital\/wp-content\/uploads\/2025\/10\/Comunicacion-Corporativa_-desktop-4-300x300.png\" alt=\"Curso\">\n\t\t\t\t\t\t\t<div class=\"course__body\">\n\t\t\t\t\t\t\t\t<h4 class=\"course__title\" data-gtm-container=\"distributor\" data-gtm-action=\"navigation\" data-gtm-category=\"Programa Executive en Comunicaci\u00f3n Estrat\u00e9gica Corporativa\"><a href=\"https:\/\/dks.digital\/mx\/cursos\/curso-comunicacion-corporativa\/\">Programa Executive en Comunicaci\u00f3n Estrat\u00e9gica Corporativa<\/a><\/h4>\n\t\t\t\t\t\t\t\t<p class=\"course__content\"><\/p>\n\t\t\t\t\t\t\t\t<ul class=\"course__oustanding\">\n\t\t\t\t\t\t\t\t\t<li>Curso<\/li>\n\t\t\t\t\t\t\t\t\t<li>5 meses<\/li>\n\t\t\t\t\t\t\t\t\t<li>Oto\u00f1o<\/li>\n\t\t\t\t\t\t\t\t<\/ul>\n\t\t\t\t\t\t\t<\/div>\n\t\t\t\t\t\t<\/li>\n\t\t\t\t\t\t\t\t\t\t<li class=\"course__item slider__item\" data-slider=\"item\" data-module=\"link\" data-link-href=\"https:\/\/dks.digital\/mx\/cursos\/curso-derecho-ia\/\" data-link-target=\"_self\" data-gtm-container=\"distributor\" data-gtm-action=\"navigation\" data-gtm-category=\"Programa en\u00a0Inteligencia Artificial (IA) para el Sector Jur\u00eddico\">\n\t\t\t\t\t\t\t<img decoding=\"async\" class=\"course__img\" src=\"https:\/\/dks.digital\/wp-content\/uploads\/2025\/09\/IA-jurico_-desktop-1-300x300.png\" alt=\"Curso\">\n\t\t\t\t\t\t\t<div class=\"course__body\">\n\t\t\t\t\t\t\t\t<h4 class=\"course__title\" data-gtm-container=\"distributor\" data-gtm-action=\"navigation\" data-gtm-category=\"Programa en\u00a0Inteligencia Artificial (IA) para el Sector Jur\u00eddico\"><a href=\"https:\/\/dks.digital\/mx\/cursos\/curso-derecho-ia\/\">Programa en\u00a0Inteligencia Artificial (IA) para el Sector Jur\u00eddico<\/a><\/h4>\n\t\t\t\t\t\t\t\t<p class=\"course__content\"><\/p>\n\t\t\t\t\t\t\t\t<ul class=\"course__oustanding\">\n\t\t\t\t\t\t\t\t\t<li>Curso<\/li>\n\t\t\t\t\t\t\t\t\t<li>5 meses<\/li>\n\t\t\t\t\t\t\t\t\t<li>Oto\u00f1o<\/li>\n\t\t\t\t\t\t\t\t<\/ul>\n\t\t\t\t\t\t\t<\/div>\n\t\t\t\t\t\t<\/li>\n\t\t\t\t\t\t\t\t\t\t<li class=\"course__item slider__item\" data-slider=\"item\" data-module=\"link\" data-link-href=\"https:\/\/dks.digital\/mx\/cursos\/curso-google-analytics\/\" data-link-target=\"_self\" data-gtm-container=\"distributor\" data-gtm-action=\"navigation\" data-gtm-category=\"Curso en Google Analytics 4\">\n\t\t\t\t\t\t\t<img decoding=\"async\" class=\"course__img\" src=\"https:\/\/dks.digital\/wp-content\/uploads\/2023\/02\/Google-Analytics-269x300.jpg\" alt=\"Curso\">\n\t\t\t\t\t\t\t<div class=\"course__body\">\n\t\t\t\t\t\t\t\t<h4 class=\"course__title\" data-gtm-container=\"distributor\" data-gtm-action=\"navigation\" data-gtm-category=\"Curso en Google Analytics 4\"><a href=\"https:\/\/dks.digital\/mx\/cursos\/curso-google-analytics\/\">Curso en Google Analytics 4<\/a><\/h4>\n\t\t\t\t\t\t\t\t<p class=\"course__content\"><\/p>\n\t\t\t\t\t\t\t\t<ul class=\"course__oustanding\">\n\t\t\t\t\t\t\t\t\t<li>Curso<\/li>\n\t\t\t\t\t\t\t\t\t<li>1 mes<\/li>\n\t\t\t\t\t\t\t\t\t<li>Oto\u00f1o<\/li>\n\t\t\t\t\t\t\t\t<\/ul>\n\t\t\t\t\t\t\t<\/div>\n\t\t\t\t\t\t<\/li>\n\t\t\t\t\t\t\t\t\t\t<li class=\"course__item slider__item\" data-slider=\"item\" data-module=\"link\" data-link-href=\"https:\/\/dks.digital\/mx\/cursos\/curso-inteligencia-emocional\/\" data-link-target=\"_self\" data-gtm-container=\"distributor\" data-gtm-action=\"navigation\" data-gtm-category=\"Programa Avanzado en Inteligencia Emocional\">\n\t\t\t\t\t\t\t<img decoding=\"async\" class=\"course__img\" src=\"https:\/\/dks.digital\/wp-content\/uploads\/2024\/10\/Inteligencia-Emocional-269x300.png\" alt=\"Curso\">\n\t\t\t\t\t\t\t<div class=\"course__body\">\n\t\t\t\t\t\t\t\t<h4 class=\"course__title\" data-gtm-container=\"distributor\" data-gtm-action=\"navigation\" data-gtm-category=\"Programa Avanzado en Inteligencia Emocional\"><a href=\"https:\/\/dks.digital\/mx\/cursos\/curso-inteligencia-emocional\/\">Programa Avanzado en Inteligencia Emocional<\/a><\/h4>\n\t\t\t\t\t\t\t\t<p class=\"course__content\"><\/p>\n\t\t\t\t\t\t\t\t<ul class=\"course__oustanding\">\n\t\t\t\t\t\t\t\t\t<li>Curso<\/li>\n\t\t\t\t\t\t\t\t\t<li>5 meses<\/li>\n\t\t\t\t\t\t\t\t\t<li>Oto\u00f1o<\/li>\n\t\t\t\t\t\t\t\t<\/ul>\n\t\t\t\t\t\t\t<\/div>\n\t\t\t\t\t\t<\/li>\n\t\t\t\t\t\t\t\t\t\t<li class=\"course__item slider__item\" data-slider=\"item\" data-module=\"link\" data-link-href=\"https:\/\/dks.digital\/mx\/cursos\/curso-nutricion-deportiva\/\" data-link-target=\"_self\" data-gtm-container=\"distributor\" data-gtm-action=\"navigation\" data-gtm-category=\"Programa Avanzado en Nutrici\u00f3n Deportiva\">\n\t\t\t\t\t\t\t<img decoding=\"async\" class=\"course__img\" src=\"https:\/\/dks.digital\/wp-content\/uploads\/2024\/11\/Nutricion-Deportiva-300x300.png\" alt=\"Curso\">\n\t\t\t\t\t\t\t<div class=\"course__body\">\n\t\t\t\t\t\t\t\t<h4 class=\"course__title\" data-gtm-container=\"distributor\" data-gtm-action=\"navigation\" data-gtm-category=\"Programa Avanzado en Nutrici\u00f3n Deportiva\"><a href=\"https:\/\/dks.digital\/mx\/cursos\/curso-nutricion-deportiva\/\">Programa Avanzado en Nutrici\u00f3n Deportiva<\/a><\/h4>\n\t\t\t\t\t\t\t\t<p class=\"course__content\"><\/p>\n\t\t\t\t\t\t\t\t<ul class=\"course__oustanding\">\n\t\t\t\t\t\t\t\t\t<li>Curso<\/li>\n\t\t\t\t\t\t\t\t\t<li>5 meses<\/li>\n\t\t\t\t\t\t\t\t\t<li>Oto\u00f1o<\/li>\n\t\t\t\t\t\t\t\t<\/ul>\n\t\t\t\t\t\t\t<\/div>\n\t\t\t\t\t\t<\/li>\n\t\t\t\t\t\t\t\t\t\t<li class=\"course__item slider__item\" data-slider=\"item\" data-module=\"link\" data-link-href=\"https:\/\/dks.digital\/mx\/cursos\/curso-inteligencia-artificial-marketing\/\" data-link-target=\"_self\" data-gtm-container=\"distributor\" data-gtm-action=\"navigation\" data-gtm-category=\"Experto en\u00a0Inteligencia Artificial (IA) aplicada al Marketing\">\n\t\t\t\t\t\t\t<img decoding=\"async\" class=\"course__img\" src=\"https:\/\/dks.digital\/wp-content\/uploads\/2025\/08\/IA-para-Marketing-Digital-231x312-1-222x300.png\" alt=\"Curso\">\n\t\t\t\t\t\t\t<div class=\"course__body\">\n\t\t\t\t\t\t\t\t<h4 class=\"course__title\" data-gtm-container=\"distributor\" data-gtm-action=\"navigation\" data-gtm-category=\"Experto en\u00a0Inteligencia Artificial (IA) aplicada al Marketing\"><a href=\"https:\/\/dks.digital\/mx\/cursos\/curso-inteligencia-artificial-marketing\/\">Experto en\u00a0Inteligencia Artificial (IA) aplicada al Marketing<\/a><\/h4>\n\t\t\t\t\t\t\t\t<p class=\"course__content\"><\/p>\n\t\t\t\t\t\t\t\t<ul class=\"course__oustanding\">\n\t\t\t\t\t\t\t\t\t<li>Curso<\/li>\n\t\t\t\t\t\t\t\t\t<li>3 meses<\/li>\n\t\t\t\t\t\t\t\t\t<li>Oto\u00f1o<\/li>\n\t\t\t\t\t\t\t\t<\/ul>\n\t\t\t\t\t\t\t<\/div>\n\t\t\t\t\t\t<\/li>\n\t\t\t\t\t\t\t\t\t\t<li class=\"course__item slider__item\" data-slider=\"item\" data-module=\"link\" data-link-href=\"https:\/\/dks.digital\/mx\/cursos\/curso-ecommerce\/\" data-link-target=\"_self\" data-gtm-container=\"distributor\" data-gtm-action=\"navigation\" data-gtm-category=\"Experto en Ecommerce\">\n\t\t\t\t\t\t\t<img decoding=\"async\" class=\"course__img\" src=\"https:\/\/dks.digital\/wp-content\/uploads\/2025\/07\/Curso-Ecommerce-1-1-231x312-1-222x300.jpg\" alt=\"Curso\">\n\t\t\t\t\t\t\t<div class=\"course__body\">\n\t\t\t\t\t\t\t\t<h4 class=\"course__title\" data-gtm-container=\"distributor\" data-gtm-action=\"navigation\" data-gtm-category=\"Experto en Ecommerce\"><a href=\"https:\/\/dks.digital\/mx\/cursos\/curso-ecommerce\/\">Experto en Ecommerce<\/a><\/h4>\n\t\t\t\t\t\t\t\t<p class=\"course__content\"><\/p>\n\t\t\t\t\t\t\t\t<ul class=\"course__oustanding\">\n\t\t\t\t\t\t\t\t\t<li>Curso<\/li>\n\t\t\t\t\t\t\t\t\t<li>4 meses<\/li>\n\t\t\t\t\t\t\t\t\t<li>Oto\u00f1o<\/li>\n\t\t\t\t\t\t\t\t<\/ul>\n\t\t\t\t\t\t\t<\/div>\n\t\t\t\t\t\t<\/li>\n\t\t\t\t\t\t\t\t\t\t<li class=\"course__item slider__item\" data-slider=\"item\" data-module=\"link\" data-link-href=\"https:\/\/dks.digital\/mx\/cursos\/curso-marketplaces\/\" data-link-target=\"_self\" data-gtm-container=\"distributor\" data-gtm-action=\"navigation\" data-gtm-category=\"Experto en Marketplaces\">\n\t\t\t\t\t\t\t<img decoding=\"async\" class=\"course__img\" src=\"https:\/\/dks.digital\/wp-content\/uploads\/2025\/08\/Ecommerce-y-Marketplaces-231x312-1-222x300.png\" alt=\"Curso\">\n\t\t\t\t\t\t\t<div class=\"course__body\">\n\t\t\t\t\t\t\t\t<h4 class=\"course__title\" data-gtm-container=\"distributor\" data-gtm-action=\"navigation\" data-gtm-category=\"Experto en Marketplaces\"><a href=\"https:\/\/dks.digital\/mx\/cursos\/curso-marketplaces\/\">Experto en Marketplaces<\/a><\/h4>\n\t\t\t\t\t\t\t\t<p class=\"course__content\"><\/p>\n\t\t\t\t\t\t\t\t<ul class=\"course__oustanding\">\n\t\t\t\t\t\t\t\t\t<li>Curso<\/li>\n\t\t\t\t\t\t\t\t\t<li>4 meses<\/li>\n\t\t\t\t\t\t\t\t\t<li>Oto\u00f1o<\/li>\n\t\t\t\t\t\t\t\t<\/ul>\n\t\t\t\t\t\t\t<\/div>\n\t\t\t\t\t\t<\/li>\n\t\t\t\t\t\t\t\t\t\t<li class=\"course__item slider__item\" data-slider=\"item\" data-module=\"link\" data-link-href=\"https:\/\/dks.digital\/mx\/cursos\/inteligencia-artificial-educacion\/\" data-link-target=\"_self\" data-gtm-container=\"distributor\" data-gtm-action=\"navigation\" data-gtm-category=\"Experto Universitario en Inteligencia Artificial en Educaci\u00f3n\">\n\t\t\t\t\t\t\t<img decoding=\"async\" class=\"course__img\" src=\"https:\/\/dks.digital\/wp-content\/uploads\/2024\/10\/Inteligencia-Artificial-en-Educacion-269x300.png\" alt=\"Curso\">\n\t\t\t\t\t\t\t<div class=\"course__body\">\n\t\t\t\t\t\t\t\t<h4 class=\"course__title\" data-gtm-container=\"distributor\" data-gtm-action=\"navigation\" data-gtm-category=\"Experto Universitario en Inteligencia Artificial en Educaci\u00f3n\"><a href=\"https:\/\/dks.digital\/mx\/cursos\/inteligencia-artificial-educacion\/\">Experto Universitario en Inteligencia Artificial en Educaci\u00f3n<\/a><\/h4>\n\t\t\t\t\t\t\t\t<p class=\"course__content\"><\/p>\n\t\t\t\t\t\t\t\t<ul class=\"course__oustanding\">\n\t\t\t\t\t\t\t\t\t<li>Curso<\/li>\n\t\t\t\t\t\t\t\t\t<li>5 meses<\/li>\n\t\t\t\t\t\t\t\t\t<li>Oto\u00f1o<\/li>\n\t\t\t\t\t\t\t\t<\/ul>\n\t\t\t\t\t\t\t<\/div>\n\t\t\t\t\t\t<\/li>\n\t\t\t\t\t\t\t\t\t\t<li class=\"course__item slider__item\" data-slider=\"item\" data-module=\"link\" data-link-href=\"https:\/\/dks.digital\/mx\/cursos\/curso-cro-conversion-rate-optimization\/\" data-link-target=\"_self\" data-gtm-container=\"distributor\" data-gtm-action=\"navigation\" data-gtm-category=\"Curso en CRO\">\n\t\t\t\t\t\t\t<img decoding=\"async\" class=\"course__img\" src=\"https:\/\/dks.digital\/wp-content\/uploads\/2025\/08\/Experto-CRO-231x312-1-222x300.png\" alt=\"Curso\">\n\t\t\t\t\t\t\t<div class=\"course__body\">\n\t\t\t\t\t\t\t\t<h4 class=\"course__title\" data-gtm-container=\"distributor\" data-gtm-action=\"navigation\" data-gtm-category=\"Curso en CRO\"><a href=\"https:\/\/dks.digital\/mx\/cursos\/curso-cro-conversion-rate-optimization\/\">Curso en CRO<\/a><\/h4>\n\t\t\t\t\t\t\t\t<p class=\"course__content\"><\/p>\n\t\t\t\t\t\t\t\t<ul class=\"course__oustanding\">\n\t\t\t\t\t\t\t\t\t<li>Curso<\/li>\n\t\t\t\t\t\t\t\t\t<li>3 meses<\/li>\n\t\t\t\t\t\t\t\t\t<li>Oto\u00f1o<\/li>\n\t\t\t\t\t\t\t\t<\/ul>\n\t\t\t\t\t\t\t<\/div>\n\t\t\t\t\t\t<\/li>\n\t\t\t\t\t\t\t\t\t\t<li class=\"course__item slider__item\" data-slider=\"item\" data-module=\"link\" data-link-href=\"https:\/\/dks.digital\/mx\/cursos\/curso-sostenibilidad\/\" data-link-target=\"_self\" data-gtm-container=\"distributor\" data-gtm-action=\"navigation\" data-gtm-category=\"Programa Executive en Sostenibilidad ESG\">\n\t\t\t\t\t\t\t<img decoding=\"async\" class=\"course__img\" src=\"https:\/\/dks.digital\/wp-content\/uploads\/2025\/08\/Sostenibilidad-ESG-231x312-1-222x300.png\" alt=\"Curso\">\n\t\t\t\t\t\t\t<div class=\"course__body\">\n\t\t\t\t\t\t\t\t<h4 class=\"course__title\" data-gtm-container=\"distributor\" data-gtm-action=\"navigation\" data-gtm-category=\"Programa Executive en Sostenibilidad ESG\"><a href=\"https:\/\/dks.digital\/mx\/cursos\/curso-sostenibilidad\/\">Programa Executive en Sostenibilidad ESG<\/a><\/h4>\n\t\t\t\t\t\t\t\t<p class=\"course__content\"><\/p>\n\t\t\t\t\t\t\t\t<ul class=\"course__oustanding\">\n\t\t\t\t\t\t\t\t\t<li>Curso<\/li>\n\t\t\t\t\t\t\t\t\t<li>5 meses<\/li>\n\t\t\t\t\t\t\t\t\t<li>Oto\u00f1o<\/li>\n\t\t\t\t\t\t\t\t<\/ul>\n\t\t\t\t\t\t\t<\/div>\n\t\t\t\t\t\t<\/li>\n\t\t\t\t\t\t\t\t\t\t<li class=\"course__item slider__item\" data-slider=\"item\" data-module=\"link\" data-link-href=\"https:\/\/dks.digital\/mx\/cursos\/curso-people-analytics\/\" data-link-target=\"_self\" data-gtm-container=\"distributor\" data-gtm-action=\"navigation\" data-gtm-category=\"Programa Executive en People Analytics &amp; HR Analytics\">\n\t\t\t\t\t\t\t<img decoding=\"async\" class=\"course__img\" src=\"https:\/\/dks.digital\/wp-content\/uploads\/2025\/08\/Executive-en-People-Analytics-HR-Analytics-231x312-1-222x300.jpg\" alt=\"Curso\">\n\t\t\t\t\t\t\t<div class=\"course__body\">\n\t\t\t\t\t\t\t\t<h4 class=\"course__title\" data-gtm-container=\"distributor\" data-gtm-action=\"navigation\" data-gtm-category=\"Programa Executive en People Analytics &amp; HR Analytics\"><a href=\"https:\/\/dks.digital\/mx\/cursos\/curso-people-analytics\/\">Programa Executive en People Analytics &amp; HR Analytics<\/a><\/h4>\n\t\t\t\t\t\t\t\t<p class=\"course__content\"><\/p>\n\t\t\t\t\t\t\t\t<ul class=\"course__oustanding\">\n\t\t\t\t\t\t\t\t\t<li>Curso<\/li>\n\t\t\t\t\t\t\t\t\t<li>5 meses<\/li>\n\t\t\t\t\t\t\t\t\t<li>Oto\u00f1o<\/li>\n\t\t\t\t\t\t\t\t<\/ul>\n\t\t\t\t\t\t\t<\/div>\n\t\t\t\t\t\t<\/li>\n\t\t\t\t\t\t\t\t\t\t<li class=\"course__item slider__item\" data-slider=\"item\" data-module=\"link\" data-link-href=\"https:\/\/dks.digital\/mx\/cursos\/curso-chief-hapiness-officer\/\" data-link-target=\"_self\" data-gtm-container=\"distributor\" data-gtm-action=\"navigation\" data-gtm-category=\"Programa Executive en Chief Happiness Officer\">\n\t\t\t\t\t\t\t<img decoding=\"async\" class=\"course__img\" src=\"https:\/\/dks.digital\/wp-content\/uploads\/2025\/08\/Comunicacion-Estrategica-Corporativa-231x312-1-222x300.png\" alt=\"Curso\">\n\t\t\t\t\t\t\t<div class=\"course__body\">\n\t\t\t\t\t\t\t\t<h4 class=\"course__title\" data-gtm-container=\"distributor\" data-gtm-action=\"navigation\" data-gtm-category=\"Programa Executive en Chief Happiness Officer\"><a href=\"https:\/\/dks.digital\/mx\/cursos\/curso-chief-hapiness-officer\/\">Programa Executive en Chief Happiness Officer<\/a><\/h4>\n\t\t\t\t\t\t\t\t<p class=\"course__content\"><\/p>\n\t\t\t\t\t\t\t\t<ul class=\"course__oustanding\">\n\t\t\t\t\t\t\t\t\t<li>Curso<\/li>\n\t\t\t\t\t\t\t\t\t<li>5 meses<\/li>\n\t\t\t\t\t\t\t\t\t<li>Oto\u00f1o<\/li>\n\t\t\t\t\t\t\t\t<\/ul>\n\t\t\t\t\t\t\t<\/div>\n\t\t\t\t\t\t<\/li>\n\t\t\t\t\t\t\t\t\t\t<li class=\"course__item slider__item\" data-slider=\"item\" data-module=\"link\" data-link-href=\"https:\/\/dks.digital\/mx\/cursos\/curso-perito-informatico-forense\/\" data-link-target=\"_self\" data-gtm-container=\"distributor\" data-gtm-action=\"navigation\" data-gtm-category=\"Programa Avanzado en Peritaje Inform\u00e1tico e Inform\u00e1tica Forense\">\n\t\t\t\t\t\t\t<img decoding=\"async\" class=\"course__img\" src=\"https:\/\/dks.digital\/wp-content\/uploads\/2023\/11\/Peritaje-informatico-300x300.png\" alt=\"Curso\">\n\t\t\t\t\t\t\t<div class=\"course__body\">\n\t\t\t\t\t\t\t\t<h4 class=\"course__title\" data-gtm-container=\"distributor\" data-gtm-action=\"navigation\" data-gtm-category=\"Programa Avanzado en Peritaje Inform\u00e1tico e Inform\u00e1tica Forense\"><a href=\"https:\/\/dks.digital\/mx\/cursos\/curso-perito-informatico-forense\/\">Programa Avanzado en Peritaje Inform\u00e1tico e Inform\u00e1tica Forense<\/a><\/h4>\n\t\t\t\t\t\t\t\t<p class=\"course__content\"><\/p>\n\t\t\t\t\t\t\t\t<ul class=\"course__oustanding\">\n\t\t\t\t\t\t\t\t\t<li>Curso<\/li>\n\t\t\t\t\t\t\t\t\t<li>4 meses<\/li>\n\t\t\t\t\t\t\t\t\t<li>Primavera<\/li>\n\t\t\t\t\t\t\t\t<\/ul>\n\t\t\t\t\t\t\t<\/div>\n\t\t\t\t\t\t<\/li>\n\t\t\t\t\t\t\t\t\t\t<li class=\"course__item slider__item\" data-slider=\"item\" data-module=\"link\" data-link-href=\"https:\/\/dks.digital\/mx\/cursos\/curso-cloud-computing\/\" data-link-target=\"_self\" data-gtm-container=\"distributor\" data-gtm-action=\"navigation\" data-gtm-category=\"Programa Avanzado en Cloud Computing. Arquitecturas y Soluciones\">\n\t\t\t\t\t\t\t<img decoding=\"async\" class=\"course__img\" src=\"https:\/\/dks.digital\/wp-content\/uploads\/2023\/11\/Cloud-Computing-300x300.png\" alt=\"Curso\">\n\t\t\t\t\t\t\t<div class=\"course__body\">\n\t\t\t\t\t\t\t\t<h4 class=\"course__title\" data-gtm-container=\"distributor\" data-gtm-action=\"navigation\" data-gtm-category=\"Programa Avanzado en Cloud Computing. Arquitecturas y Soluciones\"><a href=\"https:\/\/dks.digital\/mx\/cursos\/curso-cloud-computing\/\">Programa Avanzado en Cloud Computing. Arquitecturas y Soluciones<\/a><\/h4>\n\t\t\t\t\t\t\t\t<p class=\"course__content\"><\/p>\n\t\t\t\t\t\t\t\t<ul class=\"course__oustanding\">\n\t\t\t\t\t\t\t\t\t<li>Curso<\/li>\n\t\t\t\t\t\t\t\t\t<li>6 meses<\/li>\n\t\t\t\t\t\t\t\t\t<li>Primavera<\/li>\n\t\t\t\t\t\t\t\t<\/ul>\n\t\t\t\t\t\t\t<\/div>\n\t\t\t\t\t\t<\/li>\n\t\t\t\t\t\t\t\t\t\t<li class=\"course__item slider__item\" data-slider=\"item\" data-module=\"link\" data-link-href=\"https:\/\/dks.digital\/mx\/cursos\/curso-devops-cloud\/\" data-link-target=\"_self\" data-gtm-container=\"distributor\" data-gtm-action=\"navigation\" data-gtm-category=\"Programa en Devops &amp; Cloud\">\n\t\t\t\t\t\t\t<img decoding=\"async\" class=\"course__img\" src=\"https:\/\/dks.digital\/wp-content\/uploads\/2023\/11\/DevOps-Cloud-300x300.png\" alt=\"Curso\">\n\t\t\t\t\t\t\t<div class=\"course__body\">\n\t\t\t\t\t\t\t\t<h4 class=\"course__title\" data-gtm-container=\"distributor\" data-gtm-action=\"navigation\" data-gtm-category=\"Programa en Devops &amp; Cloud\"><a href=\"https:\/\/dks.digital\/mx\/cursos\/curso-devops-cloud\/\">Programa en Devops &amp; Cloud<\/a><\/h4>\n\t\t\t\t\t\t\t\t<p class=\"course__content\"><\/p>\n\t\t\t\t\t\t\t\t<ul class=\"course__oustanding\">\n\t\t\t\t\t\t\t\t\t<li>Curso<\/li>\n\t\t\t\t\t\t\t\t\t<li>6 meses<\/li>\n\t\t\t\t\t\t\t\t\t<li>Primavera<\/li>\n\t\t\t\t\t\t\t\t<\/ul>\n\t\t\t\t\t\t\t<\/div>\n\t\t\t\t\t\t<\/li>\n\t\t\t\t\t\t\t\t\t\t<li class=\"course__item slider__item\" data-slider=\"item\" data-module=\"link\" data-link-href=\"https:\/\/dks.digital\/mx\/cursos\/curso-ciberseguridad\/\" data-link-target=\"_self\" data-gtm-container=\"distributor\" data-gtm-action=\"navigation\" data-gtm-category=\"Programa en Ciberseguridad\">\n\t\t\t\t\t\t\t<img decoding=\"async\" class=\"course__img\" src=\"https:\/\/dks.digital\/wp-content\/uploads\/2023\/12\/Programa-profesional-ciberseguridad-300x300.png\" alt=\"Curso\">\n\t\t\t\t\t\t\t<div class=\"course__body\">\n\t\t\t\t\t\t\t\t<h4 class=\"course__title\" data-gtm-container=\"distributor\" data-gtm-action=\"navigation\" data-gtm-category=\"Programa en Ciberseguridad\"><a href=\"https:\/\/dks.digital\/mx\/cursos\/curso-ciberseguridad\/\">Programa en Ciberseguridad<\/a><\/h4>\n\t\t\t\t\t\t\t\t<p class=\"course__content\"><\/p>\n\t\t\t\t\t\t\t\t<ul class=\"course__oustanding\">\n\t\t\t\t\t\t\t\t\t<li>Curso<\/li>\n\t\t\t\t\t\t\t\t\t<li>9 meses<\/li>\n\t\t\t\t\t\t\t\t\t<li>Primavera<\/li>\n\t\t\t\t\t\t\t\t<\/ul>\n\t\t\t\t\t\t\t<\/div>\n\t\t\t\t\t\t<\/li>\n\t\t\t\t\t\t\t\t\t\t<li class=\"course__item slider__item\" data-slider=\"item\" data-module=\"link\" data-link-href=\"https:\/\/dks.digital\/mx\/cursos\/curso-inteligencia-artificial\/\" data-link-target=\"_self\" data-gtm-container=\"distributor\" data-gtm-action=\"navigation\" data-gtm-category=\"Programa en I.A y Data Science\">\n\t\t\t\t\t\t\t<img decoding=\"async\" class=\"course__img\" src=\"https:\/\/dks.digital\/wp-content\/uploads\/2025\/08\/Data-Science-300x300.jpg\" alt=\"Curso\">\n\t\t\t\t\t\t\t<div class=\"course__body\">\n\t\t\t\t\t\t\t\t<h4 class=\"course__title\" data-gtm-container=\"distributor\" data-gtm-action=\"navigation\" data-gtm-category=\"Programa en I.A y Data Science\"><a href=\"https:\/\/dks.digital\/mx\/cursos\/curso-inteligencia-artificial\/\">Programa en I.A y Data Science<\/a><\/h4>\n\t\t\t\t\t\t\t\t<p class=\"course__content\"><\/p>\n\t\t\t\t\t\t\t\t<ul class=\"course__oustanding\">\n\t\t\t\t\t\t\t\t\t<li>Curso<\/li>\n\t\t\t\t\t\t\t\t\t<li>8 meses<\/li>\n\t\t\t\t\t\t\t\t\t<li>Primavera<\/li>\n\t\t\t\t\t\t\t\t<\/ul>\n\t\t\t\t\t\t\t<\/div>\n\t\t\t\t\t\t<\/li>\n\t\t\t\t\t\t\t<\/ul>\n\t\t\t<div class=\"slider__shadow\" data-slider=\"shadow\"><\/div>\n\t\t<\/div>\n\t<\/div>\n<\/section>\n\n<section class=\"teacher -bg-black -text-white\">\n\t<div class=\"teacher__container\">\n\t\t<div class=\"teacher__introduction\">\n\n\t\t\t<h3>Estos son algunos de los profesores que dan clase en los cursos en l\u00ednea de DKS:<\/h3>\n\n\t\t\t<div class=\"wysiwyg\">\n\t\t\t\t\t\t\t<\/div>\n\n\t\t<\/div>\n\t\t<div class=\"slider slider--hidden-md\" data-module=\"slider\">\n\n\t\t\t<ul class=\"slider__scroll\" data-slider=\"scroll\">\n\t\t\t\t\t\t\t\t\t<li\t\t\t\t\t\tclass=\"teacher__item slider__item no-detail\"\n\t\t\t\t\t\t\t\t\t\t\t\tdata-slider=\"item\"\n\t\t\t\t\t>\n\t\t\t\t\t\t\t\t\t\t\t\t<img decoding=\"async\" class=\"teacher__img\" src=\"https:\/\/dks.digital\/wp-content\/uploads\/2023\/12\/carolina-escribano-sanchez-2305074-photoaidcom-greyscale.png\" alt=\"Carolina Escribano\">\n\t\t\t\t\t\t\n\t\t\t\t\t\t\t\t\t\t\t\t<img decoding=\"async\" class=\"teacher__logo-company\" src=\"https:\/\/dks.digital\/wp-content\/uploads\/2023\/02\/google.svg\" alt=\"\">\n\t\t\t\t\t\t\n\t\t\t\t\t\t<div class=\"teacher__body\">\n\t\t\t\t\t\t<p class=\"teacher__name\">Carolina Escribano<\/p>\n\t\t\t\t\t\t<p class=\"teacher__job\">Directora de Customer Engineering para banca, seguros y retail en Google Cloud. Entusiasta de la tecnolog\u00eda y de la innovaci\u00f3n, tiene m\u00e1s de 20 a\u00f1os de experiencia en el sector tecnol\u00f3gico en empresas como Google, IBM o HP.<\/p>\n\t\t\t\t\t\t<\/div>\n\t\t\t\t\t<\/li>\n\t\t\t\t\t\t\t\t\t<li\t\t\t\t\t\tclass=\"teacher__item slider__item no-detail\"\n\t\t\t\t\t\t\t\t\t\t\t\tdata-slider=\"item\"\n\t\t\t\t\t>\n\t\t\t\t\t\t\t\t\t\t\t\t<img decoding=\"async\" class=\"teacher__img\" src=\"https:\/\/dks.digital\/wp-content\/uploads\/2023\/12\/jorge-valenzuela-jimenez-1642887-2-photoaidcom-greyscale-e1730981471246-300x292.jpg\" alt=\"Jorge Valenzuela\">\n\t\t\t\t\t\t\n\t\t\t\t\t\t\t\t\t\t\t\t<img decoding=\"async\" class=\"teacher__logo-company\" src=\"https:\/\/dks.digital\/wp-content\/uploads\/2023\/02\/microsoft.svg\" alt=\"\">\n\t\t\t\t\t\t\n\t\t\t\t\t\t<div class=\"teacher__body\">\n\t\t\t\t\t\t<p class=\"teacher__name\">Jorge Valenzuela<\/p>\n\t\t\t\t\t\t<p class=\"teacher__job\"><\/p>\n\t\t\t\t\t\t<\/div>\n\t\t\t\t\t<\/li>\n\t\t\t\t\t\t\t\t\t<li\t\t\t\t\t\tclass=\"teacher__item slider__item no-detail\"\n\t\t\t\t\t\t\t\t\t\t\t\tdata-slider=\"item\"\n\t\t\t\t\t>\n\t\t\t\t\t\t\t\t\t\t\t\t<img decoding=\"async\" class=\"teacher__img\" src=\"https:\/\/dks.digital\/wp-content\/uploads\/2023\/12\/Javier-Pozo-Ugidos-removebg-preview-300x300.png\" alt=\"Javier Pozo Ugidos\">\n\t\t\t\t\t\t\n\t\t\t\t\t\t\t\t\t\t\t\t<img decoding=\"async\" class=\"teacher__logo-company\" src=\"https:\/\/dks.digital\/wp-content\/uploads\/2023\/02\/santander-4.svg\" alt=\"\">\n\t\t\t\t\t\t\n\t\t\t\t\t\t<div class=\"teacher__body\">\n\t\t\t\t\t\t<p class=\"teacher__name\">Javier Pozo Ugidos<\/p>\n\t\t\t\t\t\t<p class=\"teacher__job\">CIO en Santander Univ. &amp; Universia. Direcci\u00f3n estrat\u00e9gica, financiera y operativa de tecnolog\u00eda. Digital Factories, Digital Ecosystems, Open Platforms y Data-Driven Organizations. Tiene m\u00e1s de 20 a\u00f1os de experiencia trabajando en equipos innovadores.<\/p>\n\t\t\t\t\t\t<\/div>\n\t\t\t\t\t<\/li>\n\t\t\t\t\t\t\t\t\t<li\t\t\t\t\t\tclass=\"teacher__item slider__item no-detail\"\n\t\t\t\t\t\t\t\t\t\t\t\tdata-slider=\"item\"\n\t\t\t\t\t>\n\t\t\t\t\t\t\t\t\t\t\t\t<img decoding=\"async\" class=\"teacher__img\" src=\"https:\/\/dks.digital\/wp-content\/uploads\/2024\/11\/paula_de_francisco_jimenez-300x300.png\" alt=\"Paula de Francisco Jim\u00e9nez\">\n\t\t\t\t\t\t\n\t\t\t\t\t\t\t\t\t\t\t\t<img decoding=\"async\" class=\"teacher__logo-company\" src=\"https:\/\/dks.digital\/wp-content\/uploads\/2024\/11\/atletico-de-madrid-2024-version-logo-png_seeklogo-537037.png\" alt=\"\">\n\t\t\t\t\t\t\n\t\t\t\t\t\t<div class=\"teacher__body\">\n\t\t\t\t\t\t<p class=\"teacher__name\">Paula de Francisco Jim\u00e9nez<\/p>\n\t\t\t\t\t\t<p class=\"teacher__job\"><\/p>\n\t\t\t\t\t\t<\/div>\n\t\t\t\t\t<\/li>\n\t\t\t\t\t\t\t\t\t<li\t\t\t\t\t\tclass=\"teacher__item slider__item no-detail\"\n\t\t\t\t\t\t\t\t\t\t\t\tdata-slider=\"item\"\n\t\t\t\t\t>\n\t\t\t\t\t\t\t\t\t\t\t\t<img decoding=\"async\" class=\"teacher__img\" src=\"https:\/\/dks.digital\/wp-content\/uploads\/2024\/09\/Gj-photoaidcom-greyscale-removebg-preview-225x300.png\" alt=\"Gabriel Jim\u00e9nez\">\n\t\t\t\t\t\t\n\t\t\t\t\t\t\t\t\t\t\t\t<img decoding=\"async\" class=\"teacher__logo-company\" src=\"https:\/\/dks.digital\/wp-content\/uploads\/2024\/09\/Adidas_Logo.svg.png\" alt=\"\">\n\t\t\t\t\t\t\n\t\t\t\t\t\t<div class=\"teacher__body\">\n\t\t\t\t\t\t<p class=\"teacher__name\">Gabriel Jim\u00e9nez<\/p>\n\t\t\t\t\t\t<p class=\"teacher__job\"><\/p>\n\t\t\t\t\t\t<\/div>\n\t\t\t\t\t<\/li>\n\t\t\t\t\t\t\t\t<\/ul>\n\t\t\t\n\t\t<\/div>\n\t<\/div>\n<\/section>\n\n\n<section class=\"list-number\">\n  <div class=\"list-number__container container\">\n\n    <div class=\"list-number__introduction -width-75p-md -width-full\">\n      <h3 class=\"heading--2\">\u00bfPor qu\u00e9 estudiar un curso en DKS?<\/h3>          <\/div>\n\n        <ol>\n            <li>\n        <div class=\"list-number__item-content\">\n          <h4 class=\"list-number__item-title\">Especializaci\u00f3n<\/h4>\n          <p class=\"list-number__item-description\">Ofrecemos cursos especializados en \u00e1reas espec\u00edficas, lo que te permite adquirir conocimientos profundos y expertos en un campo particular.\n<\/p>\n        <\/div>\n      <\/li>\n            <li>\n        <div class=\"list-number__item-content\">\n          <h4 class=\"list-number__item-title\">Reconocimiento<\/h4>\n          <p class=\"list-number__item-description\">Despu\u00e9s de llevar formando perfiles tecnol\u00f3gicos y digitales desde 2011, los cursos de DKS est\u00e1n bien valorados en la industria, lo que aumentar\u00e1 tus oportunidades de empleo y tu credibilidad profesional.\n<\/p>\n        <\/div>\n      <\/li>\n            <li>\n        <div class=\"list-number__item-content\">\n          <h4 class=\"list-number__item-title\">Temarios actualizados<\/h4>\n          <p class=\"list-number__item-description\">Nuestros cursos en l\u00ednea est\u00e1n actualizados con las \u00faltimas tendencias y tecnolog\u00edas del mercado.\n<\/p>\n        <\/div>\n      <\/li>\n            <li>\n        <div class=\"list-number__item-content\">\n          <h4 class=\"list-number__item-title\">Metodolog\u00eda pr\u00e1ctica<\/h4>\n          <p class=\"list-number__item-description\">Los cursos en l\u00ednea de DKS tienen un enfoque pr\u00e1ctico, lo que te permite aplicar los conocimientos adquiridos a situaciones reales y proyectos concretos.\n<\/p>\n        <\/div>\n      <\/li>\n            <li>\n        <div class=\"list-number__item-content\">\n          <h4 class=\"list-number__item-title\">Profesores referentes<\/h4>\n          <p class=\"list-number__item-description\">Nuestros profesores son profesionales con experiencia relevante en la industria, lo que te brinda la oportunidad de aprender de expertos en el campo.\n<\/p>\n        <\/div>\n      <\/li>\n            <li>\n        <div class=\"list-number__item-content\">\n          <h4 class=\"list-number__item-title\">Networking<\/h4>\n          <p class=\"list-number__item-description\">Estudiar en DKS te brinda la oportunidad de conectarte con otros profesionales que comparten tus intereses y objetivos, lo que te permite establecer contactos en la industria.\n<\/p>\n        <\/div>\n      <\/li>\n          <\/ol>\n    \n  <\/div>\n<\/section>\n\n\n<!-- galeria de imagenes -->\n  <section class=\"gallery -bg-grey-ultra\" id=\"\">\n    <div class=\"gallery__container container\">\n              <div class=\"gallery__text -width-75p-md -width-full\">\n          <h2 class=\"heading--2\">Estas son algunas de las herramientas que ver\u00e1s en los cursos en l\u00ednea de DKS:<\/h2>                  <\/div>\n                <\/div>\n  <\/section>\n\n<section class=\"editorial -bg-img\">\n  <picture class=\"editorial__picture\">\n    <!-- tatamiento horizontal -->\n    <source media=\"(min-width: 768px)\" srcset=\"https:\/\/dks.digital\/wp-content\/uploads\/2024\/09\/desktop-1.jpg\">\n    <!-- tatamiento vertical -->\n    <img decoding=\"async\" class=\"editorial__img\" src=\"https:\/\/dks.digital\/wp-content\/uploads\/2024\/12\/mobile-1-300x180-3.jpg\" alt=\"\" title=\"mobile-1-300x180\">\n    <noscript>\n      <img decoding=\"async\" alt=\"\" title=\"mobile-1-300x180\" src=\"https:\/\/dks.digital\/wp-content\/uploads\/2024\/12\/mobile-1-300x180-3.jpg\">\n    <\/noscript>\n  <\/picture>\n  <div class=\"editorial__inner container\">\n    <div class=\"editorial__content\">\n                  <h2>Descubre DKS Carreer &#038; Talent<\/h2>\n                  <h3 class=\"heading--4\">M\u00e1s que una bolsa de empleo<\/h3>\n            <div class=\"wysiwyg\">\n        <ul>\n<li><strong>Bolsa de empleo<\/strong>\u00a0con empresas de referencia en busca de perfiles Digital &amp; Tech.<\/li>\n<li><strong>Talent Talks,<\/strong>\u00a0eventos mensuales con empresas destacadas en el ecosistema digital, donde conocer\u00e1s los perfiles y conocimientos m\u00e1s demandados.<\/li>\n<li><strong>Workshops Empleabilidad,\u00a0<\/strong>dise\u00f1ados para fortalecer aspectos clave que impulsar\u00e1n tu carrera profesional.<\/li>\n<li><strong>Qualentum<\/strong>,<strong>\u00a0nuestro partner Estrat\u00e9gico de Empleabilidad,<\/strong>\u00a0reclutador especializado en grandes empleadores de perfiles tecnol\u00f3gicos y digitales.<\/li>\n<\/ul>\n      <\/div>\n      <a class=\"button\" href=\"https:\/\/dks.digital\/DKS-talent-bolsa-empleo\/\" data-gtm-container=\"cards_full_image\" data-gtm-category=\"Descubre DKS Carreer &amp; Talent\" data-gtm-action=\"navigation\">Inf\u00f3rmate ahora<i class=\"icon-arrow-right\"><\/i><\/a>    <\/div>\n  <\/div>\n<\/section>\n\n<section class=\"number -bg-black -text-white\">\n  <div class=\"number__inner container\">\n            <ul class=\"number__content\"><li class=\"number__item\"><p class=\"number__pretitle\"><\/p><p class=\"number__number\">94%<\/p><p class=\"number__title\"><\/p><p class=\"number__subtitle\">de alumnos han mejorado profesionalmente<\/p><\/li><li class=\"number__line\"><\/li><li class=\"number__item\"><p class=\"number__pretitle\"><\/p><p class=\"number__number\">+1.600<\/p><p class=\"number__title\"><\/p><p class=\"number__subtitle\">empresas han buscado talento en DKS<\/p><\/li><li class=\"number__line\"><\/li><li class=\"number__item\"><p class=\"number__pretitle\"><\/p><p class=\"number__number\">+450<\/p><p class=\"number__title\"><\/p><p class=\"number__subtitle\">ofertas anuales de empleo<\/p><\/li><li class=\"\"><\/li><\/ul>  <\/div>\n<\/section>\n\n\n<!-- galeria de imagenes -->\n  <section class=\"gallery -bg-grey-ultra\" id=\"\">\n    <div class=\"gallery__container container\">\n              <div class=\"gallery__text -width-75p-md -width-full\">\n          <h2 class=\"heading--2\">Nuestros alumnos trabajan en:<\/h2>                  <\/div>\n                    <div class=\"gallery__slider slider slider--hidden-md\">\n            <div class=\"slider__scroll\">\n                          <div class=\"gallery__item slider__item -bg-white\">\n                <img class=\"gallery__img\" width=\"117\" height=\"62\" decoding=\"async\" alt=\"\" src=\"https:\/\/dks.digital\/wp-content\/uploads\/2023\/02\/mapfre-1.svg\" loading=\"lazy\">\n              <\/div>\n                            <div class=\"gallery__item slider__item -bg-white\">\n                <img class=\"gallery__img\" width=\"117\" height=\"62\" decoding=\"async\" alt=\"\" src=\"https:\/\/dks.digital\/wp-content\/uploads\/2023\/03\/havas.png\" loading=\"lazy\">\n              <\/div>\n                          <\/div>\n        <\/div>\n            <\/div>\n  <\/section>\n\n\r\n                <script type=\"application\/ld+json\">\r\n                    {\r\n                      \"@context\": \"https:\/\/schema.org\",\r\n                      \"@type\": \"FAQPage\",\r\n                      \"mainEntity\": [\r\n            \r\n                  {\r\n                    \"@type\": \"Question\",\r\n                    \"name\": \"\u00bfQu\u00e9 diferencia hay entre los cursos y los programas de DKS?\",\r\n                    \"acceptedAnswer\": {\r\n                      \"@type\": \"Answer\",\r\n                      \"text\": \"<p>En general,\u00a0los programas de DKS abarcan un conjunto m\u00e1s amplio de temas, mientras que los cursos se enfocan en un tema espec\u00edfico y tienen una duraci\u00f3n m\u00e1s corta. Adem\u00e1s, todos los programas de DKS est\u00e1n desarrollados en conjunto con UNIR, La Universidad de La Rioja.<\/p>\n\"\r\n                    }\r\n                  },\r\n                  {\r\n                    \"@type\": \"Question\",\r\n                    \"name\": \"\u00bfCu\u00e1nto duran los cursos a distancia de DKS?\",\r\n                    \"acceptedAnswer\": {\r\n                      \"@type\": \"Answer\",\r\n                      \"text\": \"<p>Los cursos de DKS duran entre 20h y 100h horas. Consulta con tu asesor.<\/p>\n\"\r\n                    }\r\n                  }\r\n                    ]\r\n                  }\r\n                <\/script>\r\n            \n<section class=\"faq -bg-grey-ultra-dark -text-white\" >\n  <div class=\"faq__container container\">\n\n    <div class=\"faq__introduction -width-75p-md -width-full\">\n      <h3 class=\"heading--2\">Resuelve tus dudas relacionadas con nuestros cursos:<\/h3>          <\/div>\n\n          <ul class=\"faq__list\" data-module=\"accordion\">\n                              <li class=\"faq__item\" data-accordion=\"item\">\n              <h3 class=\"faq__title\" data-accordion=\"button\" data-gtm-container=\"acordeon\" data-gtm-action=\"accordion_close\" data-gtm-category=\"\u00bfQu\u00e9 diferencia hay entre los cursos y los programas de DKS?\">\u00bfQu\u00e9 diferencia hay entre los cursos y los programas de DKS?<\/h3>\n              <div class=\"faq__body\" data-accordion=\"content\">\n                <div class=\"faq__inner\">\n                  <div class=\"wysiwyg\">En general,\u00a0los programas de DKS abarcan un conjunto m\u00e1s amplio de temas, mientras que los cursos se enfocan en un tema espec\u00edfico y tienen una duraci\u00f3n m\u00e1s corta. Adem\u00e1s, todos los programas de DKS est\u00e1n desarrollados en conjunto con UNIR, La Universidad de La Rioja.<\/div>\n                <\/div>\n              <\/div>\n            <\/li>\n                                        <li class=\"faq__item\" data-accordion=\"item\">\n              <h3 class=\"faq__title\" data-accordion=\"button\" data-gtm-container=\"acordeon\" data-gtm-action=\"accordion_close\" data-gtm-category=\"\u00bfCu\u00e1nto duran los cursos a distancia de DKS?\">\u00bfCu\u00e1nto duran los cursos a distancia de DKS?<\/h3>\n              <div class=\"faq__body\" data-accordion=\"content\">\n                <div class=\"faq__inner\">\n                  <div class=\"wysiwyg\">Los cursos de DKS duran entre 20h y 100h horas. Consulta con tu asesor.<\/div>\n                <\/div>\n              <\/div>\n            <\/li>\n                        <\/ul>\n    \n    \n  <\/div>\n<\/section>\n\n\n<section class=\"blog -bg-white\" id=\"\">\n\n    <div class=\"blog__container container\">\n\n        <h3 class=\"heading--h2 -text-black\">\u00daltimas entradas<\/h3>\n        <div class=\"wysiwyg -text-grey-darkest\"><\/div>\n\n        <div class=\"blog__grid slider\" data-module=\"slider\">\n\n            <div class=\"slider__button\">\n                <button class=\"slider__button-left icon-arrow-circle-left\" data-slider=\"button-left\"><\/button>\n                <button class=\"slider__button-right icon-arrow-circle-right\" data-slider=\"button-right\"><\/button>\n            <\/div>\n\n            <div class=\"blog__grid__slider slider__scroll blog__grid__slider--adjust\" data-slider=\"scroll\">\n\n                \n                    <a class=\"blog__card slider__item cro-gtm\" data-gtm-container=\"distributor\" data-gtm-category=\"Inteligencia artificial: gu\u00eda para entender qu\u00e9 es y c\u00f3mo funciona\" data-gtm-action=\"navigation\" data-slider=\"item\" href=\"https:\/\/dks.digital\/mx\/blog\/big-data\/inteligencia-artificial-guia-para-entender-que-es-y-como-funciona\/\" target=\"_self\">\n                        <img decoding=\"async\" class=\"blog__image\" src=\"https:\/\/dks.digital\/wp-content\/uploads\/2024\/11\/231002-aca4-des-f1-inteligencia-artificial-300x169.jpg\" alt=\"\">\n                        <h5 class=\"blog__title -text-black\">Inteligencia artificial: gu\u00eda para entender qu\u00e9 es y c\u00f3mo funciona<\/h5>\n                        <div class=\"blog__description -text-grey-darkest\">\u00bfTe has preguntado qu\u00e9 es la Inteligencia Artificial y qu\u00e9 implicaciones tiene en tu vida diaria? Te damos las claves para que comprendas qu\u00e9 es la IA, c\u00f3mo funciona, c\u00f3mo ha evolucionado, sus aplicaciones en la vida cotidiana y qu\u00e9 puede suponer su uso en el futuro para que puedas conocerla y entenderla. Definici\u00f3n de [&hellip;]<\/div>\n                    <\/a>\n\n                \n                    <a class=\"blog__card slider__item cro-gtm\" data-gtm-container=\"distributor\" data-gtm-category=\"Paid Media: qu\u00e9 es, tipos de campa\u00f1as, plataformas y claves\" data-gtm-action=\"navigation\" data-slider=\"item\" href=\"https:\/\/dks.digital\/mx\/blog\/marketing\/paid-media-guia-para-conocer-que-es-y-como-optimizar-tus-campanas\/\" target=\"_self\">\n                        <img decoding=\"async\" class=\"blog__image\" src=\"https:\/\/dks.digital\/wp-content\/uploads\/2024\/08\/Paid-media-300x150.webp\" alt=\"\">\n                        <h5 class=\"blog__title -text-black\">Paid Media: qu\u00e9 es, tipos de campa\u00f1as, plataformas y claves<\/h5>\n                        <div class=\"blog__description -text-grey-darkest\">El Paid Media es una de las estrategias m\u00e1s interesantes dentro del panorama del marketing digital actual. Este tipo de publicidad est\u00e1 formada por campa\u00f1as en Google Ads o anuncios en redes sociales, que te permitir\u00e1n llegar a tu audiencia de manera m\u00e1s r\u00e1pida y efectiva. Te contamos qu\u00e9 es el Paid Media, c\u00f3mo puedes [&hellip;]<\/div>\n                    <\/a>\n\n                \n                    <a class=\"blog__card slider__item cro-gtm\" data-gtm-container=\"distributor\" data-gtm-category=\"Qu\u00e9 es y para qu\u00e9 sirve la Anal\u00edtica Web\" data-gtm-action=\"navigation\" data-slider=\"item\" href=\"https:\/\/dks.digital\/mx\/blog\/analitica-web\/que-es-y-para-que-sirve-la-analitica-web\/\" target=\"_self\">\n                        <img decoding=\"async\" class=\"blog__image\" src=\"https:\/\/dks.digital\/wp-content\/uploads\/2023\/07\/65862a9c4af0031b1ff5a02c_657b441542d9e71e64ef6fdd_boutique-ux-300x200.jpeg\" alt=\"\">\n                        <h5 class=\"blog__title -text-black\">Qu\u00e9 es y para qu\u00e9 sirve la Anal\u00edtica Web<\/h5>\n                        <div class=\"blog__description -text-grey-darkest\">\u00bfQuieres saber c\u00f3mo mejorar el rendimiento de tu sitio web y atraer a m\u00e1s visitantes? Te contamos qu\u00e9 es la anal\u00edtica web, c\u00f3mo funciona y las herramientas necesarias para sacar el m\u00e1ximo partido a los datos de tu sitio para ayudarte a comprender el comportamiento de tus usuarios y a optimizar tu presencia online. Qu\u00e9 [&hellip;]<\/div>\n                    <\/a>\n\n                \n                    <a class=\"blog__card slider__item cro-gtm\" data-gtm-container=\"distributor\" data-gtm-category=\"SEO: qu\u00e9 es y c\u00f3mo posicionar tu web en buscadores\" data-gtm-action=\"navigation\" data-slider=\"item\" href=\"https:\/\/dks.digital\/mx\/blog\/seo\/seo-que-es-y-como-posicionar-tu-web-en-buscadores\/\" target=\"_self\">\n                        <img decoding=\"async\" class=\"blog__image\" src=\"https:\/\/dks.digital\/wp-content\/uploads\/2024\/07\/seo-300x170.jpg\" alt=\"\">\n                        <h5 class=\"blog__title -text-black\">SEO: qu\u00e9 es y c\u00f3mo posicionar tu web en buscadores<\/h5>\n                        <div class=\"blog__description -text-grey-darkest\">\u00bfQuieres descubrir los secretos del SEO y c\u00f3mo puedes posicionar tu web en los primeros resultados de b\u00fasqueda? En esta gu\u00eda completa te mostramos qu\u00e9 es SEO, por qu\u00e9 es necesario para tu estrategia digital y c\u00f3mo puedes utilizarlo para aumentar la visibilidad de tu sitio web. Por otro lado, te contamos cu\u00e1les son las [&hellip;]<\/div>\n                    <\/a>\n\n                \n            <\/div>\n\n        <\/div>\n\n                    <a href=\"https:\/\/dks.digital\/blog\/ \" class=\"button--third blog__btn cro-gtm\" data-gtm-container=\"cards_see_all_articles\" data-gtm-category=\"Ver todos los posts\" data-gtm-action=\"navigation\">\n                Ver todos los posts                <i class=\"icon-arrow-right\"><\/i>\n            <\/a>\n        \n    <\/div>\n\n<\/section>\n\n<section class=\"featured-links -bg-grey-ultra-dark -text-white\" id=\"\">\n    <div class=\"featured-links__container container\">\n            <h2 class=\"heading--h2\">Categor\u00edas Destacadas<\/h2>\n            <ul class=\"featured-links__list\">\n\t\t\t\t\t\t\t\t\t\t<li class=\"featured-links__item\">\n\t\t\t\t\t\t\t<a class=\"featured-links__link\" href=\"https:\/\/dks.digital\/mx\/digital-marketing-school\/\"  data-gtm-container=\"modulo_categorias_destacadas\" data-gtm-category=\" Cursos en Marketing Digital\" data-gtm-action=\"navigation\">\n\t\t\t\t\t\t\t\t Cursos en Marketing Digital\t\t\t\t\t\t\t\t<i class=\"featured-links__icon icon-arrow-right\"><\/i>\n\t\t\t\t\t\t\t<\/a>\n\t\t\t\t\t\t<\/li>\n\t\t\t\t\t\t\t\t\t\t\t\t<li class=\"featured-links__item\">\n\t\t\t\t\t\t\t<a class=\"featured-links__link\" href=\"https:\/\/dks.digital\/mx\/formacion-cursos\/cursos-ciberseguridad\/\"  data-gtm-container=\"modulo_categorias_destacadas\" data-gtm-category=\"Cursos en Ciberseguridad\" data-gtm-action=\"navigation\">\n\t\t\t\t\t\t\t\tCursos en Ciberseguridad\t\t\t\t\t\t\t\t<i class=\"featured-links__icon icon-arrow-right\"><\/i>\n\t\t\t\t\t\t\t<\/a>\n\t\t\t\t\t\t<\/li>\n\t\t\t\t\t\t\t\t\t\t\t\t<li class=\"featured-links__item\">\n\t\t\t\t\t\t\t<a class=\"featured-links__link\" href=\"https:\/\/dks.digital\/mx\/maestria\/\"  data-gtm-container=\"modulo_categorias_destacadas\" data-gtm-category=\"Maestr\u00edas en l\u00ednea\" data-gtm-action=\"navigation\">\n\t\t\t\t\t\t\t\tMaestr\u00edas en l\u00ednea\t\t\t\t\t\t\t\t<i class=\"featured-links__icon icon-arrow-right\"><\/i>\n\t\t\t\t\t\t\t<\/a>\n\t\t\t\t\t\t<\/li>\n\t\t\t\t\t\t      <\/ul>\n    <\/div>\n  <\/section>","protected":false},"excerpt":{"rendered":"","protected":false},"author":1,"featured_media":0,"parent":0,"menu_order":0,"comment_status":"closed","ping_status":"closed","template":"template-bloques.php","meta":{"_acf_changed":false,"footnotes":""},"acf":[],"yoast_head":"<!-- This site is optimized with the Yoast SEO plugin v22.5 - https:\/\/yoast.com\/wordpress\/plugins\/seo\/ -->\n<title>Cursos en Linea - Aprende Online a tu Ritmo | DKS<\/title>\n<meta name=\"description\" content=\"Cursos en Linea - Aprende Online a tu Ritmo | DKS\" \/>\n<link rel=\"canonical\" href=\"https:\/\/dks.digital\/mx\/cursos\/\" \/>\n<meta property=\"og:locale\" content=\"es_ES\" \/>\n<meta property=\"og:type\" content=\"article\" \/>\n<meta property=\"og:title\" content=\"Cursos en Linea - Aprende Online a tu Ritmo | DKS\" \/>\n<meta property=\"og:description\" content=\"Cursos en Linea - Aprende Online a tu Ritmo | DKS\" \/>\n<meta property=\"og:url\" content=\"https:\/\/dks.digital\/mx\/cursos\/\" \/>\n<meta property=\"og:site_name\" content=\"DKS, tu centro de estudios especializado en internet\" \/>\n<meta property=\"article:modified_time\" content=\"2026-01-21T16:25:20+00:00\" \/>\n<meta name=\"twitter:card\" content=\"summary_large_image\" \/>\n<script type=\"application\/ld+json\" class=\"yoast-schema-graph\">{\"@context\":\"https:\/\/schema.org\",\"@graph\":[{\"@type\":\"WebPage\",\"@id\":\"https:\/\/dks.digital\/mx\/cursos\/\",\"url\":\"https:\/\/dks.digital\/mx\/cursos\/\",\"name\":\"Cursos en Linea - Aprende Online a tu Ritmo | DKS\",\"isPartOf\":{\"@id\":\"https:\/\/dks.digital\/mx\/#website\"},\"datePublished\":\"2025-06-05T10:52:19+00:00\",\"dateModified\":\"2026-01-21T16:25:20+00:00\",\"description\":\"Cursos en Linea - Aprende Online a tu Ritmo | DKS\",\"inLanguage\":\"es-MX\",\"potentialAction\":[{\"@type\":\"ReadAction\",\"target\":[\"https:\/\/dks.digital\/mx\/cursos\/\"]}]},{\"@type\":\"WebSite\",\"@id\":\"https:\/\/dks.digital\/mx\/#website\",\"url\":\"https:\/\/dks.digital\/mx\/\",\"name\":\"DKS, tu centro de estudios especializado en internet\",\"description\":\"DKS, la escuela de los profesionales digitales desde hace m\u00e1s de 7 a\u00f1os\",\"publisher\":{\"@id\":\"https:\/\/dks.digital\/mx\/#organization\"},\"potentialAction\":[{\"@type\":\"SearchAction\",\"target\":{\"@type\":\"EntryPoint\",\"urlTemplate\":\"https:\/\/dks.digital\/mx\/?s={search_term_string}\"},\"query-input\":\"required name=search_term_string\"}],\"inLanguage\":\"es-MX\"},{\"@type\":\"Organization\",\"@id\":\"https:\/\/dks.digital\/mx\/#organization\",\"name\":\"DKS, tu centro de estudios especializado en internet\",\"url\":\"https:\/\/dks.digital\/mx\/\",\"logo\":{\"@type\":\"ImageObject\",\"inLanguage\":\"es-MX\",\"@id\":\"https:\/\/dks.digital\/mx\/#\/schema\/logo\/image\/\",\"url\":\"https:\/\/dks.digital\/wp-content\/uploads\/2025\/12\/cropped-cropped-favicon-ks.jpg\",\"contentUrl\":\"https:\/\/dks.digital\/wp-content\/uploads\/2025\/12\/cropped-cropped-favicon-ks.jpg\",\"width\":512,\"height\":512,\"caption\":\"DKS, tu centro de estudios especializado en internet\"},\"image\":{\"@id\":\"https:\/\/dks.digital\/mx\/#\/schema\/logo\/image\/\"}}]}<\/script>\n<!-- \/ Yoast SEO plugin. -->","yoast_head_json":{"title":"Cursos en Linea - Aprende Online a tu Ritmo | DKS","description":"Cursos en Linea - Aprende Online a tu Ritmo | DKS","canonical":"https:\/\/dks.digital\/mx\/cursos\/","og_locale":"es_ES","og_type":"article","og_title":"Cursos en Linea - Aprende Online a tu Ritmo | DKS","og_description":"Cursos en Linea - Aprende Online a tu Ritmo | DKS","og_url":"https:\/\/dks.digital\/mx\/cursos\/","og_site_name":"DKS, tu centro de estudios especializado en internet","article_modified_time":"2026-01-21T16:25:20+00:00","twitter_card":"summary_large_image","schema":{"@context":"https:\/\/schema.org","@graph":[{"@type":"WebPage","@id":"https:\/\/dks.digital\/mx\/cursos\/","url":"https:\/\/dks.digital\/mx\/cursos\/","name":"Cursos en Linea - Aprende Online a tu Ritmo | DKS","isPartOf":{"@id":"https:\/\/dks.digital\/mx\/#website"},"datePublished":"2025-06-05T10:52:19+00:00","dateModified":"2026-01-21T16:25:20+00:00","description":"Cursos en Linea - Aprende Online a tu Ritmo | DKS","inLanguage":"es-MX","potentialAction":[{"@type":"ReadAction","target":["https:\/\/dks.digital\/mx\/cursos\/"]}]},{"@type":"WebSite","@id":"https:\/\/dks.digital\/mx\/#website","url":"https:\/\/dks.digital\/mx\/","name":"DKS, tu centro de estudios especializado en internet","description":"DKS, la escuela de los profesionales digitales desde hace m\u00e1s de 7 a\u00f1os","publisher":{"@id":"https:\/\/dks.digital\/mx\/#organization"},"potentialAction":[{"@type":"SearchAction","target":{"@type":"EntryPoint","urlTemplate":"https:\/\/dks.digital\/mx\/?s={search_term_string}"},"query-input":"required name=search_term_string"}],"inLanguage":"es-MX"},{"@type":"Organization","@id":"https:\/\/dks.digital\/mx\/#organization","name":"DKS, tu centro de estudios especializado en internet","url":"https:\/\/dks.digital\/mx\/","logo":{"@type":"ImageObject","inLanguage":"es-MX","@id":"https:\/\/dks.digital\/mx\/#\/schema\/logo\/image\/","url":"https:\/\/dks.digital\/wp-content\/uploads\/2025\/12\/cropped-cropped-favicon-ks.jpg","contentUrl":"https:\/\/dks.digital\/wp-content\/uploads\/2025\/12\/cropped-cropped-favicon-ks.jpg","width":512,"height":512,"caption":"DKS, tu centro de estudios especializado en internet"},"image":{"@id":"https:\/\/dks.digital\/mx\/#\/schema\/logo\/image\/"}}]}},"_links":{"self":[{"href":"https:\/\/dks.digital\/mx\/wp-json\/wp\/v2\/pages\/82411"}],"collection":[{"href":"https:\/\/dks.digital\/mx\/wp-json\/wp\/v2\/pages"}],"about":[{"href":"https:\/\/dks.digital\/mx\/wp-json\/wp\/v2\/types\/page"}],"author":[{"embeddable":true,"href":"https:\/\/dks.digital\/mx\/wp-json\/wp\/v2\/users\/1"}],"replies":[{"embeddable":true,"href":"https:\/\/dks.digital\/mx\/wp-json\/wp\/v2\/comments?post=82411"}],"version-history":[{"count":4,"href":"https:\/\/dks.digital\/mx\/wp-json\/wp\/v2\/pages\/82411\/revisions"}],"predecessor-version":[{"id":84138,"href":"https:\/\/dks.digital\/mx\/wp-json\/wp\/v2\/pages\/82411\/revisions\/84138"}],"wp:attachment":[{"href":"https:\/\/dks.digital\/mx\/wp-json\/wp\/v2\/media?parent=82411"}],"curies":[{"name":"wp","href":"https:\/\/api.w.org\/{rel}","templated":true}]}}