{"id":83515,"date":"2025-11-24T13:45:25","date_gmt":"2025-11-24T12:45:25","guid":{"rendered":"https:\/\/dks.digital\/master\/master-readaptacion-deportiva\/"},"modified":"2026-01-19T10:16:45","modified_gmt":"2026-01-19T09:16:45","slug":"maestria-readaptacion-deportiva","status":"publish","type":"master","link":"https:\/\/dks.digital\/mx\/maestria\/maestria-readaptacion-deportiva\/","title":{"rendered":"Maestr\u00eda en Preparaci\u00f3n F\u00edsica y Readaptaci\u00f3n Deportiva en F\u00fatbol"},"content":{"rendered":"\n<section class='hero-pdp' >\n\n      <div class=\"hero-pdp__accelerator -hidden-from-md\">\n      <p class=\"container hero-pdp__accelerator-text\">\u00a1Pr\u00f3xima convocatoria!<\/p>\n    <\/div>\n  \n  <picture class=\"hero-pdp__picture\">\n    <!-- tatamiento vertical -->\n    <source media=\"(max-width: 1023px)\" srcset=\"https:\/\/dks.digital\/wp-content\/uploads\/2025\/10\/Preparacion-Fisica-y-Readaptacion-Deportiva-en-Futbol_mobile.jpg\" loading=\"eager\" fetchpriority=\"high\" data-identifier=\"hero-image\" \/>\n    <!-- tatamiento version_horizontal -->\n    <img decoding=\"async\" class=\"hero-pdp__image\" src=\"https:\/\/dks.digital\/wp-content\/uploads\/2025\/10\/Preparacion-Fisica-y-Readaptacion-Deportiva-en-Futbol_desktop.jpg\" alt=\"\" title=\"Preparaci\u00f3n F\u00edsica y Readaptaci\u00f3n Deportiva en F\u00fatbol_desktop\" loading=\"eager\" fetchpriority=\"high\" data-identifier=\"hero-image\" \/>\n  <\/picture>\n\n  \n  <div class='hero-pdp__inner container'>\n    <div class='hero-pdp__content'>\n\n      <h1 class='hero-pdp__title'>M\u00e1ster en Preparaci\u00f3n F\u00edsica y Readaptaci\u00f3n Deportiva en F\u00fatbol<\/h1>\n\n      <ul class='hero-pdp__highlighted'>\n        \n          \n          <li class='hero-pdp__highlighted-item'>\n\n                          <p class='hero-pdp__highlighted-title'>Metodolog\u00eda<\/p>\n            \n                          <p class='hero-pdp__highlighted-content'>En l\u00ednea<\/p>\n            \n          <\/li>\n\n        \n          \n          <li class='hero-pdp__highlighted-item'>\n\n                          <p class='hero-pdp__highlighted-title'>Duraci\u00f3n<\/p>\n            \n                          <p class='hero-pdp__highlighted-content'>7 meses<\/p>\n            \n          <\/li>\n\n        \n          \n          <li class='hero-pdp__highlighted-item'>\n\n                          <p class='hero-pdp__highlighted-title'>Inicio<\/p>\n            \n                          <p class='hero-pdp__highlighted-content'>Oto\u00f1o 2026<\/p>\n            \n          <\/li>\n\n        \n          \n          <li class='hero-pdp__highlighted-item'>\n\n                          <p class='hero-pdp__highlighted-title'>Pr\u00e1cticas presenciales en:<\/p>\n            \n                          <p class='hero-pdp__highlighted-content'>Club de F\u00fatbol 11<\/p>\n            \n          <\/li>\n\n              <\/ul>\n\n              <div class='hero-pdp__wysiwyg'><ul>\n<li>Gestiona un equipo de alto rendimiento con Juan Carlos \u00c1lvarez Campillo.<\/li>\n<li class=\"hero-product__wrapper wow fadeInUp\">\n<div class=\"hero-product__content e-container wow fadeInUp\">\n<div class=\"e-col-xs-12 e-col-sm-12 e-col-md-6 e-col-lg-6 wow fadeInUp\">\n<p class=\"hero-product__description\">Titulaci\u00f3n conjunta DKS + UNIR, Universidad Internacional de La Rioja<\/p>\n<\/div>\n<\/div>\n<\/li>\n<\/ul>\n<\/div>\n      \n      <div class=\"hero-pdp__container\">\n\n                  <div class=\"hero-pdp__col-company\">\n            <figure class=\"hero-pdp__col-company-picture-unir\">\n              <p>Titulaci\u00f3n conjunta con<\/p>\n              <img decoding=\"async\" width=\"118\" height=\"44\" src=\"https:\/\/dks.digital\/wp-content\/plugins\/iter-bloques\/blocks\/hero-pdp\/images\/unir-logo.svg\" alt=\"UNIR Logo\" loading=\"lazy\">\n            <\/figure>\n          <\/div>\n        \n        \n        <div class=\"hero-pdp__collaboration__block\">\n\n                      <div class=\"hero-pdp__collaboration\">\n              <div class=\"container hero-pdp__collaboration-inner\">\n                <p class=\"hero-pdp__collaboration-text\">Titulaci\u00f3n conjunta con<\/p>\n                <figure class=\"hero-pdp__collaboration-figure\">\n                  <img decoding=\"async\" width=\"118\" height=\"44\" src=\"https:\/\/dks.digital\/wp-content\/plugins\/iter-bloques\/blocks\/hero-pdp\/images\/unir-logo.svg\" alt=\"UNIR Logo\" loading=\"lazy\">\n                <\/figure>\n              <\/div>\n            <\/div>\n          \n          \n        <\/div>\n\n        <div class=\"hero-pdp__logos\">\n          <p class=\"hero-pdp__logos-content\"><\/p>\n          <div class=\"hero-pdp__logos-list\">\n\n            \n          <\/div>\n        <\/div>\n\n      <\/div>\n\n    <\/div>\n\n  <\/div>\n\n  <div class=\"hero-pdp__backdrop\"><\/div>\n\n<\/section>\n\n\n<div class=\"menu-pdp\" data-module=\"menu-pdp\">\n  <div class=\"container\">\n    <div class=\"menu-pdp__content\" data-menu=\"container\">\n              <a class=\"menu-pdp__link active\" \n           data-anchor=\"descripcion\" \n           data-gtm-container=\"navegacion_secundaria\" \n           data-gtm-action=\"navigation\">\n          Descripci\u00f3n        <\/a>\n              <a class=\"menu-pdp__link \" \n           data-anchor=\"DKS\" \n           data-gtm-container=\"navegacion_secundaria\" \n           data-gtm-action=\"navigation\">\n          \u00bfPor qu\u00e9 DKS?        <\/a>\n              <a class=\"menu-pdp__link \" \n           data-anchor=\"estudios\" \n           data-gtm-container=\"navegacion_secundaria\" \n           data-gtm-action=\"navigation\">\n          Plan de estudios        <\/a>\n              <a class=\"menu-pdp__link \" \n           data-anchor=\"profesores\" \n           data-gtm-container=\"navegacion_secundaria\" \n           data-gtm-action=\"navigation\">\n          Profesores        <\/a>\n              <a class=\"menu-pdp__link \" \n           data-anchor=\"financiacion\" \n           data-gtm-container=\"navegacion_secundaria\" \n           data-gtm-action=\"navigation\">\n          Financiaci\u00f3n        <\/a>\n              <a class=\"menu-pdp__link \" \n           data-anchor=\"testimonios\" \n           data-gtm-container=\"navegacion_secundaria\" \n           data-gtm-action=\"navigation\">\n          Testimonios        <\/a>\n            <a class=\"menu-pdp__button button--secondary\" data-anchor=\"form\" data-gtm-container=\"boton_info\" data-gtm-category=\"solicitud_info_contextual\" data-gtm-action=\"form_open\">Solicita informaci\u00f3n<\/a>\n    <\/div>\n  <\/div>\n<\/div>\n\n\n<div class=\"section-form\">\n\n    <div class=\"section-form__content\">\n\n    <section class='-width-vw -bg-black -text-white' id='descripcion'>\n        <div class='container'>\n            <div class=\"section-form__wysiwyg\">\n                            <h2 class='section-form__title'>Domina la recuperaci\u00f3n de lesiones en f\u00fatbol<\/h2>\n                        <div class=\"section-form__inner\">\n\n<p>La maestr\u00eda en Readaptaci\u00f3n Deportiva en F\u00fatbol te ofrece una formaci\u00f3n integral que responde directamente a las necesidades de los clubes de f\u00fatbol modernos, enfocada en la&nbsp;<strong>prevenci\u00f3n, recuperaci\u00f3n y mejora del rendimiento deportivo<\/strong>, aumentando la empleabilidad y especializaci\u00f3n del profesional.<\/p>\n\n\n\n<p>Este programa tiene un enfoque 100% pr\u00e1ctico y enfocado al f\u00fatbol con el que , aprender\u00e1s a&nbsp;<strong>gestionar eficazmente el aumento de lesiones y reca\u00eddas, crear protocolos de prevenci\u00f3n innovadores y maximizar el rendimiento de los jugadores<\/strong>. Desarrollar\u00e1s habilidades pr\u00e1cticas y conocimientos avanzados que te posicionar\u00e1n como un especialista clave para los clubes de f\u00fatbol, ayud\u00e1ndote a avanzar en tu carrera y a marcar la diferencia en un entorno competitivo.<\/p>\n\n\n\n<p>Adem\u00e1s, aprender\u00e1s a usar<strong>&nbsp;tecnolog\u00edas avanzadas como, WIMU, My Sprint y My Jump&nbsp;<\/strong>para evaluar el estado f\u00edsico del deportista y monitorizar entrenamientos de forma precisa.<\/p>\n\n\n\n<ul class='panel-img--square' id=\"\">\n            <li class='panel-img--square__item'>\n          <figure class='panel-img--square__figure'>\n            <div class='panel-img--square__figure-inner'>\n              <img class='panel-img--square__img' \n                   width=\"74\" \n                   height=\"64\" \n                   src='https:\/\/dks.digital\/wp-content\/uploads\/2025\/10\/logo-300x141-1.png'\n                   alt=''>\n            <\/div>\n            <figcaption class='panel-img--square__caption'><\/figcaption>\n          <\/figure>\n        <\/li>\n            <li class='panel-img--square__item'>\n          <figure class='panel-img--square__figure'>\n            <div class='panel-img--square__figure-inner'>\n              <img class='panel-img--square__img' \n                   width=\"74\" \n                   height=\"64\" \n                   src='https:\/\/dks.digital\/wp-content\/uploads\/2025\/10\/Kjr0rI10_400x400-300x300-1.png'\n                   alt=''>\n            <\/div>\n            <figcaption class='panel-img--square__caption'><\/figcaption>\n          <\/figure>\n        <\/li>\n            <li class='panel-img--square__item'>\n          <figure class='panel-img--square__figure'>\n            <div class='panel-img--square__figure-inner'>\n              <img class='panel-img--square__img' \n                   width=\"74\" \n                   height=\"64\" \n                   src='https:\/\/dks.digital\/wp-content\/uploads\/2025\/10\/unnamed-300x300-1.png'\n                   alt=''>\n            <\/div>\n            <figcaption class='panel-img--square__caption'><\/figcaption>\n          <\/figure>\n        <\/li>\n    <\/ul>\n\n\n<ul class='panel-img--square' id=\"\">\n    <\/ul>\n\n\n<p>El programa ofrece un&nbsp;<strong>curso adicional, \u201cFundamentos de Nutrici\u00f3n para el Deporte y la Actividad F\u00edsica\u201d,<\/strong>&nbsp;al que tendr\u00e1s acceso desde el momento de tu matr\u00edcula, completando as\u00ed tu formaci\u00f3n en el \u00e1mbito deportivo.<\/p>\n\n\n\n<p>Al finalizar la maestr\u00eda recibir\u00e1s una&nbsp;<strong>Titulaci\u00f3n conjunta DKS + UNIR, Universidad Internacional de La Rioja<\/strong><\/p>\n\n<\/div>\n            <\/div>\n        <\/div>\n<\/section>\n\n\n    <section class='-width-vw ' id='DKS'>\n        <div class='container'>\n            <div class=\"section-form__wysiwyg\">\n                            <h2 class='section-form__title'>Objetivos: aprende a prevenir, reducir y gestionar lesiones deportivas en futbolistas<\/h2>\n                        <div class=\"section-form__inner\">\n\n<div class=\"list--number\">\n    <ol class=\"list--number__list\">\n          <li><p>Mejorar tus competencias como educador y formador en f\u00fatbol.<\/p><\/li>\n          <li><p>Identificar y aplicar los \u00faltimos avances tecnol\u00f3gicos: GPS y otros dispositivos.<\/p><\/li>\n          <li><p>Profundizar en los conocimientos fisiol\u00f3gicos, cl\u00ednicos y biomec\u00e1nicos.<\/p><\/li>\n          <li><p>Aprender a estructurar microciclos en funci\u00f3n de los objetivos semanales.<\/p><\/li>\n          <li><p>Estudiar\u00e1s las caracter\u00edsticas de la preparaci\u00f3n f\u00edsica del futbol femenino.<\/p><\/li>\n          <li><p>Recibir formaci\u00f3n espec\u00edfica centrada en entrenamiento de fuerza, resistencia, velocidad, f\u00fatbol base y f\u00fatbol femenino.<\/p><\/li>\n      <\/ol>\n<\/div>\n<\/div>\n            <\/div>\n        <\/div>\n<\/section>\n\n\n    <section class='-width-vw -bg-grey-ultra-light' id=''>\n        <div class='container'>\n            <div class=\"section-form__wysiwyg\">\n                            <h2 class='section-form__title'>A qui\u00e9n va dirigido<\/h2>\n                        <div class=\"section-form__inner\">\n\n<ul>\n<li>Coaches deportivos: Ideal para quienes buscan profundizar en las competencias necesarias para un buen coaching deportivo y conocer las variables que afectan el rendimiento de los deportistas. Tambi\u00e9n es \u00fatil para coaches con experiencia en otros sectores que desean ingresar al \u00e1mbito deportivo.<\/li>\n\n\n\n<li>Psic\u00f3logos: Perfecto para psic\u00f3logos interesados en aplicar el coaching en el deporte, comprendiendo las variables psicol\u00f3gicas del \u00e1mbito deportivo y aprendiendo t\u00e9cnicas complementarias.<\/li>\n\n\n\n<li>Entrenadores deportivos: Dirigido a entrenadores que desean conocer herramientas y t\u00e9cnicas para mejorar el rendimiento de los deportistas y entender c\u00f3mo trabajar con coaches y psic\u00f3logos deportivos.<\/li>\n\n\n\n<li>Preparadores f\u00edsicos: Apto para preparadores f\u00edsicos que buscan comprender las variables psicol\u00f3gicas que impactan el rendimiento deportivo y aprender a colaborar con entrenadores, coaches y psic\u00f3logos.<\/li>\n\n\n\n<li>Deportistas: Beneficioso para deportistas que desean mejorar su autoconocimiento, gestionar conflictos y trabajar con su equipo de apoyo para ofrecer su mejor versi\u00f3n.<\/li>\n\n\n\n<li>Familiares de deportistas: Recomendado para familiares de deportistas, especialmente j\u00f3venes, que necesitan comprender las variables que afectan el bienestar y rendimiento del deportista para apoyar su estabilidad emocional y equilibrio\u2026<\/li>\n<\/ul>\n\n<\/div>\n            <\/div>\n        <\/div>\n<\/section>\n\n\n    <section class='-width-vw ' id='estudios'>\n        <div class='container'>\n            <div class=\"section-form__wysiwyg\">\n                        <div class=\"section-form__inner\">\n\n<div class=\"info-course__container\">\n    <h2 class='info-course__title-head'>Maestr\u00eda en Preparaci\u00f3n F\u00edsica y Readaptaci\u00f3n Deportiva en F\u00fatbol<\/h2>\n    <ul class='info-course__outstanding'>\n        <li class='info-course__item'>\n            <p class='info-course__title'>Inicio<\/p>\n            <p class='info-course__content'>Oto\u00f1o 2026<\/p>\n        <\/li>\n        <li class='info-course__item'>\n            <p class='info-course__title'>Duraci\u00f3n<\/p>\n            <p class='info-course__content'>7 meses <\/p>\n        <\/li>\n        <li class='info-course__item'>\n            <p class='info-course__title'>Metodolog\u00eda<\/p>\n            <p class='info-course__content'>En l\u00ednea<\/p>\n        <\/li>\n        <li class='info-course__item'>\n            <p class='info-course__title'><\/p>\n            <p class='info-course__content'><\/p>\n        <\/li>\n        <li class='info-course__item'>\n            <p class='info-course__title'><\/p>\n            <p class='info-course__content'><\/p>\n        <\/li>\n        <li class='info-course__item'>\n            <p class='info-course__title'><\/p>\n            <p class='info-course__content'><\/p>\n        <\/li>\n    <\/ul>\n    <h3 class='info-course__heading'><\/h3>\n    <ul class=\"info-course__subjects\" data-module=\"accordion\">\n                                    <li class=\"info-course__subjects-item\" data-accordion=\"item\">\n                    <h3 class=\"info-course__subjects-title\" data-accordion=\"button\" data-gtm-container=\"acordeon\" data-gtm-action=\"accordion_open\" data-gtm-category=\"Asignatura 1. Match analysis y Big Data\">\n                        Asignatura 1. Match analysis y Big Data                        <i class=\"info-course__subjects-icon icon-caret-down\"><\/i>\n                    <\/h3>\n                    <div class=\"info-course__subjects-content\" data-accordion=\"content\">\n                        <div class=\"info-course__subjects-inner wysiwyg\">\n                            <ul>\n<li>Tema 1. El an\u00e1lisis del juego: evoluci\u00f3n de las herramientas para el Match Analysis.<\/li>\n<li>Tema 2. Las demandas del juego: an\u00e1lisis del rendimiento en la competici\u00f3n.<\/li>\n<li>Tema 3. Par\u00e1metros clave del rendimiento (Key Performance Indicators): \u00faltimas tendencias en el an\u00e1lisis de los datos de la competici\u00f3n.<\/li>\n<li>Tema 4. Perfiles de rendimiento en f\u00fatbol.<\/li>\n<li>Tema 5. Monitorizaci\u00f3n de la carga de entrenamiento.<\/li>\n<\/ul>\n                        <\/div>\n                    <\/div>\n                <\/li>\n                            <li class=\"info-course__subjects-item\" data-accordion=\"item\">\n                    <h3 class=\"info-course__subjects-title\" data-accordion=\"button\" data-gtm-container=\"acordeon\" data-gtm-action=\"accordion_open\" data-gtm-category=\"Asignatura 2. Valoraci\u00f3n del movimiento y del rendimiento f\u00edsico deportivo\">\n                        Asignatura 2. Valoraci\u00f3n del movimiento y del rendimiento f\u00edsico deportivo                        <i class=\"info-course__subjects-icon icon-caret-down\"><\/i>\n                    <\/h3>\n                    <div class=\"info-course__subjects-content\" data-accordion=\"content\">\n                        <div class=\"info-course__subjects-inner wysiwyg\">\n                            <ul class=\"list--icon-dark_\">\n<li>Tema 1. Aplicaci\u00f3n de las nuevas tecnolog\u00edas en la valoraci\u00f3n del movimiento.<\/li>\n<li>Tema 2. Test de valoraci\u00f3n del movimiento.<\/li>\n<li>Tema 3. Estrategias y ejercicios para la optimizaci\u00f3n del movimiento.<\/li>\n<li>Tema 4. Evaluaci\u00f3n de las capacidades condicionales.<\/li>\n<li>Tema 5. Planificaci\u00f3n y organizaci\u00f3n en la evaluaci\u00f3n del rendimiento.<\/li>\n<\/ul>\n                        <\/div>\n                    <\/div>\n                <\/li>\n                            <li class=\"info-course__subjects-item\" data-accordion=\"item\">\n                    <h3 class=\"info-course__subjects-title\" data-accordion=\"button\" data-gtm-container=\"acordeon\" data-gtm-action=\"accordion_open\" data-gtm-category=\"Asignatura 3. Procesos de readaptaci\u00f3n f\u00edsico-deportiva\">\n                        Asignatura 3. Procesos de readaptaci\u00f3n f\u00edsico-deportiva                        <i class=\"info-course__subjects-icon icon-caret-down\"><\/i>\n                    <\/h3>\n                    <div class=\"info-course__subjects-content\" data-accordion=\"content\">\n                        <div class=\"info-course__subjects-inner wysiwyg\">\n                            <ul class=\"list--icon-dark_\">\n<li>Tema 1. Epidemiolog\u00eda lesional en el f\u00fatbol.<\/li>\n<li>Tema 2. Diagn\u00f3stico y tratamiento de las lesiones en el f\u00fatbol.<\/li>\n<li>Tema 3. Readaptaci\u00f3n de las lesiones musculares en el f\u00fatbol.<\/li>\n<li>Tema 4. Readaptaci\u00f3n de las lesiones osteo-articulares en el f\u00fatbol.<\/li>\n<li>Tema 5. Readaptaci\u00f3n de lesiones de miembro superior.<\/li>\n<\/ul>\n                        <\/div>\n                    <\/div>\n                <\/li>\n                            <li class=\"info-course__subjects-item\" data-accordion=\"item\">\n                    <h3 class=\"info-course__subjects-title\" data-accordion=\"button\" data-gtm-container=\"acordeon\" data-gtm-action=\"accordion_open\" data-gtm-category=\"Asignatura 4. An\u00e1lisis, cuantificaci\u00f3n y control del entrenamiento en el proceso de readaptaci\u00f3n\">\n                        Asignatura 4. An\u00e1lisis, cuantificaci\u00f3n y control del entrenamiento en el proceso de readaptaci\u00f3n                        <i class=\"info-course__subjects-icon icon-caret-down\"><\/i>\n                    <\/h3>\n                    <div class=\"info-course__subjects-content\" data-accordion=\"content\">\n                        <div class=\"info-course__subjects-inner wysiwyg\">\n                            <ul class=\"list--icon-dark_\">\n<li>Tema 1. Programaci\u00f3n de la lesi\u00f3n del jugador en diferentes contextos.<\/li>\n<li>Tema 2. Proceso de readaptaci\u00f3n: fases, control y seguimiento.<\/li>\n<li>Tema 3. M\u00e9todos de cuantificaci\u00f3n de la carga en readaptaci\u00f3n.<\/li>\n<li>Tema 4. Planificaci\u00f3n de lesiones en diferentes contextos de formaci\u00f3n y rendimiento.<\/li>\n<li>Tema 5. Dise\u00f1o de tareas, ejercicios y situaciones en funci\u00f3n del perfil individual del jugador.<\/li>\n<\/ul>\n                        <\/div>\n                    <\/div>\n                <\/li>\n                            <li class=\"info-course__subjects-item\" data-accordion=\"item\">\n                    <h3 class=\"info-course__subjects-title\" data-accordion=\"button\" data-gtm-container=\"acordeon\" data-gtm-action=\"accordion_open\" data-gtm-category=\"Asignatura 5. Estrategias de prevenci\u00f3n de lesiones\">\n                        Asignatura 5. Estrategias de prevenci\u00f3n de lesiones                        <i class=\"info-course__subjects-icon icon-caret-down\"><\/i>\n                    <\/h3>\n                    <div class=\"info-course__subjects-content\" data-accordion=\"content\">\n                        <div class=\"info-course__subjects-inner wysiwyg\">\n                            <ul class=\"list--icon-dark_\">\n<li>Tema 1. Factores de riesgo de lesi\u00f3n de un jugador de f\u00fatbol..<\/li>\n<li>Tema 2. Test para la detecci\u00f3n de factores de riesgo de un futbolista<\/li>\n<li>Tema 3. Dise\u00f1o de protocolos de prevenci\u00f3n de lesiones.<\/li>\n<li>Tema 4. Protocolos de recuperaci\u00f3n post-entrenamiento.<\/li>\n<li>Tema 5. Estrategias asociadas al f\u00fatbol femenino y f\u00fatbol base.<\/li>\n<\/ul>\n                        <\/div>\n                    <\/div>\n                <\/li>\n                            <li class=\"info-course__subjects-item\" data-accordion=\"item\">\n                    <h3 class=\"info-course__subjects-title\" data-accordion=\"button\" data-gtm-container=\"acordeon\" data-gtm-action=\"accordion_open\" data-gtm-category=\"Asignatura 6. Metodolog\u00eda del entrenamiento en f\u00fatbol\">\n                        Asignatura 6. Metodolog\u00eda del entrenamiento en f\u00fatbol                        <i class=\"info-course__subjects-icon icon-caret-down\"><\/i>\n                    <\/h3>\n                    <div class=\"info-course__subjects-content\" data-accordion=\"content\">\n                        <div class=\"info-course__subjects-inner wysiwyg\">\n                            <ul class=\"list--icon-dark_\">\n<li>Tema 1. Metodolog\u00eda del entrenamiento en f\u00fatbol.<\/li>\n<li>Tema 2. Tipos de tareas de entrenamiento en f\u00fatbol.<\/li>\n<li>Tema 3. Entrenamiento de las capacidades coordinativas y la t\u00e9cnica espec\u00edfica en f\u00fatbol.<\/li>\n<li>Tema 4. Entrenamiento del factor t\u00e1ctico y estrat\u00e9gico en f\u00fatbol.<\/li>\n<li>Tema 5. Metodolog\u00eda del entrenamiento de la fuerza.<\/li>\n<li>Tema 6. Metodolog\u00eda del entrenamiento de la resistencia.<\/li>\n<li>Tema 7. Metodolog\u00eda del entrenamiento de la velocidad y los cambios de direcci\u00f3n.<\/li>\n<li>Tema 8. El entrenamiento en f\u00fatbol femenino.<\/li>\n<li>Tema 9. El entrenamiento en f\u00fatbol base y formativo.<\/li>\n<li>Tema 10. Dise\u00f1o de sesiones de entrenamiento.<\/li>\n<\/ul>\n                        <\/div>\n                    <\/div>\n                <\/li>\n                            <li class=\"info-course__subjects-item\" data-accordion=\"item\">\n                    <h3 class=\"info-course__subjects-title\" data-accordion=\"button\" data-gtm-container=\"acordeon\" data-gtm-action=\"accordion_open\" data-gtm-category=\"Asignatura 7. Planificaci\u00f3n, periodizaci\u00f3n y organizaci\u00f3n del entrenamiento en diferentes contextos\">\n                        Asignatura 7. Planificaci\u00f3n, periodizaci\u00f3n y organizaci\u00f3n del entrenamiento en diferentes contextos                        <i class=\"info-course__subjects-icon icon-caret-down\"><\/i>\n                    <\/h3>\n                    <div class=\"info-course__subjects-content\" data-accordion=\"content\">\n                        <div class=\"info-course__subjects-inner wysiwyg\">\n                            <ul class=\"list--icon-dark_\">\n<li>Tema 1. Modelos de periodizaci\u00f3n del entrenamiento en f\u00fatbol.<\/li>\n<li>Tema 2. Planificaci\u00f3n en periodo de atenci\u00f3n preferente al entrenamiento y en periodo de atenci\u00f3n preferente a la competici\u00f3n.<\/li>\n<li>Tema 3. Periodizaci\u00f3n a corto plazo: Dise\u00f1o de microciclos.<\/li>\n<li>Tema 4. Dise\u00f1o de unidades de entrenamiento.<\/li>\n<li>Tema 5. Adaptaci\u00f3n de la planificaci\u00f3n de los distintos contextos de entrenamiento (Densidad competitiva, entrenamiento en j\u00f3venes, planificaci\u00f3n a largo plazo).<\/li>\n<\/ul>\n                        <\/div>\n                    <\/div>\n                <\/li>\n                            <li class=\"info-course__subjects-item\" data-accordion=\"item\">\n                    <h3 class=\"info-course__subjects-title\" data-accordion=\"button\" data-gtm-container=\"acordeon\" data-gtm-action=\"accordion_open\" data-gtm-category=\"Pr\u00e1cticas y trabajo final\">\n                        Pr\u00e1cticas y trabajo final                        <i class=\"info-course__subjects-icon icon-caret-down\"><\/i>\n                    <\/h3>\n                    <div class=\"info-course__subjects-content\" data-accordion=\"content\">\n                        <div class=\"info-course__subjects-inner wysiwyg\">\n                            <p>&#8211; Pr\u00e1cticas:<\/p>\n<p>Proceso de familiarizaci\u00f3n, indagaci\u00f3n, asimilaci\u00f3n y aplicaci\u00f3n de las competencias propias en los dos perfiles de entrenamiento descritos. Conseguir\u00e1s: Aprender a identificar los contenidos tratados en la maestr\u00eda. Conocer las particularidades de aplicaci\u00f3n de un programa de entrenamiento en funci\u00f3n del contexto.<\/p>\n<p>&#8211; Proyecto Final:<\/p>\n<p>Se desarrollar\u00e1 una planificaci\u00f3n de entrenamiento en f\u00fatbol en base a todos los contenidos proporcionados en la maestr\u00eda, debiendo presentar una planificaci\u00f3n de cuatro semanas de un equipo de f\u00fatbol profesional, semiprofesional o de f\u00fatbol base autorizado por el profesor. Se deber\u00e1 defender las preguntas y resolver los problemas planteados por el docente.<\/p>\n<p>&#8211; B\u00fasqueda de centros de Pr\u00e1cticas:<\/p>\n<p>Los alumnos tienen que buscar el club para realizar estas pr\u00e1cticas curriculares. El alumno debe estar informado antes de la matriculaci\u00f3n. Solo en casos excepcionales en los que el centro de pr\u00e1cticas no llegue a firmar el convenio, UNIR puede facilitar opciones de pr\u00e1cticas entre los clubes de futbol con los que tiene convenio a los alumnos matriculados. Es decir, UNIR no se compromete ni puede garantizar estas pr\u00e1cticas a todos los alumnos, aunque puede apoyar a aquellos que lo necesiten de forma excepcional. La realizaci\u00f3n de pr\u00e1cticas deber\u00e1 realizarse en un Club de F\u00fatbol Once. En ning\u00fan caso en un Club de F\u00fatbol Sala, en un Centro Deportivo o en un Club de otro deporte. Las pr\u00e1cticas realizadas por un alumno egresado de Ciencias de la Actividad F\u00edsica y del Deporte no pueden ser reconocidas como pr\u00e1cticas de esta maestr\u00eda.<\/p>\n<p>&#8211; Acreditaci\u00f3n de las horas de pr\u00e1cticas:<\/p>\n<p>Despu\u00e9s de la realizaci\u00f3n de las pr\u00e1cticas el Club tendr\u00e1 que certificar que el alumno ha superado el per\u00edodo de pr\u00e1cticas establecido. Este documento deber\u00e1 estar cumplimentado y firmado por la persona designada como Tutor del alumno en el Club o Centro de Pr\u00e1cticas.<\/p>\n<p>&#8211; Reconocimientos de Pr\u00e1cticas:<\/p>\n<p>Todos aquellos que puedan acreditar una experiencia profesional como readaptador deportivo en f\u00fatbol o como preparador f\u00edsico en futbol once deber\u00e1n: Entregar certificado de la empresa firmado convenientemente en el que se acredite que ha estado trabajando y ejerciendo profesionalmente estas funciones. Entregar Informe de Vida Laboral. El certificado firmado por la empresa deber\u00e1 acreditar que el alumno ha trabajado para esa empresa como m\u00ednimo 300 horas ejerciendo como preparador f\u00edsico en f\u00fatbol once o readaptador en f\u00fatbol once.<\/p>\n                        <\/div>\n                    <\/div>\n                <\/li>\n                        <\/ul>\n\n            <a class=\"button--third\" target=\"_blank\" href=\"https:\/\/static.unir.net\/salud\/master-readaptacion-deportiva-preparacion-fisica-futbol\/M_prepFisicaReadaptacionDepFutbol.pdf\" data-gtm-container=\"boton_info \" data-gtm-category=\"descarga_catalogo\" data-gtm-action=\"form_success_descarga_catalogo\">\n            Descarga el plan de estudios            <i class=\"icon-arrow-right\"><\/i>\n        <\/a>\n    \n<\/div>\n<\/div>\n            <\/div>\n        <\/div>\n<\/section>\n<\/div>\n\n\n    <div class=\"section-form__form\">\n\n<div class=\"section-form__form-sticky\" data-promo-cta-form-mobile='form' id='form'>\n        <div class='form__outstanding'>\n          <p class='form__outstanding-pretitle'>\u00a1Pr\u00f3xima convocatoria!<\/p>\n          <p class='form__outstanding-title'><\/p>\n        <\/div>\n\n\n\n<div class=\"wp-block-contact-form-7-contact-form-selector\">\n<div class=\"wpcf7 no-js\" id=\"wpcf7-f82294-o1\" lang=\"es-MX\" dir=\"ltr\">\n<div class=\"screen-reader-response\"><p role=\"status\" aria-live=\"polite\" aria-atomic=\"true\"><\/p> <ul><\/ul><\/div>\n<form action=\"\/mx\/wp-json\/wp\/v2\/master\/83515#wpcf7-f82294-o1\" method=\"post\" class=\"wpcf7-form init\" aria-label=\"Contact form\" novalidate=\"novalidate\" data-status=\"init\">\n<div style=\"display: none;\">\n<input type=\"hidden\" name=\"_wpcf7\" value=\"82294\" \/>\n<input type=\"hidden\" name=\"_wpcf7_version\" value=\"5.9.3\" \/>\n<input type=\"hidden\" name=\"_wpcf7_locale\" value=\"\" \/>\n<input type=\"hidden\" name=\"_wpcf7_unit_tag\" value=\"wpcf7-f82294-o1\" \/>\n<input type=\"hidden\" name=\"_wpcf7_container_post\" value=\"0\" \/>\n<input type=\"hidden\" name=\"_wpcf7_posted_data_hash\" value=\"\" \/>\n<\/div>\n<div class=\"js-form\">\n  <p class=\"form__title\">Reg\u00edstrate para poder asistir<\/p>\n\n  <div class=\"form__row\">\n    <span class=\"wpcf7-form-control-wrap\" data-name=\"nombre\"><input size=\"40\" class=\"wpcf7-form-control wpcf7-text wpcf7-validates-as-required form__field\" aria-required=\"true\" aria-invalid=\"false\" placeholder=\"Nombre\" value=\"\" type=\"text\" name=\"nombre\" \/><\/span>\n  <\/div>\n\n  <div class=\"form__row\">\n    <span class=\"wpcf7-form-control-wrap\" data-name=\"apellidos\"><input size=\"40\" class=\"wpcf7-form-control wpcf7-text wpcf7-validates-as-required form__field\" aria-required=\"true\" aria-invalid=\"false\" placeholder=\"Apellidos\" value=\"\" type=\"text\" name=\"apellidos\" \/><\/span>\n  <\/div>\n\n  <div class=\"form__row\">\n    <span class=\"wpcf7-form-control-wrap\" data-name=\"email\"><input size=\"40\" class=\"wpcf7-form-control wpcf7-email wpcf7-validates-as-required wpcf7-text wpcf7-validates-as-email form__field\" aria-required=\"true\" aria-invalid=\"false\" placeholder=\"Email\" value=\"\" type=\"email\" name=\"email\" \/><\/span>\n  <\/div>\n\n  <div class=\"form__row form__select\">\n    <select class=\"form__field form__country\" aria-invalid=\"false\" placeholder=\"Pa\u00eds\" name=\"country\"><\/select>\n  <\/div>\n\n  <div class=\"form__row\">\n    <div class='form__column form__telephone'>\n      <div class=\"form__column form__column-prefix\">\n        <span data-name=\"prefix\">\n          <span class=\"wpcf7-form-control-wrap\" data-name=\"prefix\"><input size=\"40\" class=\"wpcf7-form-control wpcf7-text wpcf7-validates-as-required form__field form__prefix\" readonly=\"readonly\" aria-required=\"true\" aria-invalid=\"false\" value=\"+34\" type=\"text\" name=\"prefix\" \/><\/span>\n        <\/span>\n       <\/div>\n       <div class=\"form__column\">\n         <span data-name=\"tel\">\n           <span class=\"wpcf7-form-control-wrap\" data-name=\"phone\"><input size=\"40\" class=\"wpcf7-form-control wpcf7-tel wpcf7-validates-as-required wpcf7-text wpcf7-validates-as-tel form__field\" aria-required=\"true\" aria-invalid=\"false\" placeholder=\"Tel\u00e9fono\" value=\"\" type=\"tel\" name=\"phone\" \/><\/span>\n         <\/span>\n       <\/div>\n     <\/div>\n  <\/div>\n\n\n<div class=\"form__rgpd\"><div class=\"form__row\"><div class=\"form__legal\">DIGITAL SCHOOL, S.L.U. (en adelante, \"DKS Digital Knowledge School\"), tratar\u00e1 los datos de car\u00e1cter personal que usted ha proporcionado con la finalidad de: atender a su solicitud de informaci\u00f3n, reclamaci\u00f3n, duda o sugerencia que realice sobre los productos y\/o servicios ofrecidos por DKS Digital Knowledge School, incluido por v\u00eda telef\u00f3nica, o a trav\u00e9s de WhatsApp,, as\u00ed como para mantenerle informado de nuestra actividad. <br><br> A su vez, le informamos que vamos a realizar un perfilado de sus datos de car\u00e1cter personal para poderle enviar informaci\u00f3n personalizada en funci\u00f3n de sus intereses. Puede consultar informaci\u00f3n adicional haciendo clic <a href=\"https:\/\/kschool.com\/politica-de-privacidad\/#perfilado\" target=\"_blank\" rel=\"noreferrer noopener\"> aqu\u00ed <\/a>. <br><br>Usted podr\u00e1 revocar el consentimiento otorgado, as\u00ed como ejercitar los derechos reconocidos en los art\u00edculos 15 a 22 del Reglamento (UE) 2016\/679, mediante solicitud dirigida en Calle Garc\u00eda Mart\u00edn 21, 28224 Pozuelo de Alarc\u00f3n, Madrid, o a la siguiente direcci\u00f3n de correo electr\u00f3nico <a href=\"mailto:lopd@kschool.com\">lopd@kschool.com<\/a>, identific\u00e1ndose debidamente. Si lo desea, puede consultar informaci\u00f3n adicional y detallada sobre protecci\u00f3n de datos en el siguiente <a href=\"https:\/\/kschool.com\/politica-de-privacidad\" target=\"_blank\">enlace<\/a>.<\/div><\/div><\/div><input type=\"hidden\" name=\"legal_text_hash\" value=\"e1135e6aabcd09a8de5c68060627656a\" \/>\n            <div class=\"form__row\">\n                <div class=\"form__group-switch\">\n                    <label class=\"form__switch\">\n                        <input type=\"checkbox\" name=\"commercial_communications\" value=\"1\" aria-invalid=\"false\">\n                        <span class=\"form__switch-slider\"><\/span>\n                    <\/label>\n                    <span>Deseo recibir informaci\u00f3n, tambi\u00e9n por WhatsApp, de DKS Digital Knowledge School y otras empresas educativas del <a href=\"https:\/\/kschool.com\/politica-de-privacidad\/#proeduca\" target=\"_blank\" rel=\"noreferrer noopener\">Grupo Proeduca<\/a>.<\/span>\n                <\/div>\n            <\/div>\n            \n\n<p class=\"form__send submit\"><input class=\"cta--bg -full-width wpcf7-submit\" type=\"submit\" value=\"\u00a1Me apunto!\"><span class=\"ajax-loader\"><\/span><\/p>\n<input type=\"hidden\" name=\"event_id\" value=\"\" \/>\n<input type=\"hidden\" name=\"carrera-elegida\" value=\"\" \/><input type=\"hidden\" name=\"id-magento-online\" value=\"896118\" \/><input type=\"hidden\" name=\"id-magento-madrid\" value=\"896118\" \/><input type=\"hidden\" name=\"id-magento-barcelona\" value=\"896118\" \/>\n<input type=\"hidden\" name=\"utm_medium\" value=\"\" \/><input type=\"hidden\" name=\"utm_content\" value=\"\" \/><input type=\"hidden\" name=\"facebook_utm\" value=\"\" \/><input type=\"hidden\" name=\"source_url\" value=\"https:\/\/dks.digital\/mx\/wp-json\/wp\/v2\/master\/83515\" \/><input type=\"hidden\" name=\"utm_source\" value=\"\" \/> <input type=\"hidden\" name=\"utm_campaign\" value=\"\" \/>\n<\/div>\n<span id=\"wpcf7-69f29fe1c93e3-wrapper\" class=\"wpcf7-form-control-wrap honeypot-691-wrap\" style=\"display:none !important; visibility:hidden !important;\"><input type=\"hidden\" name=\"honeypot-691-time-start\" value=\"1777508321\"><input type=\"hidden\" name=\"honeypot-691-time-check\" value=\"4\"><label for=\"wpcf7-69f29fe1c93e3-field\" class=\"hp-message\">Please leave this field empty.<\/label><input id=\"wpcf7-69f29fe1c93e3-field\"  placeholder=\"Potter\"  class=\"wpcf7-form-control wpcf7-text\" type=\"text\" name=\"honeypot-691\" value=\"\" size=\"40\" tabindex=\"-1\" autocomplete=\"off\" \/><\/span><div class=\"wpcf7-response-output\" aria-hidden=\"true\"><\/div>\n<\/form>\n<\/div>\n<\/div>\n\n\n\n<\/div>\n\n<\/div>\n<\/div>\n\n\n<section class=\"career-opportunities -bg-black -text-white\" id=\"\">\n    <div class=\"career-opportunities__content container\">\n            <h2 class='career-opportunities__title'>Salidas profesionales: convi\u00e9rtete en preparador f\u00edsico y readaptador deportivo<\/h2>\n            <div class=\"wysiwyg\">\n        <p><ul class=\"list--icon-dark-column\">\n<li>Preparador F\u00edsico especializado en f\u00fatbol masculino y femenino.<\/li>\n<li>Readaptador deportivo especializado en futbol masculino y femenino.<\/li>\n<li>En el caso de que ejerzas otras profesiones en el \u00e1mbito deportivo esta formaci\u00f3n te ayudar\u00e1 a profundizar en esta materia y especializarte en:<\/li>\n<li>Planificaci\u00f3n, periodizaci\u00f3n y organizaci\u00f3n del entrenamiento en diferentes contextos.<\/li>\n<li>Fundamentos Fisiol\u00f3gicos, cl\u00ednicos y readaptativos en f\u00fatbol.<\/li>\n<\/ul>\n<\/p>\n      <\/div>\n    <\/div>\n    <div class=\"career-opportunities__block\">\n\t\t\t      <div class=\"slider slider--hidden-md\">\n        <ul class=\"career-opportunities__list slider__scroll\">\n\t\t\t\t\t        <\/ul>\n      <\/div>\n    <\/div>\n  <\/section>\n\n\n<section class=\"panel-img--rectangle -bg-grey-ultra-dark -text-white\">\n  <div class=\"panel-img--rectangle__content container\">\n        <h2 class='panel-img--rectangle__title'>Impulsamos tu empleabilidad<\/h2>\n        <div class=\"wysiwyg\">\n      <ul>\n<li>Bolsa de empleo con empresas de referencia en busca de perfiles Digital &#038; Tech.\n<\/li>\n<li> Talent Talks, eventos mensuales con empresas destacadas en el ecosistema digital, donde conocer\u00e1s los perfiles y conocimientos m\u00e1s demandados.<\/li>\n<li>Workshops de empleabilidad, dise\u00f1ados para fortalecer aspectos clave que impulsar\u00e1n tu carrera profesional.<\/li>\n<li>Qualentum, nuestro partner Estrat\u00e9gico de Empleabilidad, reclutador especializado en grandes empleadores de perfiles tecnol\u00f3gicos y digitales.<\/li>\n<\/ul>\n    <\/div>\n  <\/div>\n  <div class=\"panel-img--rectangle__block\">\n        <h4 class='panel-img--rectangle__title-list container'>Nuestros alumnos trabajan en:<\/h4>\n        <div class=\"slider slider--hidden-md\">\n      <ul class='panel-img--rectangle__list slider__scroll'>\n                              <li class='panel-img--rectangle__item slider__item'>\n              <figure class='panel-img--rectangle__figure'>\n                <div class='panel-img--rectangle__figure-inner'>\n                  <img class='panel-img--rectangle__img' width=\"118px\" height=\"67px\" src='https:\/\/dks.digital\/wp-content\/uploads\/2023\/11\/descarga-3.png'>\n                <\/div>\n              <\/figure>\n            <\/li>\n                      <li class='panel-img--rectangle__item slider__item'>\n              <figure class='panel-img--rectangle__figure'>\n                <div class='panel-img--rectangle__figure-inner'>\n                  <img class='panel-img--rectangle__img' width=\"118px\" height=\"67px\" src='https:\/\/dks.digital\/wp-content\/uploads\/2024\/01\/huawei-logos-idmlSjh_g5.png'>\n                <\/div>\n              <\/figure>\n            <\/li>\n                      <li class='panel-img--rectangle__item slider__item'>\n              <figure class='panel-img--rectangle__figure'>\n                <div class='panel-img--rectangle__figure-inner'>\n                  <img class='panel-img--rectangle__img' width=\"118px\" height=\"67px\" src='https:\/\/dks.digital\/wp-content\/uploads\/2024\/01\/800px-FERCHAU.png'>\n                <\/div>\n              <\/figure>\n            <\/li>\n                      <li class='panel-img--rectangle__item slider__item'>\n              <figure class='panel-img--rectangle__figure'>\n                <div class='panel-img--rectangle__figure-inner'>\n                  <img class='panel-img--rectangle__img' width=\"118px\" height=\"67px\" src='https:\/\/dks.digital\/wp-content\/uploads\/2024\/01\/ing-logos-idV_o4zXDL.svg'>\n                <\/div>\n              <\/figure>\n            <\/li>\n                      <li class='panel-img--rectangle__item slider__item'>\n              <figure class='panel-img--rectangle__figure'>\n                <div class='panel-img--rectangle__figure-inner'>\n                  <img class='panel-img--rectangle__img' width=\"118px\" height=\"67px\" src='https:\/\/dks.digital\/wp-content\/uploads\/2024\/01\/acciona-logos-id0JX2fHfy.svg'>\n                <\/div>\n              <\/figure>\n            <\/li>\n                      <li class='panel-img--rectangle__item slider__item'>\n              <figure class='panel-img--rectangle__figure'>\n                <div class='panel-img--rectangle__figure-inner'>\n                  <img class='panel-img--rectangle__img' width=\"118px\" height=\"67px\" src='https:\/\/dks.digital\/wp-content\/uploads\/2023\/02\/el-corte-ingles-1.svg'>\n                <\/div>\n              <\/figure>\n            <\/li>\n                      <li class='panel-img--rectangle__item slider__item'>\n              <figure class='panel-img--rectangle__figure'>\n                <div class='panel-img--rectangle__figure-inner'>\n                  <img class='panel-img--rectangle__img' width=\"118px\" height=\"67px\" src='https:\/\/dks.digital\/wp-content\/uploads\/2023\/03\/accenture-1.png'>\n                <\/div>\n              <\/figure>\n            <\/li>\n                      <li class='panel-img--rectangle__item slider__item'>\n              <figure class='panel-img--rectangle__figure'>\n                <div class='panel-img--rectangle__figure-inner'>\n                  <img class='panel-img--rectangle__img' width=\"118px\" height=\"67px\" src='https:\/\/dks.digital\/wp-content\/uploads\/2023\/05\/0-inditex-cabecera-1200x670-1.webp'>\n                <\/div>\n              <\/figure>\n            <\/li>\n                      <li class='panel-img--rectangle__item slider__item'>\n              <figure class='panel-img--rectangle__figure'>\n                <div class='panel-img--rectangle__figure-inner'>\n                  <img class='panel-img--rectangle__img' width=\"118px\" height=\"67px\" src='https:\/\/dks.digital\/wp-content\/uploads\/2023\/05\/Disney-logo-png.png'>\n                <\/div>\n              <\/figure>\n            <\/li>\n                      <li class='panel-img--rectangle__item slider__item'>\n              <figure class='panel-img--rectangle__figure'>\n                <div class='panel-img--rectangle__figure-inner'>\n                  <img class='panel-img--rectangle__img' width=\"118px\" height=\"67px\" src='https:\/\/dks.digital\/wp-content\/uploads\/2025\/04\/Santander.png'>\n                <\/div>\n              <\/figure>\n            <\/li>\n                        <\/ul>\n    <\/div>\n  <\/div>\n<\/section>\n\n\n<section class=\"teacher-dropdown \" data-module='teacher' data-teacher=\"item\" id=\"profesores\">\n  <div class=\"teacher-dropdown__container\">\n    <div class=\"teacher-dropdown__content container\">\n      <h2 class='teacher-dropdown__title'>Profesores<\/h2>\n      <div class=\"teacher-dropdown__description wysiwyg\">\n        <p>Estos son los profesores que te acompa\u00f1ar\u00e1n en esta maestr\u00eda:<\/p>\n      <\/div>\n    <\/div>\n    <div class=\"slider slider--hidden-md\">\n      <ul class=\"teacher-dropdown-card__list slider__scroll\" data-slider=\"scroll\">\n                    <li class=\"teacher-dropdown-card__item slider__item\" data-slider=\"item\">\n              <img decoding=\"async\" class=\"teacher-dropdown-card__img\" width=\"166px\" height=\"244px\" src=\"https:\/\/dks.digital\/wp-content\/uploads\/2024\/12\/pedro-ruiz-solano-2169669-photoaidcom-greyscale-e1733326942262-300x296.png\" alt=\"Teacher\">\n\n                              <img decoding=\"async\" class=\"teacher-dropdown-card__logo-company\" width=\"67px\" height=\"12px\" src=\"https:\/\/dks.digital\/wp-content\/uploads\/2023\/05\/UNIR.svg\" alt=\"\">\n              \n              \n              <div class=\"teacher-dropdown-card__body\">\n                <h3 class=\"teacher-dropdown-card__name\">Pedro Ruiz Solano<\/h3>\n                <p class=\"teacher-dropdown-card__job\">Ph.D Sport Sciences \/ Football \/ Training \/ Management<\/p>\n              <\/div>\n\n            <\/li>\n                    <li class=\"teacher-dropdown-card__item slider__item\" data-slider=\"item\">\n              <img decoding=\"async\" class=\"teacher-dropdown-card__img\" width=\"166px\" height=\"244px\" src=\"https:\/\/dks.digital\/wp-content\/uploads\/2024\/12\/manuel-pombo-fernandez-1338189-photoaidcom-greyscale-e1733327070217-300x295.png\" alt=\"Teacher\">\n\n                              <img decoding=\"async\" class=\"teacher-dropdown-card__logo-company\" width=\"67px\" height=\"12px\" src=\"https:\/\/dks.digital\/wp-content\/uploads\/2024\/12\/RC_Deportivo_La_Coruna_logo.svg-1.png\" alt=\"\">\n              \n              \n              <div class=\"teacher-dropdown-card__body\">\n                <h3 class=\"teacher-dropdown-card__name\">Manuel Pombo Fern\u00e1ndez<\/h3>\n                <p class=\"teacher-dropdown-card__job\">Real Club Deportivo de La Coru\u00f1a<\/p>\n              <\/div>\n\n            <\/li>\n                    <li class=\"teacher-dropdown-card__item slider__item\" data-slider=\"item\">\n              <img decoding=\"async\" class=\"teacher-dropdown-card__img\" width=\"166px\" height=\"244px\" src=\"https:\/\/dks.digital\/wp-content\/uploads\/2024\/12\/sergio-gonzalez-arganda-1328454-photoaidcom-greyscale-300x300.png\" alt=\"Teacher\">\n\n                              <img decoding=\"async\" class=\"teacher-dropdown-card__logo-company\" width=\"67px\" height=\"12px\" src=\"https:\/\/dks.digital\/wp-content\/uploads\/2024\/12\/1654517476975.jpg\" alt=\"\">\n              \n              \n              <div class=\"teacher-dropdown-card__body\">\n                <h3 class=\"teacher-dropdown-card__name\">Sergio Gonz\u00e1lez Arganda<\/h3>\n                <p class=\"teacher-dropdown-card__job\"> CEO Fisioterapeuta<\/p>\n              <\/div>\n\n            <\/li>\n                    <li class=\"teacher-dropdown-card__item slider__item\" data-slider=\"item\">\n              <img decoding=\"async\" class=\"teacher-dropdown-card__img\" width=\"166px\" height=\"244px\" src=\"https:\/\/dks.digital\/wp-content\/uploads\/2024\/12\/fabio-nevado-garrosa-1328523-6-photoaidcom-greyscale-300x300.png\" alt=\"Teacher\">\n\n                              <img decoding=\"async\" class=\"teacher-dropdown-card__logo-company\" width=\"67px\" height=\"12px\" src=\"https:\/\/dks.digital\/wp-content\/uploads\/2024\/12\/laliga_logo.jpg\" alt=\"\">\n              \n              \n              <div class=\"teacher-dropdown-card__body\">\n                <h3 class=\"teacher-dropdown-card__name\">Fabio Nevado Garrosa<\/h3>\n                <p class=\"teacher-dropdown-card__job\">T\u00e9cnico Analista de Futbol en LaLiga<\/p>\n              <\/div>\n\n            <\/li>\n                    <li class=\"teacher-dropdown-card__item slider__item\" data-slider=\"item\">\n              <img decoding=\"async\" class=\"teacher-dropdown-card__img\" width=\"166px\" height=\"244px\" src=\"https:\/\/dks.digital\/wp-content\/uploads\/2024\/12\/pilar-hueso-martos-1997004-photoaidcom-greyscale-282x300.png\" alt=\"Teacher\">\n\n                              <img decoding=\"async\" class=\"teacher-dropdown-card__logo-company\" width=\"67px\" height=\"12px\" src=\"https:\/\/dks.digital\/wp-content\/uploads\/2024\/12\/Levante_Union_Deportiva_S.A.D._logo.svg.png\" alt=\"\">\n              \n              \n              <div class=\"teacher-dropdown-card__body\">\n                <h3 class=\"teacher-dropdown-card__name\">Pilar Hueso Martos<\/h3>\n                <p class=\"teacher-dropdown-card__job\">Cantera masculina Levante UD<\/p>\n              <\/div>\n\n            <\/li>\n              <\/ul>\n    <\/div>\n    <div class=\"teacher-dropdown__button container\">\n      <button class=\"button--link\" data-teacher='button' data-aux-more=\"Ver m\u00e1s\" data-aux-less=\"Ver menos\" data-teacher-text='Ver m\u00e1s' data-gtm-container=\"button_see_more\" data-gtm-category=\"Profesores\" data-gtm-action=\"navigation\">\n        Ver m\u00e1s      <\/button>\n    <\/div>\n    <ul class='teacher-dropdown-list container' data-teacher='content'>\n      <div class='teacher-dropdown-list__inner'>\n                    <li class='teacher-dropdown-list__item'>\n              <h3 class='teacher-dropdown-list__name'>Luc\u00eda Pi\u00f1eiro Cuadrado<\/h3>\n              <h5 class='teacher-dropdown-list__job'> Investigadora perteneciente a \u201cMotor Control Group\u201d UDC<\/h5>\n                          <\/li>\n                    <li class='teacher-dropdown-list__item'>\n              <h3 class='teacher-dropdown-list__name'>Javier Olmo S\u00e1nchez<\/h3>\n              <h5 class='teacher-dropdown-list__job'> Preparador F\u00edsico\/Readaptador 1st Team<\/h5>\n                          <\/li>\n                    <li class='teacher-dropdown-list__item'>\n              <h3 class='teacher-dropdown-list__name'>Manuel L\u00f3pez Segovia<\/h3>\n              <h5 class='teacher-dropdown-list__job'> Federaci\u00f3n de F\u00fatbol de la Regi\u00f3n de Murcia<\/h5>\n                          <\/li>\n                    <li class='teacher-dropdown-list__item'>\n              <h3 class='teacher-dropdown-list__name'>Sergio Romero Boza<\/h3>\n              <h5 class='teacher-dropdown-list__job'>Especialista en Prevenci\u00f3n y Readaptaci\u00f3n de lesiones en f\u00fatbol<\/h5>\n                          <\/li>\n                    <li class='teacher-dropdown-list__item'>\n              <h3 class='teacher-dropdown-list__name'>Javier Mallo Sainz<\/h3>\n              <h5 class='teacher-dropdown-list__job'>Preparador F\u00edsico de F\u00fatbol y ha trabajado para clubs como: Real Madrid, Manchester City o Atl\u00e9tico de Madrid.<\/h5>\n                          <\/li>\n                    <li class='teacher-dropdown-list__item'>\n              <h3 class='teacher-dropdown-list__name'>Sergio Jim\u00e9nez Rubio<\/h3>\n              <h5 class='teacher-dropdown-list__job'>Physiotherapist \/ Ultrasound-guided invasive tecniques<\/h5>\n                          <\/li>\n              <\/div>\n    <\/ul>\n  <\/div>\n<\/section>\n\n\n<section class=\"panel-icon -text-center -bg-grey-ultra\" id=\"financiacion\">\n  <div class=\"panel-icon__container container\">\n    <div class=\"panel-icon__content\">\n            <h2 class=\"panel-icon__title\">Formas de pago y financiaci\u00f3n<\/h2>\n            <p class=\"panel-icon__subtitle\"><\/p>\n    <\/div>\n    <ul class='panel-icon__list'>\n      <li class='panel-icon__item'>\n        <div class='panel-icon__inner'>\n          <i class=\"icon-currency-eur panel-icon__icon\"><\/i>\n        <\/div>\n                <h4 class='panel-icon__item-title'>Pago \u00fanico<\/h4>\n                <p class='panel-icon__item-content'>Descuento adicional<\/p>\n      <\/li>\n      <li class='panel-icon__item'>\n        <div class='panel-icon__inner'>\n          <i class=\"icon-calendar-blank panel-icon__icon\"><\/i>\n        <\/div>\n                <h4 class='panel-icon__item-title'>Hasta 18 cuotas<\/h4>\n                <p class='panel-icon__item-content'>Pago aplazado en c\u00f3modas cuotas<\/p>\n      <\/li>\n      <li class='panel-icon__item'>\n        <div class='panel-icon__inner'>\n          <i class=\"icon-briefcase panel-icon__icon\"><\/i>\n        <\/div>\n                <h4 class='panel-icon__item-title'>Financiaci\u00f3n con DKS<\/h4>\n                <p class='panel-icon__item-content'>Estudiamos tu caso para ofrecerte la mejor financiaci\u00f3n<\/p>\n      <\/li>\n    <\/ul>\n      <\/div>\n<\/section>\n\n\r\n                <script type=\"application\/ld+json\">\r\n                    {\r\n                      \"@context\": \"https:\/\/schema.org\",\r\n                      \"@type\": \"FAQPage\",\r\n                      \"mainEntity\": [\r\n            \r\n                  {\r\n                    \"@type\": \"Question\",\r\n                    \"name\": \"\u00bfNecesito experiencia previa en f\u00fatbol profesional para acceder?\",\r\n                    \"acceptedAnswer\": {\r\n                      \"@type\": \"Answer\",\r\n                      \"text\": \"\n<p><strong>No.<\/strong>\u00a0Lo que necesitas es formaci\u00f3n universitaria relacionada con las Ciencias del Deporte. El m\u00e1ster est\u00e1 dise\u00f1ado para que puedas aplicar lo aprendido tanto en f\u00fatbol base como en entornos profesionales.<\/p>\n\"\r\n                    }\r\n                  },\r\n                  {\r\n                    \"@type\": \"Question\",\r\n                    \"name\": \"\u00bfQu\u00e9 salidas profesionales tiene?\",\r\n                    \"acceptedAnswer\": {\r\n                      \"@type\": \"Answer\",\r\n                      \"text\": \"\n<p>Preparador f\u00edsico, readaptador deportivo, coordinador de rendimiento, asesor t\u00e9cnico, docente o investigador en f\u00fatbol.<\/p>\n\"\r\n                    }\r\n                  }\r\n                    ]\r\n                  }\r\n                <\/script>\r\n            \n<section class=\"faq -bg-grey-ultra-dark -text-white\" >\n  <div class=\"faq__container container\">\n\n    <div class=\"faq__introduction -width-75p-md -width-full\">\n      <h3 class=\"heading--2\">Preguntas frecuentes<\/h3>          <\/div>\n\n          <ul class=\"faq__list\" data-module=\"accordion\">\n                              <li class=\"faq__item\" data-accordion=\"item\">\n              <h3 class=\"faq__title\" data-accordion=\"button\" data-gtm-container=\"acordeon\" data-gtm-action=\"accordion_close\" data-gtm-category=\"\u00bfNecesito experiencia previa en f\u00fatbol profesional para acceder?\">\u00bfNecesito experiencia previa en f\u00fatbol profesional para acceder?<\/h3>\n              <div class=\"faq__body\" data-accordion=\"content\">\n                <div class=\"faq__inner\">\n                  <div class=\"wysiwyg\"><!-- wp:paragraph -->\n<p><strong>No.<\/strong>\u00a0Lo que necesitas es formaci\u00f3n universitaria relacionada con las Ciencias del Deporte. El m\u00e1ster est\u00e1 dise\u00f1ado para que puedas aplicar lo aprendido tanto en f\u00fatbol base como en entornos profesionales.<\/p>\n<!-- \/wp:paragraph --><\/div>\n                <\/div>\n              <\/div>\n            <\/li>\n                                        <li class=\"faq__item\" data-accordion=\"item\">\n              <h3 class=\"faq__title\" data-accordion=\"button\" data-gtm-container=\"acordeon\" data-gtm-action=\"accordion_close\" data-gtm-category=\"\u00bfQu\u00e9 salidas profesionales tiene?\">\u00bfQu\u00e9 salidas profesionales tiene?<\/h3>\n              <div class=\"faq__body\" data-accordion=\"content\">\n                <div class=\"faq__inner\">\n                  <div class=\"wysiwyg\"><!-- wp:paragraph -->\n<p>Preparador f\u00edsico, readaptador deportivo, coordinador de rendimiento, asesor t\u00e9cnico, docente o investigador en f\u00fatbol.<\/p>\n<!-- \/wp:paragraph --><\/div>\n                <\/div>\n              <\/div>\n            <\/li>\n                        <\/ul>\n    \n    \n  <\/div>\n<\/section>\n\n\n<section class=\"plp-course -text-white -pdp\">\n\t<div class=\"plp-course__container container\">\n\t\t<h2 class=\"heading--h3\">Tambi\u00e9n te puede interesar<\/h2>\n\t\t<!-- Bloque cursos -->\n\t\t<div class=\"course slider slider--hidden-md\" data-module=\"slider\">\n\t\t\t<ul class=\"slider__scroll\" data-slider=\"scroll\">\n\t\t\t\t\t\t\t\t\t\t<li class=\"course__item slider__item\" data-slider=\"item\" data-module=\"link\" data-link-href=\"https:\/\/dks.digital\/mx\/cursos\/curso-nutricion-deportiva\/\" data-link-target=\"_self\" data-gtm-container=\"distributor\" data-gtm-action=\"navigation\" data-gtm-category=\"Programa Avanzado en Nutrici\u00f3n Deportiva\">\n\t\t\t\t\t\t\t<img decoding=\"async\" class=\"course__img\" src=\"https:\/\/dks.digital\/wp-content\/uploads\/2024\/11\/Nutricion-Deportiva-300x300.png\" alt=\"Curso\">\n\t\t\t\t\t\t\t<div class=\"course__body\">\n\t\t\t\t\t\t\t\t<h4 class=\"course__title\" data-gtm-container=\"distributor\" data-gtm-action=\"navigation\" data-gtm-category=\"Programa Avanzado en Nutrici\u00f3n Deportiva\"><a href=\"https:\/\/dks.digital\/mx\/cursos\/curso-nutricion-deportiva\/\">Programa Avanzado en Nutrici\u00f3n Deportiva<\/a><\/h4>\n\t\t\t\t\t\t\t\t<p class=\"course__content\"><\/p>\n\t\t\t\t\t\t\t\t<ul class=\"course__oustanding\">\n\t\t\t\t\t\t\t\t\t<li>Curso<\/li>\n\t\t\t\t\t\t\t\t\t<li>5 meses<\/li>\n\t\t\t\t\t\t\t\t\t<li>Oto\u00f1o<\/li>\n\t\t\t\t\t\t\t\t<\/ul>\n\t\t\t\t\t\t\t<\/div>\n\t\t\t\t\t\t<\/li>\n\t\t\t\t\t\t\t\t\t\t<li class=\"course__item slider__item\" data-slider=\"item\" data-module=\"link\" data-link-href=\"https:\/\/dks.digital\/mx\/maestria\/maestria-derecho-deportivo\/\" data-link-target=\"_self\" data-gtm-container=\"distributor\" data-gtm-action=\"navigation\" data-gtm-category=\"Maestr\u00eda en Derecho Deportivo\">\n\t\t\t\t\t\t\t<img decoding=\"async\" class=\"course__img\" src=\"https:\/\/dks.digital\/wp-content\/uploads\/2024\/11\/derecho_deportivo_master-300x300.png\" alt=\"Curso\">\n\t\t\t\t\t\t\t<div class=\"course__body\">\n\t\t\t\t\t\t\t\t<h4 class=\"course__title\" data-gtm-container=\"distributor\" data-gtm-action=\"navigation\" data-gtm-category=\"Maestr\u00eda en Derecho Deportivo\"><a href=\"https:\/\/dks.digital\/mx\/maestria\/maestria-derecho-deportivo\/\">Maestr\u00eda en Derecho Deportivo<\/a><\/h4>\n\t\t\t\t\t\t\t\t<p class=\"course__content\"><\/p>\n\t\t\t\t\t\t\t\t<ul class=\"course__oustanding\">\n\t\t\t\t\t\t\t\t\t<li>Master<\/li>\n\t\t\t\t\t\t\t\t\t<li>7 meses<\/li>\n\t\t\t\t\t\t\t\t\t<li>Oto\u00f1o<\/li>\n\t\t\t\t\t\t\t\t<\/ul>\n\t\t\t\t\t\t\t<\/div>\n\t\t\t\t\t\t<\/li>\n\t\t\t\t\t\t\t\t\t\t<li class=\"course__item slider__item\" data-slider=\"item\" data-module=\"link\" data-link-href=\"https:\/\/dks.digital\/mx\/maestria\/maestria-coaching-psicologia-deportiva\/\" data-link-target=\"_self\" data-gtm-container=\"distributor\" data-gtm-action=\"navigation\" data-gtm-category=\"Maestr\u00eda en Coaching Deportivo\">\n\t\t\t\t\t\t\t<img decoding=\"async\" class=\"course__img\" src=\"https:\/\/dks.digital\/wp-content\/uploads\/2025\/11\/desktop_312x312-1-300x300.jpg\" alt=\"Curso\">\n\t\t\t\t\t\t\t<div class=\"course__body\">\n\t\t\t\t\t\t\t\t<h4 class=\"course__title\" data-gtm-container=\"distributor\" data-gtm-action=\"navigation\" data-gtm-category=\"Maestr\u00eda en Coaching Deportivo\"><a href=\"https:\/\/dks.digital\/mx\/maestria\/maestria-coaching-psicologia-deportiva\/\">Maestr\u00eda en Coaching Deportivo<\/a><\/h4>\n\t\t\t\t\t\t\t\t<p class=\"course__content\"><\/p>\n\t\t\t\t\t\t\t\t<ul class=\"course__oustanding\">\n\t\t\t\t\t\t\t\t\t<li>Master<\/li>\n\t\t\t\t\t\t\t\t\t<li>9 meses<\/li>\n\t\t\t\t\t\t\t\t\t<li>Oto\u00f1o<\/li>\n\t\t\t\t\t\t\t\t<\/ul>\n\t\t\t\t\t\t\t<\/div>\n\t\t\t\t\t\t<\/li>\n\t\t\t\t\t\t\t<\/ul>\n\t\t\t<div class=\"slider__shadow\" data-slider=\"shadow\"><\/div>\n\t\t<\/div>\n\t<\/div>\n<\/section>","protected":false},"excerpt":{"rendered":"","protected":false},"featured_media":83517,"template":"template-bloques.php","tipo-estudio":[362],"area-conocimiento":[],"formacion-master":[],"location":[],"duracion":[368],"escuela":[401],"acf":[],"yoast_head":"<!-- This site is optimized with the Yoast SEO plugin v22.5 - https:\/\/yoast.com\/wordpress\/plugins\/seo\/ -->\n<title>Maestr\u00eda en Readaptaci\u00f3n Deportiva en F\u00fatbol | DKS<\/title>\n<meta name=\"description\" content=\"Convi\u00e9rtete en preparador f\u00edsico en F\u00fatbol de la mano del Director de Rendimiento F\u00edsico del Levante UD \u00a1Plazas Limitadas!\" \/>\n<link rel=\"canonical\" href=\"https:\/\/dks.digital\/mx\/maestria\/maestria-readaptacion-deportiva\/\" \/>\n<meta property=\"og:locale\" content=\"es_ES\" \/>\n<meta property=\"og:type\" content=\"article\" \/>\n<meta property=\"og:title\" content=\"Maestr\u00eda en Readaptaci\u00f3n Deportiva en F\u00fatbol | DKS\" \/>\n<meta property=\"og:description\" content=\"Convi\u00e9rtete en preparador f\u00edsico en F\u00fatbol de la mano del Director de Rendimiento F\u00edsico del Levante UD \u00a1Plazas Limitadas!\" \/>\n<meta property=\"og:url\" content=\"https:\/\/dks.digital\/mx\/maestria\/maestria-readaptacion-deportiva\/\" \/>\n<meta property=\"og:site_name\" content=\"DKS, tu centro de estudios especializado en internet\" \/>\n<meta property=\"article:modified_time\" content=\"2026-01-19T09:16:45+00:00\" \/>\n<meta property=\"og:image\" content=\"https:\/\/dks.digital\/wp-content\/uploads\/2025\/11\/2512_PrepReadaptacion_desktop_312x312.jpg\" \/>\n\t<meta property=\"og:image:width\" content=\"312\" \/>\n\t<meta property=\"og:image:height\" content=\"312\" \/>\n\t<meta property=\"og:image:type\" content=\"image\/jpeg\" \/>\n<meta name=\"twitter:card\" content=\"summary_large_image\" \/>\n<script type=\"application\/ld+json\" class=\"yoast-schema-graph\">{\"@context\":\"https:\/\/schema.org\",\"@graph\":[{\"@type\":\"WebPage\",\"@id\":\"https:\/\/dks.digital\/mx\/maestria\/maestria-readaptacion-deportiva\/\",\"url\":\"https:\/\/dks.digital\/mx\/maestria\/maestria-readaptacion-deportiva\/\",\"name\":\"Maestr\u00eda en Readaptaci\u00f3n Deportiva en F\u00fatbol | DKS\",\"isPartOf\":{\"@id\":\"https:\/\/dks.digital\/mx\/#website\"},\"primaryImageOfPage\":{\"@id\":\"https:\/\/dks.digital\/mx\/maestria\/maestria-readaptacion-deportiva\/#primaryimage\"},\"image\":{\"@id\":\"https:\/\/dks.digital\/mx\/maestria\/maestria-readaptacion-deportiva\/#primaryimage\"},\"thumbnailUrl\":\"https:\/\/dks.digital\/wp-content\/uploads\/2025\/11\/2512_PrepReadaptacion_desktop_312x312.jpg\",\"datePublished\":\"2025-11-24T12:45:25+00:00\",\"dateModified\":\"2026-01-19T09:16:45+00:00\",\"description\":\"Convi\u00e9rtete en preparador f\u00edsico en F\u00fatbol de la mano del Director de Rendimiento F\u00edsico del Levante UD \u00a1Plazas Limitadas!\",\"inLanguage\":\"es-MX\",\"potentialAction\":[{\"@type\":\"ReadAction\",\"target\":[\"https:\/\/dks.digital\/mx\/maestria\/maestria-readaptacion-deportiva\/\"]}]},{\"@type\":\"ImageObject\",\"inLanguage\":\"es-MX\",\"@id\":\"https:\/\/dks.digital\/mx\/maestria\/maestria-readaptacion-deportiva\/#primaryimage\",\"url\":\"https:\/\/dks.digital\/wp-content\/uploads\/2025\/11\/2512_PrepReadaptacion_desktop_312x312.jpg\",\"contentUrl\":\"https:\/\/dks.digital\/wp-content\/uploads\/2025\/11\/2512_PrepReadaptacion_desktop_312x312.jpg\",\"width\":312,\"height\":312},{\"@type\":\"WebSite\",\"@id\":\"https:\/\/dks.digital\/mx\/#website\",\"url\":\"https:\/\/dks.digital\/mx\/\",\"name\":\"DKS, tu centro de estudios especializado en internet\",\"description\":\"DKS, la escuela de los profesionales digitales desde hace m\u00e1s de 7 a\u00f1os\",\"publisher\":{\"@id\":\"https:\/\/dks.digital\/mx\/#organization\"},\"potentialAction\":[{\"@type\":\"SearchAction\",\"target\":{\"@type\":\"EntryPoint\",\"urlTemplate\":\"https:\/\/dks.digital\/mx\/?s={search_term_string}\"},\"query-input\":\"required name=search_term_string\"}],\"inLanguage\":\"es-MX\"},{\"@type\":\"Organization\",\"@id\":\"https:\/\/dks.digital\/mx\/#organization\",\"name\":\"DKS, tu centro de estudios especializado en internet\",\"url\":\"https:\/\/dks.digital\/mx\/\",\"logo\":{\"@type\":\"ImageObject\",\"inLanguage\":\"es-MX\",\"@id\":\"https:\/\/dks.digital\/mx\/#\/schema\/logo\/image\/\",\"url\":\"https:\/\/dks.digital\/wp-content\/uploads\/2025\/12\/cropped-cropped-favicon-ks.jpg\",\"contentUrl\":\"https:\/\/dks.digital\/wp-content\/uploads\/2025\/12\/cropped-cropped-favicon-ks.jpg\",\"width\":512,\"height\":512,\"caption\":\"DKS, tu centro de estudios especializado en internet\"},\"image\":{\"@id\":\"https:\/\/dks.digital\/mx\/#\/schema\/logo\/image\/\"}}]}<\/script>\n<!-- \/ Yoast SEO plugin. -->","yoast_head_json":{"title":"Maestr\u00eda en Readaptaci\u00f3n Deportiva en F\u00fatbol | DKS","description":"Convi\u00e9rtete en preparador f\u00edsico en F\u00fatbol de la mano del Director de Rendimiento F\u00edsico del Levante UD \u00a1Plazas Limitadas!","canonical":"https:\/\/dks.digital\/mx\/maestria\/maestria-readaptacion-deportiva\/","og_locale":"es_ES","og_type":"article","og_title":"Maestr\u00eda en Readaptaci\u00f3n Deportiva en F\u00fatbol | DKS","og_description":"Convi\u00e9rtete en preparador f\u00edsico en F\u00fatbol de la mano del Director de Rendimiento F\u00edsico del Levante UD \u00a1Plazas Limitadas!","og_url":"https:\/\/dks.digital\/mx\/maestria\/maestria-readaptacion-deportiva\/","og_site_name":"DKS, tu centro de estudios especializado en internet","article_modified_time":"2026-01-19T09:16:45+00:00","og_image":[{"width":312,"height":312,"url":"https:\/\/dks.digital\/wp-content\/uploads\/2025\/11\/2512_PrepReadaptacion_desktop_312x312.jpg","type":"image\/jpeg"}],"twitter_card":"summary_large_image","schema":{"@context":"https:\/\/schema.org","@graph":[{"@type":"WebPage","@id":"https:\/\/dks.digital\/mx\/maestria\/maestria-readaptacion-deportiva\/","url":"https:\/\/dks.digital\/mx\/maestria\/maestria-readaptacion-deportiva\/","name":"Maestr\u00eda en Readaptaci\u00f3n Deportiva en F\u00fatbol | DKS","isPartOf":{"@id":"https:\/\/dks.digital\/mx\/#website"},"primaryImageOfPage":{"@id":"https:\/\/dks.digital\/mx\/maestria\/maestria-readaptacion-deportiva\/#primaryimage"},"image":{"@id":"https:\/\/dks.digital\/mx\/maestria\/maestria-readaptacion-deportiva\/#primaryimage"},"thumbnailUrl":"https:\/\/dks.digital\/wp-content\/uploads\/2025\/11\/2512_PrepReadaptacion_desktop_312x312.jpg","datePublished":"2025-11-24T12:45:25+00:00","dateModified":"2026-01-19T09:16:45+00:00","description":"Convi\u00e9rtete en preparador f\u00edsico en F\u00fatbol de la mano del Director de Rendimiento F\u00edsico del Levante UD \u00a1Plazas Limitadas!","inLanguage":"es-MX","potentialAction":[{"@type":"ReadAction","target":["https:\/\/dks.digital\/mx\/maestria\/maestria-readaptacion-deportiva\/"]}]},{"@type":"ImageObject","inLanguage":"es-MX","@id":"https:\/\/dks.digital\/mx\/maestria\/maestria-readaptacion-deportiva\/#primaryimage","url":"https:\/\/dks.digital\/wp-content\/uploads\/2025\/11\/2512_PrepReadaptacion_desktop_312x312.jpg","contentUrl":"https:\/\/dks.digital\/wp-content\/uploads\/2025\/11\/2512_PrepReadaptacion_desktop_312x312.jpg","width":312,"height":312},{"@type":"WebSite","@id":"https:\/\/dks.digital\/mx\/#website","url":"https:\/\/dks.digital\/mx\/","name":"DKS, tu centro de estudios especializado en internet","description":"DKS, la escuela de los profesionales digitales desde hace m\u00e1s de 7 a\u00f1os","publisher":{"@id":"https:\/\/dks.digital\/mx\/#organization"},"potentialAction":[{"@type":"SearchAction","target":{"@type":"EntryPoint","urlTemplate":"https:\/\/dks.digital\/mx\/?s={search_term_string}"},"query-input":"required name=search_term_string"}],"inLanguage":"es-MX"},{"@type":"Organization","@id":"https:\/\/dks.digital\/mx\/#organization","name":"DKS, tu centro de estudios especializado en internet","url":"https:\/\/dks.digital\/mx\/","logo":{"@type":"ImageObject","inLanguage":"es-MX","@id":"https:\/\/dks.digital\/mx\/#\/schema\/logo\/image\/","url":"https:\/\/dks.digital\/wp-content\/uploads\/2025\/12\/cropped-cropped-favicon-ks.jpg","contentUrl":"https:\/\/dks.digital\/wp-content\/uploads\/2025\/12\/cropped-cropped-favicon-ks.jpg","width":512,"height":512,"caption":"DKS, tu centro de estudios especializado en internet"},"image":{"@id":"https:\/\/dks.digital\/mx\/#\/schema\/logo\/image\/"}}]}},"_links":{"self":[{"href":"https:\/\/dks.digital\/mx\/wp-json\/wp\/v2\/master\/83515"}],"collection":[{"href":"https:\/\/dks.digital\/mx\/wp-json\/wp\/v2\/master"}],"about":[{"href":"https:\/\/dks.digital\/mx\/wp-json\/wp\/v2\/types\/master"}],"wp:featuredmedia":[{"embeddable":true,"href":"https:\/\/dks.digital\/mx\/wp-json\/wp\/v2\/media\/83517"}],"wp:attachment":[{"href":"https:\/\/dks.digital\/mx\/wp-json\/wp\/v2\/media?parent=83515"}],"wp:term":[{"taxonomy":"tipo-estudio","embeddable":true,"href":"https:\/\/dks.digital\/mx\/wp-json\/wp\/v2\/tipo-estudio?post=83515"},{"taxonomy":"area-conocimiento","embeddable":true,"href":"https:\/\/dks.digital\/mx\/wp-json\/wp\/v2\/area-conocimiento?post=83515"},{"taxonomy":"formacion-master","embeddable":true,"href":"https:\/\/dks.digital\/mx\/wp-json\/wp\/v2\/formacion-master?post=83515"},{"taxonomy":"location","embeddable":true,"href":"https:\/\/dks.digital\/mx\/wp-json\/wp\/v2\/location?post=83515"},{"taxonomy":"duracion","embeddable":true,"href":"https:\/\/dks.digital\/mx\/wp-json\/wp\/v2\/duracion?post=83515"},{"taxonomy":"escuela","embeddable":true,"href":"https:\/\/dks.digital\/mx\/wp-json\/wp\/v2\/escuela?post=83515"}],"curies":[{"name":"wp","href":"https:\/\/api.w.org\/{rel}","templated":true}]}}