{"id":83380,"date":"2025-09-16T13:46:04","date_gmt":"2025-09-16T11:46:04","guid":{"rendered":"https:\/\/dks.digital\/master\/master-marketing-comunicacion-moda\/"},"modified":"2026-04-16T17:48:29","modified_gmt":"2026-04-16T15:48:29","slug":"maestria-marketing-comunicacion-moda","status":"publish","type":"master","link":"https:\/\/dks.digital\/mx\/maestria\/maestria-marketing-comunicacion-moda\/","title":{"rendered":"Maestr\u00eda en Marketing de Moda"},"content":{"rendered":"\n<section class='hero-pdp' >\n\n      <div class=\"hero-pdp__accelerator -hidden-from-md\">\n      <p class=\"container hero-pdp__accelerator-text\">\u00a1Pr\u00f3xima convocatoria!<\/p>\n    <\/div>\n  \n  <picture class=\"hero-pdp__picture\">\n    <!-- tatamiento vertical -->\n    <source media=\"(max-width: 1023px)\" srcset=\"https:\/\/dks.digital\/wp-content\/uploads\/2025\/08\/mobile-8-1.jpg\" loading=\"eager\" fetchpriority=\"high\" data-identifier=\"hero-image\" \/>\n    <!-- tatamiento version_horizontal -->\n    <img decoding=\"async\" class=\"hero-pdp__image\" src=\"https:\/\/dks.digital\/wp-content\/uploads\/2025\/08\/desktop-20-1.jpg\" alt=\"\" title=\"desktop (20) (1)\" loading=\"eager\" fetchpriority=\"high\" data-identifier=\"hero-image\" \/>\n  <\/picture>\n\n  \n  <div class='hero-pdp__inner container'>\n    <div class='hero-pdp__content'>\n\n      <h1 class='hero-pdp__title'>M\u00e1ster en Marketing de Moda<\/h1>\n\n      <ul class='hero-pdp__highlighted'>\n        \n          \n          <li class='hero-pdp__highlighted-item'>\n\n                          <p class='hero-pdp__highlighted-title'>En l\u00ednea<\/p>\n            \n                          <p class='hero-pdp__highlighted-content'>Clases en directo<\/p>\n            \n          <\/li>\n\n        \n          \n          <li class='hero-pdp__highlighted-item'>\n\n                          <p class='hero-pdp__highlighted-title'>Duraci\u00f3n<\/p>\n            \n                          <p class='hero-pdp__highlighted-content'>8 meses<\/p>\n            \n          <\/li>\n\n        \n          \n          <li class='hero-pdp__highlighted-item'>\n\n                          <p class='hero-pdp__highlighted-title'>Oto\u00f1o 2026<\/p>\n            \n                          <p class='hero-pdp__highlighted-content'>Martes y jueves<\/p>\n            \n          <\/li>\n\n        \n          \n          <li class='hero-pdp__highlighted-item'>\n\n                          <p class='hero-pdp__highlighted-title'>Vitalicia<\/p>\n            \n                          <p class='hero-pdp__highlighted-content'>Bolsa de empleo<\/p>\n            \n          <\/li>\n\n              <\/ul>\n\n              <div class='hero-pdp__wysiwyg'><ul>\n<li>Aprende a dise\u00f1ar y gestionar estrategias de marketing, comunicaci\u00f3n y branding para la industria de la moda.<\/li>\n<li>Obt\u00e9n una visi\u00f3n global del negocio: mercado, producci\u00f3n, retail, compra, log\u00edstica, distribuci\u00f3n, dise\u00f1o de moda y proceso creativo.<\/li>\n<li>Resuelve un reto corporativo real para Silbon, Adolfo Dominguez o The Lab Talents.<\/li>\n<\/ul>\n<\/div>\n      \n      <div class=\"hero-pdp__container\">\n\n                  <div class=\"hero-pdp__col-company\">\n            <figure class=\"hero-pdp__col-company-picture-unir\">\n              <p>Titulaci\u00f3n conjunta con<\/p>\n              <img decoding=\"async\" width=\"118\" height=\"44\" src=\"https:\/\/dks.digital\/wp-content\/plugins\/iter-bloques\/blocks\/hero-pdp\/images\/unir-logo.svg\" alt=\"UNIR Logo\" loading=\"lazy\">\n            <\/figure>\n          <\/div>\n        \n        \n        <div class=\"hero-pdp__collaboration__block\">\n\n                      <div class=\"hero-pdp__collaboration\">\n              <div class=\"container hero-pdp__collaboration-inner\">\n                <p class=\"hero-pdp__collaboration-text\">Titulaci\u00f3n conjunta con<\/p>\n                <figure class=\"hero-pdp__collaboration-figure\">\n                  <img decoding=\"async\" width=\"118\" height=\"44\" src=\"https:\/\/dks.digital\/wp-content\/plugins\/iter-bloques\/blocks\/hero-pdp\/images\/unir-logo.svg\" alt=\"UNIR Logo\" loading=\"lazy\">\n                <\/figure>\n              <\/div>\n            <\/div>\n          \n          \n        <\/div>\n\n        <div class=\"hero-pdp__logos\">\n          <p class=\"hero-pdp__logos-content\"><\/p>\n          <div class=\"hero-pdp__logos-list\">\n\n            \n          <\/div>\n        <\/div>\n\n      <\/div>\n\n    <\/div>\n\n  <\/div>\n\n  <div class=\"hero-pdp__backdrop\"><\/div>\n\n<\/section>\n\n\n<div class=\"menu-pdp\" data-module=\"menu-pdp\">\n  <div class=\"container\">\n    <div class=\"menu-pdp__content\" data-menu=\"container\">\n              <a class=\"menu-pdp__link active\" \n           data-anchor=\"descripcion\" \n           data-gtm-container=\"navegacion_secundaria\" \n           data-gtm-action=\"navigation\">\n          Descripci\u00f3n        <\/a>\n              <a class=\"menu-pdp__link \" \n           data-anchor=\"DKS\" \n           data-gtm-container=\"navegacion_secundaria\" \n           data-gtm-action=\"navigation\">\n          \u00bfPor qu\u00e9 DKS?        <\/a>\n              <a class=\"menu-pdp__link \" \n           data-anchor=\"estudios\" \n           data-gtm-container=\"navegacion_secundaria\" \n           data-gtm-action=\"navigation\">\n          Plan de estudios        <\/a>\n              <a class=\"menu-pdp__link \" \n           data-anchor=\"profesores\" \n           data-gtm-container=\"navegacion_secundaria\" \n           data-gtm-action=\"navigation\">\n          Profesores        <\/a>\n              <a class=\"menu-pdp__link \" \n           data-anchor=\"financiacion\" \n           data-gtm-container=\"navegacion_secundaria\" \n           data-gtm-action=\"navigation\">\n          Financiaci\u00f3n        <\/a>\n              <a class=\"menu-pdp__link \" \n           data-anchor=\"testimonios\" \n           data-gtm-container=\"navegacion_secundaria\" \n           data-gtm-action=\"navigation\">\n          Testimonios        <\/a>\n            <a class=\"menu-pdp__button button--secondary\" data-anchor=\"form\" data-gtm-container=\"boton_info\" data-gtm-category=\"solicitud_info_contextual\" data-gtm-action=\"form_open\">Solicita informaci\u00f3n<\/a>\n    <\/div>\n  <\/div>\n<\/div>\n\n\n<div class=\"section-form\">\n\n    <div class=\"section-form__content\">\n\n    <section class='-width-vw -bg-black -text-white' id='descripcion'>\n        <div class='container'>\n            <div class=\"section-form__wysiwyg\">\n                            <h2 class='section-form__title'>Convi\u00e9rtete en el perfil m\u00e1s buscado por las firmas de industria de la moda<\/h2>\n                        <div class=\"section-form__inner\">\n\n<ul class='panel-number' id=\"\">\n            <li class='panel-number__item'>\n          <p class='panel-number__number'>94%<\/p>\n          <p class='panel-number__description'>empleabilidad<\/p>\n        <\/li>\n            <li class='panel-number__item'>\n          <p class='panel-number__number'>+1600<\/p>\n          <p class='panel-number__description'>empresas<\/p>\n        <\/li>\n            <li class='panel-number__item'>\n          <p class='panel-number__number'>+450<\/p>\n          <p class='panel-number__description'>empleos<\/p>\n        <\/li>\n    <\/ul>\n\n\n<p>El cambio en los h\u00e1bitos de consumo de moda, la preocupaci\u00f3n por la&nbsp;<strong>sostenibilidad,<\/strong>&nbsp;la importancia creciente del&nbsp;<strong>marketing de influencers&nbsp;<\/strong>y la b\u00fasqueda de una experiencia de cliente cada vez m\u00e1s personalizada gracias al uso de la&nbsp;<strong>Inteligencia Artificial,<\/strong>&nbsp;requiere de profesionales de marketing especializados que impulsen la transformaci\u00f3n de la industria.&nbsp;&nbsp;Con la maestr\u00eda en Marketing de Moda en l\u00ednea de DKS conseguir\u00e1s, de forma&nbsp;<strong>100% pr\u00e1ctica y de la mano de profesores profesionales en activo<\/strong>, los conocimientos necesarios para<strong>&nbsp;dise\u00f1ar y gestionar las estrategias de marketing y comunicaci\u00f3n en el sector de la moda y el lujo.<\/strong><\/p>\n\n\n\n<ul class='panel-img--square' id=\"\">\n            <li class='panel-img--square__item'>\n          <figure class='panel-img--square__figure'>\n            <div class='panel-img--square__figure-inner'>\n              <img class='panel-img--square__img' \n                   width=\"74\" \n                   height=\"64\" \n                   src='https:\/\/dks.digital\/wp-content\/uploads\/2023\/03\/Logo_Salesforce-3.svg'\n                   alt=''>\n            <\/div>\n            <figcaption class='panel-img--square__caption'>Salesforce<\/figcaption>\n          <\/figure>\n        <\/li>\n            <li class='panel-img--square__item'>\n          <figure class='panel-img--square__figure'>\n            <div class='panel-img--square__figure-inner'>\n              <img class='panel-img--square__img' \n                   width=\"74\" \n                   height=\"64\" \n                   src='https:\/\/dks.digital\/wp-content\/uploads\/2024\/04\/semrush-e1724239276930.png'\n                   alt=''>\n            <\/div>\n            <figcaption class='panel-img--square__caption'>SEMRush<\/figcaption>\n          <\/figure>\n        <\/li>\n            <li class='panel-img--square__item'>\n          <figure class='panel-img--square__figure'>\n            <div class='panel-img--square__figure-inner'>\n              <img class='panel-img--square__img' \n                   width=\"74\" \n                   height=\"64\" \n                   src='https:\/\/dks.digital\/wp-content\/uploads\/2025\/08\/influencity_logo.png'\n                   alt=''>\n            <\/div>\n            <figcaption class='panel-img--square__caption'>Influencity<\/figcaption>\n          <\/figure>\n        <\/li>\n            <li class='panel-img--square__item'>\n          <figure class='panel-img--square__figure'>\n            <div class='panel-img--square__figure-inner'>\n              <img class='panel-img--square__img' \n                   width=\"74\" \n                   height=\"64\" \n                   src='https:\/\/dks.digital\/wp-content\/uploads\/2025\/08\/buzzSumo_logo-1.png'\n                   alt=''>\n            <\/div>\n            <figcaption class='panel-img--square__caption'>BuzzSumo<\/figcaption>\n          <\/figure>\n        <\/li>\n            <li class='panel-img--square__item'>\n          <figure class='panel-img--square__figure'>\n            <div class='panel-img--square__figure-inner'>\n              <img class='panel-img--square__img' \n                   width=\"74\" \n                   height=\"64\" \n                   src='https:\/\/dks.digital\/wp-content\/uploads\/2025\/08\/bcome_logo-1-e1754467397865.png'\n                   alt=''>\n            <\/div>\n            <figcaption class='panel-img--square__caption'>BCome<\/figcaption>\n          <\/figure>\n        <\/li>\n    <\/ul>\n\n\n<p>Adem\u00e1s, esta maestr\u00eda te ofrece la oportunidad \u00fanica de resolver retos corporativos reales planteados por marcas l\u00edderes del sector:&nbsp;<\/p>\n\n\n\n<ul class='panel-img--square' id=\"\">\n            <li class='panel-img--square__item'>\n          <figure class='panel-img--square__figure'>\n            <div class='panel-img--square__figure-inner'>\n              <img class='panel-img--square__img' \n                   width=\"74\" \n                   height=\"64\" \n                   src='https:\/\/dks.digital\/wp-content\/uploads\/2024\/04\/logo-silbon-copia-1-e1727082284909.png'\n                   alt=''>\n            <\/div>\n            <figcaption class='panel-img--square__caption'>Silbon<\/figcaption>\n          <\/figure>\n        <\/li>\n            <li class='panel-img--square__item'>\n          <figure class='panel-img--square__figure'>\n            <div class='panel-img--square__figure-inner'>\n              <img class='panel-img--square__img' \n                   width=\"74\" \n                   height=\"64\" \n                   src='https:\/\/dks.digital\/wp-content\/uploads\/2025\/09\/adolfo_dominguez_logo-1.png'\n                   alt=''>\n            <\/div>\n            <figcaption class='panel-img--square__caption'>Adolfo Dominguez<\/figcaption>\n          <\/figure>\n        <\/li>\n            <li class='panel-img--square__item'>\n          <figure class='panel-img--square__figure'>\n            <div class='panel-img--square__figure-inner'>\n              <img class='panel-img--square__img' \n                   width=\"74\" \n                   height=\"64\" \n                   src='https:\/\/dks.digital\/wp-content\/uploads\/2025\/08\/thelabtalents_logo.png'\n                   alt=''>\n            <\/div>\n            <figcaption class='panel-img--square__caption'>The Lab Talents<\/figcaption>\n          <\/figure>\n        <\/li>\n    <\/ul>\n\n\n<div class=\"outstanding\">\n  <p class=\"outstanding__text\">Incluye acceso al curso en l\u00ednea \u201cIA Generativa para Marketing\u201d, con el que aprender\u00e1s a utilizar diferentes herramientas de Inteligencia Artificial para optimizar textos e im\u00e1genes, analizar campa\u00f1as o crear experiencias personalizadas para tus clientes, entre otros.<\/p>\n<\/div>\n\n\n<p>Al finalizar la maestr\u00eda recibir\u00e1s una&nbsp;<strong>titulaci\u00f3n conjunta de&nbsp;DKS + UNIR, Universidad Internacional de La Rioja,&nbsp;<\/strong>siempre y cuando cumplas con los requisitos de acceso regulados de acuerdo al Real Decreto 822\/2021 de Formaci\u00f3n Permanente.&nbsp;<\/p>\n\n<\/div>\n            <\/div>\n        <\/div>\n<\/section>\n\n\n    <section class='-width-vw ' id='DKS'>\n        <div class='container'>\n            <div class=\"section-form__wysiwyg\">\n                            <h2 class='section-form__title'>Por qu\u00e9 estudiar la maestr\u00eda en Marketing de Moda<\/h2>\n                        <div class=\"section-form__inner\">\n\n<div class=\"list--number\">\n    <h3 class=\"list--number__title\">Especial\u00edzate en fashion marketing<\/h3>\n    <ol class=\"list--number__list\">\n          <li><p>Consigue un conocimiento global del mundo de la moda, abarcando desde las marcas nacionales hasta los gigantes internacionales del sector.<\/p><\/li>\n          <li><p>Desarrolla tus habilidades con las principales t\u00e9cnicas y herramientas para idear y ejecutar estrategias de marketing, comunicaci\u00f3n y branding dentro de la industria de la moda y el lujo.<\/p><\/li>\n          <li><p>Domina las m\u00faltiples facetas del marketing en la moda, desde la planificaci\u00f3n estrat\u00e9gica hasta su implementaci\u00f3n.<\/p><\/li>\n          <li><p>Entiende la omnicanalidad, dominando las claves del marketing tanto en entornos f\u00edsicos como digitales: e-commerce y el social e-commerce.<\/p><\/li>\n          <li><p>Convi\u00e9rtete en experto en marketing de influencia y aprende a aplicarlo de manera efectiva en el sector de la moda.<\/p><\/li>\n          <li><p>Mantente al tanto de las \u00faltimas tendencias en sostenibilidad y descubre c\u00f3mo implementar acciones concretas para promover pr\u00e1cticas responsables dentro del sector moda.<\/p><\/li>\n      <\/ol>\n<\/div>\n<\/div>\n            <\/div>\n        <\/div>\n<\/section>\n\n\n    <section class='-width-vw -bg-grey-ultra-light' id=''>\n        <div class='container'>\n            <div class=\"section-form__wysiwyg\">\n                            <h2 class='section-form__title'>A qui\u00e9n va dirigido<\/h2>\n                        <div class=\"section-form__inner\">\n\n<ul>\n<li>Graduados en ADE, Marketing, Comunicaci\u00f3n y Publicidad interesados en incorporarse al mundo de la moda.&nbsp;<\/li>\n\n\n\n<li>Profesionales del marketing y la comunicaci\u00f3n que deseen dar el salto a empresas de moda.&nbsp;<\/li>\n\n\n\n<li>Periodistas del sector de moda interesados en desarrollar su carrera profesional en el mundo del marketing.&nbsp;<\/li>\n\n\n\n<li>Emprendedores que han desarrollado o quieren desarrollar su propia marca de moda y lujo.&nbsp;<\/li>\n<\/ul>\n\n<\/div>\n            <\/div>\n        <\/div>\n<\/section>\n\n\n    <section class='-width-vw ' id='estudios'>\n        <div class='container'>\n            <div class=\"section-form__wysiwyg\">\n                        <div class=\"section-form__inner\">\n\n<div class=\"info-course__container\">\n    <h2 class='info-course__title-head'>\u00bfQu\u00e9 voy a estudiar en la maestr\u00eda en Marketing de Moda?<\/h2>\n    <ul class='info-course__outstanding'>\n        <li class='info-course__item'>\n            <p class='info-course__title'>Inicio<\/p>\n            <p class='info-course__content'>Oto\u00f1o 2026<\/p>\n        <\/li>\n        <li class='info-course__item'>\n            <p class='info-course__title'>Duraci\u00f3n<\/p>\n            <p class='info-course__content'>8 meses <\/p>\n        <\/li>\n        <li class='info-course__item'>\n            <p class='info-course__title'>Horario<\/p>\n            <p class='info-course__content'>Martes y Jueves<\/p>\n        <\/li>\n        <li class='info-course__item'>\n            <p class='info-course__title'>Metodolog\u00eda<\/p>\n            <p class='info-course__content'>En l\u00ednea<\/p>\n        <\/li>\n        <li class='info-course__item'>\n            <p class='info-course__title'><\/p>\n            <p class='info-course__content'><\/p>\n        <\/li>\n        <li class='info-course__item'>\n            <p class='info-course__title'><\/p>\n            <p class='info-course__content'><\/p>\n        <\/li>\n    <\/ul>\n    <h3 class='info-course__heading'>Temario<\/h3>\n    <ul class=\"info-course__subjects\" data-module=\"accordion\">\n                                    <li class=\"info-course__subjects-item\" data-accordion=\"item\">\n                    <h3 class=\"info-course__subjects-title\" data-accordion=\"button\" data-gtm-container=\"acordeon\" data-gtm-action=\"accordion_open\" data-gtm-category=\"M\u00f3dulo 1. Ecosistema y negocio del sector de la moda.\">\n                        M\u00f3dulo 1. Ecosistema y negocio del sector de la moda.                        <i class=\"info-course__subjects-icon icon-caret-down\"><\/i>\n                    <\/h3>\n                    <div class=\"info-course__subjects-content\" data-accordion=\"content\">\n                        <div class=\"info-course__subjects-inner wysiwyg\">\n                            <ul>\n<li>An\u00e1lisis de la historia y evoluci\u00f3n de la moda y el dise\u00f1o en las bases de la moda contempor\u00e1neos. Del propietario como marca hasta la marca y el director creativo como protagonistas.<\/li>\n<li>Elementos y funcionamiento del mercado de la moda.<\/li>\n<li>Nuevos modelos y tendencias de negocio.<\/li>\n<li>Mercados relacionados.<\/li>\n<li>Dise\u00f1o de moda y proceso creativo.<\/li>\n<li>Producci\u00f3n y coste industrial en el sector de la moda.<\/li>\n<li>Gesti\u00f3n del retail\/compra, precios campa\u00f1as.<\/li>\n<li>Log\u00edstica y distribuci\u00f3n.<\/li>\n<\/ul>\n                        <\/div>\n                    <\/div>\n                <\/li>\n                            <li class=\"info-course__subjects-item\" data-accordion=\"item\">\n                    <h3 class=\"info-course__subjects-title\" data-accordion=\"button\" data-gtm-container=\"acordeon\" data-gtm-action=\"accordion_open\" data-gtm-category=\"M\u00f3dulo 2. El cliente de moda.\">\n                        M\u00f3dulo 2. El cliente de moda.                        <i class=\"info-course__subjects-icon icon-caret-down\"><\/i>\n                    <\/h3>\n                    <div class=\"info-course__subjects-content\" data-accordion=\"content\">\n                        <div class=\"info-course__subjects-inner wysiwyg\">\n                            <ul>\n<li>An\u00e1lisis del consumidor, perfiles de cliente y usuario de moda I: definiciones.<\/li>\n<li>An\u00e1lisis del consumidor, perfiles de cliente y usuario de moda II: metodolog\u00edas y herramientas.<\/li>\n<li>Segmentaci\u00f3n de clientes en moda. El buyer persona.<\/li>\n<li>Customer experience, customer centricity y la experiencia de adquisici\u00f3n del producto.<\/li>\n<li>Digitalizaci\u00f3n marca-cliente.<\/li>\n<li>Inbound &amp; Outbound Marketing.<\/li>\n<li>Customer journey: analizando el cliente en los diferentes momentos de relaci\u00f3n con la marca.<\/li>\n<li>CRM en moda.<\/li>\n<li>Big Data e Inteligencia Artificial aplicada al conocimiento del cliente: del marketing masivo al one-to-one utilizando herramientas de marketing automation.<\/li>\n<li>Big Data e Inteligencia Artificial aplicada al conocimiento del cliente.<\/li>\n<\/ul>\n                        <\/div>\n                    <\/div>\n                <\/li>\n                            <li class=\"info-course__subjects-item\" data-accordion=\"item\">\n                    <h3 class=\"info-course__subjects-title\" data-accordion=\"button\" data-gtm-container=\"acordeon\" data-gtm-action=\"accordion_open\" data-gtm-category=\"M\u00f3dulo 3. Estrategia y Plan de Marketing en el sector de la moda.\">\n                        M\u00f3dulo 3. Estrategia y Plan de Marketing en el sector de la moda.                        <i class=\"info-course__subjects-icon icon-caret-down\"><\/i>\n                    <\/h3>\n                    <div class=\"info-course__subjects-content\" data-accordion=\"content\">\n                        <div class=\"info-course__subjects-inner wysiwyg\">\n                            <ul>\n<li>Fundamentos del marketing aplicados a la industria de la moda.<\/li>\n<li>Fases en la creaci\u00f3n de la estrategia de marketing en el sector de la moda.<\/li>\n<li>Plan de Marketing. Definici\u00f3n y establecimiento de objetivos.<\/li>\n<li>An\u00e1lisis de la competencia y Benchmarking.<\/li>\n<li>Estrategia de producto I y II.<\/li>\n<li>Estrategia de precios.<\/li>\n<li>Promoci\u00f3n.<\/li>\n<li>Planificaci\u00f3n de costes y presupuestos.<\/li>\n<li>KPI para medir la efectividad del plan.<\/li>\n<\/ul>\n                        <\/div>\n                    <\/div>\n                <\/li>\n                            <li class=\"info-course__subjects-item\" data-accordion=\"item\">\n                    <h3 class=\"info-course__subjects-title\" data-accordion=\"button\" data-gtm-container=\"acordeon\" data-gtm-action=\"accordion_open\" data-gtm-category=\"M\u00f3dulo 4. De la multi a la omnicanalidad. La gesti\u00f3n de los canales en moda.\">\n                        M\u00f3dulo 4. De la multi a la omnicanalidad. La gesti\u00f3n de los canales en moda.                        <i class=\"info-course__subjects-icon icon-caret-down\"><\/i>\n                    <\/h3>\n                    <div class=\"info-course__subjects-content\" data-accordion=\"content\">\n                        <div class=\"info-course__subjects-inner wysiwyg\">\n                            <ul class=\"list--icon-dark_\">\n<li>Estrategia Omnicanal. De la tienda a la compra online y viceversa.<\/li>\n<li>El nuevo concepto de tienda f\u00edsica, redimensionando y transformando el modelo.<\/li>\n<li>Marketing en el punto de venta.<\/li>\n<li>Merchandising f\u00edsico.<\/li>\n<li>Tiendas propias vs franquicias. Estrategia de comunicaci\u00f3n y marketing para franquiciados.<\/li>\n<li>E-commerce. La nueva experiencia de tienda online.<\/li>\n<li>Funcionamiento de un e-commerce.<\/li>\n<li>Merchandising digital.<\/li>\n<li>Social commerce.<\/li>\n<\/ul>\n                        <\/div>\n                    <\/div>\n                <\/li>\n                            <li class=\"info-course__subjects-item\" data-accordion=\"item\">\n                    <h3 class=\"info-course__subjects-title\" data-accordion=\"button\" data-gtm-container=\"acordeon\" data-gtm-action=\"accordion_open\" data-gtm-category=\"M\u00f3dulo 5. Comunicaci\u00f3n y branding en moda.\">\n                        M\u00f3dulo 5. Comunicaci\u00f3n y branding en moda.                        <i class=\"info-course__subjects-icon icon-caret-down\"><\/i>\n                    <\/h3>\n                    <div class=\"info-course__subjects-content\" data-accordion=\"content\">\n                        <div class=\"info-course__subjects-inner wysiwyg\">\n                            <ul class=\"list--icon-dark_\">\n<li>Branding: creaci\u00f3n y gesti\u00f3n de una marca de moda.<\/li>\n<li>Comunicaci\u00f3n.<\/li>\n<li>Relaci\u00f3n con los medios.<\/li>\n<li>PR. Relaciones P\u00fablicas en moda.<\/li>\n<li>Acciones diferenciadoras para conectar con tu cliente.<\/li>\n<li>Producci\u00f3n de eventos.<\/li>\n<\/ul>\n                        <\/div>\n                    <\/div>\n                <\/li>\n                            <li class=\"info-course__subjects-item\" data-accordion=\"item\">\n                    <h3 class=\"info-course__subjects-title\" data-accordion=\"button\" data-gtm-container=\"acordeon\" data-gtm-action=\"accordion_open\" data-gtm-category=\"M\u00f3dulo 6. T\u00e9cnicas y herramientas de Marketing Digital.\">\n                        M\u00f3dulo 6. T\u00e9cnicas y herramientas de Marketing Digital.                        <i class=\"info-course__subjects-icon icon-caret-down\"><\/i>\n                    <\/h3>\n                    <div class=\"info-course__subjects-content\" data-accordion=\"content\">\n                        <div class=\"info-course__subjects-inner wysiwyg\">\n                            <ul class=\"list--icon-dark_\">\n<li>Posicionamiento online.<\/li>\n<li>Social media marketing: Instagram, Pinterest, TikTok, YouTube, otras.<\/li>\n<li>Canales de Social Media.<\/li>\n<li>Inbound Marketing.<\/li>\n<li>Marketing de contenidos.<\/li>\n<li>Captaci\u00f3n y fidelizaci\u00f3n.<\/li>\n<li>Publicidad Digital.<\/li>\n<li>Marketing anal\u00edtico.<\/li>\n<li>IA en Moda.<\/li>\n<\/ul>\n                        <\/div>\n                    <\/div>\n                <\/li>\n                            <li class=\"info-course__subjects-item\" data-accordion=\"item\">\n                    <h3 class=\"info-course__subjects-title\" data-accordion=\"button\" data-gtm-container=\"acordeon\" data-gtm-action=\"accordion_open\" data-gtm-category=\"M\u00f3dulo 7. Sostenibilidad en el mundo de la moda.\">\n                        M\u00f3dulo 7. Sostenibilidad en el mundo de la moda.                        <i class=\"info-course__subjects-icon icon-caret-down\"><\/i>\n                    <\/h3>\n                    <div class=\"info-course__subjects-content\" data-accordion=\"content\">\n                        <div class=\"info-course__subjects-inner wysiwyg\">\n                            <ul class=\"list--icon-dark_\">\n<li>Elementos claves: Sostenibilidad, Circularidad y Regeneraci\u00f3n.<\/li>\n<li>Qu\u00e9 quiere saber nuestro cliente sobre sostenibilidad: product, people, planet.<\/li>\n<li>Los 7 pecados del greenwashing y los nuevos l\u00edmites legales.<\/li>\n<li>Trazabilidad y transparencia: como apoyarnos en la tecnolog\u00eda para validar nuestras comunicaciones.<\/li>\n<li>Marketing sostenible: siempre en camino.<\/li>\n<\/ul>\n                        <\/div>\n                    <\/div>\n                <\/li>\n                            <li class=\"info-course__subjects-item\" data-accordion=\"item\">\n                    <h3 class=\"info-course__subjects-title\" data-accordion=\"button\" data-gtm-container=\"acordeon\" data-gtm-action=\"accordion_open\" data-gtm-category=\"M\u00f3dulo 8. Influencer Marketing en moda.\">\n                        M\u00f3dulo 8. Influencer Marketing en moda.                        <i class=\"info-course__subjects-icon icon-caret-down\"><\/i>\n                    <\/h3>\n                    <div class=\"info-course__subjects-content\" data-accordion=\"content\">\n                        <div class=\"info-course__subjects-inner wysiwyg\">\n                            <ul class=\"list--icon-dark_\">\n<li>Introducci\u00f3n al marketing de influencia.<\/li>\n<li>Caracter\u00edsticas del marketing de influencia en cada red social.<\/li>\n<li>M\u00e9tricas. El entorno de la medici\u00f3n en el marketing de Influencers.<\/li>\n<li>Regulaci\u00f3n legal dentro del marketing de influencia: c\u00f3mo son los contratos entre las marcas y los influencers.<\/li>\n<\/ul>\n                        <\/div>\n                    <\/div>\n                <\/li>\n                            <li class=\"info-course__subjects-item\" data-accordion=\"item\">\n                    <h3 class=\"info-course__subjects-title\" data-accordion=\"button\" data-gtm-container=\"acordeon\" data-gtm-action=\"accordion_open\" data-gtm-category=\"M\u00f3dulo 9. Proyecto corporativo.\">\n                        M\u00f3dulo 9. Proyecto corporativo.                        <i class=\"info-course__subjects-icon icon-caret-down\"><\/i>\n                    <\/h3>\n                    <div class=\"info-course__subjects-content\" data-accordion=\"content\">\n                        <div class=\"info-course__subjects-inner wysiwyg\">\n                                                    <\/div>\n                    <\/div>\n                <\/li>\n                        <\/ul>\n\n            <a class=\"button--third\" target=\"_blank\" href=\"https:\/\/static.kschool.com\/programa\/KSchool_Master_Marketing_Moda_online.pdf\" data-gtm-container=\"boton_info \" data-gtm-category=\"descarga_catalogo\" data-gtm-action=\"form_success_descarga_catalogo\">\n            Descarga el plan de estudios            <i class=\"icon-arrow-right\"><\/i>\n        <\/a>\n    \n<\/div>\n<\/div>\n            <\/div>\n        <\/div>\n<\/section>\n<\/div>\n\n\n    <div class=\"section-form__form\">\n\n<div class=\"section-form__form-sticky\" data-promo-cta-form-mobile='form' id='form'>\n        <div class='form__outstanding'>\n          <p class='form__outstanding-pretitle'>\u00a1Pr\u00f3xima convocatoria!<\/p>\n          <p class='form__outstanding-title'><\/p>\n        <\/div>\n\n\n\n<div class=\"wp-block-contact-form-7-contact-form-selector\">\n<div class=\"wpcf7 no-js\" id=\"wpcf7-f82302-o1\" lang=\"es-MX\" dir=\"ltr\">\n<div class=\"screen-reader-response\"><p role=\"status\" aria-live=\"polite\" aria-atomic=\"true\"><\/p> <ul><\/ul><\/div>\n<form action=\"\/mx\/wp-json\/wp\/v2\/master\/83380#wpcf7-f82302-o1\" method=\"post\" class=\"wpcf7-form init\" aria-label=\"Contact form\" novalidate=\"novalidate\" data-status=\"init\">\n<div style=\"display: none;\">\n<input type=\"hidden\" name=\"_wpcf7\" value=\"82302\" \/>\n<input type=\"hidden\" name=\"_wpcf7_version\" value=\"5.9.3\" \/>\n<input type=\"hidden\" name=\"_wpcf7_locale\" value=\"\" \/>\n<input type=\"hidden\" name=\"_wpcf7_unit_tag\" value=\"wpcf7-f82302-o1\" \/>\n<input type=\"hidden\" name=\"_wpcf7_container_post\" value=\"0\" \/>\n<input type=\"hidden\" name=\"_wpcf7_posted_data_hash\" value=\"\" \/>\n<\/div>\n<div class=\"js-form\">\n  <p class=\"form__title\">Informaci\u00f3n sin compromiso<\/p>\n\n  <div class=\"form__row\">\n    <span class=\"wpcf7-form-control-wrap\" data-name=\"nombre\"><input size=\"40\" class=\"wpcf7-form-control wpcf7-text wpcf7-validates-as-required form__field\" aria-required=\"true\" aria-invalid=\"false\" placeholder=\"Nombre\" value=\"\" type=\"text\" name=\"nombre\" \/><\/span>\n  <\/div>\n\n  <div class=\"form__row\">\n    <span class=\"wpcf7-form-control-wrap\" data-name=\"apellidos\"><input size=\"40\" class=\"wpcf7-form-control wpcf7-text wpcf7-validates-as-required form__field\" aria-required=\"true\" aria-invalid=\"false\" placeholder=\"Apellidos\" value=\"\" type=\"text\" name=\"apellidos\" \/><\/span>\n  <\/div>\n\n  <div class=\"form__row\">\n    <span class=\"wpcf7-form-control-wrap\" data-name=\"email\"><input size=\"40\" class=\"wpcf7-form-control wpcf7-email wpcf7-validates-as-required wpcf7-text wpcf7-validates-as-email form__field\" aria-required=\"true\" aria-invalid=\"false\" placeholder=\"Email\" value=\"\" type=\"email\" name=\"email\" \/><\/span>\n  <\/div>\n\n  <div class=\"form__row form__select\">\n    <select class=\"form__field form__country\" aria-invalid=\"false\" placeholder=\"Pa\u00eds\" name=\"country\"><\/select>\n  <\/div>\n\n  <div class=\"form__row\">\n    <div class='form__column form__telephone'>\n      <div class=\"form__column form__column-prefix\">\n        <span data-name=\"prefix\">\n          <span class=\"wpcf7-form-control-wrap\" data-name=\"prefix\"><input size=\"40\" class=\"wpcf7-form-control wpcf7-text wpcf7-validates-as-required form__field form__prefix\" aria-required=\"true\" aria-invalid=\"false\" value=\"+34\" type=\"text\" name=\"prefix\" \/><\/span>\n        <\/span>\n       <\/div>\n       <div class=\"form__column\">\n         <span data-name=\"tel\">\n           <span class=\"wpcf7-form-control-wrap\" data-name=\"phone\"><input size=\"40\" class=\"wpcf7-form-control wpcf7-tel wpcf7-validates-as-required wpcf7-text wpcf7-validates-as-tel form__field\" aria-required=\"true\" aria-invalid=\"false\" placeholder=\"Tel\u00e9fono\" value=\"\" type=\"tel\" name=\"phone\" \/><\/span>\n         <\/span>\n       <\/div>\n     <\/div>\n  <\/div>\n\n  <div class=\"form-group\">\n    <input class=\"wpcf7-form-control wpcf7-hidden\" value=\"Streaming\" type=\"hidden\" name=\"sede\" \/>\n  <\/div>\n\n<div class=\"form__rgpd\"><div class=\"form__row\"><div class=\"form__legal\">DIGITAL SCHOOL, S.L.U. (en adelante, \"DKS Digital Knowledge School\"), tratar\u00e1 los datos de car\u00e1cter personal que usted ha proporcionado con la finalidad de: atender a su solicitud de informaci\u00f3n, reclamaci\u00f3n, duda o sugerencia que realice sobre los productos y\/o servicios ofrecidos por DKS Digital Knowledge School, incluido por v\u00eda telef\u00f3nica, o a trav\u00e9s de WhatsApp,, as\u00ed como para mantenerle informado de nuestra actividad. <br><br> A su vez, le informamos que vamos a realizar un perfilado de sus datos de car\u00e1cter personal para poderle enviar informaci\u00f3n personalizada en funci\u00f3n de sus intereses. Puede consultar informaci\u00f3n adicional haciendo clic <a href=\"https:\/\/kschool.com\/politica-de-privacidad\/#perfilado\" target=\"_blank\" rel=\"noreferrer noopener\"> aqu\u00ed <\/a>. <br><br>Usted podr\u00e1 revocar el consentimiento otorgado, as\u00ed como ejercitar los derechos reconocidos en los art\u00edculos 15 a 22 del Reglamento (UE) 2016\/679, mediante solicitud dirigida en Calle Garc\u00eda Mart\u00edn 21, 28224 Pozuelo de Alarc\u00f3n, Madrid, o a la siguiente direcci\u00f3n de correo electr\u00f3nico <a href=\"mailto:lopd@kschool.com\">lopd@kschool.com<\/a>, identific\u00e1ndose debidamente. Si lo desea, puede consultar informaci\u00f3n adicional y detallada sobre protecci\u00f3n de datos en el siguiente <a href=\"https:\/\/kschool.com\/politica-de-privacidad\" target=\"_blank\">enlace<\/a>.<\/div><\/div><\/div><input type=\"hidden\" name=\"legal_text_hash\" value=\"e1135e6aabcd09a8de5c68060627656a\" \/>\n            <div class=\"form__row\">\n                <div class=\"form__group-switch\">\n                    <label class=\"form__switch\">\n                        <input type=\"checkbox\" name=\"commercial_communications\" value=\"1\" aria-invalid=\"false\">\n                        <span class=\"form__switch-slider\"><\/span>\n                    <\/label>\n                    <span>Deseo recibir informaci\u00f3n, tambi\u00e9n por WhatsApp, de DKS Digital Knowledge School y otras empresas educativas del <a href=\"https:\/\/kschool.com\/politica-de-privacidad\/#proeduca\" target=\"_blank\" rel=\"noreferrer noopener\">Grupo Proeduca<\/a>.<\/span>\n                <\/div>\n            <\/div>\n            \n<input type=\"hidden\" name=\"utm_medium\" value=\"\" \/><input type=\"hidden\" name=\"utm_content\" value=\"\" \/><input type=\"hidden\" name=\"facebook_utm\" value=\"\" \/><input type=\"hidden\" name=\"source_url\" value=\"https:\/\/dks.digital\/mx\/wp-json\/wp\/v2\/master\/83380\" \/><input type=\"hidden\" name=\"utm_source\" value=\"\" \/> <input type=\"hidden\" name=\"utm_campaign\" value=\"\" \/>\n<input type=\"hidden\" name=\"carrera-elegida\" value=\"786016\" \/><input type=\"hidden\" name=\"id-magento-online\" value=\"786016\" \/><input type=\"hidden\" name=\"id-magento-madrid\" value=\"786016\" \/><input type=\"hidden\" name=\"id-magento-barcelona\" value=\"786016\" \/>\n<div class=\"form__send\">\n    <div class=\"form__loader\"><\/div>\n    <input class=\"wpcf7-submit\" type=\"submit\" value=\"Solicitar informaci\u00f3n\">\n<\/div>\n<\/div>\n<span id=\"wpcf7-69f2020d53c67-wrapper\" class=\"wpcf7-form-control-wrap honeypot-266-wrap\" style=\"display:none !important; visibility:hidden !important;\"><input type=\"hidden\" name=\"honeypot-266-time-start\" value=\"1777467917\"><input type=\"hidden\" name=\"honeypot-266-time-check\" value=\"4\"><label for=\"wpcf7-69f2020d53c67-field\" class=\"hp-message\">Please leave this field empty.<\/label><input id=\"wpcf7-69f2020d53c67-field\"  placeholder=\"Potter\"  class=\"wpcf7-form-control wpcf7-text\" type=\"text\" name=\"honeypot-266\" value=\"\" size=\"40\" tabindex=\"-1\" autocomplete=\"off\" \/><\/span><div class=\"wpcf7-response-output\" aria-hidden=\"true\"><\/div>\n<\/form>\n<\/div>\n<\/div>\n\n\n\n<\/div>\n\n<\/div>\n<\/div>\n\n\n<section class=\"career-opportunities -bg-black -text-white\" id=\"\">\n    <div class=\"career-opportunities__content container\">\n            <h2 class='career-opportunities__title'>Salidas profesionales: dirige departamentos de marketing y comunicaci\u00f3n del sector de la moda<\/h2>\n            <div class=\"wysiwyg\">\n        <p><ul>\n<li>Responsable de marketing de moda.<\/li>\n<li>Responsable de comunicaci\u00f3n de moda.<\/li>\n<li>Fahion Brand Manager.<\/li>\n<li>Fashion Product Manager.<\/li>\n<li>Fashion Retail Manager.<\/li>\n<li>Responsable de eventos de moda y lujo.<\/li>\n<\/ul>\n<\/p>\n      <\/div>\n    <\/div>\n    <div class=\"career-opportunities__block\">\n\t\t\t      <div class=\"slider slider--hidden-md\">\n        <ul class=\"career-opportunities__list slider__scroll\">\n\t\t\t\t\t        <\/ul>\n      <\/div>\n    <\/div>\n  <\/section>\n\n\n<section class=\"panel-img--rectangle -bg-grey-ultra-dark -text-white\">\n  <div class=\"panel-img--rectangle__content container\">\n        <h2 class='panel-img--rectangle__title'>Impulsamos tu empleabilidad<\/h2>\n        <div class=\"wysiwyg\">\n      <ul>\n<li>Bolsa de empleo con empresas de referencia en busca de perfiles Digital &amp; Tech.<\/li>\n<li>Talent Talks, eventos mensuales con empresas destacadas en el ecosistema digital, donde conocer\u00e1s los perfiles y conocimientos m\u00e1s demandados.<\/li>\n<li>Workshops de empleabilidad, dise\u00f1ados para fortalecer aspectos clave que impulsar\u00e1n tu carrera profesional.<\/li>\n<\/ul>\n    <\/div>\n  <\/div>\n  <div class=\"panel-img--rectangle__block\">\n        <h4 class='panel-img--rectangle__title-list container'>Nuestros alumnos trabajan en:<\/h4>\n        <div class=\"slider slider--hidden-md\">\n      <ul class='panel-img--rectangle__list slider__scroll'>\n                              <li class='panel-img--rectangle__item slider__item'>\n              <figure class='panel-img--rectangle__figure'>\n                <div class='panel-img--rectangle__figure-inner'>\n                  <img class='panel-img--rectangle__img' width=\"118px\" height=\"67px\" src='https:\/\/dks.digital\/wp-content\/uploads\/2023\/02\/hola.svg'>\n                <\/div>\n              <\/figure>\n            <\/li>\n                      <li class='panel-img--rectangle__item slider__item'>\n              <figure class='panel-img--rectangle__figure'>\n                <div class='panel-img--rectangle__figure-inner'>\n                  <img class='panel-img--rectangle__img' width=\"118px\" height=\"67px\" src='https:\/\/dks.digital\/wp-content\/uploads\/2023\/02\/LOREAL.png'>\n                <\/div>\n              <\/figure>\n            <\/li>\n                      <li class='panel-img--rectangle__item slider__item'>\n              <figure class='panel-img--rectangle__figure'>\n                <div class='panel-img--rectangle__figure-inner'>\n                  <img class='panel-img--rectangle__img' width=\"118px\" height=\"67px\" src='https:\/\/dks.digital\/wp-content\/uploads\/2024\/04\/SILBON-1-e1724668283564.jpg'>\n                <\/div>\n              <\/figure>\n            <\/li>\n                      <li class='panel-img--rectangle__item slider__item'>\n              <figure class='panel-img--rectangle__figure'>\n                <div class='panel-img--rectangle__figure-inner'>\n                  <img class='panel-img--rectangle__img' width=\"118px\" height=\"67px\" src='https:\/\/dks.digital\/wp-content\/uploads\/2025\/08\/pelonio_logo.png'>\n                <\/div>\n              <\/figure>\n            <\/li>\n                      <li class='panel-img--rectangle__item slider__item'>\n              <figure class='panel-img--rectangle__figure'>\n                <div class='panel-img--rectangle__figure-inner'>\n                  <img class='panel-img--rectangle__img' width=\"118px\" height=\"67px\" src='https:\/\/dks.digital\/wp-content\/uploads\/2025\/08\/fashion-lab-logo.png'>\n                <\/div>\n              <\/figure>\n            <\/li>\n                      <li class='panel-img--rectangle__item slider__item'>\n              <figure class='panel-img--rectangle__figure'>\n                <div class='panel-img--rectangle__figure-inner'>\n                  <img class='panel-img--rectangle__img' width=\"118px\" height=\"67px\" src='https:\/\/dks.digital\/wp-content\/uploads\/2024\/03\/Melia-Hotels-International_logo.png'>\n                <\/div>\n              <\/figure>\n            <\/li>\n                        <\/ul>\n    <\/div>\n  <\/div>\n<\/section>\n\n\n<section class=\"teacher-dropdown \" data-module='teacher' data-teacher=\"item\" id=\"profesores\">\n  <div class=\"teacher-dropdown__container\">\n    <div class=\"teacher-dropdown__content container\">\n      <h2 class='teacher-dropdown__title'>Profesores<\/h2>\n      <div class=\"teacher-dropdown__description wysiwyg\">\n        <p>Estos son los profesores que te acompa\u00f1ar\u00e1n en esta maestr\u00eda:\r\n<\/p>\n      <\/div>\n    <\/div>\n    <div class=\"slider slider--hidden-md\">\n      <ul class=\"teacher-dropdown-card__list slider__scroll\" data-slider=\"scroll\">\n                    <li class=\"teacher-dropdown-card__item slider__item\" data-slider=\"item\">\n              <img decoding=\"async\" class=\"teacher-dropdown-card__img\" width=\"166px\" height=\"244px\" src=\"https:\/\/dks.digital\/wp-content\/uploads\/2024\/04\/andrea-de-juan-suarez-1674270-removebg-preview-300x300.png\" alt=\"Teacher\">\n\n                              <img decoding=\"async\" class=\"teacher-dropdown-card__logo-company\" width=\"67px\" height=\"12px\" src=\"https:\/\/dks.digital\/wp-content\/uploads\/2024\/04\/SILBON-1-e1724668283564.jpg\" alt=\"\">\n              \n              \n              <div class=\"teacher-dropdown-card__body\">\n                <h3 class=\"teacher-dropdown-card__name\">Andrea De Juan Suarez<\/h3>\n                <p class=\"teacher-dropdown-card__job\">Chief Marketing Officer<\/p>\n              <\/div>\n\n            <\/li>\n                    <li class=\"teacher-dropdown-card__item slider__item\" data-slider=\"item\">\n              <img decoding=\"async\" class=\"teacher-dropdown-card__img\" width=\"166px\" height=\"244px\" src=\"https:\/\/dks.digital\/wp-content\/uploads\/2026\/04\/patricia-alonso-garrido-6260334-1-300x300.png\" alt=\"Teacher\">\n\n                              <img decoding=\"async\" class=\"teacher-dropdown-card__logo-company\" width=\"67px\" height=\"12px\" src=\"https:\/\/dks.digital\/wp-content\/uploads\/2026\/04\/adolfo_dominguez_logo.jpg\" alt=\"\">\n              \n              \n              <div class=\"teacher-dropdown-card__body\">\n                <h3 class=\"teacher-dropdown-card__name\">Patricia Alonso Garrido<\/h3>\n                <p class=\"teacher-dropdown-card__job\">Global Marketing &#038; Communications Director<\/p>\n              <\/div>\n\n            <\/li>\n                    <li class=\"teacher-dropdown-card__item slider__item\" data-slider=\"item\">\n              <img decoding=\"async\" class=\"teacher-dropdown-card__img\" width=\"166px\" height=\"244px\" src=\"https:\/\/dks.digital\/wp-content\/uploads\/2024\/08\/natalia-presas-salgado-2383335-photoaidcom-greyscale-removebg-preview-e1724664699184-300x287.png\" alt=\"Teacher\">\n\n                              <img decoding=\"async\" class=\"teacher-dropdown-card__logo-company\" width=\"67px\" height=\"12px\" src=\"https:\/\/dks.digital\/wp-content\/uploads\/2024\/04\/199x72_TheLabTalents-e1724667164808.png\" alt=\"\">\n              \n              \n              <div class=\"teacher-dropdown-card__body\">\n                <h3 class=\"teacher-dropdown-card__name\">Natalia Presas Salgado<\/h3>\n                <p class=\"teacher-dropdown-card__job\">Partner<\/p>\n              <\/div>\n\n            <\/li>\n                    <li class=\"teacher-dropdown-card__item slider__item\" data-slider=\"item\">\n              <img decoding=\"async\" class=\"teacher-dropdown-card__img\" width=\"166px\" height=\"244px\" src=\"https:\/\/dks.digital\/wp-content\/uploads\/2024\/08\/juan-vicente-garcia-almonacid-beamud-1674303-photoaidcom-greyscale__1_-removebg-preview-300x300.png\" alt=\"Teacher\">\n\n                              <img decoding=\"async\" class=\"teacher-dropdown-card__logo-company\" width=\"67px\" height=\"12px\" src=\"https:\/\/dks.digital\/wp-content\/uploads\/2024\/08\/tendam_logo-e1724666415270.jpg\" alt=\"\">\n              \n              \n              <div class=\"teacher-dropdown-card__body\">\n                <h3 class=\"teacher-dropdown-card__name\">Juan Vicente Garc\u00eda-Almonacid<\/h3>\n                <p class=\"teacher-dropdown-card__job\"> Director Marketing Intelligence &#038; CRM<\/p>\n              <\/div>\n\n            <\/li>\n                    <li class=\"teacher-dropdown-card__item slider__item\" data-slider=\"item\">\n              <img decoding=\"async\" class=\"teacher-dropdown-card__img\" width=\"166px\" height=\"244px\" src=\"https:\/\/dks.digital\/wp-content\/uploads\/2024\/04\/charo-izquierdo-1768497__1_-photoaidcom-greyscale__1_-removebg-preview-e1724664083651-300x297.png\" alt=\"Teacher\">\n\n                              <img decoding=\"async\" class=\"teacher-dropdown-card__logo-company\" width=\"67px\" height=\"12px\" src=\"https:\/\/dks.digital\/wp-content\/uploads\/2024\/04\/yo-dona-300x192-1-e1724666684171.png\" alt=\"\">\n              \n              \n              <div class=\"teacher-dropdown-card__body\">\n                <h3 class=\"teacher-dropdown-card__name\">Charo Izquierdo<\/h3>\n                <p class=\"teacher-dropdown-card__job\">Journalist<\/p>\n              <\/div>\n\n            <\/li>\n              <\/ul>\n    <\/div>\n    <div class=\"teacher-dropdown__button container\">\n      <button class=\"button--link\" data-teacher='button' data-aux-more=\"Ver m\u00e1s\" data-aux-less=\"Ver menos\" data-teacher-text='Ver m\u00e1s' data-gtm-container=\"button_see_more\" data-gtm-category=\"Profesores\" data-gtm-action=\"navigation\">\n        Ver m\u00e1s      <\/button>\n    <\/div>\n    <ul class='teacher-dropdown-list container' data-teacher='content'>\n      <div class='teacher-dropdown-list__inner'>\n                    <li class='teacher-dropdown-list__item'>\n              <h3 class='teacher-dropdown-list__name'>Candelaria Araguas Meir\u00e1s<\/h3>\n              <h5 class='teacher-dropdown-list__job'>Brand Marketing Manager<\/h5>\n                              <h6 class='teacher-dropdown-list__name-logo'>Aristocrazy, Grupo Su\u00e1rez<\/h6>\n                          <\/li>\n                    <li class='teacher-dropdown-list__item'>\n              <h3 class='teacher-dropdown-list__name'>Marta Oria Fern\u00e1ndez<\/h3>\n              <h5 class='teacher-dropdown-list__job'>Marketing Assistant<\/h5>\n                              <h6 class='teacher-dropdown-list__name-logo'>The Bicester Collection<\/h6>\n                          <\/li>\n                    <li class='teacher-dropdown-list__item'>\n              <h3 class='teacher-dropdown-list__name'>Bernat Claret Garcia<\/h3>\n              <h5 class='teacher-dropdown-list__job'>Deputy Retail Director<\/h5>\n                              <h6 class='teacher-dropdown-list__name-logo'>La Roca Village<\/h6>\n                          <\/li>\n                    <li class='teacher-dropdown-list__item'>\n              <h3 class='teacher-dropdown-list__name'>M\u00f3nica Muriel Zurita<\/h3>\n              <h5 class='teacher-dropdown-list__job'>Associate<\/h5>\n                              <h6 class='teacher-dropdown-list__name-logo'>Women Action Sustainability<\/h6>\n                          <\/li>\n                    <li class='teacher-dropdown-list__item'>\n              <h3 class='teacher-dropdown-list__name'>Eva G\u00f3mez T\u00f3rtola<\/h3>\n              <h5 class='teacher-dropdown-list__job'>Content Partnerships Manager<\/h5>\n                              <h6 class='teacher-dropdown-list__name-logo'>Freelance<\/h6>\n                          <\/li>\n                    <li class='teacher-dropdown-list__item'>\n              <h3 class='teacher-dropdown-list__name'>Regina Navarro G.-Moncayo<\/h3>\n              <h5 class='teacher-dropdown-list__job'>Coordinadora digital de FASHION y Novias<\/h5>\n                              <h6 class='teacher-dropdown-list__name-logo'>\u00a1HOLA!<\/h6>\n                          <\/li>\n                    <li class='teacher-dropdown-list__item'>\n              <h3 class='teacher-dropdown-list__name'>Brendan James<\/h3>\n              <h5 class='teacher-dropdown-list__job'>Marketing &#038; Communications Coordinator at ECOALF<\/h5>\n                              <h6 class='teacher-dropdown-list__name-logo'>ECOALF<\/h6>\n                          <\/li>\n                    <li class='teacher-dropdown-list__item'>\n              <h3 class='teacher-dropdown-list__name'>Irene Blanco Calle<\/h3>\n              <h5 class='teacher-dropdown-list__job'>Dise\u00f1adora de moda<\/h5>\n                              <h6 class='teacher-dropdown-list__name-logo'>El Corte Ingl\u00e9s<\/h6>\n                          <\/li>\n                    <li class='teacher-dropdown-list__item'>\n              <h3 class='teacher-dropdown-list__name'>Marta Marcos<\/h3>\n              <h5 class='teacher-dropdown-list__job'>Head of Marketing and Communication<\/h5>\n                              <h6 class='teacher-dropdown-list__name-logo'>Sumacruz<\/h6>\n                          <\/li>\n              <\/div>\n    <\/ul>\n  <\/div>\n<\/section>\n\n\n<section class=\"panel-icon -text-center -bg-grey-ultra\" id=\"financiacion\">\n  <div class=\"panel-icon__container container\">\n    <div class=\"panel-icon__content\">\n            <h2 class=\"panel-icon__title\">Formas de pago y financiaci\u00f3n<\/h2>\n            <p class=\"panel-icon__subtitle\"><\/p>\n    <\/div>\n    <ul class='panel-icon__list'>\n      <li class='panel-icon__item'>\n        <div class='panel-icon__inner'>\n          <i class=\"icon-currency-eur panel-icon__icon\"><\/i>\n        <\/div>\n                <h4 class='panel-icon__item-title'>Pago \u00fanico<\/h4>\n                <p class='panel-icon__item-content'>Descuento adicional<\/p>\n      <\/li>\n      <li class='panel-icon__item'>\n        <div class='panel-icon__inner'>\n          <i class=\"icon-calendar-blank panel-icon__icon\"><\/i>\n        <\/div>\n                <h4 class='panel-icon__item-title'>Hasta 18 cuotas<\/h4>\n                <p class='panel-icon__item-content'>Pago aplazado en c\u00f3modas cuotas<\/p>\n      <\/li>\n      <li class='panel-icon__item'>\n        <div class='panel-icon__inner'>\n          <i class=\"icon-briefcase panel-icon__icon\"><\/i>\n        <\/div>\n                <h4 class='panel-icon__item-title'>Financiaci\u00f3n con DKS<\/h4>\n                <p class='panel-icon__item-content'>Estudiamos tu caso para ofrecerte la mejor financiaci\u00f3n<\/p>\n      <\/li>\n    <\/ul>\n      <\/div>\n<\/section>\n\n<section class=\"editorial -bg-img\">\n  <picture class=\"editorial__picture\">\n    <!-- tatamiento horizontal -->\n    <source media=\"(min-width: 768px)\" srcset=\"https:\/\/dks.digital\/wp-content\/uploads\/2025\/08\/desktop-PDP.jpg\">\n    <!-- tatamiento vertical -->\n    <img decoding=\"async\" class=\"editorial__img\" src=\"https:\/\/dks.digital\/wp-content\/uploads\/2025\/08\/mobile-PDP.jpg\" alt=\"\" title=\"mobile - PDP\">\n    <noscript>\n      <img decoding=\"async\" alt=\"\" title=\"mobile - PDP\" src=\"https:\/\/dks.digital\/wp-content\/uploads\/2025\/08\/mobile-PDP.jpg\">\n    <\/noscript>\n  <\/picture>\n  <div class=\"editorial__inner container\">\n    <div class=\"editorial__content\">\n                  <h2>DKS + UNIR, Universidad Internacional de La Rioja<\/h2>\n                  <h3 class=\"heading--4\">Titulaci\u00f3n conjunta<\/h3>\n            <div class=\"wysiwyg\">\n        <p><strong>Requisitos de acceso:<\/strong> En base al Real Decreto 822\/2021, para acceder a la <strong>Maestr\u00eda de Formaci\u00f3n Permanente en Marketing de Moda <\/strong>contamos con dos tipos de acceso:<\/p>\n<ul>\n<li><strong>Acceso con titulaci\u00f3n universitaria:<\/strong><\/li>\n<\/ul>\n<p>\u25cf Es necesario estar en posesi\u00f3n de un<strong>\u00a0t\u00edtulo universitario oficial espa\u00f1ol<\/strong>\u00a0o de un\u00a0<strong>t\u00edtulo expedido por una instituci\u00f3n educativa de un pa\u00eds perteneciente al Espacio Europeo de Educaci\u00f3n Superior (EEES)<\/strong>.<\/p>\n<p>\u25cf Tambi\u00e9n se acepta la titulaci\u00f3n obtenida en sistemas educativos ajenos al EEES, sin necesidad de la homologaci\u00f3n de su t\u00edtulo, aunque s\u00ed se realizar\u00e1 una comprobaci\u00f3n previa de la validez del mismo.<\/p>\n<p>\u25cf En estos casos se expedir\u00e1 un t\u00edtulo conjunto de\u00a0<strong>Maestr\u00eda de Formaci\u00f3n Permanente en Marketing de Moda.<\/strong><\/p>\n<ul>\n<li><strong>Acceso sin titulaci\u00f3n universitaria:<\/strong><\/li>\n<\/ul>\n<p>\u25cf Si no se tiene una titulaci\u00f3n universitaria, se puede acceder al programa profesional y recibir el t\u00edtulo conjunto de <strong>Programa Profesional en Marketing de Moda<\/strong>.<\/p>\n      <\/div>\n          <\/div>\n  <\/div>\n<\/section>\n\n\r\n                <script type=\"application\/ld+json\">\r\n                    {\r\n                      \"@context\": \"https:\/\/schema.org\",\r\n                      \"@type\": \"FAQPage\",\r\n                      \"mainEntity\": [\r\n            \r\n                  {\r\n                    \"@type\": \"Question\",\r\n                    \"name\": \"\u00bfQu\u00e9 estudia el Fashion Marketing?\",\r\n                    \"acceptedAnswer\": {\r\n                      \"@type\": \"Answer\",\r\n                      \"text\": \"\n<p>El Fashion Marketing\u00a0es una especializaci\u00f3n dentro del marketing que se enfoca en crear, comunicar y posicionar marcas y productos de moda. Estudia c\u00f3mo conectar con el consumidor a trav\u00e9s de estrategias que combinan branding, tendencias, publicidad multicanal, eventos, etc.\u00a0<\/p>\n\"\r\n                    }\r\n                  },\r\n                  {\r\n                    \"@type\": \"Question\",\r\n                    \"name\": \"\u00bfEl M\u00e1ster en Marketing de Moda de DKS ofrece formaci\u00f3n en Comunicaci\u00f3n y Branding?\",\r\n                    \"acceptedAnswer\": {\r\n                      \"@type\": \"Answer\",\r\n                      \"text\": \"\n<p>El M\u00e1ster en Marketing de Moda de DKS\u00a0y UNIR s\u00ed que incluye formaci\u00f3n especializada en Comunicaci\u00f3n y Branding, con contenidos pr\u00e1cticos y actualizados que abarcan la gesti\u00f3n de canales digitales y f\u00edsicos, estrategias de posicionamiento de marca, relaciones p\u00fablicas, producci\u00f3n de eventos, publicidad online y marketing con influencers.<\/p>\n\"\r\n                    }\r\n                  }\r\n                    ]\r\n                  }\r\n                <\/script>\r\n            \n<section class=\"faq -bg-grey-ultra-dark -text-white\" >\n  <div class=\"faq__container container\">\n\n    <div class=\"faq__introduction -width-75p-md -width-full\">\n      <h3 class=\"heading--2\">Preguntas frecuentes<\/h3>          <\/div>\n\n          <ul class=\"faq__list\" data-module=\"accordion\">\n                              <li class=\"faq__item\" data-accordion=\"item\">\n              <h3 class=\"faq__title\" data-accordion=\"button\" data-gtm-container=\"acordeon\" data-gtm-action=\"accordion_close\" data-gtm-category=\"\u00bfQu\u00e9 estudia el Fashion Marketing?\">\u00bfQu\u00e9 estudia el Fashion Marketing?<\/h3>\n              <div class=\"faq__body\" data-accordion=\"content\">\n                <div class=\"faq__inner\">\n                  <div class=\"wysiwyg\"><!-- wp:paragraph -->\n<p>El Fashion Marketing\u00a0es una especializaci\u00f3n dentro del marketing que se enfoca en crear, comunicar y posicionar marcas y productos de moda. Estudia c\u00f3mo conectar con el consumidor a trav\u00e9s de estrategias que combinan branding, tendencias, publicidad multicanal, eventos, etc.\u00a0<\/p>\n<!-- \/wp:paragraph --><\/div>\n                <\/div>\n              <\/div>\n            <\/li>\n                                        <li class=\"faq__item\" data-accordion=\"item\">\n              <h3 class=\"faq__title\" data-accordion=\"button\" data-gtm-container=\"acordeon\" data-gtm-action=\"accordion_close\" data-gtm-category=\"\u00bfEl M\u00e1ster en Marketing de Moda de DKS ofrece formaci\u00f3n en Comunicaci\u00f3n y Branding?\">\u00bfEl M\u00e1ster en Marketing de Moda de DKS ofrece formaci\u00f3n en Comunicaci\u00f3n y Branding?<\/h3>\n              <div class=\"faq__body\" data-accordion=\"content\">\n                <div class=\"faq__inner\">\n                  <div class=\"wysiwyg\"><!-- wp:paragraph -->\n<p>El M\u00e1ster en Marketing de Moda de DKS\u00a0y UNIR s\u00ed que incluye formaci\u00f3n especializada en Comunicaci\u00f3n y Branding, con contenidos pr\u00e1cticos y actualizados que abarcan la gesti\u00f3n de canales digitales y f\u00edsicos, estrategias de posicionamiento de marca, relaciones p\u00fablicas, producci\u00f3n de eventos, publicidad online y marketing con influencers.<\/p>\n<!-- \/wp:paragraph --><\/div>\n                <\/div>\n              <\/div>\n            <\/li>\n                        <\/ul>\n    \n    \n  <\/div>\n<\/section>\n\n\n<section class=\"testimonial -bg-white\" data-module='teacher' data-teacher=\"item\" id=\"testimonios\">\n  <div class=\"testimonial__container\">\n    <div class=\"testimonial__content container\">\n      <h2 class='testimonial__title -text-black'>Esto dicen sobre nosotros<\/h2>\n      <div class=\"wysiwyg\">\n        <p class=\"-text-black\">Estos son algunos de los alumnos que estudiaron esta maestr\u00eda:<\/p>\n      <\/div>\n    <\/div>\n    <div class=\"slider slider--hidden-lg\">\n      <ul class=\"testimonial__list slider__scroll\" data-slider=\"scroll\">\n                                            <li class=\"testimonial__item--video slider__item\" data-slider=\"item\"\n                data-modal=\"open\"\n                data-modal-target=\"iframe\"\n                data-modal-id=\"testimonios-modal\"\n                data-modal-iframe-id=\"https:\/\/www.youtube.com\/embed\/RQd_sYvnVMQ\"\n                data-gtm-container=\"video\"\n                data-gtm-category=\"Andrea de Juan\"\n                data-gtm-action=\"video_open\">\n                <figure class=\"testimonial__figure\">\n                  <img decoding=\"async\" class=\"testimonial__img\" width=\"280px\" height=\"448px\" src=\"https:\/\/dks.digital\/wp-content\/uploads\/2025\/09\/andrea-de-juan.jpg\" alt=\"Andrea de Juan\">\n                <\/figure>\n                <div class=\"testimonial__body -bg-white\">\n                  <div class=\"testimonial__perfil\">\n                    <p class=\"testimonial__name -text-grey-darker\">Andrea de Juan<\/p>\n                    <p class=\"testimonial__job -text-black\">Directora de Marketing de SILBON y directora de la maestr\u00eda<\/p>\n                  <\/div>\n                <\/div>\n                <i class=\"icon-play-circle-thin testimonial__icon\"><\/i>\n              <\/li>\n                                    <\/ul>\n    <\/div>\n  <\/div>\n<\/section>\n<div class='testimonial-modal' id='testimonios-modal' data-closed=\"view\">\n  <div class='testimonial-modal__inner'>\n    <div class='testimonial-modal__head'>\n      <button class='testimonial-modal__button' data-modal=\"close\" data-gtm-container=\"video\" data-gtm-category=\"Andrea de Juan\" data-gtm-action=\"video_close\">Cerrar<i class=\"icon-x\"><\/i><\/button>\n    <\/div>\n    <div class='testimonial-modal__body'>\n      <iframe data-iframe=\"iframe\"\n        frameborder=\"0\"\n        allow=\"accelerometer; autoplay; clipboard-write; encrypted-media; gyroscope; picture-in-picture; web-share\"\n        src=\"\"\n        referrerpolicy=\"strict-origin-when-cross-origin\"\n        allowfullscreen>\n      <\/iframe>\n    <\/div>\n  <\/div>\n<\/div>\n\n\n<section class=\"plp-course -text-white -pdp\">\n\t<div class=\"plp-course__container container\">\n\t\t<h2 class=\"heading--h3\">Tambi\u00e9n te puede interesar<\/h2>\n\t\t<!-- Bloque cursos -->\n\t\t<div class=\"course slider slider--hidden-md\" data-module=\"slider\">\n\t\t\t<ul class=\"slider__scroll\" data-slider=\"scroll\">\n\t\t\t\t\t\t\t\t\t\t<li class=\"course__item slider__item\" data-slider=\"item\" data-module=\"link\" data-link-href=\"https:\/\/dks.digital\/mx\/maestria\/maestria-marketing-digital-online\/\" data-link-target=\"_self\" data-gtm-container=\"distributor\" data-gtm-action=\"navigation\" data-gtm-category=\"Maestr\u00eda en Digital Marketing 360\u00ba\">\n\t\t\t\t\t\t\t<img decoding=\"async\" class=\"course__img\" src=\"https:\/\/dks.digital\/wp-content\/uploads\/2023\/12\/Digital-Marketing-360-300x300.webp\" alt=\"Curso\">\n\t\t\t\t\t\t\t<div class=\"course__body\">\n\t\t\t\t\t\t\t\t<h4 class=\"course__title\" data-gtm-container=\"distributor\" data-gtm-action=\"navigation\" data-gtm-category=\"Maestr\u00eda en Digital Marketing 360\u00ba\"><a href=\"https:\/\/dks.digital\/mx\/maestria\/maestria-marketing-digital-online\/\">Maestr\u00eda en Digital Marketing 360\u00ba<\/a><\/h4>\n\t\t\t\t\t\t\t\t<p class=\"course__content\"><\/p>\n\t\t\t\t\t\t\t\t<ul class=\"course__oustanding\">\n\t\t\t\t\t\t\t\t\t<li>Master<\/li>\n\t\t\t\t\t\t\t\t\t<li>8 meses<\/li>\n\t\t\t\t\t\t\t\t\t<li>Oto\u00f1o<\/li>\n\t\t\t\t\t\t\t\t<\/ul>\n\t\t\t\t\t\t\t<\/div>\n\t\t\t\t\t\t<\/li>\n\t\t\t\t\t\t\t\t\t\t<li class=\"course__item slider__item\" data-slider=\"item\" data-module=\"link\" data-link-href=\"https:\/\/dks.digital\/mx\/maestria\/maestria-inteligencia-artificial-marketing\/\" data-link-target=\"_self\" data-gtm-container=\"distributor\" data-gtm-action=\"navigation\" data-gtm-category=\"Maestr\u00eda en Inteligencia Artificial aplicada al Marketing\">\n\t\t\t\t\t\t\t<img decoding=\"async\" class=\"course__img\" src=\"https:\/\/dks.digital\/wp-content\/uploads\/2025\/09\/Master-IA-Marketing-269x300.jpg\" alt=\"Curso\">\n\t\t\t\t\t\t\t<div class=\"course__body\">\n\t\t\t\t\t\t\t\t<h4 class=\"course__title\" data-gtm-container=\"distributor\" data-gtm-action=\"navigation\" data-gtm-category=\"Maestr\u00eda en Inteligencia Artificial aplicada al Marketing\"><a href=\"https:\/\/dks.digital\/mx\/maestria\/maestria-inteligencia-artificial-marketing\/\">Maestr\u00eda en Inteligencia Artificial aplicada al Marketing<\/a><\/h4>\n\t\t\t\t\t\t\t\t<p class=\"course__content\"><\/p>\n\t\t\t\t\t\t\t\t<ul class=\"course__oustanding\">\n\t\t\t\t\t\t\t\t\t<li>Master<\/li>\n\t\t\t\t\t\t\t\t\t<li>7 meses<\/li>\n\t\t\t\t\t\t\t\t\t<li>Oto\u00f1o<\/li>\n\t\t\t\t\t\t\t\t<\/ul>\n\t\t\t\t\t\t\t<\/div>\n\t\t\t\t\t\t<\/li>\n\t\t\t\t\t\t\t\t\t\t<li class=\"course__item slider__item\" data-slider=\"item\" data-module=\"link\" data-link-href=\"https:\/\/dks.digital\/mx\/maestria\/maestria-product-manager\/\" data-link-target=\"_self\" data-gtm-container=\"distributor\" data-gtm-action=\"navigation\" data-gtm-category=\"Maestr\u00eda en Product Manager\">\n\t\t\t\t\t\t\t<img decoding=\"async\" class=\"course__img\" src=\"https:\/\/dks.digital\/wp-content\/uploads\/2025\/07\/Product-Manager-231x312-1-222x300.png\" alt=\"Curso\">\n\t\t\t\t\t\t\t<div class=\"course__body\">\n\t\t\t\t\t\t\t\t<h4 class=\"course__title\" data-gtm-container=\"distributor\" data-gtm-action=\"navigation\" data-gtm-category=\"Maestr\u00eda en Product Manager\"><a href=\"https:\/\/dks.digital\/mx\/maestria\/maestria-product-manager\/\">Maestr\u00eda en Product Manager<\/a><\/h4>\n\t\t\t\t\t\t\t\t<p class=\"course__content\"><\/p>\n\t\t\t\t\t\t\t\t<ul class=\"course__oustanding\">\n\t\t\t\t\t\t\t\t\t<li>Master<\/li>\n\t\t\t\t\t\t\t\t\t<li>8 meses<\/li>\n\t\t\t\t\t\t\t\t\t<li>Oto\u00f1o<\/li>\n\t\t\t\t\t\t\t\t<\/ul>\n\t\t\t\t\t\t\t<\/div>\n\t\t\t\t\t\t<\/li>\n\t\t\t\t\t\t\t\t\t\t<li class=\"course__item slider__item\" data-slider=\"item\" data-module=\"link\" data-link-href=\"https:\/\/dks.digital\/mx\/cursos\/curso-ecommerce\/\" data-link-target=\"_self\" data-gtm-container=\"distributor\" data-gtm-action=\"navigation\" data-gtm-category=\"Experto en Ecommerce\">\n\t\t\t\t\t\t\t<img decoding=\"async\" class=\"course__img\" src=\"https:\/\/dks.digital\/wp-content\/uploads\/2025\/07\/Curso-Ecommerce-1-1-231x312-1-222x300.jpg\" alt=\"Curso\">\n\t\t\t\t\t\t\t<div class=\"course__body\">\n\t\t\t\t\t\t\t\t<h4 class=\"course__title\" data-gtm-container=\"distributor\" data-gtm-action=\"navigation\" data-gtm-category=\"Experto en Ecommerce\"><a href=\"https:\/\/dks.digital\/mx\/cursos\/curso-ecommerce\/\">Experto en Ecommerce<\/a><\/h4>\n\t\t\t\t\t\t\t\t<p class=\"course__content\"><\/p>\n\t\t\t\t\t\t\t\t<ul class=\"course__oustanding\">\n\t\t\t\t\t\t\t\t\t<li>Curso<\/li>\n\t\t\t\t\t\t\t\t\t<li>4 meses<\/li>\n\t\t\t\t\t\t\t\t\t<li>Oto\u00f1o<\/li>\n\t\t\t\t\t\t\t\t<\/ul>\n\t\t\t\t\t\t\t<\/div>\n\t\t\t\t\t\t<\/li>\n\t\t\t\t\t\t\t<\/ul>\n\t\t\t<div class=\"slider__shadow\" data-slider=\"shadow\"><\/div>\n\t\t<\/div>\n\t<\/div>\n<\/section>","protected":false},"excerpt":{"rendered":"","protected":false},"featured_media":83382,"template":"template-bloques.php","tipo-estudio":[362],"area-conocimiento":[367],"formacion-master":[392],"location":[386],"duracion":[368],"escuela":[399],"acf":[],"yoast_head":"<!-- This site is optimized with the Yoast SEO plugin v22.5 - https:\/\/yoast.com\/wordpress\/plugins\/seo\/ -->\n<title>Maestr\u00eda en Marketing y Comunicaci\u00f3n de Moda| DKS<\/title>\n<meta name=\"description\" content=\"Especial\u00edzate en fashion marketing con nuestro Maestr\u00eda en L\u00ednea en Marketing y Comunicaci\u00f3n de Moda \u00a1Aprende de profesionales en activo!\" \/>\n<link rel=\"canonical\" href=\"https:\/\/dks.digital\/mx\/maestria\/maestria-marketing-comunicacion-moda\/\" \/>\n<meta property=\"og:locale\" content=\"es_ES\" \/>\n<meta property=\"og:type\" content=\"article\" \/>\n<meta property=\"og:title\" content=\"Maestr\u00eda en Marketing y Comunicaci\u00f3n de Moda| DKS\" \/>\n<meta property=\"og:description\" content=\"Especial\u00edzate en fashion marketing con nuestro Maestr\u00eda en L\u00ednea en Marketing y Comunicaci\u00f3n de Moda \u00a1Aprende de profesionales en activo!\" \/>\n<meta property=\"og:url\" content=\"https:\/\/dks.digital\/mx\/maestria\/maestria-marketing-comunicacion-moda\/\" \/>\n<meta property=\"og:site_name\" content=\"DKS, tu centro de estudios especializado en internet\" \/>\n<meta property=\"article:modified_time\" content=\"2026-04-16T15:48:29+00:00\" \/>\n<meta property=\"og:image\" content=\"https:\/\/dks.digital\/wp-content\/uploads\/2025\/08\/Marketing-de-Moda-231x312-1.png\" \/>\n\t<meta property=\"og:image:width\" content=\"231\" \/>\n\t<meta property=\"og:image:height\" content=\"312\" \/>\n\t<meta property=\"og:image:type\" content=\"image\/png\" \/>\n<meta name=\"twitter:card\" content=\"summary_large_image\" \/>\n<script type=\"application\/ld+json\" class=\"yoast-schema-graph\">{\"@context\":\"https:\/\/schema.org\",\"@graph\":[{\"@type\":\"WebPage\",\"@id\":\"https:\/\/dks.digital\/mx\/maestria\/maestria-marketing-comunicacion-moda\/\",\"url\":\"https:\/\/dks.digital\/mx\/maestria\/maestria-marketing-comunicacion-moda\/\",\"name\":\"Maestr\u00eda en Marketing y Comunicaci\u00f3n de Moda| DKS\",\"isPartOf\":{\"@id\":\"https:\/\/dks.digital\/mx\/#website\"},\"primaryImageOfPage\":{\"@id\":\"https:\/\/dks.digital\/mx\/maestria\/maestria-marketing-comunicacion-moda\/#primaryimage\"},\"image\":{\"@id\":\"https:\/\/dks.digital\/mx\/maestria\/maestria-marketing-comunicacion-moda\/#primaryimage\"},\"thumbnailUrl\":\"https:\/\/dks.digital\/wp-content\/uploads\/2025\/08\/Marketing-de-Moda-231x312-1.png\",\"datePublished\":\"2025-09-16T11:46:04+00:00\",\"dateModified\":\"2026-04-16T15:48:29+00:00\",\"description\":\"Especial\u00edzate en fashion marketing con nuestro Maestr\u00eda en L\u00ednea en Marketing y Comunicaci\u00f3n de Moda \u00a1Aprende de profesionales en activo!\",\"inLanguage\":\"es-MX\",\"potentialAction\":[{\"@type\":\"ReadAction\",\"target\":[\"https:\/\/dks.digital\/mx\/maestria\/maestria-marketing-comunicacion-moda\/\"]}]},{\"@type\":\"ImageObject\",\"inLanguage\":\"es-MX\",\"@id\":\"https:\/\/dks.digital\/mx\/maestria\/maestria-marketing-comunicacion-moda\/#primaryimage\",\"url\":\"https:\/\/dks.digital\/wp-content\/uploads\/2025\/08\/Marketing-de-Moda-231x312-1.png\",\"contentUrl\":\"https:\/\/dks.digital\/wp-content\/uploads\/2025\/08\/Marketing-de-Moda-231x312-1.png\",\"width\":231,\"height\":312},{\"@type\":\"WebSite\",\"@id\":\"https:\/\/dks.digital\/mx\/#website\",\"url\":\"https:\/\/dks.digital\/mx\/\",\"name\":\"DKS, tu centro de estudios especializado en internet\",\"description\":\"DKS, la escuela de los profesionales digitales desde hace m\u00e1s de 7 a\u00f1os\",\"publisher\":{\"@id\":\"https:\/\/dks.digital\/mx\/#organization\"},\"potentialAction\":[{\"@type\":\"SearchAction\",\"target\":{\"@type\":\"EntryPoint\",\"urlTemplate\":\"https:\/\/dks.digital\/mx\/?s={search_term_string}\"},\"query-input\":\"required name=search_term_string\"}],\"inLanguage\":\"es-MX\"},{\"@type\":\"Organization\",\"@id\":\"https:\/\/dks.digital\/mx\/#organization\",\"name\":\"DKS, tu centro de estudios especializado en internet\",\"url\":\"https:\/\/dks.digital\/mx\/\",\"logo\":{\"@type\":\"ImageObject\",\"inLanguage\":\"es-MX\",\"@id\":\"https:\/\/dks.digital\/mx\/#\/schema\/logo\/image\/\",\"url\":\"https:\/\/dks.digital\/wp-content\/uploads\/2025\/12\/cropped-cropped-favicon-ks.jpg\",\"contentUrl\":\"https:\/\/dks.digital\/wp-content\/uploads\/2025\/12\/cropped-cropped-favicon-ks.jpg\",\"width\":512,\"height\":512,\"caption\":\"DKS, tu centro de estudios especializado en internet\"},\"image\":{\"@id\":\"https:\/\/dks.digital\/mx\/#\/schema\/logo\/image\/\"}}]}<\/script>\n<!-- \/ Yoast SEO plugin. -->","yoast_head_json":{"title":"Maestr\u00eda en Marketing y Comunicaci\u00f3n de Moda| DKS","description":"Especial\u00edzate en fashion marketing con nuestro Maestr\u00eda en L\u00ednea en Marketing y Comunicaci\u00f3n de Moda \u00a1Aprende de profesionales en activo!","canonical":"https:\/\/dks.digital\/mx\/maestria\/maestria-marketing-comunicacion-moda\/","og_locale":"es_ES","og_type":"article","og_title":"Maestr\u00eda en Marketing y Comunicaci\u00f3n de Moda| DKS","og_description":"Especial\u00edzate en fashion marketing con nuestro Maestr\u00eda en L\u00ednea en Marketing y Comunicaci\u00f3n de Moda \u00a1Aprende de profesionales en activo!","og_url":"https:\/\/dks.digital\/mx\/maestria\/maestria-marketing-comunicacion-moda\/","og_site_name":"DKS, tu centro de estudios especializado en internet","article_modified_time":"2026-04-16T15:48:29+00:00","og_image":[{"width":231,"height":312,"url":"https:\/\/dks.digital\/wp-content\/uploads\/2025\/08\/Marketing-de-Moda-231x312-1.png","type":"image\/png"}],"twitter_card":"summary_large_image","schema":{"@context":"https:\/\/schema.org","@graph":[{"@type":"WebPage","@id":"https:\/\/dks.digital\/mx\/maestria\/maestria-marketing-comunicacion-moda\/","url":"https:\/\/dks.digital\/mx\/maestria\/maestria-marketing-comunicacion-moda\/","name":"Maestr\u00eda en Marketing y Comunicaci\u00f3n de Moda| DKS","isPartOf":{"@id":"https:\/\/dks.digital\/mx\/#website"},"primaryImageOfPage":{"@id":"https:\/\/dks.digital\/mx\/maestria\/maestria-marketing-comunicacion-moda\/#primaryimage"},"image":{"@id":"https:\/\/dks.digital\/mx\/maestria\/maestria-marketing-comunicacion-moda\/#primaryimage"},"thumbnailUrl":"https:\/\/dks.digital\/wp-content\/uploads\/2025\/08\/Marketing-de-Moda-231x312-1.png","datePublished":"2025-09-16T11:46:04+00:00","dateModified":"2026-04-16T15:48:29+00:00","description":"Especial\u00edzate en fashion marketing con nuestro Maestr\u00eda en L\u00ednea en Marketing y Comunicaci\u00f3n de Moda \u00a1Aprende de profesionales en activo!","inLanguage":"es-MX","potentialAction":[{"@type":"ReadAction","target":["https:\/\/dks.digital\/mx\/maestria\/maestria-marketing-comunicacion-moda\/"]}]},{"@type":"ImageObject","inLanguage":"es-MX","@id":"https:\/\/dks.digital\/mx\/maestria\/maestria-marketing-comunicacion-moda\/#primaryimage","url":"https:\/\/dks.digital\/wp-content\/uploads\/2025\/08\/Marketing-de-Moda-231x312-1.png","contentUrl":"https:\/\/dks.digital\/wp-content\/uploads\/2025\/08\/Marketing-de-Moda-231x312-1.png","width":231,"height":312},{"@type":"WebSite","@id":"https:\/\/dks.digital\/mx\/#website","url":"https:\/\/dks.digital\/mx\/","name":"DKS, tu centro de estudios especializado en internet","description":"DKS, la escuela de los profesionales digitales desde hace m\u00e1s de 7 a\u00f1os","publisher":{"@id":"https:\/\/dks.digital\/mx\/#organization"},"potentialAction":[{"@type":"SearchAction","target":{"@type":"EntryPoint","urlTemplate":"https:\/\/dks.digital\/mx\/?s={search_term_string}"},"query-input":"required name=search_term_string"}],"inLanguage":"es-MX"},{"@type":"Organization","@id":"https:\/\/dks.digital\/mx\/#organization","name":"DKS, tu centro de estudios especializado en internet","url":"https:\/\/dks.digital\/mx\/","logo":{"@type":"ImageObject","inLanguage":"es-MX","@id":"https:\/\/dks.digital\/mx\/#\/schema\/logo\/image\/","url":"https:\/\/dks.digital\/wp-content\/uploads\/2025\/12\/cropped-cropped-favicon-ks.jpg","contentUrl":"https:\/\/dks.digital\/wp-content\/uploads\/2025\/12\/cropped-cropped-favicon-ks.jpg","width":512,"height":512,"caption":"DKS, tu centro de estudios especializado en internet"},"image":{"@id":"https:\/\/dks.digital\/mx\/#\/schema\/logo\/image\/"}}]}},"_links":{"self":[{"href":"https:\/\/dks.digital\/mx\/wp-json\/wp\/v2\/master\/83380"}],"collection":[{"href":"https:\/\/dks.digital\/mx\/wp-json\/wp\/v2\/master"}],"about":[{"href":"https:\/\/dks.digital\/mx\/wp-json\/wp\/v2\/types\/master"}],"wp:featuredmedia":[{"embeddable":true,"href":"https:\/\/dks.digital\/mx\/wp-json\/wp\/v2\/media\/83382"}],"wp:attachment":[{"href":"https:\/\/dks.digital\/mx\/wp-json\/wp\/v2\/media?parent=83380"}],"wp:term":[{"taxonomy":"tipo-estudio","embeddable":true,"href":"https:\/\/dks.digital\/mx\/wp-json\/wp\/v2\/tipo-estudio?post=83380"},{"taxonomy":"area-conocimiento","embeddable":true,"href":"https:\/\/dks.digital\/mx\/wp-json\/wp\/v2\/area-conocimiento?post=83380"},{"taxonomy":"formacion-master","embeddable":true,"href":"https:\/\/dks.digital\/mx\/wp-json\/wp\/v2\/formacion-master?post=83380"},{"taxonomy":"location","embeddable":true,"href":"https:\/\/dks.digital\/mx\/wp-json\/wp\/v2\/location?post=83380"},{"taxonomy":"duracion","embeddable":true,"href":"https:\/\/dks.digital\/mx\/wp-json\/wp\/v2\/duracion?post=83380"},{"taxonomy":"escuela","embeddable":true,"href":"https:\/\/dks.digital\/mx\/wp-json\/wp\/v2\/escuela?post=83380"}],"curies":[{"name":"wp","href":"https:\/\/api.w.org\/{rel}","templated":true}]}}