{"id":82280,"date":"2025-09-16T11:06:59","date_gmt":"2025-09-16T09:06:59","guid":{"rendered":"https:\/\/dks.digital\/master\/master-project-management\/"},"modified":"2026-03-30T11:00:25","modified_gmt":"2026-03-30T09:00:25","slug":"maestria-project-management","status":"publish","type":"master","link":"https:\/\/dks.digital\/mx\/maestria\/maestria-project-management\/","title":{"rendered":"Maestr\u00eda en Project Management (PMP)"},"content":{"rendered":"\n<section class='hero-pdp' >\n\n      <div class=\"hero-pdp__accelerator -hidden-from-md\">\n      <p class=\"container hero-pdp__accelerator-text\">Hasta el 29 de abril &#8211; 55% de descuento<\/p>\n    <\/div>\n  \n  <picture class=\"hero-pdp__picture\">\n    <!-- tatamiento vertical -->\n    <source media=\"(max-width: 1023px)\" srcset=\"https:\/\/dks.digital\/wp-content\/uploads\/2025\/07\/mobile-2-1.jpg\" loading=\"eager\" fetchpriority=\"high\" data-identifier=\"hero-image\" \/>\n    <!-- tatamiento version_horizontal -->\n    <img decoding=\"async\" class=\"hero-pdp__image\" src=\"https:\/\/dks.digital\/wp-content\/uploads\/2025\/07\/desktop-2-2.jpg\" alt=\"\" title=\"desktop-2\" loading=\"eager\" fetchpriority=\"high\" data-identifier=\"hero-image\" \/>\n  <\/picture>\n\n  \n  <div class='hero-pdp__inner container'>\n    <div class='hero-pdp__content'>\n\n      <h1 class='hero-pdp__title'>M\u00e1ster en Project Management<\/h1>\n\n      <ul class='hero-pdp__highlighted'>\n        \n          \n          <li class='hero-pdp__highlighted-item'>\n\n                          <p class='hero-pdp__highlighted-title'>Modalidad<\/p>\n            \n                          <p class='hero-pdp__highlighted-content'>En l\u00ednea<\/p>\n            \n          <\/li>\n\n        \n          \n          <li class='hero-pdp__highlighted-item'>\n\n                          <p class='hero-pdp__highlighted-title'>Duraci\u00f3n<\/p>\n            \n                          <p class='hero-pdp__highlighted-content'>6 meses<\/p>\n            \n          <\/li>\n\n        \n          \n          <li class='hero-pdp__highlighted-item'>\n\n                          <p class='hero-pdp__highlighted-title'>Acceso a <\/p>\n            \n                          <p class='hero-pdp__highlighted-content'>Bolsa de empleo<\/p>\n            \n          <\/li>\n\n              <\/ul>\n\n              <div class='hero-pdp__wysiwyg'><ul>\n<li>Revoluciona la gesti\u00f3n de proyectos combinando liderazgo e inteligencia artificial.<\/li>\n<li>Maestr\u00eda liderada por Dr. Jos\u00e9 Antonio Puentes, Presidente fundador del PMI \u00ae (Project Management Institute) Cap\u00edtulo de Espa\u00f1a.<\/li>\n<\/ul>\n<\/div>\n      \n      <div class=\"hero-pdp__container\">\n\n        \n        \n        <div class=\"hero-pdp__collaboration__block\">\n\n          \n          \n        <\/div>\n\n        <div class=\"hero-pdp__logos\">\n          <p class=\"hero-pdp__logos-content\">Complementa tu formaci\u00f3n con una especializaci\u00f3n norteamericana en la MIU City University Miami:<\/p>\n          <div class=\"hero-pdp__logos-list\">\n\n            \n              \n                              <figure class=\"hero-pdp__logos-figure\">\n                  <img decoding=\"async\" class=\"hero-pdp__logos-img\" src=\"https:\/\/dks.digital\/wp-content\/uploads\/2025\/09\/MIU-Logo_Horizontal-negativo.png\" alt=\"\">\n                <\/figure>\n              \n            \n          <\/div>\n        <\/div>\n\n      <\/div>\n\n    <\/div>\n\n  <\/div>\n\n  <div class=\"hero-pdp__backdrop\"><\/div>\n\n<\/section>\n\n\n<div class=\"menu-pdp\" data-module=\"menu-pdp\">\n  <div class=\"container\">\n    <div class=\"menu-pdp__content\" data-menu=\"container\">\n              <a class=\"menu-pdp__link active\" \n           data-anchor=\"descripcion\" \n           data-gtm-container=\"navegacion_secundaria\" \n           data-gtm-action=\"navigation\">\n          Descripci\u00f3n        <\/a>\n              <a class=\"menu-pdp__link \" \n           data-anchor=\"DKS\" \n           data-gtm-container=\"navegacion_secundaria\" \n           data-gtm-action=\"navigation\">\n          \u00bfPor qu\u00e9 DKS?        <\/a>\n              <a class=\"menu-pdp__link \" \n           data-anchor=\"estudios\" \n           data-gtm-container=\"navegacion_secundaria\" \n           data-gtm-action=\"navigation\">\n          Plan de estudios        <\/a>\n              <a class=\"menu-pdp__link \" \n           data-anchor=\"profesores\" \n           data-gtm-container=\"navegacion_secundaria\" \n           data-gtm-action=\"navigation\">\n          Profesores        <\/a>\n              <a class=\"menu-pdp__link \" \n           data-anchor=\"financiacion\" \n           data-gtm-container=\"navegacion_secundaria\" \n           data-gtm-action=\"navigation\">\n          Financiaci\u00f3n        <\/a>\n              <a class=\"menu-pdp__link \" \n           data-anchor=\"testimonios\" \n           data-gtm-container=\"navegacion_secundaria\" \n           data-gtm-action=\"navigation\">\n          Testimonios        <\/a>\n            <a class=\"menu-pdp__button button--secondary\" data-anchor=\"form\" data-gtm-container=\"boton_info\" data-gtm-category=\"solicitud_info_contextual\" data-gtm-action=\"form_open\">Solicita informaci\u00f3n<\/a>\n    <\/div>\n  <\/div>\n<\/div>\n\n\n<div class=\"section-form\">\n\n    <div class=\"section-form__content\">\n\n    <section class='-width-vw -bg-black -text-white' id='descripcion'>\n        <div class='container'>\n            <div class=\"section-form__wysiwyg\">\n                            <h2 class='section-form__title'>Integra la IA en la direcci\u00f3n de proyectos<\/h2>\n                        <div class=\"section-form__inner\">\n\n<p>Formarte en <strong>Project Management<\/strong> es apostar por una de las profesiones m\u00e1s demandadas y mejor remuneradas del mercado actual. Nuestra maestr\u00eda est\u00e1 dise\u00f1ada para que aprendas a dirigir proyectos reales desde el primer d\u00eda, combinando un enfoque pr\u00e1ctico con las \u00faltimas herramientas tecnol\u00f3gicas, incluida la Inteligencia Artificial que est\u00e1 revolucionando la gesti\u00f3n de proyectos.<\/p>\n\n\n\n<div class=\"outstanding\">\n  <p class=\"outstanding__text\">En esta maestr\u00eda 100% en l\u00ednea y con una duraci\u00f3n de solo 6 meses, dominar\u00e1s las metodolog\u00edas, t\u00e9cnicas y habilidades clave para planificar, liderar y ejecutar proyectos con \u00e9xito, gestionando equipos y adapt\u00e1ndote a entornos cambiantes. Adem\u00e1s, te ayuda a prepararte para obtener la certificaci\u00f3n PMP\u00ae del PMI\u00ae, un salto diferencial para tu carrera profesional.<\/p>\n<\/div>\n\n\n<ul class='panel-img--square' id=\"\">\n            <li class='panel-img--square__item'>\n          <figure class='panel-img--square__figure'>\n            <div class='panel-img--square__figure-inner'>\n              <img class='panel-img--square__img' \n                   width=\"74\" \n                   height=\"64\" \n                   src='https:\/\/dks.digital\/wp-content\/uploads\/2025\/08\/ChatGPT.png'\n                   alt=''>\n            <\/div>\n            <figcaption class='panel-img--square__caption'>Chat GPT<\/figcaption>\n          <\/figure>\n        <\/li>\n            <li class='panel-img--square__item'>\n          <figure class='panel-img--square__figure'>\n            <div class='panel-img--square__figure-inner'>\n              <img class='panel-img--square__img' \n                   width=\"74\" \n                   height=\"64\" \n                   src='https:\/\/dks.digital\/wp-content\/uploads\/2025\/08\/PMBOK.png'\n                   alt=''>\n            <\/div>\n            <figcaption class='panel-img--square__caption'>PMBOK<\/figcaption>\n          <\/figure>\n        <\/li>\n            <li class='panel-img--square__item'>\n          <figure class='panel-img--square__figure'>\n            <div class='panel-img--square__figure-inner'>\n              <img class='panel-img--square__img' \n                   width=\"74\" \n                   height=\"64\" \n                   src='https:\/\/dks.digital\/wp-content\/uploads\/2025\/08\/PM2.png'\n                   alt=''>\n            <\/div>\n            <figcaption class='panel-img--square__caption'>PM2<\/figcaption>\n          <\/figure>\n        <\/li>\n            <li class='panel-img--square__item'>\n          <figure class='panel-img--square__figure'>\n            <div class='panel-img--square__figure-inner'>\n              <img class='panel-img--square__img' \n                   width=\"74\" \n                   height=\"64\" \n                   src='https:\/\/dks.digital\/wp-content\/uploads\/2025\/08\/Agile.png'\n                   alt=''>\n            <\/div>\n            <figcaption class='panel-img--square__caption'>Agile<\/figcaption>\n          <\/figure>\n        <\/li>\n            <li class='panel-img--square__item'>\n          <figure class='panel-img--square__figure'>\n            <div class='panel-img--square__figure-inner'>\n              <img class='panel-img--square__img' \n                   width=\"74\" \n                   height=\"64\" \n                   src='https:\/\/dks.digital\/wp-content\/uploads\/2025\/08\/PMI.png'\n                   alt=''>\n            <\/div>\n            <figcaption class='panel-img--square__caption'>PMI<\/figcaption>\n          <\/figure>\n        <\/li>\n            <li class='panel-img--square__item'>\n          <figure class='panel-img--square__figure'>\n            <div class='panel-img--square__figure-inner'>\n              <img class='panel-img--square__img' \n                   width=\"74\" \n                   height=\"64\" \n                   src='https:\/\/dks.digital\/wp-content\/uploads\/2025\/08\/Lean.png'\n                   alt=''>\n            <\/div>\n            <figcaption class='panel-img--square__caption'>Lean<\/figcaption>\n          <\/figure>\n        <\/li>\n            <li class='panel-img--square__item'>\n          <figure class='panel-img--square__figure'>\n            <div class='panel-img--square__figure-inner'>\n              <img class='panel-img--square__img' \n                   width=\"74\" \n                   height=\"64\" \n                   src='https:\/\/dks.digital\/wp-content\/uploads\/2025\/08\/Scrum.png'\n                   alt=''>\n            <\/div>\n            <figcaption class='panel-img--square__caption'>Scrum<\/figcaption>\n          <\/figure>\n        <\/li>\n            <li class='panel-img--square__item'>\n          <figure class='panel-img--square__figure'>\n            <div class='panel-img--square__figure-inner'>\n              <img class='panel-img--square__img' \n                   width=\"74\" \n                   height=\"64\" \n                   src='https:\/\/dks.digital\/wp-content\/uploads\/2025\/08\/ISO.png.png'\n                   alt=''>\n            <\/div>\n            <figcaption class='panel-img--square__caption'>ISO<\/figcaption>\n          <\/figure>\n        <\/li>\n    <\/ul>\n\n\n<p>La <strong>Maestr\u00eda en Gesti\u00f3n de Proyectos de DKS<\/strong> te forma para liderar en un entorno donde la tecnolog\u00eda, la automatizaci\u00f3n y la IA son protagonistas. Aprender\u00e1s a integrar la Inteligencia Artificial en todas las fases de la gesti\u00f3n de proyectos y contar\u00e1s con una lecci\u00f3n exclusiva sobre c\u00f3mo crear un GPT personalizado e ingenier\u00eda de prompts para utilizar herramientas como ChatGPT, automatizar tareas y potenciar tu productividad.<\/p>\n\n\n\n<div class=\"outstanding\">\n  <p class=\"outstanding__text\">Esta formaci\u00f3n est\u00e1 liderada por el Dr. Jos\u00e9 Antonio Puentes, presidente fundador del cap\u00edtulo espa\u00f1ol del Project Management Institute (PMI\u00ae), y desarrollada en colaboraci\u00f3n con Project Management Asesores, partner autorizado (REP n\u00ba 2760) por PMI\u00ae.<\/p>\n<\/div>\n\n\n<p>La maestr\u00eda ofrece preparaci\u00f3n voluntaria para el examen de certificaci\u00f3n PMP\u00ae y te proporciona las bases para presentarte tambi\u00e9n a otras certificaciones profesionales reconocidas, como IPMA y PM\u00b2.<\/p>\n\n\n\n<p>Al finalizar, recibir\u00e1s un doble certificado: acad\u00e9mico por DKS y otro certificado de horas de formaci\u00f3n\/PDU\u00b4s por parte de PMAsesores como ATP 2760 de PMI.<\/p>\n\n\n\n<ul class='panel-img--square' id=\"\">\n            <li class='panel-img--square__item'>\n          <figure class='panel-img--square__figure'>\n            <div class='panel-img--square__figure-inner'>\n              <img class='panel-img--square__img' \n                   width=\"74\" \n                   height=\"64\" \n                   src='https:\/\/dks.digital\/wp-content\/uploads\/2025\/08\/Captura-de-pantalla-2025-08-01-124813.png'\n                   alt=''>\n            <\/div>\n            <figcaption class='panel-img--square__caption'>PMAsesores<\/figcaption>\n          <\/figure>\n        <\/li>\n    <\/ul>\n\n\n<div class=\"outstanding\">\n  <p class=\"outstanding__text\">Certificaci\u00f3n incluida en tu matr\u00edcula: AI-900: Microsoft Azure AI Fundamentals: Gana conocimientos clave de Inteligencia Artificial para liderar proyectos digitales con visi\u00f3n estrat\u00e9gica, diferenciando tu perfil profesional.<\/p>\n<\/div>\n\n\n<ul class='panel-img--square' id=\"\">\n            <li class='panel-img--square__item'>\n          <figure class='panel-img--square__figure'>\n            <div class='panel-img--square__figure-inner'>\n              <img class='panel-img--square__img' \n                   width=\"74\" \n                   height=\"64\" \n                   src='https:\/\/dks.digital\/wp-content\/uploads\/2025\/09\/Azure-AI-Fundamentals.png'\n                   alt=''>\n            <\/div>\n            <figcaption class='panel-img--square__caption'><\/figcaption>\n          <\/figure>\n        <\/li>\n    <\/ul>\n<\/div>\n            <\/div>\n        <\/div>\n<\/section>\n\n\n    <section class='-width-vw ' id='DKS'>\n        <div class='container'>\n            <div class=\"section-form__wysiwyg\">\n                            <h2 class='section-form__title'>Por qu\u00e9 estudiar la Maestr\u00eda en PMP<\/h2>\n                        <div class=\"section-form__inner\">\n\n<div class=\"list--number\">\n    <h3 class=\"list--number__title\">Objetivos: Aprende a liderar proyectos de manera eficaz<\/h3>\n    <ol class=\"list--number__list\">\n          <li><p>Desarrollar competencias t\u00e9cnicas esenciales en todas las \u00e1reas clave de la gesti\u00f3n de proyectos, desde alcance hasta gesti\u00f3n de interesados.<\/p><\/li>\n          <li><p>Aplicar metodolog\u00edas \u00e1giles y tradicionales (Scrum, Kanban, PMBOK\u00ae, Lean, PM\u00b2, etc.) en contextos reales y diversos.<\/p><\/li>\n          <li><p>Preparar al alumno para la certificaci\u00f3n PMP\u00ae o CAPM\u00ae mediante entrenamientos pr\u00e1cticos y simuladores, incluyendo la obtenci\u00f3n de PDUs oficiales.<\/p><\/li>\n          <li><p>Integrar la Inteligencia Artificial como herramienta estrat\u00e9gica en la gesti\u00f3n de proyectos, con formaci\u00f3n espec\u00edfica en IA y en ingenier\u00eda de prompts para optimizar procesos.<\/p><\/li>\n          <li><p>Promover el pensamiento cr\u00edtico, la innovaci\u00f3n y la toma de decisiones basadas en datos para liderar eficazmente en entornos complejos y cambiantes.<\/p><\/li>\n          <li><p>Familiarizar al estudiante con est\u00e1ndares internacionales y el rol estrat\u00e9gico de los proyectos, aline\u00e1ndolos con los objetivos y visi\u00f3n del negocio en un contexto global.<\/p><\/li>\n      <\/ol>\n<\/div>\n<\/div>\n            <\/div>\n        <\/div>\n<\/section>\n\n\n    <section class='-width-vw -bg-grey-ultra-light' id=''>\n        <div class='container'>\n            <div class=\"section-form__wysiwyg\">\n                            <h2 class='section-form__title'>A qui\u00e9n va dirigido<\/h2>\n                        <div class=\"section-form__inner\">\n\n<p>La Maestr\u00eda en Project Management de DKS est\u00e1 dise\u00f1ado para profesionales que quieran:<\/p>\n\n\n\n<ul>\n<li>Profesionales que lideran o forman parte de equipos de proyecto<\/li>\n\n\n\n<li>Estudiantes universitarios<\/li>\n\n\n\n<li>Docentes que buscan integrar la gesti\u00f3n de proyectos en programas acad\u00e9micos<\/li>\n\n\n\n<li>Empresas que desean formar equipos bajo est\u00e1ndares internacionales<br><\/li>\n<\/ul>\n\n\n\n<p>Es una maestr\u00eda transversal, donde se da formaci\u00f3n para todos los sectores donde est\u00e9 presente la gesti\u00f3n de proyectos. La estructura del conocimiento no se vincula a un \u00e1rea o sector espec\u00edfico, sino a la complejidad de un proyecto en s\u00ed.<\/p>\n\n<\/div>\n            <\/div>\n        <\/div>\n<\/section>\n\n\n    <section class='-width-vw ' id='estudios'>\n        <div class='container'>\n            <div class=\"section-form__wysiwyg\">\n                        <div class=\"section-form__inner\">\n\n<div class=\"info-course__container\">\n    <h2 class='info-course__title-head'>Maestr\u00eda en Project Management<\/h2>\n    <ul class='info-course__outstanding'>\n        <li class='info-course__item'>\n            <p class='info-course__title'>Inicio<\/p>\n            <p class='info-course__content'>23 abril<\/p>\n        <\/li>\n        <li class='info-course__item'>\n            <p class='info-course__title'>Duraci\u00f3n<\/p>\n            <p class='info-course__content'>6 meses <\/p>\n        <\/li>\n        <li class='info-course__item'>\n            <p class='info-course__title'>Horario<\/p>\n            <p class='info-course__content'>Jueves: 19:00h &#8211; 21:00h<\/p>\n        <\/li>\n        <li class='info-course__item'>\n            <p class='info-course__title'><\/p>\n            <p class='info-course__content'><\/p>\n        <\/li>\n        <li class='info-course__item'>\n            <p class='info-course__title'><\/p>\n            <p class='info-course__content'><\/p>\n        <\/li>\n        <li class='info-course__item'>\n            <p class='info-course__title'><\/p>\n            <p class='info-course__content'><\/p>\n        <\/li>\n    <\/ul>\n    <h3 class='info-course__heading'>Temario<\/h3>\n    <ul class=\"info-course__subjects\" data-module=\"accordion\">\n                                    <li class=\"info-course__subjects-item\" data-accordion=\"item\">\n                    <h3 class=\"info-course__subjects-title\" data-accordion=\"button\" data-gtm-container=\"acordeon\" data-gtm-action=\"accordion_open\" data-gtm-category=\"1. Fundamentos de la Direcci\u00f3n de Proyectos\">\n                        1. Fundamentos de la Direcci\u00f3n de Proyectos                        <i class=\"info-course__subjects-icon icon-caret-down\"><\/i>\n                    <\/h3>\n                    <div class=\"info-course__subjects-content\" data-accordion=\"content\">\n                        <div class=\"info-course__subjects-inner wysiwyg\">\n                            <ul>\n<li>Comprender los fundamentos de la direcci\u00f3n de proyectos<\/li>\n<li>Identificar los grupos de procesos y \u00e1reas de conocimiento<\/li>\n<li>Conocer los enfoques y metodolog\u00edas en la direcci\u00f3n de proyectos<\/li>\n<li>Explorar los principios estrat\u00e9gicos y \u00e9ticos en la direcci\u00f3n de proyectos<\/li>\n<\/ul>\n                        <\/div>\n                    <\/div>\n                <\/li>\n                            <li class=\"info-course__subjects-item\" data-accordion=\"item\">\n                    <h3 class=\"info-course__subjects-title\" data-accordion=\"button\" data-gtm-container=\"acordeon\" data-gtm-action=\"accordion_open\" data-gtm-category=\"2. Estructura de proyectos, programas y portafolios\">\n                        2. Estructura de proyectos, programas y portafolios                        <i class=\"info-course__subjects-icon icon-caret-down\"><\/i>\n                    <\/h3>\n                    <div class=\"info-course__subjects-content\" data-accordion=\"content\">\n                        <div class=\"info-course__subjects-inner wysiwyg\">\n                            <ul>\n<li>Relaci\u00f3n entre Operaciones, Proyectos, Programas y Portafolios<\/li>\n<li>Gesti\u00f3n del Valor y Beneficios en Proyectos<\/li>\n<li>Gobernanza y Gesti\u00f3n de Partes Interesadas<\/li>\n<li>Enfoques de Ejecuci\u00f3n y Cultura Organizacional<\/li>\n<\/ul>\n                        <\/div>\n                    <\/div>\n                <\/li>\n                            <li class=\"info-course__subjects-item\" data-accordion=\"item\">\n                    <h3 class=\"info-course__subjects-title\" data-accordion=\"button\" data-gtm-container=\"acordeon\" data-gtm-action=\"accordion_open\" data-gtm-category=\"3. Tipos de Organizaciones y PMO\">\n                        3. Tipos de Organizaciones y PMO                        <i class=\"info-course__subjects-icon icon-caret-down\"><\/i>\n                    <\/h3>\n                    <div class=\"info-course__subjects-content\" data-accordion=\"content\">\n                        <div class=\"info-course__subjects-inner wysiwyg\">\n                            <ul>\n<li>Comprender las estructuras organizacionales en la gesti\u00f3n de proyectos<\/li>\n<li>Distinguir las caracter\u00edsticas y funciones de las PMO<\/li>\n<li>Evaluar el impacto de la estructura organizacional y la PMO en la ejecuci\u00f3n de proyectos<\/li>\n<li>Aplicar criterios para seleccionar la estructura organizativa y PMO m\u00e1s adecuada<\/li>\n<\/ul>\n                        <\/div>\n                    <\/div>\n                <\/li>\n                            <li class=\"info-course__subjects-item\" data-accordion=\"item\">\n                    <h3 class=\"info-course__subjects-title\" data-accordion=\"button\" data-gtm-container=\"acordeon\" data-gtm-action=\"accordion_open\" data-gtm-category=\"4. Selecci\u00f3n de proyectos y acta de proyecto\">\n                        4. Selecci\u00f3n de proyectos y acta de proyecto                        <i class=\"info-course__subjects-icon icon-caret-down\"><\/i>\n                    <\/h3>\n                    <div class=\"info-course__subjects-content\" data-accordion=\"content\">\n                        <div class=\"info-course__subjects-inner wysiwyg\">\n                            <ul>\n<li>Comprender el origen y la selecci\u00f3n de proyectos en una organizaci\u00f3n<\/li>\n<li>Dominar la estructura y contenido del acta de proyecto<\/li>\n<li>Diferenciar la gesti\u00f3n del acta de proyecto en entornos tradicionales y \u00e1giles<\/li>\n<li>Entender la importancia del acta de proyecto como instrumento de delegaci\u00f3n de autoridad<\/li>\n<\/ul>\n                        <\/div>\n                    <\/div>\n                <\/li>\n                            <li class=\"info-course__subjects-item\" data-accordion=\"item\">\n                    <h3 class=\"info-course__subjects-title\" data-accordion=\"button\" data-gtm-container=\"acordeon\" data-gtm-action=\"accordion_open\" data-gtm-category=\"5. Necesidades, requerimientos, requisitos y del alcance\">\n                        5. Necesidades, requerimientos, requisitos y del alcance                        <i class=\"info-course__subjects-icon icon-caret-down\"><\/i>\n                    <\/h3>\n                    <div class=\"info-course__subjects-content\" data-accordion=\"content\">\n                        <div class=\"info-course__subjects-inner wysiwyg\">\n                            <ul>\n<li>Comprender la diferencia entre deseo y necesidad en el contexto de la gesti\u00f3n de proyectos, y c\u00f3mo identificarlas para establecer objetivos realistas y alineados con los requerimientos del cliente<\/li>\n<li>Definir y aplicar metodolog\u00edas estructuradas para establecer objetivos efectivos en proyectos, utilizando enfoques como SMART, GROW, OKR, entre otros<\/li>\n<li>Determinar el impacto de los criterios de \u00e9xito en la evaluaci\u00f3n del proyecto, asegurando que se definan antes del alcance para alinear expectativas con los interesados.<\/li>\n<li>Establecer la relaci\u00f3n entre requerimientos, requisitos, funcionalidades y especificaciones, diferenciando su nivel de detalle y su papel en la planificaci\u00f3n y ejecuci\u00f3n del proyecto<\/li>\n<\/ul>\n                        <\/div>\n                    <\/div>\n                <\/li>\n                            <li class=\"info-course__subjects-item\" data-accordion=\"item\">\n                    <h3 class=\"info-course__subjects-title\" data-accordion=\"button\" data-gtm-container=\"acordeon\" data-gtm-action=\"accordion_open\" data-gtm-category=\"6. Gesti\u00f3n de Interesados\">\n                        6. Gesti\u00f3n de Interesados                        <i class=\"info-course__subjects-icon icon-caret-down\"><\/i>\n                    <\/h3>\n                    <div class=\"info-course__subjects-content\" data-accordion=\"content\">\n                        <div class=\"info-course__subjects-inner wysiwyg\">\n                            <ul>\n<li>Comprender la importancia de la gesti\u00f3n de interesados en proyectos<\/li>\n<li>Desarrollar habilidades para identificar y clasificar a los interesados<\/li>\n<li>Dise\u00f1ar estrategias efectivas para el involucramiento de los interesados<\/li>\n<li>Monitorear y ajustar el involucramiento de los interesados a lo largo del ciclo de vida del proyecto<\/li>\n<\/ul>\n                        <\/div>\n                    <\/div>\n                <\/li>\n                            <li class=\"info-course__subjects-item\" data-accordion=\"item\">\n                    <h3 class=\"info-course__subjects-title\" data-accordion=\"button\" data-gtm-container=\"acordeon\" data-gtm-action=\"accordion_open\" data-gtm-category=\"7. Requisitos y ALCANCE\">\n                        7. Requisitos y ALCANCE                        <i class=\"info-course__subjects-icon icon-caret-down\"><\/i>\n                    <\/h3>\n                    <div class=\"info-course__subjects-content\" data-accordion=\"content\">\n                        <div class=\"info-course__subjects-inner wysiwyg\">\n                            <ul>\n<li>Comprender la importancia de la gesti\u00f3n de requisitos en proyectos<\/li>\n<li>Desarrollar habilidades para definir y gestionar el alcance del proyecto<\/li>\n<li>Aprender a utilizar la Estructura de Desglose del Trabajo (WBS\/EDT)<\/li>\n<li>Diferenciar los enfoques predictivo y \u00e1gil en la gesti\u00f3n del alcance<\/li>\n<\/ul>\n                        <\/div>\n                    <\/div>\n                <\/li>\n                            <li class=\"info-course__subjects-item\" data-accordion=\"item\">\n                    <h3 class=\"info-course__subjects-title\" data-accordion=\"button\" data-gtm-container=\"acordeon\" data-gtm-action=\"accordion_open\" data-gtm-category=\"8. Gesti\u00f3n del Tiempo\">\n                        8. Gesti\u00f3n del Tiempo                        <i class=\"info-course__subjects-icon icon-caret-down\"><\/i>\n                    <\/h3>\n                    <div class=\"info-course__subjects-content\" data-accordion=\"content\">\n                        <div class=\"info-course__subjects-inner wysiwyg\">\n                            <ul>\n<li>Comprender la importancia de la gesti\u00f3n del tiempo en proyectos<\/li>\n<li>Conocer y aplicar los procesos clave de la gesti\u00f3n del cronograma<\/li>\n<li>Utilizar t\u00e9cnicas y herramientas para la gesti\u00f3n del cronograma<\/li>\n<li>Optimizar el tiempo del proyecto a trav\u00e9s de estrategias de planificaci\u00f3n y control<\/li>\n<\/ul>\n                        <\/div>\n                    <\/div>\n                <\/li>\n                            <li class=\"info-course__subjects-item\" data-accordion=\"item\">\n                    <h3 class=\"info-course__subjects-title\" data-accordion=\"button\" data-gtm-container=\"acordeon\" data-gtm-action=\"accordion_open\" data-gtm-category=\"9. Gesti\u00f3n del Coste\">\n                        9. Gesti\u00f3n del Coste                        <i class=\"info-course__subjects-icon icon-caret-down\"><\/i>\n                    <\/h3>\n                    <div class=\"info-course__subjects-content\" data-accordion=\"content\">\n                        <div class=\"info-course__subjects-inner wysiwyg\">\n                            <ul>\n<li>Comprender la importancia de la gesti\u00f3n del coste en proyectos<\/li>\n<li>Aplicar los procesos clave de gesti\u00f3n del coste<\/li>\n<li>Utilizar herramientas y t\u00e9cnicas de an\u00e1lisis financiero en proyectos<\/li>\n<li>Diferenciar la gesti\u00f3n del coste en enfoques predictivos y \u00e1giles<\/li>\n<\/ul>\n                        <\/div>\n                    <\/div>\n                <\/li>\n                            <li class=\"info-course__subjects-item\" data-accordion=\"item\">\n                    <h3 class=\"info-course__subjects-title\" data-accordion=\"button\" data-gtm-container=\"acordeon\" data-gtm-action=\"accordion_open\" data-gtm-category=\"10. Gesti\u00f3n del Riesgo\">\n                        10. Gesti\u00f3n del Riesgo                        <i class=\"info-course__subjects-icon icon-caret-down\"><\/i>\n                    <\/h3>\n                    <div class=\"info-course__subjects-content\" data-accordion=\"content\">\n                        <div class=\"info-course__subjects-inner wysiwyg\">\n                            <ul>\n<li>Comprender la importancia estrat\u00e9gica de la gesti\u00f3n de riesgos<\/li>\n<li>Conocer los procesos fundamentales de la gesti\u00f3n de riesgos<\/li>\n<li>Diferenciar conceptos clave en la gesti\u00f3n de riesgos<\/li>\n<li>Aplicar herramientas cualitativas y cuantitativas para el an\u00e1lisis y respuesta a riesgos<\/li>\n<\/ul>\n                        <\/div>\n                    <\/div>\n                <\/li>\n                            <li class=\"info-course__subjects-item\" data-accordion=\"item\">\n                    <h3 class=\"info-course__subjects-title\" data-accordion=\"button\" data-gtm-container=\"acordeon\" data-gtm-action=\"accordion_open\" data-gtm-category=\"11. Gesti\u00f3n de la Calidad\">\n                        11. Gesti\u00f3n de la Calidad                        <i class=\"info-course__subjects-icon icon-caret-down\"><\/i>\n                    <\/h3>\n                    <div class=\"info-course__subjects-content\" data-accordion=\"content\">\n                        <div class=\"info-course__subjects-inner wysiwyg\">\n                            <ul>\n<li>Comprender qu\u00e9 es la gesti\u00f3n de la calidad en proyectos.<\/li>\n<li>Identificar beneficios y desaf\u00edos de una gesti\u00f3n de calidad eficaz<\/li>\n<li>Conocer y aplicar los procesos clave de la gesti\u00f3n de la calidad<\/li>\n<li>Comparar la gesti\u00f3n de la calidad en enfoques predictivos y \u00e1giles<\/li>\n<\/ul>\n                        <\/div>\n                    <\/div>\n                <\/li>\n                            <li class=\"info-course__subjects-item\" data-accordion=\"item\">\n                    <h3 class=\"info-course__subjects-title\" data-accordion=\"button\" data-gtm-container=\"acordeon\" data-gtm-action=\"accordion_open\" data-gtm-category=\"12. Gesti\u00f3n de los Recursos (Humanos y Materiales)\">\n                        12. Gesti\u00f3n de los Recursos (Humanos y Materiales)                        <i class=\"info-course__subjects-icon icon-caret-down\"><\/i>\n                    <\/h3>\n                    <div class=\"info-course__subjects-content\" data-accordion=\"content\">\n                        <div class=\"info-course__subjects-inner wysiwyg\">\n                            <ul>\n<li>Comprender la gesti\u00f3n de recursos como un proceso estrat\u00e9gico integral<\/li>\n<li>Aplicar buenas pr\u00e1cticas en la planificaci\u00f3n y asignaci\u00f3n de recursos<\/li>\n<li>Desarrollar y liderar equipos de alto rendimiento<\/li>\n<li>Adaptar la gesti\u00f3n de recursos a contextos diversos<\/li>\n<\/ul>\n                        <\/div>\n                    <\/div>\n                <\/li>\n                            <li class=\"info-course__subjects-item\" data-accordion=\"item\">\n                    <h3 class=\"info-course__subjects-title\" data-accordion=\"button\" data-gtm-container=\"acordeon\" data-gtm-action=\"accordion_open\" data-gtm-category=\"13. Gesti\u00f3n de la comunicaci\u00f3n\">\n                        13. Gesti\u00f3n de la comunicaci\u00f3n                        <i class=\"info-course__subjects-icon icon-caret-down\"><\/i>\n                    <\/h3>\n                    <div class=\"info-course__subjects-content\" data-accordion=\"content\">\n                        <div class=\"info-course__subjects-inner wysiwyg\">\n                            <ul>\n<li>Comprender la comunicaci\u00f3n como proceso estrat\u00e9gico en la gesti\u00f3n de proyectos<\/li>\n<li>Desarrollar habilidades comunicativas del director de proyecto<\/li>\n<li>Aplicar herramientas y buenas pr\u00e1cticas en los procesos de comunicaci\u00f3n<\/li>\n<li>Adaptar la gesti\u00f3n de la comunicaci\u00f3n al contexto del proyecto y a su enfoque metodol\u00f3gico<\/li>\n<\/ul>\n                        <\/div>\n                    <\/div>\n                <\/li>\n                            <li class=\"info-course__subjects-item\" data-accordion=\"item\">\n                    <h3 class=\"info-course__subjects-title\" data-accordion=\"button\" data-gtm-container=\"acordeon\" data-gtm-action=\"accordion_open\" data-gtm-category=\"14. Gesti\u00f3n del aprovisionamiento\">\n                        14. Gesti\u00f3n del aprovisionamiento                        <i class=\"info-course__subjects-icon icon-caret-down\"><\/i>\n                    <\/h3>\n                    <div class=\"info-course__subjects-content\" data-accordion=\"content\">\n                        <div class=\"info-course__subjects-inner wysiwyg\">\n                            <ul>\n<li>Comprender el rol estrat\u00e9gico del aprovisionamiento en los proyectos<\/li>\n<li>Dominar los procesos clave de la gesti\u00f3n de adquisiciones<\/li>\n<li>Identificar y aplicar buenas pr\u00e1cticas en la gesti\u00f3n contractual.<\/li>\n<li>Adaptar la gesti\u00f3n del aprovisionamiento al enfoque de trabajo y al contexto del proyecto<\/li>\n<\/ul>\n                        <\/div>\n                    <\/div>\n                <\/li>\n                            <li class=\"info-course__subjects-item\" data-accordion=\"item\">\n                    <h3 class=\"info-course__subjects-title\" data-accordion=\"button\" data-gtm-container=\"acordeon\" data-gtm-action=\"accordion_open\" data-gtm-category=\"15. Lean y Kanban\">\n                        15. Lean y Kanban                        <i class=\"info-course__subjects-icon icon-caret-down\"><\/i>\n                    <\/h3>\n                    <div class=\"info-course__subjects-content\" data-accordion=\"content\">\n                        <div class=\"info-course__subjects-inner wysiwyg\">\n                            <ul>\n<li>Comprender Lean como una filosof\u00eda de gesti\u00f3n orientada al valor<\/li>\n<li>Aplicar el m\u00e9todo Kanban como herramienta visual de gesti\u00f3n del flujo<\/li>\n<li>Integrar Lean y Kanban como una soluci\u00f3n conjunta para gestionar proyectos<\/li>\n<li>Identificar aplicaciones pr\u00e1cticas de Lean y Kanban en distintos entornos<\/li>\n<\/ul>\n                        <\/div>\n                    <\/div>\n                <\/li>\n                            <li class=\"info-course__subjects-item\" data-accordion=\"item\">\n                    <h3 class=\"info-course__subjects-title\" data-accordion=\"button\" data-gtm-container=\"acordeon\" data-gtm-action=\"accordion_open\" data-gtm-category=\"16. Agilidad\">\n                        16. Agilidad                        <i class=\"info-course__subjects-icon icon-caret-down\"><\/i>\n                    <\/h3>\n                    <div class=\"info-course__subjects-content\" data-accordion=\"content\">\n                        <div class=\"info-course__subjects-inner wysiwyg\">\n                            <ul>\n<li>Comprender la agilidad como una filosof\u00eda de gesti\u00f3n, no solo como una metodolog\u00eda<\/li>\n<li>Diferenciar entre agilidad y velocidad para maximizar valor, no solo eficiencia<\/li>\n<li>Conocer el camino para transitar desde enfoques predictivos hacia la agilidad<\/li>\n<li>Relacionar los principios del PMBOK con los valores y pr\u00e1cticas \u00e1giles.<\/li>\n<\/ul>\n                        <\/div>\n                    <\/div>\n                <\/li>\n                            <li class=\"info-course__subjects-item\" data-accordion=\"item\">\n                    <h3 class=\"info-course__subjects-title\" data-accordion=\"button\" data-gtm-container=\"acordeon\" data-gtm-action=\"accordion_open\" data-gtm-category=\"17. SCRUM\">\n                        17. SCRUM                        <i class=\"info-course__subjects-icon icon-caret-down\"><\/i>\n                    <\/h3>\n                    <div class=\"info-course__subjects-content\" data-accordion=\"content\">\n                        <div class=\"info-course__subjects-inner wysiwyg\">\n                            <ul>\n<li>Comprender Scrum como un marco de trabajo emp\u00edrico para la entrega de valor en entornos complejos<\/li>\n<li>Conocer y aplicar los roles, eventos y artefactos del framework Scrum<\/li>\n<li>Desarrollar la capacidad de escribir, refinar y priorizar historias de usuario<\/li>\n<li>Integrar Scrum con la estrategia organizacional y la gesti\u00f3n \u00e1gil de proyectos<\/li>\n<\/ul>\n                        <\/div>\n                    <\/div>\n                <\/li>\n                            <li class=\"info-course__subjects-item\" data-accordion=\"item\">\n                    <h3 class=\"info-course__subjects-title\" data-accordion=\"button\" data-gtm-container=\"acordeon\" data-gtm-action=\"accordion_open\" data-gtm-category=\"18. Responsabilidad Profesional y C\u00f3digo \u00c9tico\">\n                        18. Responsabilidad Profesional y C\u00f3digo \u00c9tico                        <i class=\"info-course__subjects-icon icon-caret-down\"><\/i>\n                    <\/h3>\n                    <div class=\"info-course__subjects-content\" data-accordion=\"content\">\n                        <div class=\"info-course__subjects-inner wysiwyg\">\n                            <ul>\n<li>Comprender el papel de la \u00e9tica profesional en la direcci\u00f3n de proyectos<\/li>\n<li>Conocer y aplicar el C\u00f3digo de \u00c9tica y Conducta Profesional del PMI\u00ae<\/li>\n<li>Desarrollar criterio \u00e9tico ante dilemas reales en proyectos: Integrar sostenibilidad, inclusi\u00f3n y responsabilidad social en la gesti\u00f3n de proyectos<\/li>\n<\/ul>\n                        <\/div>\n                    <\/div>\n                <\/li>\n                            <li class=\"info-course__subjects-item\" data-accordion=\"item\">\n                    <h3 class=\"info-course__subjects-title\" data-accordion=\"button\" data-gtm-container=\"acordeon\" data-gtm-action=\"accordion_open\" data-gtm-category=\"19. Inteligencia artificial en proyectos\">\n                        19. Inteligencia artificial en proyectos                        <i class=\"info-course__subjects-icon icon-caret-down\"><\/i>\n                    <\/h3>\n                    <div class=\"info-course__subjects-content\" data-accordion=\"content\">\n                        <div class=\"info-course__subjects-inner wysiwyg\">\n                            <ul>\n<li>Comprender qu\u00e9 es la Inteligencia Artificial y sus fundamentos<\/li>\n<li>Diferenciar los tipos y niveles de desarrollo de la IA<\/li>\n<li>Explorar los subcampos de la Inteligencia Artificial y sus aplicaciones<\/li>\n<li>Aplicar la IA al contexto de la Direcci\u00f3n de Proyectos<\/li>\n<li>Comprender el valor estrat\u00e9gico de la ingenier\u00eda de prompts en la direcci\u00f3n de proyectos<\/li>\n<li>Aplicar f\u00f3rmulas estructuradas como RTF y CREATE para redactar prompts claros, efectivos y alineados con los objetivos del proyecto<\/li>\n<li>Refinar y evaluar prompts mediante un enfoque iterativo y consciente<\/li>\n<li>Garantizar el uso \u00e9tico, seguro y responsable de la IA en la gesti\u00f3n de proyectos<\/li>\n<\/ul>\n                        <\/div>\n                    <\/div>\n                <\/li>\n                            <li class=\"info-course__subjects-item\" data-accordion=\"item\">\n                    <h3 class=\"info-course__subjects-title\" data-accordion=\"button\" data-gtm-container=\"acordeon\" data-gtm-action=\"accordion_open\" data-gtm-category=\"20. Preparaci\u00f3n para la certificaci\u00f3n PMP\u00ae\">\n                        20. Preparaci\u00f3n para la certificaci\u00f3n PMP\u00ae                        <i class=\"info-course__subjects-icon icon-caret-down\"><\/i>\n                    <\/h3>\n                    <div class=\"info-course__subjects-content\" data-accordion=\"content\">\n                        <div class=\"info-course__subjects-inner wysiwyg\">\n                            <ul>\n<li>Preguntas similares a examen de certificaci\u00f3n<\/li>\n<li>Comprender el prop\u00f3sito y valor de la certificaci\u00f3n PMP\u00ae<\/li>\n<li>Conocer los requisitos de elegibilidad y el proceso de inscripci\u00f3n al examen<\/li>\n<li>Familiarizarse con la estructura, contenido y enfoque del examen PMP\u00ae<\/li>\n<li>Dise\u00f1ar una estrategia eficaz de preparaci\u00f3n para el examen<\/li>\n<\/ul>\n                        <\/div>\n                    <\/div>\n                <\/li>\n                        <\/ul>\n\n            <a class=\"button--third\" target=\"_blank\" href=\"https:\/\/static.kschool.com\/programa\/KSchool_Master_Project_Management_online.pdf\" data-gtm-container=\"boton_info \" data-gtm-category=\"descarga_catalogo\" data-gtm-action=\"form_success_descarga_catalogo\">\n            Descarga el plan de estudios            <i class=\"icon-arrow-right\"><\/i>\n        <\/a>\n    \n<\/div>\n<\/div>\n            <\/div>\n        <\/div>\n<\/section>\n<\/div>\n\n\n    <div class=\"section-form__form\">\n\n<div class=\"section-form__form-sticky\" data-promo-cta-form-mobile='form' id='form'>\n        <div class='form__outstanding'>\n          <p class='form__outstanding-pretitle'>Hasta el 29 de abril<\/p>\n          <p class='form__outstanding-title'>55% de descuento<\/p>\n        <\/div>\n\n\n\n<div class=\"wp-block-contact-form-7-contact-form-selector\">\n<div class=\"wpcf7 no-js\" id=\"wpcf7-f82302-o1\" lang=\"es-MX\" dir=\"ltr\">\n<div class=\"screen-reader-response\"><p role=\"status\" aria-live=\"polite\" aria-atomic=\"true\"><\/p> <ul><\/ul><\/div>\n<form action=\"\/mx\/wp-json\/wp\/v2\/master\/82280#wpcf7-f82302-o1\" method=\"post\" class=\"wpcf7-form init\" aria-label=\"Contact form\" novalidate=\"novalidate\" data-status=\"init\">\n<div style=\"display: none;\">\n<input type=\"hidden\" name=\"_wpcf7\" value=\"82302\" \/>\n<input type=\"hidden\" name=\"_wpcf7_version\" value=\"5.9.3\" \/>\n<input type=\"hidden\" name=\"_wpcf7_locale\" value=\"\" \/>\n<input type=\"hidden\" name=\"_wpcf7_unit_tag\" value=\"wpcf7-f82302-o1\" \/>\n<input type=\"hidden\" name=\"_wpcf7_container_post\" value=\"0\" \/>\n<input type=\"hidden\" name=\"_wpcf7_posted_data_hash\" value=\"\" \/>\n<\/div>\n<div class=\"js-form\">\n  <p class=\"form__title\">Informaci\u00f3n sin compromiso<\/p>\n\n  <div class=\"form__row\">\n    <span class=\"wpcf7-form-control-wrap\" data-name=\"nombre\"><input size=\"40\" class=\"wpcf7-form-control wpcf7-text wpcf7-validates-as-required form__field\" aria-required=\"true\" aria-invalid=\"false\" placeholder=\"Nombre\" value=\"\" type=\"text\" name=\"nombre\" \/><\/span>\n  <\/div>\n\n  <div class=\"form__row\">\n    <span class=\"wpcf7-form-control-wrap\" data-name=\"apellidos\"><input size=\"40\" class=\"wpcf7-form-control wpcf7-text wpcf7-validates-as-required form__field\" aria-required=\"true\" aria-invalid=\"false\" placeholder=\"Apellidos\" value=\"\" type=\"text\" name=\"apellidos\" \/><\/span>\n  <\/div>\n\n  <div class=\"form__row\">\n    <span class=\"wpcf7-form-control-wrap\" data-name=\"email\"><input size=\"40\" class=\"wpcf7-form-control wpcf7-email wpcf7-validates-as-required wpcf7-text wpcf7-validates-as-email form__field\" aria-required=\"true\" aria-invalid=\"false\" placeholder=\"Email\" value=\"\" type=\"email\" name=\"email\" \/><\/span>\n  <\/div>\n\n  <div class=\"form__row form__select\">\n    <select class=\"form__field form__country\" aria-invalid=\"false\" placeholder=\"Pa\u00eds\" name=\"country\"><\/select>\n  <\/div>\n\n  <div class=\"form__row\">\n    <div class='form__column form__telephone'>\n      <div class=\"form__column form__column-prefix\">\n        <span data-name=\"prefix\">\n          <span class=\"wpcf7-form-control-wrap\" data-name=\"prefix\"><input size=\"40\" class=\"wpcf7-form-control wpcf7-text wpcf7-validates-as-required form__field form__prefix\" aria-required=\"true\" aria-invalid=\"false\" value=\"+34\" type=\"text\" name=\"prefix\" \/><\/span>\n        <\/span>\n       <\/div>\n       <div class=\"form__column\">\n         <span data-name=\"tel\">\n           <span class=\"wpcf7-form-control-wrap\" data-name=\"phone\"><input size=\"40\" class=\"wpcf7-form-control wpcf7-tel wpcf7-validates-as-required wpcf7-text wpcf7-validates-as-tel form__field\" aria-required=\"true\" aria-invalid=\"false\" placeholder=\"Tel\u00e9fono\" value=\"\" type=\"tel\" name=\"phone\" \/><\/span>\n         <\/span>\n       <\/div>\n     <\/div>\n  <\/div>\n\n  <div class=\"form-group\">\n    <input class=\"wpcf7-form-control wpcf7-hidden\" value=\"Streaming\" type=\"hidden\" name=\"sede\" \/>\n  <\/div>\n\n<div class=\"form__rgpd\"><div class=\"form__row\"><div class=\"form__legal\">DIGITAL SCHOOL, S.L.U. (en adelante, \"DKS Digital Knowledge School\"), tratar\u00e1 los datos de car\u00e1cter personal que usted ha proporcionado con la finalidad de: atender a su solicitud de informaci\u00f3n, reclamaci\u00f3n, duda o sugerencia que realice sobre los productos y\/o servicios ofrecidos por DKS Digital Knowledge School, incluido por v\u00eda telef\u00f3nica, o a trav\u00e9s de WhatsApp,, as\u00ed como para mantenerle informado de nuestra actividad. <br><br> A su vez, le informamos que vamos a realizar un perfilado de sus datos de car\u00e1cter personal para poderle enviar informaci\u00f3n personalizada en funci\u00f3n de sus intereses. Puede consultar informaci\u00f3n adicional haciendo clic <a href=\"https:\/\/kschool.com\/politica-de-privacidad\/#perfilado\" target=\"_blank\" rel=\"noreferrer noopener\"> aqu\u00ed <\/a>. <br><br>Usted podr\u00e1 revocar el consentimiento otorgado, as\u00ed como ejercitar los derechos reconocidos en los art\u00edculos 15 a 22 del Reglamento (UE) 2016\/679, mediante solicitud dirigida en Calle Garc\u00eda Mart\u00edn 21, 28224 Pozuelo de Alarc\u00f3n, Madrid, o a la siguiente direcci\u00f3n de correo electr\u00f3nico <a href=\"mailto:lopd@kschool.com\">lopd@kschool.com<\/a>, identific\u00e1ndose debidamente. Si lo desea, puede consultar informaci\u00f3n adicional y detallada sobre protecci\u00f3n de datos en el siguiente <a href=\"https:\/\/kschool.com\/politica-de-privacidad\" target=\"_blank\">enlace<\/a>.<\/div><\/div><\/div><input type=\"hidden\" name=\"legal_text_hash\" value=\"e1135e6aabcd09a8de5c68060627656a\" \/>\n            <div class=\"form__row\">\n                <div class=\"form__group-switch\">\n                    <label class=\"form__switch\">\n                        <input type=\"checkbox\" name=\"commercial_communications\" value=\"1\" aria-invalid=\"false\">\n                        <span class=\"form__switch-slider\"><\/span>\n                    <\/label>\n                    <span>Deseo recibir informaci\u00f3n, tambi\u00e9n por WhatsApp, de DKS Digital Knowledge School y otras empresas educativas del <a href=\"https:\/\/kschool.com\/politica-de-privacidad\/#proeduca\" target=\"_blank\" rel=\"noreferrer noopener\">Grupo Proeduca<\/a>.<\/span>\n                <\/div>\n            <\/div>\n            \n<input type=\"hidden\" name=\"utm_medium\" value=\"\" \/><input type=\"hidden\" name=\"utm_content\" value=\"\" \/><input type=\"hidden\" name=\"facebook_utm\" value=\"\" \/><input type=\"hidden\" name=\"source_url\" value=\"https:\/\/dks.digital\/mx\/wp-json\/wp\/v2\/master\/82280\" \/><input type=\"hidden\" name=\"utm_source\" value=\"\" \/> <input type=\"hidden\" name=\"utm_campaign\" value=\"\" \/>\n<input type=\"hidden\" name=\"carrera-elegida\" value=\"605962\" \/><input type=\"hidden\" name=\"id-magento-online\" value=\"605962\" \/><input type=\"hidden\" name=\"id-magento-madrid\" value=\"605962\" \/><input type=\"hidden\" name=\"id-magento-barcelona\" value=\"605962\" \/>\n<div class=\"form__send\">\n    <div class=\"form__loader\"><\/div>\n    <input class=\"wpcf7-submit\" type=\"submit\" value=\"Solicitar informaci\u00f3n\">\n<\/div>\n<\/div>\n<span id=\"wpcf7-69f16ea188264-wrapper\" class=\"wpcf7-form-control-wrap honeypot-266-wrap\" style=\"display:none !important; visibility:hidden !important;\"><input type=\"hidden\" name=\"honeypot-266-time-start\" value=\"1777430177\"><input type=\"hidden\" name=\"honeypot-266-time-check\" value=\"4\"><label for=\"wpcf7-69f16ea188264-field\" class=\"hp-message\">Please leave this field empty.<\/label><input id=\"wpcf7-69f16ea188264-field\"  placeholder=\"Potter\"  class=\"wpcf7-form-control wpcf7-text\" type=\"text\" name=\"honeypot-266\" value=\"\" size=\"40\" tabindex=\"-1\" autocomplete=\"off\" \/><\/span><div class=\"wpcf7-response-output\" aria-hidden=\"true\"><\/div>\n<\/form>\n<\/div>\n<\/div>\n\n\n\n<\/div>\n\n<\/div>\n<\/div>\n\n\n\n<section class=\"panel-img--rectangle -bg-grey-ultra-dark -text-white\">\n  <div class=\"panel-img--rectangle__content container\">\n        <h2 class='panel-img--rectangle__title'>Completa tu formaci\u00f3n con una certificaci\u00f3n americana <\/h2>\n        <div class=\"wysiwyg\">\n      <p>Gracias al convenio entre <strong>DKS <\/strong><strong>y MIU<\/strong><strong>\u202fCity<\/strong><strong>\u00a0University<\/strong><strong>\u00a0Miami (EEUU),<\/strong>\u202fpuedes formarte en una instituci\u00f3n estadounidense con una\u202f<strong>beca de hasta el 40% en tu certificaci\u00f3n<\/strong>. Internacionaliza tu perfil profesional con el:<\/p>\n<p><strong>Maestr\u00eda en Project Manager + Strategic Management and Organizational Leadership<\/strong><\/p>\n<p><span class=\"TextRun SCXW28474445 BCX0\" lang=\"ES-ES\" xml:lang=\"ES-ES\" data-contrast=\"none\"><span class=\"NormalTextRun SCXW28474445 BCX0\" data-ccp-parastyle=\"Normal (Web)\">Aprende a\u00a0<\/span><\/span><span class=\"TextRun SCXW28474445 BCX0\" lang=\"ES-ES\" xml:lang=\"ES-ES\" data-contrast=\"none\"><span class=\"NormalTextRun SCXW28474445 BCX0\" data-ccp-parastyle=\"Normal (Web)\">gestionar el talento, impulsar el compromiso, comunicar con eficacia<\/span><\/span><span class=\"TextRun SCXW28474445 BCX0\" lang=\"ES-ES\" xml:lang=\"ES-ES\" data-contrast=\"none\"><span class=\"NormalTextRun SCXW28474445 BCX0\" data-ccp-parastyle=\"Normal (Web)\"> en situaciones cr\u00edticas.<\/span><\/span><\/p>\n<p><span class=\"TextRun SCXW144848754 BCX0\" lang=\"ES-ES\" xml:lang=\"ES-ES\" data-contrast=\"none\"><span class=\"NormalTextRun SCXW144848754 BCX0\" data-ccp-parastyle=\"Normal (Web)\">Desarrolla habilidades directivas para liderar equipos con impacto en entornos cambiantes.<\/span><\/span><\/p>\n    <\/div>\n  <\/div>\n  <div class=\"panel-img--rectangle__block\">\n        <div class=\"slider slider--hidden-md\">\n      <ul class='panel-img--rectangle__list slider__scroll'>\n                              <li class='panel-img--rectangle__item slider__item'>\n              <figure class='panel-img--rectangle__figure'>\n                <div class='panel-img--rectangle__figure-inner'>\n                  <img class='panel-img--rectangle__img' width=\"118px\" height=\"67px\" src='https:\/\/dks.digital\/wp-content\/uploads\/2025\/09\/MIU-Logo_Horizontal-color.png'>\n                <\/div>\n              <\/figure>\n            <\/li>\n                        <\/ul>\n    <\/div>\n  <\/div>\n<\/section>\n\n<section class=\"career-opportunities -bg-black -text-white\" id=\"\">\n    <div class=\"career-opportunities__content container\">\n            <h2 class='career-opportunities__title'>Salidas profesionales<\/h2>\n            <div class=\"wysiwyg\">\n        <p><p>Al finalizar la maestr\u00eda, los alumnos estar\u00e1n preparados para desempe\u00f1arse como:<\/p>\n<ul>\n<li>Jefe de Proyecto<\/li>\n<li>Responsable de Proyecto<\/li>\n<li>Director de Oficina de Proyectos<\/li>\n<li>Director de Calidad de Proyectos<\/li>\n<li>Project Manager<\/li>\n<li>Director del Riesgo y la Continuidad del Negocio<\/li>\n<\/ul>\n<\/p>\n      <\/div>\n    <\/div>\n    <div class=\"career-opportunities__block\">\n\t\t\t      <div class=\"slider slider--hidden-md\">\n        <ul class=\"career-opportunities__list slider__scroll\">\n\t\t\t\t\t        <\/ul>\n      <\/div>\n    <\/div>\n  <\/section>\n\n\n<section class=\"panel-img--rectangle -bg-grey-ultra-dark -text-white\">\n  <div class=\"panel-img--rectangle__content container\">\n        <h2 class='panel-img--rectangle__title'>Impulsamos tu empleabilidad<\/h2>\n        <div class=\"wysiwyg\">\n      <ul>\n<li>Bolsa de empleo con empresas de referencia en busca de perfiles Digital &amp; Tech.<\/li>\n<li>Talent Talks, eventos mensuales con empresas destacadas en el ecosistema digital, donde conocer\u00e1s los perfiles y conocimientos m\u00e1s demandados.<\/li>\n<li>Workshops de empleabilidad, dise\u00f1ados para fortalecer aspectos clave que impulsar\u00e1n tu carrera profesional.<\/li>\n<\/ul>\n    <\/div>\n  <\/div>\n  <div class=\"panel-img--rectangle__block\">\n        <h4 class='panel-img--rectangle__title-list container'>Nuestros alumnos trabajan en:<\/h4>\n        <div class=\"slider slider--hidden-md\">\n      <ul class='panel-img--rectangle__list slider__scroll'>\n                              <li class='panel-img--rectangle__item slider__item'>\n              <figure class='panel-img--rectangle__figure'>\n                <div class='panel-img--rectangle__figure-inner'>\n                  <img class='panel-img--rectangle__img' width=\"118px\" height=\"67px\" src='https:\/\/dks.digital\/wp-content\/uploads\/2023\/11\/descarga-3.png'>\n                <\/div>\n              <\/figure>\n            <\/li>\n                      <li class='panel-img--rectangle__item slider__item'>\n              <figure class='panel-img--rectangle__figure'>\n                <div class='panel-img--rectangle__figure-inner'>\n                  <img class='panel-img--rectangle__img' width=\"118px\" height=\"67px\" src='https:\/\/dks.digital\/wp-content\/uploads\/2024\/01\/huawei-logos-idmlSjh_g5.png'>\n                <\/div>\n              <\/figure>\n            <\/li>\n                      <li class='panel-img--rectangle__item slider__item'>\n              <figure class='panel-img--rectangle__figure'>\n                <div class='panel-img--rectangle__figure-inner'>\n                  <img class='panel-img--rectangle__img' width=\"118px\" height=\"67px\" src='https:\/\/dks.digital\/wp-content\/uploads\/2024\/01\/800px-FERCHAU.png'>\n                <\/div>\n              <\/figure>\n            <\/li>\n                      <li class='panel-img--rectangle__item slider__item'>\n              <figure class='panel-img--rectangle__figure'>\n                <div class='panel-img--rectangle__figure-inner'>\n                  <img class='panel-img--rectangle__img' width=\"118px\" height=\"67px\" src='https:\/\/dks.digital\/wp-content\/uploads\/2024\/01\/ing-logos-idV_o4zXDL.svg'>\n                <\/div>\n              <\/figure>\n            <\/li>\n                      <li class='panel-img--rectangle__item slider__item'>\n              <figure class='panel-img--rectangle__figure'>\n                <div class='panel-img--rectangle__figure-inner'>\n                  <img class='panel-img--rectangle__img' width=\"118px\" height=\"67px\" src='https:\/\/dks.digital\/wp-content\/uploads\/2024\/01\/acciona-logos-id0JX2fHfy.svg'>\n                <\/div>\n              <\/figure>\n            <\/li>\n                        <\/ul>\n    <\/div>\n  <\/div>\n<\/section>\n\n\n<section class=\"teacher-dropdown \" data-module='teacher' data-teacher=\"item\" id=\"profesores\">\n  <div class=\"teacher-dropdown__container\">\n    <div class=\"teacher-dropdown__content container\">\n      <h2 class='teacher-dropdown__title'>Profesores<\/h2>\n      <div class=\"teacher-dropdown__description wysiwyg\">\n        <p>Estos son los profesores que te acompa\u00f1ar\u00e1n en esta maestr\u00eda:<\/p>\n      <\/div>\n    <\/div>\n    <div class=\"slider slider--hidden-md\">\n      <ul class=\"teacher-dropdown-card__list slider__scroll\" data-slider=\"scroll\">\n                    <li class=\"teacher-dropdown-card__item slider__item\" data-slider=\"item\">\n              <img decoding=\"async\" class=\"teacher-dropdown-card__img\" width=\"166px\" height=\"244px\" src=\"https:\/\/dks.digital\/wp-content\/uploads\/2023\/06\/Jose-Antonio-Puentes.png\" alt=\"Teacher\">\n\n                              <img decoding=\"async\" class=\"teacher-dropdown-card__logo-company\" width=\"67px\" height=\"12px\" src=\"https:\/\/dks.digital\/wp-content\/uploads\/2023\/06\/logo-pma-nuevo.svg\" alt=\"\">\n              \n              \n              <div class=\"teacher-dropdown-card__body\">\n                <h3 class=\"teacher-dropdown-card__name\">Jos\u00e9 Antonio Puentes Mu\u00f1oz<\/h3>\n                <p class=\"teacher-dropdown-card__job\">L\u00edder del M\u00e1ster. CEO de Project Management Asesores (Global ATP n\u00ba 2760 por el PMI\u00ae)<\/p>\n              <\/div>\n\n            <\/li>\n                    <li class=\"teacher-dropdown-card__item slider__item\" data-slider=\"item\">\n              <img decoding=\"async\" class=\"teacher-dropdown-card__img\" width=\"166px\" height=\"244px\" src=\"https:\/\/dks.digital\/wp-content\/uploads\/2023\/06\/pofe-pailos.png\" alt=\"Teacher\">\n\n                              <img decoding=\"async\" class=\"teacher-dropdown-card__logo-company\" width=\"67px\" height=\"12px\" src=\"https:\/\/dks.digital\/wp-content\/uploads\/2023\/06\/ges-logo-small-2-1.png\" alt=\"\">\n              \n              \n              <div class=\"teacher-dropdown-card__body\">\n                <h3 class=\"teacher-dropdown-card__name\">Alberto de Alfonso Pailos<\/h3>\n                <p class=\"teacher-dropdown-card__job\">Head of Assembly Bussines Unit en GES<\/p>\n              <\/div>\n\n            <\/li>\n                    <li class=\"teacher-dropdown-card__item slider__item\" data-slider=\"item\">\n              <img decoding=\"async\" class=\"teacher-dropdown-card__img\" width=\"166px\" height=\"244px\" src=\"https:\/\/dks.digital\/wp-content\/uploads\/2026\/02\/juan-carlos-300x300.jpg\" alt=\"Teacher\">\n\n                              <img decoding=\"async\" class=\"teacher-dropdown-card__logo-company\" width=\"67px\" height=\"12px\" src=\"https:\/\/dks.digital\/wp-content\/uploads\/2026\/02\/atrevia_logo.jpg\" alt=\"\">\n              \n              \n              <div class=\"teacher-dropdown-card__body\">\n                <h3 class=\"teacher-dropdown-card__name\">Juan Carlos Alcaide Casado<\/h3>\n                <p class=\"teacher-dropdown-card__job\"> Senior Advisor Experiencia de Cliente y Silver Economy<\/p>\n              <\/div>\n\n            <\/li>\n                    <li class=\"teacher-dropdown-card__item slider__item\" data-slider=\"item\">\n              <img decoding=\"async\" class=\"teacher-dropdown-card__img\" width=\"166px\" height=\"244px\" src=\"https:\/\/dks.digital\/wp-content\/uploads\/2026\/02\/marco-1.jpg\" alt=\"Teacher\">\n\n                              <img decoding=\"async\" class=\"teacher-dropdown-card__logo-company\" width=\"67px\" height=\"12px\" src=\"https:\/\/dks.digital\/wp-content\/uploads\/2026\/02\/mentoring_and_advisory_for_business_logo.jpg\" alt=\"\">\n              \n              \n              <div class=\"teacher-dropdown-card__body\">\n                <h3 class=\"teacher-dropdown-card__name\">Marco Arranz Blanco<\/h3>\n                <p class=\"teacher-dropdown-card__job\">Soporte a la Direcci\u00f3n de Proyectos, Formaci\u00f3n y Mentoring<\/p>\n              <\/div>\n\n            <\/li>\n                    <li class=\"teacher-dropdown-card__item slider__item\" data-slider=\"item\">\n              <img decoding=\"async\" class=\"teacher-dropdown-card__img\" width=\"166px\" height=\"244px\" src=\"https:\/\/dks.digital\/wp-content\/uploads\/2026\/02\/Carlos-J.-Pampliega-300x300.jpg\" alt=\"Teacher\">\n\n                              <img decoding=\"async\" class=\"teacher-dropdown-card__logo-company\" width=\"67px\" height=\"12px\" src=\"https:\/\/dks.digital\/wp-content\/uploads\/2026\/02\/pmideas_logo.jpg\" alt=\"\">\n              \n              \n              <div class=\"teacher-dropdown-card__body\">\n                <h3 class=\"teacher-dropdown-card__name\">Carlos J. Pampliega Garc\u00eda<\/h3>\n                <p class=\"teacher-dropdown-card__job\"> Consultor en Direcci\u00f3n de Proyectos<\/p>\n              <\/div>\n\n            <\/li>\n              <\/ul>\n    <\/div>\n    <div class=\"teacher-dropdown__button container\">\n      <button class=\"button--link\" data-teacher='button' data-aux-more=\"Ver m\u00e1s\" data-aux-less=\"Ver menos\" data-teacher-text='Ver m\u00e1s' data-gtm-container=\"button_see_more\" data-gtm-category=\"Profesores\" data-gtm-action=\"navigation\">\n        Ver m\u00e1s      <\/button>\n    <\/div>\n    <ul class='teacher-dropdown-list container' data-teacher='content'>\n      <div class='teacher-dropdown-list__inner'>\n                    <li class='teacher-dropdown-list__item'>\n              <h3 class='teacher-dropdown-list__name'>Pablo L\u00f3pez Sim\u00f3n<\/h3>\n              <h5 class='teacher-dropdown-list__job'>Mentor y Facilitador<\/h5>\n                          <\/li>\n              <\/div>\n    <\/ul>\n  <\/div>\n<\/section>\n\n\n<section class=\"panel-icon -text-center -bg-grey-ultra\" id=\"financiacion\">\n  <div class=\"panel-icon__container container\">\n    <div class=\"panel-icon__content\">\n            <h2 class=\"panel-icon__title\">Formas de pago y financiaci\u00f3n<\/h2>\n            <p class=\"panel-icon__subtitle\">Reserva tu plaza desde 500\u20ac<\/p>\n    <\/div>\n    <ul class='panel-icon__list'>\n      <li class='panel-icon__item'>\n        <div class='panel-icon__inner'>\n          <i class=\"icon-currency-eur panel-icon__icon\"><\/i>\n        <\/div>\n                <h4 class='panel-icon__item-title'>Pago \u00fanico<\/h4>\n                <p class='panel-icon__item-content'>Hasta 18 cuotas<\/p>\n      <\/li>\n      <li class='panel-icon__item'>\n        <div class='panel-icon__inner'>\n          <i class=\"icon-calendar-blank panel-icon__icon\"><\/i>\n        <\/div>\n                <h4 class='panel-icon__item-title'>Hasta 18 cuotas<\/h4>\n                <p class='panel-icon__item-content'>Pago aplazado en c\u00f3modas cuotas<\/p>\n      <\/li>\n      <li class='panel-icon__item'>\n        <div class='panel-icon__inner'>\n          <i class=\"icon-briefcase panel-icon__icon\"><\/i>\n        <\/div>\n                <h4 class='panel-icon__item-title'>Financiaci\u00f3n con DKS<\/h4>\n                <p class='panel-icon__item-content'>Estudiamos tu caso para ofrecerte la mejor financiaci\u00f3n<\/p>\n      <\/li>\n    <\/ul>\n      <\/div>\n<\/section>\n\n\r\n                <script type=\"application\/ld+json\">\r\n                    {\r\n                      \"@context\": \"https:\/\/schema.org\",\r\n                      \"@type\": \"FAQPage\",\r\n                      \"mainEntity\": [\r\n            \r\n                  {\r\n                    \"@type\": \"Question\",\r\n                    \"name\": \"\u00bfEl m\u00e1ster prepara la certificaci\u00f3n en PMP\u00ae?\",\r\n                    \"acceptedAnswer\": {\r\n                      \"@type\": \"Answer\",\r\n                      \"text\": \"<p>El M\u00e1ster en Project Management de DKS preparar\u00e1 a nivel de conocimientos, contextualizaci\u00f3n y dominio de materia, pero el alumno debe hacer test que le ayuden a prepararse para el examen, en cuanto a preguntas realizadas. En el m\u00e1ster tendr\u00e1s dos lecciones relacionadas con la certificaci\u00f3n PMP\u00ae para que puedas conocer los requisitos y los modelos de examen que se realizan. Tras el m\u00e1ster si quieres contar\u00e1n con un curso de preparci\u00f3n tutorizado por parte de PMAsesores para la gu\u00eda y entrenamiento y preparaci\u00f3n a examen. &#8211; Autorizado por el PMI\u00ae &#8211; Intensivo y online. &#8211; Acceso a una BBDD con m\u00e1s de 3000 preguntas tipo. Adem\u00e1s, el programa acreditar las 35h de formaci\u00f3n que son necesarias para presentarte a la certificaci\u00f3n y los PDUs necesarios, en caso de ya ser certificado y quieras justificar la actualizaci\u00f3n de tus conocimientos.<\/p>\n\"\r\n                    }\r\n                  },\r\n                  {\r\n                    \"@type\": \"Question\",\r\n                    \"name\": \"\u00bfEl M\u00e1ster en Project Manager est\u00e1 enfocado a alg\u00fan \u00e1rea o sector laboral?\",\r\n                    \"acceptedAnswer\": {\r\n                      \"@type\": \"Answer\",\r\n                      \"text\": \"<p>No, es un m\u00e1ster transversal donde se da formaci\u00f3n para todos los sectores donde est\u00e9 presente la gesti\u00f3n de proyectos. La estructura del conocimiento no se vincula a un \u00e1rea o sector espec\u00edfico, sino a la complejidad de un proyecto en s\u00ed.<\/p>\n<p>El objetivo del M\u00e1ster es que cualquier alumno pudiese aplicar estos conocimientos a cualquier \u00e1mbito de aplicaci\u00f3n, ya que se trabaja sobre el juicio cr\u00edtico del alumno m\u00e1s que sobre sus conocimientos.<\/p>\n\"\r\n                    }\r\n                  },\r\n                  {\r\n                    \"@type\": \"Question\",\r\n                    \"name\": \"\u00bfCu\u00e1l es la diferencia entre Product Manager y Project Manager?\",\r\n                    \"acceptedAnswer\": {\r\n                      \"@type\": \"Answer\",\r\n                      \"text\": \"<p><span data-sheets-root=\\\"1\\\" data-sheets-value=\\\"{&quot;1&quot;:2,&quot;2&quot;:&quot;Ambos roles desempe\u00f1an funciones complementarias en el contexto empresarial. Sin embargo, en empresas m\u00e1s peque\u00f1as, es posible que un Product Manager abarque ambas funciones, lo cual no es aconsejable en grandes corporaciones.  \\\\r\\\\n\\\\r\\\\nEl Product Manager se enfoca en el ciclo de vida de un producto, desde la concepci\u00f3n hasta el lanzamiento y la evoluci\u00f3n continua, y trabaja estrechamente con equipos de desarrollo, marketing y otros para asegurarse de que el producto cumpla con los requisitos del mercado y los clientes. El Project Manager se encarga de planificar, ejecutar y supervisar proyectos espec\u00edficos, y su enfoque est\u00e1 en cumplir los objetivos del proyecto, como plazos, presupuesto y alcance. \\\\n\\\\n&quot;}\\\" data-sheets-userformat=\\\"{&quot;2&quot;:15167,&quot;3&quot;:{&quot;1&quot;:0},&quot;4&quot;:{&quot;1&quot;:2,&quot;2&quot;:16054008},&quot;5&quot;:{&quot;1&quot;:[{&quot;1&quot;:2,&quot;2&quot;:0,&quot;5&quot;:{&quot;1&quot;:2,&quot;2&quot;:13421772}},{&quot;1&quot;:0,&quot;2&quot;:0,&quot;3&quot;:3},{&quot;1&quot;:1,&quot;2&quot;:0,&quot;4&quot;:2}]},&quot;6&quot;:{&quot;1&quot;:[{&quot;1&quot;:2,&quot;2&quot;:0,&quot;5&quot;:{&quot;1&quot;:2,&quot;2&quot;:13421772}},{&quot;1&quot;:0,&quot;2&quot;:0,&quot;3&quot;:3},{&quot;1&quot;:1,&quot;2&quot;:0,&quot;4&quot;:2}]},&quot;7&quot;:{&quot;1&quot;:[{&quot;1&quot;:2,&quot;2&quot;:0,&quot;5&quot;:{&quot;1&quot;:2,&quot;2&quot;:16777215}},{&quot;1&quot;:0,&quot;2&quot;:0,&quot;3&quot;:3},{&quot;1&quot;:1,&quot;2&quot;:0,&quot;4&quot;:2}]},&quot;8&quot;:{&quot;1&quot;:[{&quot;1&quot;:2,&quot;2&quot;:0,&quot;5&quot;:{&quot;1&quot;:2,&quot;2&quot;:16777215}},{&quot;1&quot;:0,&quot;2&quot;:0,&quot;3&quot;:3},{&quot;1&quot;:1,&quot;2&quot;:0,&quot;4&quot;:2}]},&quot;11&quot;:4,&quot;12&quot;:0,&quot;14&quot;:{&quot;1&quot;:3,&quot;3&quot;:1},&quot;15&quot;:&quot;Arial&quot;,&quot;16&quot;:10}\\\">Ambos roles desempe\u00f1an funciones complementarias en el contexto empresarial. Sin embargo, en empresas m\u00e1s peque\u00f1as, es posible que un Product Manager abarque ambas funciones, lo cual no es aconsejable en grandes corporaciones.<\/p>\n<p>El Product Manager se enfoca en el ciclo de vida de un producto, desde la concepci\u00f3n hasta el lanzamiento y la evoluci\u00f3n continua, y trabaja estrechamente con equipos de desarrollo, marketing y otros para asegurarse de que el producto cumpla con los requisitos del mercado y los clientes. El Project Manager se encarga de planificar, ejecutar y supervisar proyectos espec\u00edficos, y su enfoque est\u00e1 en cumplir los objetivos del proyecto, como plazos, presupuesto y alcance.<\/p>\n<p><\/span><\/p>\n\"\r\n                    }\r\n                  }\r\n                    ]\r\n                  }\r\n                <\/script>\r\n            \n<section class=\"faq -bg-grey-ultra-dark -text-white\" >\n  <div class=\"faq__container container\">\n\n    <div class=\"faq__introduction -width-75p-md -width-full\">\n      <h3 class=\"heading--2\">Preguntas frecuentes<\/h3>          <\/div>\n\n          <ul class=\"faq__list\" data-module=\"accordion\">\n                              <li class=\"faq__item\" data-accordion=\"item\">\n              <h3 class=\"faq__title\" data-accordion=\"button\" data-gtm-container=\"acordeon\" data-gtm-action=\"accordion_close\" data-gtm-category=\"\u00bfEl m\u00e1ster prepara la certificaci\u00f3n en PMP\u00ae?\">\u00bfEl m\u00e1ster prepara la certificaci\u00f3n en PMP\u00ae?<\/h3>\n              <div class=\"faq__body\" data-accordion=\"content\">\n                <div class=\"faq__inner\">\n                  <div class=\"wysiwyg\">El M\u00e1ster en Project Management de DKS preparar\u00e1 a nivel de conocimientos, contextualizaci\u00f3n y dominio de materia, pero el alumno debe hacer test que le ayuden a prepararse para el examen, en cuanto a preguntas realizadas. En el m\u00e1ster tendr\u00e1s dos lecciones relacionadas con la certificaci\u00f3n PMP\u00ae para que puedas conocer los requisitos y los modelos de examen que se realizan. Tras el m\u00e1ster si quieres contar\u00e1n con un curso de preparci\u00f3n tutorizado por parte de PMAsesores para la gu\u00eda y entrenamiento y preparaci\u00f3n a examen. &#8211; Autorizado por el PMI\u00ae &#8211; Intensivo y online. &#8211; Acceso a una BBDD con m\u00e1s de 3000 preguntas tipo. Adem\u00e1s, el programa acreditar las 35h de formaci\u00f3n que son necesarias para presentarte a la certificaci\u00f3n y los PDUs necesarios, en caso de ya ser certificado y quieras justificar la actualizaci\u00f3n de tus conocimientos.<\/div>\n                <\/div>\n              <\/div>\n            <\/li>\n                                        <li class=\"faq__item\" data-accordion=\"item\">\n              <h3 class=\"faq__title\" data-accordion=\"button\" data-gtm-container=\"acordeon\" data-gtm-action=\"accordion_close\" data-gtm-category=\"\u00bfEl M\u00e1ster en Project Manager est\u00e1 enfocado a alg\u00fan \u00e1rea o sector laboral?\">\u00bfEl M\u00e1ster en Project Manager est\u00e1 enfocado a alg\u00fan \u00e1rea o sector laboral?<\/h3>\n              <div class=\"faq__body\" data-accordion=\"content\">\n                <div class=\"faq__inner\">\n                  <div class=\"wysiwyg\">No, es un m\u00e1ster transversal donde se da formaci\u00f3n para todos los sectores donde est\u00e9 presente la gesti\u00f3n de proyectos. La estructura del conocimiento no se vincula a un \u00e1rea o sector espec\u00edfico, sino a la complejidad de un proyecto en s\u00ed.\r\n\r\nEl objetivo del M\u00e1ster es que cualquier alumno pudiese aplicar estos conocimientos a cualquier \u00e1mbito de aplicaci\u00f3n, ya que se trabaja sobre el juicio cr\u00edtico del alumno m\u00e1s que sobre sus conocimientos.<\/div>\n                <\/div>\n              <\/div>\n            <\/li>\n                                        <li class=\"faq__item\" data-accordion=\"item\">\n              <h3 class=\"faq__title\" data-accordion=\"button\" data-gtm-container=\"acordeon\" data-gtm-action=\"accordion_close\" data-gtm-category=\"\u00bfCu\u00e1l es la diferencia entre Product Manager y Project Manager?\">\u00bfCu\u00e1l es la diferencia entre Product Manager y Project Manager?<\/h3>\n              <div class=\"faq__body\" data-accordion=\"content\">\n                <div class=\"faq__inner\">\n                  <div class=\"wysiwyg\"><span data-sheets-root=\"1\" data-sheets-value=\"{&quot;1&quot;:2,&quot;2&quot;:&quot;Ambos roles desempe\u00f1an funciones complementarias en el contexto empresarial. Sin embargo, en empresas m\u00e1s peque\u00f1as, es posible que un Product Manager abarque ambas funciones, lo cual no es aconsejable en grandes corporaciones.  \\r\\n\\r\\nEl Product Manager se enfoca en el ciclo de vida de un producto, desde la concepci\u00f3n hasta el lanzamiento y la evoluci\u00f3n continua, y trabaja estrechamente con equipos de desarrollo, marketing y otros para asegurarse de que el producto cumpla con los requisitos del mercado y los clientes. El Project Manager se encarga de planificar, ejecutar y supervisar proyectos espec\u00edficos, y su enfoque est\u00e1 en cumplir los objetivos del proyecto, como plazos, presupuesto y alcance. \\n\\n&quot;}\" data-sheets-userformat=\"{&quot;2&quot;:15167,&quot;3&quot;:{&quot;1&quot;:0},&quot;4&quot;:{&quot;1&quot;:2,&quot;2&quot;:16054008},&quot;5&quot;:{&quot;1&quot;:[{&quot;1&quot;:2,&quot;2&quot;:0,&quot;5&quot;:{&quot;1&quot;:2,&quot;2&quot;:13421772}},{&quot;1&quot;:0,&quot;2&quot;:0,&quot;3&quot;:3},{&quot;1&quot;:1,&quot;2&quot;:0,&quot;4&quot;:2}]},&quot;6&quot;:{&quot;1&quot;:[{&quot;1&quot;:2,&quot;2&quot;:0,&quot;5&quot;:{&quot;1&quot;:2,&quot;2&quot;:13421772}},{&quot;1&quot;:0,&quot;2&quot;:0,&quot;3&quot;:3},{&quot;1&quot;:1,&quot;2&quot;:0,&quot;4&quot;:2}]},&quot;7&quot;:{&quot;1&quot;:[{&quot;1&quot;:2,&quot;2&quot;:0,&quot;5&quot;:{&quot;1&quot;:2,&quot;2&quot;:16777215}},{&quot;1&quot;:0,&quot;2&quot;:0,&quot;3&quot;:3},{&quot;1&quot;:1,&quot;2&quot;:0,&quot;4&quot;:2}]},&quot;8&quot;:{&quot;1&quot;:[{&quot;1&quot;:2,&quot;2&quot;:0,&quot;5&quot;:{&quot;1&quot;:2,&quot;2&quot;:16777215}},{&quot;1&quot;:0,&quot;2&quot;:0,&quot;3&quot;:3},{&quot;1&quot;:1,&quot;2&quot;:0,&quot;4&quot;:2}]},&quot;11&quot;:4,&quot;12&quot;:0,&quot;14&quot;:{&quot;1&quot;:3,&quot;3&quot;:1},&quot;15&quot;:&quot;Arial&quot;,&quot;16&quot;:10}\">Ambos roles desempe\u00f1an funciones complementarias en el contexto empresarial. Sin embargo, en empresas m\u00e1s peque\u00f1as, es posible que un Product Manager abarque ambas funciones, lo cual no es aconsejable en grandes corporaciones.\r\n\r\nEl Product Manager se enfoca en el ciclo de vida de un producto, desde la concepci\u00f3n hasta el lanzamiento y la evoluci\u00f3n continua, y trabaja estrechamente con equipos de desarrollo, marketing y otros para asegurarse de que el producto cumpla con los requisitos del mercado y los clientes. El Project Manager se encarga de planificar, ejecutar y supervisar proyectos espec\u00edficos, y su enfoque est\u00e1 en cumplir los objetivos del proyecto, como plazos, presupuesto y alcance.\r\n\r\n<\/span><\/div>\n                <\/div>\n              <\/div>\n            <\/li>\n                        <\/ul>\n    \n    \n  <\/div>\n<\/section>\n\n\n<section class=\"plp-course -text-white -pdp\">\n\t<div class=\"plp-course__container container\">\n\t\t<h2 class=\"heading--h3\">Tambi\u00e9n te puede interesar<\/h2>\n\t\t<!-- Bloque cursos -->\n\t\t<div class=\"course slider slider--hidden-md\" data-module=\"slider\">\n\t\t\t<ul class=\"slider__scroll\" data-slider=\"scroll\">\n\t\t\t\t\t\t\t\t\t\t<li class=\"course__item slider__item\" data-slider=\"item\" data-module=\"link\" data-link-href=\"https:\/\/dks.digital\/mx\/maestria\/maestria-seo-sem\/\" data-link-target=\"_self\" data-gtm-container=\"distributor\" data-gtm-action=\"navigation\" data-gtm-category=\"Maestr\u00eda en SEO-SEM Profesional\">\n\t\t\t\t\t\t\t<img decoding=\"async\" class=\"course__img\" src=\"https:\/\/dks.digital\/wp-content\/uploads\/2025\/07\/SEO-300x300-1.jpg\" alt=\"Curso\">\n\t\t\t\t\t\t\t<div class=\"course__body\">\n\t\t\t\t\t\t\t\t<h4 class=\"course__title\" data-gtm-container=\"distributor\" data-gtm-action=\"navigation\" data-gtm-category=\"Maestr\u00eda en SEO-SEM Profesional\"><a href=\"https:\/\/dks.digital\/mx\/maestria\/maestria-seo-sem\/\">Maestr\u00eda en SEO-SEM Profesional<\/a><\/h4>\n\t\t\t\t\t\t\t\t<p class=\"course__content\"><\/p>\n\t\t\t\t\t\t\t\t<ul class=\"course__oustanding\">\n\t\t\t\t\t\t\t\t\t<li>Master<\/li>\n\t\t\t\t\t\t\t\t\t<li>8 meses<\/li>\n\t\t\t\t\t\t\t\t\t<li>Oto\u00f1o<\/li>\n\t\t\t\t\t\t\t\t<\/ul>\n\t\t\t\t\t\t\t<\/div>\n\t\t\t\t\t\t<\/li>\n\t\t\t\t\t\t\t\t\t\t<li class=\"course__item slider__item\" data-slider=\"item\" data-module=\"link\" data-link-href=\"https:\/\/dks.digital\/mx\/maestria\/maestria-ciencia-datos\/\" data-link-target=\"_self\" data-gtm-container=\"distributor\" data-gtm-action=\"navigation\" data-gtm-category=\"Maestr\u00eda en Data Science\">\n\t\t\t\t\t\t\t<img decoding=\"async\" class=\"course__img\" src=\"https:\/\/dks.digital\/wp-content\/uploads\/2023\/12\/IA-y-Data-Science-1-300x300.png\" alt=\"Curso\">\n\t\t\t\t\t\t\t<div class=\"course__body\">\n\t\t\t\t\t\t\t\t<h4 class=\"course__title\" data-gtm-container=\"distributor\" data-gtm-action=\"navigation\" data-gtm-category=\"Maestr\u00eda en Data Science\"><a href=\"https:\/\/dks.digital\/mx\/maestria\/maestria-ciencia-datos\/\">Maestr\u00eda en Data Science<\/a><\/h4>\n\t\t\t\t\t\t\t\t<p class=\"course__content\"><\/p>\n\t\t\t\t\t\t\t\t<ul class=\"course__oustanding\">\n\t\t\t\t\t\t\t\t\t<li>Master<\/li>\n\t\t\t\t\t\t\t\t\t<li>8 meses<\/li>\n\t\t\t\t\t\t\t\t\t<li>Primavera<\/li>\n\t\t\t\t\t\t\t\t<\/ul>\n\t\t\t\t\t\t\t<\/div>\n\t\t\t\t\t\t<\/li>\n\t\t\t\t\t\t\t\t\t\t<li class=\"course__item slider__item\" data-slider=\"item\" data-module=\"link\" data-link-href=\"https:\/\/dks.digital\/mx\/maestria\/maestria-ux-ui\/\" data-link-target=\"_self\" data-gtm-container=\"distributor\" data-gtm-action=\"navigation\" data-gtm-category=\"Maestr\u00eda en UX\/UI\">\n\t\t\t\t\t\t\t<img decoding=\"async\" class=\"course__img\" src=\"https:\/\/dks.digital\/wp-content\/uploads\/2023\/02\/UX-UI-300x300.png\" alt=\"Curso\">\n\t\t\t\t\t\t\t<div class=\"course__body\">\n\t\t\t\t\t\t\t\t<h4 class=\"course__title\" data-gtm-container=\"distributor\" data-gtm-action=\"navigation\" data-gtm-category=\"Maestr\u00eda en UX\/UI\"><a href=\"https:\/\/dks.digital\/mx\/maestria\/maestria-ux-ui\/\">Maestr\u00eda en UX\/UI<\/a><\/h4>\n\t\t\t\t\t\t\t\t<p class=\"course__content\"><\/p>\n\t\t\t\t\t\t\t\t<ul class=\"course__oustanding\">\n\t\t\t\t\t\t\t\t\t<li>Master<\/li>\n\t\t\t\t\t\t\t\t\t<li>7 meses<\/li>\n\t\t\t\t\t\t\t\t\t<li>Oto\u00f1o<\/li>\n\t\t\t\t\t\t\t\t<\/ul>\n\t\t\t\t\t\t\t<\/div>\n\t\t\t\t\t\t<\/li>\n\t\t\t\t\t\t\t\t\t\t<li class=\"course__item slider__item\" data-slider=\"item\" data-module=\"link\" data-link-href=\"https:\/\/dks.digital\/mx\/cursos\/curso-ecommerce\/\" data-link-target=\"_self\" data-gtm-container=\"distributor\" data-gtm-action=\"navigation\" data-gtm-category=\"Experto en Ecommerce\">\n\t\t\t\t\t\t\t<img decoding=\"async\" class=\"course__img\" src=\"https:\/\/dks.digital\/wp-content\/uploads\/2025\/07\/Curso-Ecommerce-1-1-231x312-1-222x300.jpg\" alt=\"Curso\">\n\t\t\t\t\t\t\t<div class=\"course__body\">\n\t\t\t\t\t\t\t\t<h4 class=\"course__title\" data-gtm-container=\"distributor\" data-gtm-action=\"navigation\" data-gtm-category=\"Experto en Ecommerce\"><a href=\"https:\/\/dks.digital\/mx\/cursos\/curso-ecommerce\/\">Experto en Ecommerce<\/a><\/h4>\n\t\t\t\t\t\t\t\t<p class=\"course__content\"><\/p>\n\t\t\t\t\t\t\t\t<ul class=\"course__oustanding\">\n\t\t\t\t\t\t\t\t\t<li>Curso<\/li>\n\t\t\t\t\t\t\t\t\t<li>4 meses<\/li>\n\t\t\t\t\t\t\t\t\t<li>Oto\u00f1o<\/li>\n\t\t\t\t\t\t\t\t<\/ul>\n\t\t\t\t\t\t\t<\/div>\n\t\t\t\t\t\t<\/li>\n\t\t\t\t\t\t\t<\/ul>\n\t\t\t<div class=\"slider__shadow\" data-slider=\"shadow\"><\/div>\n\t\t<\/div>\n\t<\/div>\n<\/section>","protected":false},"excerpt":{"rendered":"","protected":false},"featured_media":82282,"template":"template-bloques.php","tipo-estudio":[362],"area-conocimiento":[367],"formacion-master":[],"location":[386],"duracion":[368],"escuela":[398],"acf":[],"yoast_head":"<!-- This site is optimized with the Yoast SEO plugin v22.5 - https:\/\/yoast.com\/wordpress\/plugins\/seo\/ -->\n<title>Maestria Project Management: Maestr\u00eda PMP Online | DKS<\/title>\n<meta name=\"description\" content=\"La Maestr\u00eda en Project Management en l\u00ednea te prepara para liderar proyectos con \u00e9xito. Aprende IA, metodolog\u00edas y obt\u00e9n la certificaci\u00f3n PMP\u00ae en 6 meses.\" \/>\n<link rel=\"canonical\" href=\"https:\/\/dks.digital\/mx\/maestria\/maestria-project-management\/\" \/>\n<meta property=\"og:locale\" content=\"es_ES\" \/>\n<meta property=\"og:type\" content=\"article\" \/>\n<meta property=\"og:title\" content=\"Maestria Project Management: Maestr\u00eda PMP Online | DKS\" \/>\n<meta property=\"og:description\" content=\"La Maestr\u00eda en Project Management en l\u00ednea te prepara para liderar proyectos con \u00e9xito. Aprende IA, metodolog\u00edas y obt\u00e9n la certificaci\u00f3n PMP\u00ae en 6 meses.\" \/>\n<meta property=\"og:url\" content=\"https:\/\/dks.digital\/mx\/maestria\/maestria-project-management\/\" \/>\n<meta property=\"og:site_name\" content=\"DKS, tu centro de estudios especializado en internet\" \/>\n<meta property=\"article:modified_time\" content=\"2026-03-30T09:00:25+00:00\" \/>\n<meta property=\"og:image\" content=\"https:\/\/dks.digital\/wp-content\/uploads\/2023\/05\/Project-Management-1.png\" \/>\n\t<meta property=\"og:image:width\" content=\"312\" \/>\n\t<meta property=\"og:image:height\" content=\"312\" \/>\n\t<meta property=\"og:image:type\" content=\"image\/png\" \/>\n<meta name=\"twitter:card\" content=\"summary_large_image\" \/>\n<script type=\"application\/ld+json\" class=\"yoast-schema-graph\">{\"@context\":\"https:\/\/schema.org\",\"@graph\":[{\"@type\":\"WebPage\",\"@id\":\"https:\/\/dks.digital\/mx\/maestria\/maestria-project-management\/\",\"url\":\"https:\/\/dks.digital\/mx\/maestria\/maestria-project-management\/\",\"name\":\"Maestria Project Management: Maestr\u00eda PMP Online | DKS\",\"isPartOf\":{\"@id\":\"https:\/\/dks.digital\/mx\/#website\"},\"primaryImageOfPage\":{\"@id\":\"https:\/\/dks.digital\/mx\/maestria\/maestria-project-management\/#primaryimage\"},\"image\":{\"@id\":\"https:\/\/dks.digital\/mx\/maestria\/maestria-project-management\/#primaryimage\"},\"thumbnailUrl\":\"https:\/\/dks.digital\/wp-content\/uploads\/2023\/05\/Project-Management-1.png\",\"datePublished\":\"2025-09-16T09:06:59+00:00\",\"dateModified\":\"2026-03-30T09:00:25+00:00\",\"description\":\"La Maestr\u00eda en Project Management en l\u00ednea te prepara para liderar proyectos con \u00e9xito. Aprende IA, metodolog\u00edas y obt\u00e9n la certificaci\u00f3n PMP\u00ae en 6 meses.\",\"inLanguage\":\"es-MX\",\"potentialAction\":[{\"@type\":\"ReadAction\",\"target\":[\"https:\/\/dks.digital\/mx\/maestria\/maestria-project-management\/\"]}]},{\"@type\":\"ImageObject\",\"inLanguage\":\"es-MX\",\"@id\":\"https:\/\/dks.digital\/mx\/maestria\/maestria-project-management\/#primaryimage\",\"url\":\"https:\/\/dks.digital\/wp-content\/uploads\/2023\/05\/Project-Management-1.png\",\"contentUrl\":\"https:\/\/dks.digital\/wp-content\/uploads\/2023\/05\/Project-Management-1.png\",\"width\":312,\"height\":312},{\"@type\":\"WebSite\",\"@id\":\"https:\/\/dks.digital\/mx\/#website\",\"url\":\"https:\/\/dks.digital\/mx\/\",\"name\":\"DKS, tu centro de estudios especializado en internet\",\"description\":\"DKS, la escuela de los profesionales digitales desde hace m\u00e1s de 7 a\u00f1os\",\"publisher\":{\"@id\":\"https:\/\/dks.digital\/mx\/#organization\"},\"potentialAction\":[{\"@type\":\"SearchAction\",\"target\":{\"@type\":\"EntryPoint\",\"urlTemplate\":\"https:\/\/dks.digital\/mx\/?s={search_term_string}\"},\"query-input\":\"required name=search_term_string\"}],\"inLanguage\":\"es-MX\"},{\"@type\":\"Organization\",\"@id\":\"https:\/\/dks.digital\/mx\/#organization\",\"name\":\"DKS, tu centro de estudios especializado en internet\",\"url\":\"https:\/\/dks.digital\/mx\/\",\"logo\":{\"@type\":\"ImageObject\",\"inLanguage\":\"es-MX\",\"@id\":\"https:\/\/dks.digital\/mx\/#\/schema\/logo\/image\/\",\"url\":\"https:\/\/dks.digital\/wp-content\/uploads\/2025\/12\/cropped-cropped-favicon-ks.jpg\",\"contentUrl\":\"https:\/\/dks.digital\/wp-content\/uploads\/2025\/12\/cropped-cropped-favicon-ks.jpg\",\"width\":512,\"height\":512,\"caption\":\"DKS, tu centro de estudios especializado en internet\"},\"image\":{\"@id\":\"https:\/\/dks.digital\/mx\/#\/schema\/logo\/image\/\"}}]}<\/script>\n<!-- \/ Yoast SEO plugin. -->","yoast_head_json":{"title":"Maestria Project Management: Maestr\u00eda PMP Online | DKS","description":"La Maestr\u00eda en Project Management en l\u00ednea te prepara para liderar proyectos con \u00e9xito. Aprende IA, metodolog\u00edas y obt\u00e9n la certificaci\u00f3n PMP\u00ae en 6 meses.","canonical":"https:\/\/dks.digital\/mx\/maestria\/maestria-project-management\/","og_locale":"es_ES","og_type":"article","og_title":"Maestria Project Management: Maestr\u00eda PMP Online | DKS","og_description":"La Maestr\u00eda en Project Management en l\u00ednea te prepara para liderar proyectos con \u00e9xito. Aprende IA, metodolog\u00edas y obt\u00e9n la certificaci\u00f3n PMP\u00ae en 6 meses.","og_url":"https:\/\/dks.digital\/mx\/maestria\/maestria-project-management\/","og_site_name":"DKS, tu centro de estudios especializado en internet","article_modified_time":"2026-03-30T09:00:25+00:00","og_image":[{"width":312,"height":312,"url":"https:\/\/dks.digital\/wp-content\/uploads\/2023\/05\/Project-Management-1.png","type":"image\/png"}],"twitter_card":"summary_large_image","schema":{"@context":"https:\/\/schema.org","@graph":[{"@type":"WebPage","@id":"https:\/\/dks.digital\/mx\/maestria\/maestria-project-management\/","url":"https:\/\/dks.digital\/mx\/maestria\/maestria-project-management\/","name":"Maestria Project Management: Maestr\u00eda PMP Online | DKS","isPartOf":{"@id":"https:\/\/dks.digital\/mx\/#website"},"primaryImageOfPage":{"@id":"https:\/\/dks.digital\/mx\/maestria\/maestria-project-management\/#primaryimage"},"image":{"@id":"https:\/\/dks.digital\/mx\/maestria\/maestria-project-management\/#primaryimage"},"thumbnailUrl":"https:\/\/dks.digital\/wp-content\/uploads\/2023\/05\/Project-Management-1.png","datePublished":"2025-09-16T09:06:59+00:00","dateModified":"2026-03-30T09:00:25+00:00","description":"La Maestr\u00eda en Project Management en l\u00ednea te prepara para liderar proyectos con \u00e9xito. Aprende IA, metodolog\u00edas y obt\u00e9n la certificaci\u00f3n PMP\u00ae en 6 meses.","inLanguage":"es-MX","potentialAction":[{"@type":"ReadAction","target":["https:\/\/dks.digital\/mx\/maestria\/maestria-project-management\/"]}]},{"@type":"ImageObject","inLanguage":"es-MX","@id":"https:\/\/dks.digital\/mx\/maestria\/maestria-project-management\/#primaryimage","url":"https:\/\/dks.digital\/wp-content\/uploads\/2023\/05\/Project-Management-1.png","contentUrl":"https:\/\/dks.digital\/wp-content\/uploads\/2023\/05\/Project-Management-1.png","width":312,"height":312},{"@type":"WebSite","@id":"https:\/\/dks.digital\/mx\/#website","url":"https:\/\/dks.digital\/mx\/","name":"DKS, tu centro de estudios especializado en internet","description":"DKS, la escuela de los profesionales digitales desde hace m\u00e1s de 7 a\u00f1os","publisher":{"@id":"https:\/\/dks.digital\/mx\/#organization"},"potentialAction":[{"@type":"SearchAction","target":{"@type":"EntryPoint","urlTemplate":"https:\/\/dks.digital\/mx\/?s={search_term_string}"},"query-input":"required name=search_term_string"}],"inLanguage":"es-MX"},{"@type":"Organization","@id":"https:\/\/dks.digital\/mx\/#organization","name":"DKS, tu centro de estudios especializado en internet","url":"https:\/\/dks.digital\/mx\/","logo":{"@type":"ImageObject","inLanguage":"es-MX","@id":"https:\/\/dks.digital\/mx\/#\/schema\/logo\/image\/","url":"https:\/\/dks.digital\/wp-content\/uploads\/2025\/12\/cropped-cropped-favicon-ks.jpg","contentUrl":"https:\/\/dks.digital\/wp-content\/uploads\/2025\/12\/cropped-cropped-favicon-ks.jpg","width":512,"height":512,"caption":"DKS, tu centro de estudios especializado en internet"},"image":{"@id":"https:\/\/dks.digital\/mx\/#\/schema\/logo\/image\/"}}]}},"_links":{"self":[{"href":"https:\/\/dks.digital\/mx\/wp-json\/wp\/v2\/master\/82280"}],"collection":[{"href":"https:\/\/dks.digital\/mx\/wp-json\/wp\/v2\/master"}],"about":[{"href":"https:\/\/dks.digital\/mx\/wp-json\/wp\/v2\/types\/master"}],"wp:featuredmedia":[{"embeddable":true,"href":"https:\/\/dks.digital\/mx\/wp-json\/wp\/v2\/media\/82282"}],"wp:attachment":[{"href":"https:\/\/dks.digital\/mx\/wp-json\/wp\/v2\/media?parent=82280"}],"wp:term":[{"taxonomy":"tipo-estudio","embeddable":true,"href":"https:\/\/dks.digital\/mx\/wp-json\/wp\/v2\/tipo-estudio?post=82280"},{"taxonomy":"area-conocimiento","embeddable":true,"href":"https:\/\/dks.digital\/mx\/wp-json\/wp\/v2\/area-conocimiento?post=82280"},{"taxonomy":"formacion-master","embeddable":true,"href":"https:\/\/dks.digital\/mx\/wp-json\/wp\/v2\/formacion-master?post=82280"},{"taxonomy":"location","embeddable":true,"href":"https:\/\/dks.digital\/mx\/wp-json\/wp\/v2\/location?post=82280"},{"taxonomy":"duracion","embeddable":true,"href":"https:\/\/dks.digital\/mx\/wp-json\/wp\/v2\/duracion?post=82280"},{"taxonomy":"escuela","embeddable":true,"href":"https:\/\/dks.digital\/mx\/wp-json\/wp\/v2\/escuela?post=82280"}],"curies":[{"name":"wp","href":"https:\/\/api.w.org\/{rel}","templated":true}]}}